{"id":11413,"date":"2021-04-04T06:00:55","date_gmt":"2021-04-04T10:00:55","guid":{"rendered":"https:\/\/lesversants.com\/explore\/lerabliere-condos-with-short-term-rentals-allowed-for-sale-in-mont-tremblant\/"},"modified":"2026-04-10T13:52:30","modified_gmt":"2026-04-10T17:52:30","slug":"lerabliere-condos-avec-location-court-terme-permise-a-mont-tremblant","status":"publish","type":"explore","link":"https:\/\/lesversants.com\/fr\/explore\/lerabliere-condos-avec-location-court-terme-permise-a-mont-tremblant\/","title":{"rendered":"L&#8217;\u00c9RABLI\u00c8RE | Condos avec location court terme permise \u00e0 Mont-Tremblant"},"content":{"rendered":"<p class=\"ewa-rteLine\">La localisation de ces condos est tr\u00e8s attrayante. En effet, dans le Domaine de la For\u00eat, L\u2019\u00c9rabli\u00e8re est le complexe de condominiums situ\u00e9 le plus pr\u00e8s de la remont\u00e9e m\u00e9canique du <a href=\"https:\/\/lesversants.com\/fr\/explore-mont-tremblant\/station-mont-tremblant\/\">Village pi\u00e9tonnier<\/a>, le Cabriolet, et avec un ski-in\/out fonctionnel, l\u2019acc\u00e8s aux pistes de ski est facilit\u00e9. Avec le concept \u00e0 aire ouverte, le salon avec foyer au bois et les terrasses en pleine nature, les unit\u00e9s sont agr\u00e9ables \u00e0 l&#8217;ann\u00e9e longue. Les boiseries et les poutres au plafond dans certaines unit\u00e9s ajoutent un cachet rustique.<\/p>\n<p class=\"ewa-rteLine\">En bordure de la piste multifonctionnelle <a href=\"https:\/\/www.villedemont-tremblant.qc.ca\/fr\/loisirs\/sentiers\">La-Villageoise, asphalt\u00e9e et trac\u00e9e pour le ski de fond en hiver<\/a>, les activit\u00e9s en plein air sont au pas de la porte. Les cyclistes de route seront charm\u00e9s par la proximit\u00e9 du parcours de v\u00e9lo Ironman. La location court terme y \u00e9tant permise, ce projet est tout autant int\u00e9ressant pour en profiter avec votre famille et vos amis que pour la location.<\/p>\n<p class=\"ewa-rteLine\">Ce projet est desservi par un service de navette 4 saisons. Les propri\u00e9taires b\u00e9n\u00e9ficient aussi des privil\u00e8ges du <a href=\"https:\/\/www.tremblant.ca\/avt\/services-aux-proprietaires?sc_lang=fr-CA\">Club des Montagnards<\/a> (conditions applicables).<\/p>\n<h5><em>Prendre note que les informations de cette fiche-projet peuvent varier sans pr\u00e9avis et selon les propri\u00e9t\u00e9s. Les d\u00e9tails pourront \u00eatre confirm\u00e9s au moment de vous enqu\u00e9rir d\u2019une propri\u00e9t\u00e9 sp\u00e9cifique. <\/em><\/h5>\n","protected":false},"excerpt":{"rendered":"<p>La localisation de ces condos est tr\u00e8s attrayante. En effet, dans le Domaine de la For\u00eat, L\u2019\u00c9rabli\u00e8re est le complexe de condominiums situ\u00e9 le plus pr\u00e8s de la remont\u00e9e m\u00e9canique du Village pi\u00e9tonnier, le Cabriolet, et avec un ski-in\/out fonctionnel, l\u2019acc\u00e8s aux pistes de ski est facilit\u00e9. Avec le concept \u00e0 aire ouverte, le salon&#8230;<\/p>\n","protected":false},"featured_media":11404,"menu_order":0,"template":"","format":"standard","meta":{"inline_featured_image":false},"property-feature":[306,308,240,228,238],"property-type":[341],"property-status":[80],"projects":[356],"lifestyle":[276,105,475,107,103,296,275,111,104,110,108,109],"short_term_rental":[116],"city":[165],"mont_tremblant_sector":[171],"domaine":[181],"property_type":[194],"active_inactive":[202],"rental":[],"yoast_head":"<!-- This site is optimized with the Yoast SEO plugin v22.0 - https:\/\/yoast.com\/wordpress\/plugins\/seo\/ -->\n<title>L&#039;\u00c9rabli\u00e8re -condos, location court terme | Versants Mont-Tremblant<\/title>\n<meta name=\"description\" content=\"Complexe de condominiums situ\u00e9 pr\u00e8s de la station, avec un ski-in\/out, l\u2019acc\u00e8s aux pistes de ski est facilit\u00e9. Consultez nos experts!\" \/>\n<meta name=\"robots\" content=\"index, follow, max-snippet:-1, max-image-preview:large, max-video-preview:-1\" \/>\n<link rel=\"canonical\" href=\"https:\/\/lesversants.com\/fr\/explore\/lerabliere-condos-avec-location-court-terme-permise-a-mont-tremblant\/\" \/>\n<meta property=\"og:locale\" content=\"fr_FR\" \/>\n<meta property=\"og:type\" content=\"article\" \/>\n<meta property=\"og:title\" content=\"L&#039;\u00c9rabli\u00e8re -condos, location court terme | Versants Mont-Tremblant\" \/>\n<meta property=\"og:description\" content=\"Complexe de condominiums situ\u00e9 pr\u00e8s de la station, avec un ski-in\/out, l\u2019acc\u00e8s aux pistes de ski est facilit\u00e9. Consultez nos experts!\" \/>\n<meta property=\"og:url\" content=\"https:\/\/lesversants.com\/fr\/explore\/lerabliere-condos-avec-location-court-terme-permise-a-mont-tremblant\/\" \/>\n<meta property=\"og:site_name\" content=\"Versants Mont-Tremblant\" \/>\n<meta property=\"article:modified_time\" content=\"2026-04-10T17:52:30+00:00\" \/>\n<meta property=\"og:image\" content=\"https:\/\/lesversants.com\/wp-content\/uploads\/2022\/09\/Domaine-de-la-foret-L-erablie\u0300re-Condo-ski-in-out-Mont-Tremblant2.jpg\" \/>\n\t<meta property=\"og:image:width\" content=\"1440\" \/>\n\t<meta property=\"og:image:height\" content=\"959\" \/>\n\t<meta property=\"og:image:type\" content=\"image\/jpeg\" \/>\n<meta name=\"twitter:card\" content=\"summary_large_image\" \/>\n<meta name=\"twitter:label1\" content=\"Dur\u00e9e de lecture estim\u00e9e\" \/>\n\t<meta name=\"twitter:data1\" content=\"2 minutes\" \/>\n<script type=\"application\/ld+json\" class=\"yoast-schema-graph\">{\"@context\":\"https:\/\/schema.org\",\"@graph\":[{\"@type\":\"WebPage\",\"@id\":\"https:\/\/lesversants.com\/fr\/explore\/lerabliere-condos-avec-location-court-terme-permise-a-mont-tremblant\/\",\"url\":\"https:\/\/lesversants.com\/fr\/explore\/lerabliere-condos-avec-location-court-terme-permise-a-mont-tremblant\/\",\"name\":\"L'\u00c9rabli\u00e8re -condos, location court terme | Versants Mont-Tremblant\",\"isPartOf\":{\"@id\":\"https:\/\/lesversants.com\/#website\"},\"datePublished\":\"2021-04-04T10:00:55+00:00\",\"dateModified\":\"2026-04-10T17:52:30+00:00\",\"description\":\"Complexe de condominiums situ\u00e9 pr\u00e8s de la station, avec un ski-in\/out, l\u2019acc\u00e8s aux pistes de ski est facilit\u00e9. Consultez nos experts!\",\"breadcrumb\":{\"@id\":\"https:\/\/lesversants.com\/fr\/explore\/lerabliere-condos-avec-location-court-terme-permise-a-mont-tremblant\/#breadcrumb\"},\"inLanguage\":\"fr-FR\",\"potentialAction\":[{\"@type\":\"ReadAction\",\"target\":[\"https:\/\/lesversants.com\/fr\/explore\/lerabliere-condos-avec-location-court-terme-permise-a-mont-tremblant\/\"]}]},{\"@type\":\"BreadcrumbList\",\"@id\":\"https:\/\/lesversants.com\/fr\/explore\/lerabliere-condos-avec-location-court-terme-permise-a-mont-tremblant\/#breadcrumb\",\"itemListElement\":[{\"@type\":\"ListItem\",\"position\":1,\"name\":\"Home\",\"item\":\"https:\/\/lesversants.com\/fr\/\"},{\"@type\":\"ListItem\",\"position\":2,\"name\":\"L&#8217;\u00c9RABLI\u00c8RE | Condos avec location court terme permise \u00e0 Mont-Tremblant\"}]},{\"@type\":\"WebSite\",\"@id\":\"https:\/\/lesversants.com\/#website\",\"url\":\"https:\/\/lesversants.com\/\",\"name\":\"Versants Mont-Tremblant\",\"description\":\"Agence immobili\u00e8re\",\"publisher\":{\"@id\":\"https:\/\/lesversants.com\/#organization\"},\"potentialAction\":[{\"@type\":\"SearchAction\",\"target\":{\"@type\":\"EntryPoint\",\"urlTemplate\":\"https:\/\/lesversants.com\/?s={search_term_string}\"},\"query-input\":\"required name=search_term_string\"}],\"inLanguage\":\"fr-FR\"},{\"@type\":\"Organization\",\"@id\":\"https:\/\/lesversants.com\/#organization\",\"name\":\"Les Versants Mont-Tremblant\",\"url\":\"https:\/\/lesversants.com\/\",\"logo\":{\"@type\":\"ImageObject\",\"inLanguage\":\"fr-FR\",\"@id\":\"https:\/\/lesversants.com\/#\/schema\/logo\/image\/\",\"url\":\"https:\/\/lesversants.com\/wp-content\/uploads\/2022\/01\/logo-versants.svg\",\"contentUrl\":\"https:\/\/lesversants.com\/wp-content\/uploads\/2022\/01\/logo-versants.svg\",\"width\":1,\"height\":1,\"caption\":\"Les Versants Mont-Tremblant\"},\"image\":{\"@id\":\"https:\/\/lesversants.com\/#\/schema\/logo\/image\/\"}}]}<\/script>\n<!-- \/ Yoast SEO plugin. -->","yoast_head_json":{"title":"L'\u00c9rabli\u00e8re -condos, location court terme | Versants Mont-Tremblant","description":"Complexe de condominiums situ\u00e9 pr\u00e8s de la station, avec un ski-in\/out, l\u2019acc\u00e8s aux pistes de ski est facilit\u00e9. Consultez nos experts!","robots":{"index":"index","follow":"follow","max-snippet":"max-snippet:-1","max-image-preview":"max-image-preview:large","max-video-preview":"max-video-preview:-1"},"canonical":"https:\/\/lesversants.com\/fr\/explore\/lerabliere-condos-avec-location-court-terme-permise-a-mont-tremblant\/","og_locale":"fr_FR","og_type":"article","og_title":"L'\u00c9rabli\u00e8re -condos, location court terme | Versants Mont-Tremblant","og_description":"Complexe de condominiums situ\u00e9 pr\u00e8s de la station, avec un ski-in\/out, l\u2019acc\u00e8s aux pistes de ski est facilit\u00e9. Consultez nos experts!","og_url":"https:\/\/lesversants.com\/fr\/explore\/lerabliere-condos-avec-location-court-terme-permise-a-mont-tremblant\/","og_site_name":"Versants Mont-Tremblant","article_modified_time":"2026-04-10T17:52:30+00:00","og_image":[{"width":1440,"height":959,"url":"https:\/\/lesversants.com\/wp-content\/uploads\/2022\/09\/Domaine-de-la-foret-L-erablie\u0300re-Condo-ski-in-out-Mont-Tremblant2.jpg","type":"image\/jpeg"}],"twitter_card":"summary_large_image","twitter_misc":{"Dur\u00e9e de lecture estim\u00e9e":"2 minutes"},"schema":{"@context":"https:\/\/schema.org","@graph":[{"@type":"WebPage","@id":"https:\/\/lesversants.com\/fr\/explore\/lerabliere-condos-avec-location-court-terme-permise-a-mont-tremblant\/","url":"https:\/\/lesversants.com\/fr\/explore\/lerabliere-condos-avec-location-court-terme-permise-a-mont-tremblant\/","name":"L'\u00c9rabli\u00e8re -condos, location court terme | Versants Mont-Tremblant","isPartOf":{"@id":"https:\/\/lesversants.com\/#website"},"datePublished":"2021-04-04T10:00:55+00:00","dateModified":"2026-04-10T17:52:30+00:00","description":"Complexe de condominiums situ\u00e9 pr\u00e8s de la station, avec un ski-in\/out, l\u2019acc\u00e8s aux pistes de ski est facilit\u00e9. Consultez nos experts!","breadcrumb":{"@id":"https:\/\/lesversants.com\/fr\/explore\/lerabliere-condos-avec-location-court-terme-permise-a-mont-tremblant\/#breadcrumb"},"inLanguage":"fr-FR","potentialAction":[{"@type":"ReadAction","target":["https:\/\/lesversants.com\/fr\/explore\/lerabliere-condos-avec-location-court-terme-permise-a-mont-tremblant\/"]}]},{"@type":"BreadcrumbList","@id":"https:\/\/lesversants.com\/fr\/explore\/lerabliere-condos-avec-location-court-terme-permise-a-mont-tremblant\/#breadcrumb","itemListElement":[{"@type":"ListItem","position":1,"name":"Home","item":"https:\/\/lesversants.com\/fr\/"},{"@type":"ListItem","position":2,"name":"L&#8217;\u00c9RABLI\u00c8RE | Condos avec location court terme permise \u00e0 Mont-Tremblant"}]},{"@type":"WebSite","@id":"https:\/\/lesversants.com\/#website","url":"https:\/\/lesversants.com\/","name":"Versants Mont-Tremblant","description":"Agence immobili\u00e8re","publisher":{"@id":"https:\/\/lesversants.com\/#organization"},"potentialAction":[{"@type":"SearchAction","target":{"@type":"EntryPoint","urlTemplate":"https:\/\/lesversants.com\/?s={search_term_string}"},"query-input":"required name=search_term_string"}],"inLanguage":"fr-FR"},{"@type":"Organization","@id":"https:\/\/lesversants.com\/#organization","name":"Les Versants Mont-Tremblant","url":"https:\/\/lesversants.com\/","logo":{"@type":"ImageObject","inLanguage":"fr-FR","@id":"https:\/\/lesversants.com\/#\/schema\/logo\/image\/","url":"https:\/\/lesversants.com\/wp-content\/uploads\/2022\/01\/logo-versants.svg","contentUrl":"https:\/\/lesversants.com\/wp-content\/uploads\/2022\/01\/logo-versants.svg","width":1,"height":1,"caption":"Les Versants Mont-Tremblant"},"image":{"@id":"https:\/\/lesversants.com\/#\/schema\/logo\/image\/"}}]}},"_links":{"self":[{"href":"https:\/\/lesversants.com\/fr\/wp-json\/wp\/v2\/explore\/11413"}],"collection":[{"href":"https:\/\/lesversants.com\/fr\/wp-json\/wp\/v2\/explore"}],"about":[{"href":"https:\/\/lesversants.com\/fr\/wp-json\/wp\/v2\/types\/explore"}],"version-history":[{"count":6,"href":"https:\/\/lesversants.com\/fr\/wp-json\/wp\/v2\/explore\/11413\/revisions"}],"predecessor-version":[{"id":30826,"href":"https:\/\/lesversants.com\/fr\/wp-json\/wp\/v2\/explore\/11413\/revisions\/30826"}],"wp:featuredmedia":[{"embeddable":true,"href":"https:\/\/lesversants.com\/fr\/wp-json\/wp\/v2\/media\/11404"}],"wp:attachment":[{"href":"https:\/\/lesversants.com\/fr\/wp-json\/wp\/v2\/media?parent=11413"}],"wp:term":[{"taxonomy":"property-feature","embeddable":true,"href":"https:\/\/lesversants.com\/fr\/wp-json\/wp\/v2\/property-feature?post=11413"},{"taxonomy":"property-type","embeddable":true,"href":"https:\/\/lesversants.com\/fr\/wp-json\/wp\/v2\/property-type?post=11413"},{"taxonomy":"property-status","embeddable":true,"href":"https:\/\/lesversants.com\/fr\/wp-json\/wp\/v2\/property-status?post=11413"},{"taxonomy":"projects","embeddable":true,"href":"https:\/\/lesversants.com\/fr\/wp-json\/wp\/v2\/projects?post=11413"},{"taxonomy":"lifestyle","embeddable":true,"href":"https:\/\/lesversants.com\/fr\/wp-json\/wp\/v2\/lifestyle?post=11413"},{"taxonomy":"short_term_rental","embeddable":true,"href":"https:\/\/lesversants.com\/fr\/wp-json\/wp\/v2\/short_term_rental?post=11413"},{"taxonomy":"city","embeddable":true,"href":"https:\/\/lesversants.com\/fr\/wp-json\/wp\/v2\/city?post=11413"},{"taxonomy":"mont_tremblant_sector","embeddable":true,"href":"https:\/\/lesversants.com\/fr\/wp-json\/wp\/v2\/mont_tremblant_sector?post=11413"},{"taxonomy":"domaine","embeddable":true,"href":"https:\/\/lesversants.com\/fr\/wp-json\/wp\/v2\/domaine?post=11413"},{"taxonomy":"property_type","embeddable":true,"href":"https:\/\/lesversants.com\/fr\/wp-json\/wp\/v2\/property_type?post=11413"},{"taxonomy":"active_inactive","embeddable":true,"href":"https:\/\/lesversants.com\/fr\/wp-json\/wp\/v2\/active_inactive?post=11413"},{"taxonomy":"rental","embeddable":true,"href":"https:\/\/lesversants.com\/fr\/wp-json\/wp\/v2\/rental?post=11413"}],"curies":[{"name":"wp","href":"https:\/\/api.w.org\/{rel}","templated":true}]}}