{"id":18688,"date":"2020-01-01T12:00:29","date_gmt":"2020-01-01T17:00:29","guid":{"rendered":"https:\/\/lesversants.com\/property\/nansenhus-townhouse-with-natural-daylight-great-location-for-rent-in-mont-tremblant\/"},"modified":"2025-12-27T11:15:32","modified_gmt":"2025-12-27T16:15:32","slug":"maison-de-ville-lumineuse-a-louer-a-mont-tremblant","status":"publish","type":"property","link":"https:\/\/lesversants.com\/fr\/propriete\/maison-de-ville-lumineuse-a-louer-a-mont-tremblant\/","title":{"rendered":"NANSENHUS | Lumineuse maison de ville, emplacement de choix \u00e0 louer \u00e0 Mont-Tremblant"},"content":{"rendered":"<h4><strong>Localisation<\/strong><\/h4>\n<p>\u00c0 seulement 2 minutes \u00e0 pied du village pi\u00e9tonnier de Mont-Tremblant, cette charmante maison de 3 chambres et 2 salles de bain offre un parfait m\u00e9lange de commodit\u00e9 et de beaut\u00e9 naturelle. Son emplacement vous place \u00e0 proximit\u00e9 des boutiques, restaurants et d\u2019une vari\u00e9t\u00e9 d\u2019activit\u00e9s de plein air comme la randonn\u00e9e et le v\u00e9lo.<\/p>\n<h4><strong>Petits luxes de la vie<\/strong><\/h4>\n<p>Avec ses grandes fen\u00eatres qui inondent la maison de lumi\u00e8re naturelle, vous profiterez de vues magnifiques sur le paysage environnant. Les espaces de vie spacieux comprennent une chaleureuse chemin\u00e9e en pierre, cr\u00e9ant une ambiance conviviale et reposante, id\u00e9ale pour se d\u00e9tendre apr\u00e8s une journ\u00e9e d\u2019aventures.<\/p>\n<h4><strong>Commodit\u00e9s<\/strong><\/h4>\n<p>Le plan bien pens\u00e9 inclut trois chambres spacieuses et deux salles de bain modernes, offrant tout l\u2019espace n\u00e9cessaire pour se relaxer. Que vous passiez du temps dans les espaces de vie lumineux et ouverts ou que vous vous retiriez dans le confort des chambres, cette maison est id\u00e9ale pour une famille sportive en qu\u00eate de d\u00e9tente et de caract\u00e8re.<\/p>\n<p><strong>\u00c9T\u00c9 2026<\/strong>\u00a0: 14 000 $ | 4 mois. Non-fumeur et animaux non accept\u00e9s.<\/p>\n<p><strong data-start=\"979\" data-end=\"1002\">D\u00e9p\u00f4t de garantie :<\/strong> 2 000 $ | Conserv\u00e9 en fiducie et pouvant \u00eatre retourn\u00e9 jusqu\u2019\u00e0 15 jours apr\u00e8s la fin du bail.<\/p>\n<ul>\n<li><strong>Exclus<\/strong> : M\u00e9nage professionnel \u00e0 la fin du bail.<\/li>\n<li><strong>Inclus<\/strong> : Hydro, Internet haute vitesse et c\u00e2ble de base, entretien ext\u00e9rieur.<\/li>\n<\/ul>\n","protected":false},"excerpt":{"rendered":"<p>Localisation \u00c0 seulement 2 minutes \u00e0 pied du village pi\u00e9tonnier de Mont-Tremblant, cette charmante maison de 3 chambres et 2 salles de bain offre un parfait m\u00e9lange de commodit\u00e9 et de beaut\u00e9 naturelle. Son emplacement vous place \u00e0 proximit\u00e9 des boutiques, restaurants et d\u2019une vari\u00e9t\u00e9 d\u2019activit\u00e9s de plein air comme la randonn\u00e9e et le v\u00e9lo&#8230;.<\/p>\n","protected":false},"author":8,"featured_media":18658,"parent":0,"menu_order":102,"template":"","property-feature":[306,223,308,240,227],"property-type":[440],"property-location":[],"property-status":[79],"projects":[386],"lifestyle":[276,275,108],"short_term_rental":[118],"city":[165],"mont_tremblant_sector":[171],"domaine":[180],"property_type":[198],"active_inactive":[201],"rental":[253],"yoast_head":"<!-- This site is optimized with the Yoast SEO plugin v22.0 - https:\/\/yoast.com\/wordpress\/plugins\/seo\/ -->\n<title>Nansenhus - maison v\u00e9lo de montagne | Versants Mont-Tremblant<\/title>\n<meta name=\"description\" content=\"\u00c0 2 minutes \u00e0 pied du village pi\u00e9tonnier de Mont-Tremblant, cette maison offre un parfait m\u00e9lange de commodit\u00e9 et de beaut\u00e9 naturelle.\" \/>\n<meta name=\"robots\" content=\"index, follow, max-snippet:-1, max-image-preview:large, max-video-preview:-1\" \/>\n<link rel=\"canonical\" href=\"https:\/\/lesversants.com\/fr\/propriete\/maison-de-ville-lumineuse-a-louer-a-mont-tremblant\/\" \/>\n<meta property=\"og:locale\" content=\"fr_FR\" \/>\n<meta property=\"og:type\" content=\"article\" \/>\n<meta property=\"og:title\" content=\"Nansenhus - maison v\u00e9lo de montagne | Versants Mont-Tremblant\" \/>\n<meta property=\"og:description\" content=\"\u00c0 2 minutes \u00e0 pied du village pi\u00e9tonnier de Mont-Tremblant, cette maison offre un parfait m\u00e9lange de commodit\u00e9 et de beaut\u00e9 naturelle.\" \/>\n<meta property=\"og:url\" content=\"https:\/\/lesversants.com\/fr\/propriete\/maison-de-ville-lumineuse-a-louer-a-mont-tremblant\/\" \/>\n<meta property=\"og:site_name\" content=\"Versants Mont-Tremblant\" \/>\n<meta property=\"article:modified_time\" content=\"2025-12-27T16:15:32+00:00\" \/>\n<meta property=\"og:image\" content=\"https:\/\/lesversants.com\/wp-content\/uploads\/2022\/12\/139-nansenhus-maison-de-ville-lumineux-a-louer-a-mont-tremblan-3.jpg\" \/>\n\t<meta property=\"og:image:width\" content=\"1800\" \/>\n\t<meta property=\"og:image:height\" content=\"1201\" \/>\n\t<meta property=\"og:image:type\" content=\"image\/jpeg\" \/>\n<meta name=\"twitter:card\" content=\"summary_large_image\" \/>\n<meta name=\"twitter:label1\" content=\"Dur\u00e9e de lecture estim\u00e9e\" \/>\n\t<meta name=\"twitter:data1\" content=\"2 minutes\" \/>\n<script type=\"application\/ld+json\" class=\"yoast-schema-graph\">{\"@context\":\"https:\/\/schema.org\",\"@graph\":[{\"@type\":\"WebPage\",\"@id\":\"https:\/\/lesversants.com\/fr\/propriete\/maison-de-ville-lumineuse-a-louer-a-mont-tremblant\/\",\"url\":\"https:\/\/lesversants.com\/fr\/propriete\/maison-de-ville-lumineuse-a-louer-a-mont-tremblant\/\",\"name\":\"Nansenhus - maison v\u00e9lo de montagne | Versants Mont-Tremblant\",\"isPartOf\":{\"@id\":\"https:\/\/lesversants.com\/#website\"},\"datePublished\":\"2020-01-01T17:00:29+00:00\",\"dateModified\":\"2025-12-27T16:15:32+00:00\",\"description\":\"\u00c0 2 minutes \u00e0 pied du village pi\u00e9tonnier de Mont-Tremblant, cette maison offre un parfait m\u00e9lange de commodit\u00e9 et de beaut\u00e9 naturelle.\",\"breadcrumb\":{\"@id\":\"https:\/\/lesversants.com\/fr\/propriete\/maison-de-ville-lumineuse-a-louer-a-mont-tremblant\/#breadcrumb\"},\"inLanguage\":\"fr-FR\",\"potentialAction\":[{\"@type\":\"ReadAction\",\"target\":[\"https:\/\/lesversants.com\/fr\/propriete\/maison-de-ville-lumineuse-a-louer-a-mont-tremblant\/\"]}]},{\"@type\":\"BreadcrumbList\",\"@id\":\"https:\/\/lesversants.com\/fr\/propriete\/maison-de-ville-lumineuse-a-louer-a-mont-tremblant\/#breadcrumb\",\"itemListElement\":[{\"@type\":\"ListItem\",\"position\":1,\"name\":\"Home\",\"item\":\"https:\/\/lesversants.com\/fr\/\"},{\"@type\":\"ListItem\",\"position\":2,\"name\":\"Properties\",\"item\":\"https:\/\/lesversants.com\/property\/\"},{\"@type\":\"ListItem\",\"position\":3,\"name\":\"NANSENHUS | Lumineuse maison de ville, emplacement de choix \u00e0 louer \u00e0 Mont-Tremblant\"}]},{\"@type\":\"WebSite\",\"@id\":\"https:\/\/lesversants.com\/#website\",\"url\":\"https:\/\/lesversants.com\/\",\"name\":\"Versants Mont-Tremblant\",\"description\":\"Agence immobili\u00e8re\",\"publisher\":{\"@id\":\"https:\/\/lesversants.com\/#organization\"},\"potentialAction\":[{\"@type\":\"SearchAction\",\"target\":{\"@type\":\"EntryPoint\",\"urlTemplate\":\"https:\/\/lesversants.com\/?s={search_term_string}\"},\"query-input\":\"required name=search_term_string\"}],\"inLanguage\":\"fr-FR\"},{\"@type\":\"Organization\",\"@id\":\"https:\/\/lesversants.com\/#organization\",\"name\":\"Les Versants Mont-Tremblant\",\"url\":\"https:\/\/lesversants.com\/\",\"logo\":{\"@type\":\"ImageObject\",\"inLanguage\":\"fr-FR\",\"@id\":\"https:\/\/lesversants.com\/#\/schema\/logo\/image\/\",\"url\":\"https:\/\/lesversants.com\/wp-content\/uploads\/2022\/01\/logo-versants.svg\",\"contentUrl\":\"https:\/\/lesversants.com\/wp-content\/uploads\/2022\/01\/logo-versants.svg\",\"width\":1,\"height\":1,\"caption\":\"Les Versants Mont-Tremblant\"},\"image\":{\"@id\":\"https:\/\/lesversants.com\/#\/schema\/logo\/image\/\"}}]}<\/script>\n<!-- \/ Yoast SEO plugin. -->","yoast_head_json":{"title":"Nansenhus - maison v\u00e9lo de montagne | Versants Mont-Tremblant","description":"\u00c0 2 minutes \u00e0 pied du village pi\u00e9tonnier de Mont-Tremblant, cette maison offre un parfait m\u00e9lange de commodit\u00e9 et de beaut\u00e9 naturelle.","robots":{"index":"index","follow":"follow","max-snippet":"max-snippet:-1","max-image-preview":"max-image-preview:large","max-video-preview":"max-video-preview:-1"},"canonical":"https:\/\/lesversants.com\/fr\/propriete\/maison-de-ville-lumineuse-a-louer-a-mont-tremblant\/","og_locale":"fr_FR","og_type":"article","og_title":"Nansenhus - maison v\u00e9lo de montagne | Versants Mont-Tremblant","og_description":"\u00c0 2 minutes \u00e0 pied du village pi\u00e9tonnier de Mont-Tremblant, cette maison offre un parfait m\u00e9lange de commodit\u00e9 et de beaut\u00e9 naturelle.","og_url":"https:\/\/lesversants.com\/fr\/propriete\/maison-de-ville-lumineuse-a-louer-a-mont-tremblant\/","og_site_name":"Versants Mont-Tremblant","article_modified_time":"2025-12-27T16:15:32+00:00","og_image":[{"width":1800,"height":1201,"url":"https:\/\/lesversants.com\/wp-content\/uploads\/2022\/12\/139-nansenhus-maison-de-ville-lumineux-a-louer-a-mont-tremblan-3.jpg","type":"image\/jpeg"}],"twitter_card":"summary_large_image","twitter_misc":{"Dur\u00e9e de lecture estim\u00e9e":"2 minutes"},"schema":{"@context":"https:\/\/schema.org","@graph":[{"@type":"WebPage","@id":"https:\/\/lesversants.com\/fr\/propriete\/maison-de-ville-lumineuse-a-louer-a-mont-tremblant\/","url":"https:\/\/lesversants.com\/fr\/propriete\/maison-de-ville-lumineuse-a-louer-a-mont-tremblant\/","name":"Nansenhus - maison v\u00e9lo de montagne | Versants Mont-Tremblant","isPartOf":{"@id":"https:\/\/lesversants.com\/#website"},"datePublished":"2020-01-01T17:00:29+00:00","dateModified":"2025-12-27T16:15:32+00:00","description":"\u00c0 2 minutes \u00e0 pied du village pi\u00e9tonnier de Mont-Tremblant, cette maison offre un parfait m\u00e9lange de commodit\u00e9 et de beaut\u00e9 naturelle.","breadcrumb":{"@id":"https:\/\/lesversants.com\/fr\/propriete\/maison-de-ville-lumineuse-a-louer-a-mont-tremblant\/#breadcrumb"},"inLanguage":"fr-FR","potentialAction":[{"@type":"ReadAction","target":["https:\/\/lesversants.com\/fr\/propriete\/maison-de-ville-lumineuse-a-louer-a-mont-tremblant\/"]}]},{"@type":"BreadcrumbList","@id":"https:\/\/lesversants.com\/fr\/propriete\/maison-de-ville-lumineuse-a-louer-a-mont-tremblant\/#breadcrumb","itemListElement":[{"@type":"ListItem","position":1,"name":"Home","item":"https:\/\/lesversants.com\/fr\/"},{"@type":"ListItem","position":2,"name":"Properties","item":"https:\/\/lesversants.com\/property\/"},{"@type":"ListItem","position":3,"name":"NANSENHUS | Lumineuse maison de ville, emplacement de choix \u00e0 louer \u00e0 Mont-Tremblant"}]},{"@type":"WebSite","@id":"https:\/\/lesversants.com\/#website","url":"https:\/\/lesversants.com\/","name":"Versants Mont-Tremblant","description":"Agence immobili\u00e8re","publisher":{"@id":"https:\/\/lesversants.com\/#organization"},"potentialAction":[{"@type":"SearchAction","target":{"@type":"EntryPoint","urlTemplate":"https:\/\/lesversants.com\/?s={search_term_string}"},"query-input":"required name=search_term_string"}],"inLanguage":"fr-FR"},{"@type":"Organization","@id":"https:\/\/lesversants.com\/#organization","name":"Les Versants Mont-Tremblant","url":"https:\/\/lesversants.com\/","logo":{"@type":"ImageObject","inLanguage":"fr-FR","@id":"https:\/\/lesversants.com\/#\/schema\/logo\/image\/","url":"https:\/\/lesversants.com\/wp-content\/uploads\/2022\/01\/logo-versants.svg","contentUrl":"https:\/\/lesversants.com\/wp-content\/uploads\/2022\/01\/logo-versants.svg","width":1,"height":1,"caption":"Les Versants Mont-Tremblant"},"image":{"@id":"https:\/\/lesversants.com\/#\/schema\/logo\/image\/"}}]}},"property_meta":{"REAL_HOMES_property_price":"14000","REAL_HOMES_property_old_price":"","REAL_HOMES_property_price_prefix":"\u00c9t\u00e9 2026 |","REAL_HOMES_property_price_postfix":"","REAL_HOMES_property_size":"","REAL_HOMES_property_size_postfix":"","REAL_HOMES_property_lot_size":"","REAL_HOMES_property_lot_size_postfix":"","REAL_HOMES_property_bedrooms":"3","REAL_HOMES_property_bathrooms":"2","REAL_HOMES_property_garage":"","REAL_HOMES_property_id":"","REAL_HOMES_property_year_built":"","REAL_HOMES_featured":"0","REAL_HOMES_additional_details_list":[["Styles de vie \u00e0 proximit\u00e9","Parcours v\u00e9lo Ironman, piste cyclable"],["Commodit\u00e9 \u00e0 proximit\u00e9","Salle d\u2019entra\u00eenement Brind\u2019O Aquaclub, parc pour enfants, navette de la Ville"]],"REAL_HOMES_property_location":{"latitude":"46.214645786673","longitude":"-74.587600254929","zoom":"13"},"REAL_HOMES_property_address":"139, ch. Desmarais, Mont-Tremblant","REAL_HOMES_property_map":"0","REAL_HOMES_property_images":[{"width":150,"height":150,"file":"2022\/09\/Domaine-Nansen-Nansenhus-maison-de-ville-chalet-ski-in-out-Mont-Tremblant11-Web.jpg","sizes":{"medium":{"file":"Domaine-Nansen-Nansenhus-maison-de-ville-chalet-ski-in-out-Mont-Tremblant11-Web-300x225.jpg","width":300,"height":225,"mime-type":"image\/jpeg","filesize":25978,"url":"https:\/\/lesversants.com\/wp-content\/uploads\/2022\/09\/Domaine-Nansen-Nansenhus-maison-de-ville-chalet-ski-in-out-Mont-Tremblant11-Web-300x225.jpg"},"large":{"file":"Domaine-Nansen-Nansenhus-maison-de-ville-chalet-ski-in-out-Mont-Tremblant11-Web-1024x768.jpg","width":1024,"height":768,"mime-type":"image\/jpeg","filesize":267225,"url":"https:\/\/lesversants.com\/wp-content\/uploads\/2022\/09\/Domaine-Nansen-Nansenhus-maison-de-ville-chalet-ski-in-out-Mont-Tremblant11-Web-1024x768.jpg"},"thumbnail":{"file":"Domaine-Nansen-Nansenhus-maison-de-ville-chalet-ski-in-out-Mont-Tremblant11-Web-150x150.jpg","width":150,"height":150,"mime-type":"image\/jpeg","filesize":9417,"url":"https:\/\/lesversants.com\/wp-content\/uploads\/2022\/09\/Domaine-Nansen-Nansenhus-maison-de-ville-chalet-ski-in-out-Mont-Tremblant11-Web-150x150.jpg"},"medium_large":{"file":"Domaine-Nansen-Nansenhus-maison-de-ville-chalet-ski-in-out-Mont-Tremblant11-Web-768x576.jpg","width":768,"height":576,"mime-type":"image\/jpeg","filesize":159016,"url":"https:\/\/lesversants.com\/wp-content\/uploads\/2022\/09\/Domaine-Nansen-Nansenhus-maison-de-ville-chalet-ski-in-out-Mont-Tremblant11-Web-768x576.jpg"},"tf-client-image-size":{"file":"Domaine-Nansen-Nansenhus-maison-de-ville-chalet-ski-in-out-Mont-Tremblant11-Web-120x120.jpg","width":120,"height":120,"mime-type":"image\/jpeg","filesize":6020,"url":"https:\/\/lesversants.com\/wp-content\/uploads\/2022\/09\/Domaine-Nansen-Nansenhus-maison-de-ville-chalet-ski-in-out-Mont-Tremblant11-Web-120x120.jpg"},"1536x1536":{"file":"Domaine-Nansen-Nansenhus-maison-de-ville-chalet-ski-in-out-Mont-Tremblant11-Web-1536x1152.jpg","width":1536,"height":1152,"mime-type":"image\/jpeg","filesize":541915,"url":"https:\/\/lesversants.com\/wp-content\/uploads\/2022\/09\/Domaine-Nansen-Nansenhus-maison-de-ville-chalet-ski-in-out-Mont-Tremblant11-Web-1536x1152.jpg"},"post-thumbnail":{"file":"Domaine-Nansen-Nansenhus-maison-de-ville-chalet-ski-in-out-Mont-Tremblant11-Web-150x113.jpg","width":150,"height":113,"mime-type":"image\/jpeg","filesize":7178,"url":"https:\/\/lesversants.com\/wp-content\/uploads\/2022\/09\/Domaine-Nansen-Nansenhus-maison-de-ville-chalet-ski-in-out-Mont-Tremblant11-Web-150x113.jpg"},"modern-property-child-slider":{"file":"Domaine-Nansen-Nansenhus-maison-de-ville-chalet-ski-in-out-Mont-Tremblant11-Web-680x510.jpg","width":680,"height":510,"mime-type":"image\/jpeg","filesize":126126,"url":"https:\/\/lesversants.com\/wp-content\/uploads\/2022\/09\/Domaine-Nansen-Nansenhus-maison-de-ville-chalet-ski-in-out-Mont-Tremblant11-Web-680x510.jpg"},"property-thumb-image":{"file":"Domaine-Nansen-Nansenhus-maison-de-ville-chalet-ski-in-out-Mont-Tremblant11-Web-488x326.jpg","width":488,"height":326,"mime-type":"image\/jpeg","filesize":59508,"url":"https:\/\/lesversants.com\/wp-content\/uploads\/2022\/09\/Domaine-Nansen-Nansenhus-maison-de-ville-chalet-ski-in-out-Mont-Tremblant11-Web-488x326.jpg"},"property-detail-video-image":{"file":"Domaine-Nansen-Nansenhus-maison-de-ville-chalet-ski-in-out-Mont-Tremblant11-Web-818x417.jpg","width":818,"height":417,"mime-type":"image\/jpeg","filesize":123156,"url":"https:\/\/lesversants.com\/wp-content\/uploads\/2022\/09\/Domaine-Nansen-Nansenhus-maison-de-ville-chalet-ski-in-out-Mont-Tremblant11-Web-818x417.jpg"},"agent-image":{"file":"Domaine-Nansen-Nansenhus-maison-de-ville-chalet-ski-in-out-Mont-Tremblant11-Web-210x210.jpg","width":210,"height":210,"mime-type":"image\/jpeg","filesize":17499,"url":"https:\/\/lesversants.com\/wp-content\/uploads\/2022\/09\/Domaine-Nansen-Nansenhus-maison-de-ville-chalet-ski-in-out-Mont-Tremblant11-Web-210x210.jpg"},"partners-logo":{"file":"Domaine-Nansen-Nansenhus-maison-de-ville-chalet-ski-in-out-Mont-Tremblant11-Web-600x1440.jpg","width":600,"height":1440,"mime-type":"image\/jpeg","filesize":282361,"url":"https:\/\/lesversants.com\/wp-content\/uploads\/2022\/09\/Domaine-Nansen-Nansenhus-maison-de-ville-chalet-ski-in-out-Mont-Tremblant11-Web-600x1440.jpg"},"post-featured-image":{"file":"Domaine-Nansen-Nansenhus-maison-de-ville-chalet-ski-in-out-Mont-Tremblant11-Web-1240x720.jpg","width":1240,"height":720,"mime-type":"image\/jpeg","filesize":291243,"url":"https:\/\/lesversants.com\/wp-content\/uploads\/2022\/09\/Domaine-Nansen-Nansenhus-maison-de-ville-chalet-ski-in-out-Mont-Tremblant11-Web-1240x720.jpg"}},"image_meta":{"aperture":"0","credit":"","camera":"","caption":"","created_timestamp":"0","copyright":"","focal_length":"0","iso":"0","shutter_speed":"0","title":"","orientation":"0","keywords":[]},"filesize":879970,"ID":"12460","name":"Domaine-Nansen-Nansenhus-maison-de-ville-chalet-ski-in-out-Mont-Tremblant11-Web.jpg","path":"\/home\/lesversa\/public_html\/wp-content\/uploads\/2022\/09\/Domaine-Nansen-Nansenhus-maison-de-ville-chalet-ski-in-out-Mont-Tremblant11-Web.jpg","url":"https:\/\/lesversants.com\/wp-content\/uploads\/2022\/09\/Domaine-Nansen-Nansenhus-maison-de-ville-chalet-ski-in-out-Mont-Tremblant11-Web-150x150.jpg","full_url":"https:\/\/lesversants.com\/wp-content\/uploads\/2022\/09\/Domaine-Nansen-Nansenhus-maison-de-ville-chalet-ski-in-out-Mont-Tremblant11-Web.jpg","title":"Domaine Nansen Nansenhus maison de ville chalet ski in out Mont Tremblant11 Web","caption":"","description":"","alt":"Domaine Nansen Nansenhus maison de ville chalet ski in out Mont Tremblant11 Web","srcset":"https:\/\/lesversants.com\/wp-content\/uploads\/2022\/09\/Domaine-Nansen-Nansenhus-maison-de-ville-chalet-ski-in-out-Mont-Tremblant11-Web-150x150.jpg 150w, https:\/\/lesversants.com\/wp-content\/uploads\/2022\/09\/Domaine-Nansen-Nansenhus-maison-de-ville-chalet-ski-in-out-Mont-Tremblant11-Web-120x120.jpg 120w, https:\/\/lesversants.com\/wp-content\/uploads\/2022\/09\/Domaine-Nansen-Nansenhus-maison-de-ville-chalet-ski-in-out-Mont-Tremblant11-Web-210x210.jpg 210w"},{"width":150,"height":150,"file":"2022\/12\/139-nansenhus-maison-de-ville-lumineux-a-louer-a-mont-tremblan-4.jpg","filesize":248056,"sizes":{"medium":{"file":"139-nansenhus-maison-de-ville-lumineux-a-louer-a-mont-tremblan-4-300x200.jpg","width":300,"height":200,"mime-type":"image\/jpeg","filesize":19863,"url":"https:\/\/lesversants.com\/wp-content\/uploads\/2022\/12\/139-nansenhus-maison-de-ville-lumineux-a-louer-a-mont-tremblan-4-300x200.jpg"},"large":{"file":"139-nansenhus-maison-de-ville-lumineux-a-louer-a-mont-tremblan-4-1024x683.jpg","width":1024,"height":683,"mime-type":"image\/jpeg","filesize":180019,"url":"https:\/\/lesversants.com\/wp-content\/uploads\/2022\/12\/139-nansenhus-maison-de-ville-lumineux-a-louer-a-mont-tremblan-4-1024x683.jpg"},"thumbnail":{"file":"139-nansenhus-maison-de-ville-lumineux-a-louer-a-mont-tremblan-4-150x150.jpg","width":150,"height":150,"mime-type":"image\/jpeg","filesize":8727,"url":"https:\/\/lesversants.com\/wp-content\/uploads\/2022\/12\/139-nansenhus-maison-de-ville-lumineux-a-louer-a-mont-tremblan-4-150x150.jpg"},"medium_large":{"file":"139-nansenhus-maison-de-ville-lumineux-a-louer-a-mont-tremblan-4-768x512.jpg","width":768,"height":512,"mime-type":"image\/jpeg","filesize":107464,"url":"https:\/\/lesversants.com\/wp-content\/uploads\/2022\/12\/139-nansenhus-maison-de-ville-lumineux-a-louer-a-mont-tremblan-4-768x512.jpg"},"tf-client-image-size":{"file":"139-nansenhus-maison-de-ville-lumineux-a-louer-a-mont-tremblan-4-120x120.jpg","width":120,"height":120,"mime-type":"image\/jpeg","filesize":5842,"url":"https:\/\/lesversants.com\/wp-content\/uploads\/2022\/12\/139-nansenhus-maison-de-ville-lumineux-a-louer-a-mont-tremblan-4-120x120.jpg"},"1536x1536":{"file":"139-nansenhus-maison-de-ville-lumineux-a-louer-a-mont-tremblan-4-1536x1024.jpg","width":1536,"height":1024,"mime-type":"image\/jpeg","filesize":347735,"url":"https:\/\/lesversants.com\/wp-content\/uploads\/2022\/12\/139-nansenhus-maison-de-ville-lumineux-a-louer-a-mont-tremblan-4-1536x1024.jpg"},"post-thumbnail":{"file":"139-nansenhus-maison-de-ville-lumineux-a-louer-a-mont-tremblan-4-150x100.jpg","width":150,"height":100,"mime-type":"image\/jpeg","filesize":6287,"url":"https:\/\/lesversants.com\/wp-content\/uploads\/2022\/12\/139-nansenhus-maison-de-ville-lumineux-a-louer-a-mont-tremblan-4-150x100.jpg"},"modern-property-child-slider":{"file":"139-nansenhus-maison-de-ville-lumineux-a-louer-a-mont-tremblan-4-680x510.jpg","width":680,"height":510,"mime-type":"image\/jpeg","filesize":98975,"url":"https:\/\/lesversants.com\/wp-content\/uploads\/2022\/12\/139-nansenhus-maison-de-ville-lumineux-a-louer-a-mont-tremblan-4-680x510.jpg"},"property-thumb-image":{"file":"139-nansenhus-maison-de-ville-lumineux-a-louer-a-mont-tremblan-4-488x326.jpg","width":488,"height":326,"mime-type":"image\/jpeg","filesize":47244,"url":"https:\/\/lesversants.com\/wp-content\/uploads\/2022\/12\/139-nansenhus-maison-de-ville-lumineux-a-louer-a-mont-tremblan-4-488x326.jpg"},"property-detail-video-image":{"file":"139-nansenhus-maison-de-ville-lumineux-a-louer-a-mont-tremblan-4-818x417.jpg","width":818,"height":417,"mime-type":"image\/jpeg","filesize":99194,"url":"https:\/\/lesversants.com\/wp-content\/uploads\/2022\/12\/139-nansenhus-maison-de-ville-lumineux-a-louer-a-mont-tremblan-4-818x417.jpg"},"agent-image":{"file":"139-nansenhus-maison-de-ville-lumineux-a-louer-a-mont-tremblan-4-210x210.jpg","width":210,"height":210,"mime-type":"image\/jpeg","filesize":15295,"url":"https:\/\/lesversants.com\/wp-content\/uploads\/2022\/12\/139-nansenhus-maison-de-ville-lumineux-a-louer-a-mont-tremblan-4-210x210.jpg"},"partners-logo":{"file":"139-nansenhus-maison-de-ville-lumineux-a-louer-a-mont-tremblan-4-600x1200.jpg","width":600,"height":1200,"mime-type":"image\/jpeg","filesize":126199,"url":"https:\/\/lesversants.com\/wp-content\/uploads\/2022\/12\/139-nansenhus-maison-de-ville-lumineux-a-louer-a-mont-tremblan-4-600x1200.jpg"},"post-featured-image":{"file":"139-nansenhus-maison-de-ville-lumineux-a-louer-a-mont-tremblan-4-1240x720.jpg","width":1240,"height":720,"mime-type":"image\/jpeg","filesize":223295,"url":"https:\/\/lesversants.com\/wp-content\/uploads\/2022\/12\/139-nansenhus-maison-de-ville-lumineux-a-louer-a-mont-tremblan-4-1240x720.jpg"}},"image_meta":{"aperture":"11","credit":"","camera":"NIKON D7200","caption":"","created_timestamp":"1579703476","copyright":"","focal_length":"10","iso":"400","shutter_speed":"0.05","title":"","orientation":"1","keywords":[]},"ID":"18659","name":"139-nansenhus-maison-de-ville-lumineux-a-louer-a-mont-tremblan-4.jpg","path":"\/home\/lesversa\/public_html\/wp-content\/uploads\/2022\/12\/139-nansenhus-maison-de-ville-lumineux-a-louer-a-mont-tremblan-4.jpg","url":"https:\/\/lesversants.com\/wp-content\/uploads\/2022\/12\/139-nansenhus-maison-de-ville-lumineux-a-louer-a-mont-tremblan-4-150x150.jpg","full_url":"https:\/\/lesversants.com\/wp-content\/uploads\/2022\/12\/139-nansenhus-maison-de-ville-lumineux-a-louer-a-mont-tremblan-4.jpg","title":"139 nansenhus maison de ville lumineux a louer a mont tremblan 4","caption":"","description":"","alt":"139 nansenhus maison de ville lumineux a louer a mont tremblan 4","srcset":"https:\/\/lesversants.com\/wp-content\/uploads\/2022\/12\/139-nansenhus-maison-de-ville-lumineux-a-louer-a-mont-tremblan-4-150x150.jpg 150w, https:\/\/lesversants.com\/wp-content\/uploads\/2022\/12\/139-nansenhus-maison-de-ville-lumineux-a-louer-a-mont-tremblan-4-120x120.jpg 120w, https:\/\/lesversants.com\/wp-content\/uploads\/2022\/12\/139-nansenhus-maison-de-ville-lumineux-a-louer-a-mont-tremblan-4-210x210.jpg 210w"},{"width":150,"height":150,"file":"2022\/12\/139-nansenhus-maison-de-ville-lumineux-a-louer-a-mont-tremblan-3.jpg","filesize":206011,"sizes":{"medium":{"file":"139-nansenhus-maison-de-ville-lumineux-a-louer-a-mont-tremblan-3-300x200.jpg","width":300,"height":200,"mime-type":"image\/jpeg","filesize":17833,"url":"https:\/\/lesversants.com\/wp-content\/uploads\/2022\/12\/139-nansenhus-maison-de-ville-lumineux-a-louer-a-mont-tremblan-3-300x200.jpg"},"large":{"file":"139-nansenhus-maison-de-ville-lumineux-a-louer-a-mont-tremblan-3-1024x683.jpg","width":1024,"height":683,"mime-type":"image\/jpeg","filesize":154466,"url":"https:\/\/lesversants.com\/wp-content\/uploads\/2022\/12\/139-nansenhus-maison-de-ville-lumineux-a-louer-a-mont-tremblan-3-1024x683.jpg"},"thumbnail":{"file":"139-nansenhus-maison-de-ville-lumineux-a-louer-a-mont-tremblan-3-150x150.jpg","width":150,"height":150,"mime-type":"image\/jpeg","filesize":7651,"url":"https:\/\/lesversants.com\/wp-content\/uploads\/2022\/12\/139-nansenhus-maison-de-ville-lumineux-a-louer-a-mont-tremblan-3-150x150.jpg"},"medium_large":{"file":"139-nansenhus-maison-de-ville-lumineux-a-louer-a-mont-tremblan-3-768x512.jpg","width":768,"height":512,"mime-type":"image\/jpeg","filesize":92629,"url":"https:\/\/lesversants.com\/wp-content\/uploads\/2022\/12\/139-nansenhus-maison-de-ville-lumineux-a-louer-a-mont-tremblan-3-768x512.jpg"},"tf-client-image-size":{"file":"139-nansenhus-maison-de-ville-lumineux-a-louer-a-mont-tremblan-3-120x120.jpg","width":120,"height":120,"mime-type":"image\/jpeg","filesize":5204,"url":"https:\/\/lesversants.com\/wp-content\/uploads\/2022\/12\/139-nansenhus-maison-de-ville-lumineux-a-louer-a-mont-tremblan-3-120x120.jpg"},"1536x1536":{"file":"139-nansenhus-maison-de-ville-lumineux-a-louer-a-mont-tremblan-3-1536x1025.jpg","width":1536,"height":1025,"mime-type":"image\/jpeg","filesize":301539,"url":"https:\/\/lesversants.com\/wp-content\/uploads\/2022\/12\/139-nansenhus-maison-de-ville-lumineux-a-louer-a-mont-tremblan-3-1536x1025.jpg"},"post-thumbnail":{"file":"139-nansenhus-maison-de-ville-lumineux-a-louer-a-mont-tremblan-3-150x100.jpg","width":150,"height":100,"mime-type":"image\/jpeg","filesize":5795,"url":"https:\/\/lesversants.com\/wp-content\/uploads\/2022\/12\/139-nansenhus-maison-de-ville-lumineux-a-louer-a-mont-tremblan-3-150x100.jpg"},"modern-property-child-slider":{"file":"139-nansenhus-maison-de-ville-lumineux-a-louer-a-mont-tremblan-3-680x510.jpg","width":680,"height":510,"mime-type":"image\/jpeg","filesize":82536,"url":"https:\/\/lesversants.com\/wp-content\/uploads\/2022\/12\/139-nansenhus-maison-de-ville-lumineux-a-louer-a-mont-tremblan-3-680x510.jpg"},"property-thumb-image":{"file":"139-nansenhus-maison-de-ville-lumineux-a-louer-a-mont-tremblan-3-488x326.jpg","width":488,"height":326,"mime-type":"image\/jpeg","filesize":41323,"url":"https:\/\/lesversants.com\/wp-content\/uploads\/2022\/12\/139-nansenhus-maison-de-ville-lumineux-a-louer-a-mont-tremblan-3-488x326.jpg"},"property-detail-video-image":{"file":"139-nansenhus-maison-de-ville-lumineux-a-louer-a-mont-tremblan-3-818x417.jpg","width":818,"height":417,"mime-type":"image\/jpeg","filesize":82270,"url":"https:\/\/lesversants.com\/wp-content\/uploads\/2022\/12\/139-nansenhus-maison-de-ville-lumineux-a-louer-a-mont-tremblan-3-818x417.jpg"},"agent-image":{"file":"139-nansenhus-maison-de-ville-lumineux-a-louer-a-mont-tremblan-3-210x210.jpg","width":210,"height":210,"mime-type":"image\/jpeg","filesize":13322,"url":"https:\/\/lesversants.com\/wp-content\/uploads\/2022\/12\/139-nansenhus-maison-de-ville-lumineux-a-louer-a-mont-tremblan-3-210x210.jpg"},"partners-logo":{"file":"139-nansenhus-maison-de-ville-lumineux-a-louer-a-mont-tremblan-3-600x1201.jpg","width":600,"height":1201,"mime-type":"image\/jpeg","filesize":86051,"url":"https:\/\/lesversants.com\/wp-content\/uploads\/2022\/12\/139-nansenhus-maison-de-ville-lumineux-a-louer-a-mont-tremblan-3-600x1201.jpg"},"post-featured-image":{"file":"139-nansenhus-maison-de-ville-lumineux-a-louer-a-mont-tremblan-3-1240x720.jpg","width":1240,"height":720,"mime-type":"image\/jpeg","filesize":186626,"url":"https:\/\/lesversants.com\/wp-content\/uploads\/2022\/12\/139-nansenhus-maison-de-ville-lumineux-a-louer-a-mont-tremblan-3-1240x720.jpg"}},"image_meta":{"aperture":"11","credit":"","camera":"NIKON D7200","caption":"","created_timestamp":"1579703355","copyright":"","focal_length":"10","iso":"400","shutter_speed":"0.066666666666667","title":"","orientation":"1","keywords":[]},"ID":"18657","name":"139-nansenhus-maison-de-ville-lumineux-a-louer-a-mont-tremblan-3.jpg","path":"\/home\/lesversa\/public_html\/wp-content\/uploads\/2022\/12\/139-nansenhus-maison-de-ville-lumineux-a-louer-a-mont-tremblan-3.jpg","url":"https:\/\/lesversants.com\/wp-content\/uploads\/2022\/12\/139-nansenhus-maison-de-ville-lumineux-a-louer-a-mont-tremblan-3-150x150.jpg","full_url":"https:\/\/lesversants.com\/wp-content\/uploads\/2022\/12\/139-nansenhus-maison-de-ville-lumineux-a-louer-a-mont-tremblan-3.jpg","title":"139 nansenhus maison de ville lumineux a louer a mont tremblan 3","caption":"","description":"","alt":"139 nansenhus maison de ville lumineux a louer a mont tremblan 3","srcset":"https:\/\/lesversants.com\/wp-content\/uploads\/2022\/12\/139-nansenhus-maison-de-ville-lumineux-a-louer-a-mont-tremblan-3-150x150.jpg 150w, https:\/\/lesversants.com\/wp-content\/uploads\/2022\/12\/139-nansenhus-maison-de-ville-lumineux-a-louer-a-mont-tremblan-3-120x120.jpg 120w, https:\/\/lesversants.com\/wp-content\/uploads\/2022\/12\/139-nansenhus-maison-de-ville-lumineux-a-louer-a-mont-tremblan-3-210x210.jpg 210w"},{"width":150,"height":150,"file":"2024\/02\/2048701.jpg","filesize":390470,"sizes":{"medium":{"file":"2048701-300x200.jpg","width":300,"height":200,"mime-type":"image\/jpeg","filesize":20646,"url":"https:\/\/lesversants.com\/wp-content\/uploads\/2024\/02\/2048701-300x200.jpg"},"large":{"file":"2048701-1024x683.jpg","width":1024,"height":683,"mime-type":"image\/jpeg","filesize":143218,"url":"https:\/\/lesversants.com\/wp-content\/uploads\/2024\/02\/2048701-1024x683.jpg"},"thumbnail":{"file":"2048701-150x150.jpg","width":150,"height":150,"mime-type":"image\/jpeg","filesize":9604,"url":"https:\/\/lesversants.com\/wp-content\/uploads\/2024\/02\/2048701-150x150.jpg"},"medium_large":{"file":"2048701-768x512.jpg","width":768,"height":512,"mime-type":"image\/jpeg","filesize":91614,"url":"https:\/\/lesversants.com\/wp-content\/uploads\/2024\/02\/2048701-768x512.jpg"},"tf-client-image-size":{"file":"2048701-120x120.jpg","width":120,"height":120,"mime-type":"image\/jpeg","filesize":6737,"url":"https:\/\/lesversants.com\/wp-content\/uploads\/2024\/02\/2048701-120x120.jpg"},"1536x1536":{"file":"2048701-1536x1024.jpg","width":1536,"height":1024,"mime-type":"image\/jpeg","filesize":261200,"url":"https:\/\/lesversants.com\/wp-content\/uploads\/2024\/02\/2048701-1536x1024.jpg"},"post-thumbnail":{"file":"2048701-150x100.jpg","width":150,"height":100,"mime-type":"image\/jpeg","filesize":7015,"url":"https:\/\/lesversants.com\/wp-content\/uploads\/2024\/02\/2048701-150x100.jpg"},"modern-property-child-slider":{"file":"2048701-680x510.jpg","width":680,"height":510,"mime-type":"image\/jpeg","filesize":82905,"url":"https:\/\/lesversants.com\/wp-content\/uploads\/2024\/02\/2048701-680x510.jpg"},"property-thumb-image":{"file":"2048701-488x326.jpg","width":488,"height":326,"mime-type":"image\/jpeg","filesize":45253,"url":"https:\/\/lesversants.com\/wp-content\/uploads\/2024\/02\/2048701-488x326.jpg"},"property-detail-video-image":{"file":"2048701-818x417.jpg","width":818,"height":417,"mime-type":"image\/jpeg","filesize":76156,"url":"https:\/\/lesversants.com\/wp-content\/uploads\/2024\/02\/2048701-818x417.jpg"},"agent-image":{"file":"2048701-210x210.jpg","width":210,"height":210,"mime-type":"image\/jpeg","filesize":16845,"url":"https:\/\/lesversants.com\/wp-content\/uploads\/2024\/02\/2048701-210x210.jpg"},"partners-logo":{"file":"2048701-600x1280.jpg","width":600,"height":1280,"mime-type":"image\/jpeg","filesize":133236,"url":"https:\/\/lesversants.com\/wp-content\/uploads\/2024\/02\/2048701-600x1280.jpg"},"post-featured-image":{"file":"2048701-1240x720.jpg","width":1240,"height":720,"mime-type":"image\/jpeg","filesize":162332,"url":"https:\/\/lesversants.com\/wp-content\/uploads\/2024\/02\/2048701-1240x720.jpg"}},"image_meta":{"aperture":"0","credit":"","camera":"","caption":"","created_timestamp":"0","copyright":"","focal_length":"0","iso":"0","shutter_speed":"0","title":"","orientation":"0","keywords":[]},"ID":"38266","name":"2048701.jpg","path":"\/home\/lesversa\/public_html\/wp-content\/uploads\/2024\/02\/2048701.jpg","url":"https:\/\/lesversants.com\/wp-content\/uploads\/2024\/02\/2048701-150x150.jpg","full_url":"https:\/\/lesversants.com\/wp-content\/uploads\/2024\/02\/2048701.jpg","title":"2023-09_belvedere-maison-chalet-condo-maison-mont-trembolant-style-de-vie-velo-de-montagne (Kevin-Lemire-72)","caption":"","description":"","alt":"2023-09_belvedere-maison-chalet-condo-maison-mont-trembolant-style-de-vie-velo-de-montagne (Kevin-Lemire-72)","srcset":"https:\/\/lesversants.com\/wp-content\/uploads\/2024\/02\/2048701-150x150.jpg 150w, https:\/\/lesversants.com\/wp-content\/uploads\/2024\/02\/2048701-120x120.jpg 120w, https:\/\/lesversants.com\/wp-content\/uploads\/2024\/02\/2048701-210x210.jpg 210w"},{"width":150,"height":150,"file":"2022\/12\/139-nansenhus-maison-de-ville-lumineux-a-louer-a-mont-tremblan-13.jpg","filesize":129717,"sizes":{"medium":{"file":"139-nansenhus-maison-de-ville-lumineux-a-louer-a-mont-tremblan-13-300x200.jpg","width":300,"height":200,"mime-type":"image\/jpeg","filesize":14692,"url":"https:\/\/lesversants.com\/wp-content\/uploads\/2022\/12\/139-nansenhus-maison-de-ville-lumineux-a-louer-a-mont-tremblan-13-300x200.jpg"},"large":{"file":"139-nansenhus-maison-de-ville-lumineux-a-louer-a-mont-tremblan-13-1024x683.jpg","width":1024,"height":683,"mime-type":"image\/jpeg","filesize":114334,"url":"https:\/\/lesversants.com\/wp-content\/uploads\/2022\/12\/139-nansenhus-maison-de-ville-lumineux-a-louer-a-mont-tremblan-13-1024x683.jpg"},"thumbnail":{"file":"139-nansenhus-maison-de-ville-lumineux-a-louer-a-mont-tremblan-13-150x150.jpg","width":150,"height":150,"mime-type":"image\/jpeg","filesize":6444,"url":"https:\/\/lesversants.com\/wp-content\/uploads\/2022\/12\/139-nansenhus-maison-de-ville-lumineux-a-louer-a-mont-tremblan-13-150x150.jpg"},"medium_large":{"file":"139-nansenhus-maison-de-ville-lumineux-a-louer-a-mont-tremblan-13-768x512.jpg","width":768,"height":512,"mime-type":"image\/jpeg","filesize":70265,"url":"https:\/\/lesversants.com\/wp-content\/uploads\/2022\/12\/139-nansenhus-maison-de-ville-lumineux-a-louer-a-mont-tremblan-13-768x512.jpg"},"tf-client-image-size":{"file":"139-nansenhus-maison-de-ville-lumineux-a-louer-a-mont-tremblan-13-120x120.jpg","width":120,"height":120,"mime-type":"image\/jpeg","filesize":4520,"url":"https:\/\/lesversants.com\/wp-content\/uploads\/2022\/12\/139-nansenhus-maison-de-ville-lumineux-a-louer-a-mont-tremblan-13-120x120.jpg"},"1536x1536":{"file":"139-nansenhus-maison-de-ville-lumineux-a-louer-a-mont-tremblan-13-1536x1024.jpg","width":1536,"height":1024,"mime-type":"image\/jpeg","filesize":214541,"url":"https:\/\/lesversants.com\/wp-content\/uploads\/2022\/12\/139-nansenhus-maison-de-ville-lumineux-a-louer-a-mont-tremblan-13-1536x1024.jpg"},"post-thumbnail":{"file":"139-nansenhus-maison-de-ville-lumineux-a-louer-a-mont-tremblan-13-150x100.jpg","width":150,"height":100,"mime-type":"image\/jpeg","filesize":4976,"url":"https:\/\/lesversants.com\/wp-content\/uploads\/2022\/12\/139-nansenhus-maison-de-ville-lumineux-a-louer-a-mont-tremblan-13-150x100.jpg"},"modern-property-child-slider":{"file":"139-nansenhus-maison-de-ville-lumineux-a-louer-a-mont-tremblan-13-680x510.jpg","width":680,"height":510,"mime-type":"image\/jpeg","filesize":62861,"url":"https:\/\/lesversants.com\/wp-content\/uploads\/2022\/12\/139-nansenhus-maison-de-ville-lumineux-a-louer-a-mont-tremblan-13-680x510.jpg"},"property-thumb-image":{"file":"139-nansenhus-maison-de-ville-lumineux-a-louer-a-mont-tremblan-13-488x326.jpg","width":488,"height":326,"mime-type":"image\/jpeg","filesize":32843,"url":"https:\/\/lesversants.com\/wp-content\/uploads\/2022\/12\/139-nansenhus-maison-de-ville-lumineux-a-louer-a-mont-tremblan-13-488x326.jpg"},"property-detail-video-image":{"file":"139-nansenhus-maison-de-ville-lumineux-a-louer-a-mont-tremblan-13-818x417.jpg","width":818,"height":417,"mime-type":"image\/jpeg","filesize":64476,"url":"https:\/\/lesversants.com\/wp-content\/uploads\/2022\/12\/139-nansenhus-maison-de-ville-lumineux-a-louer-a-mont-tremblan-13-818x417.jpg"},"agent-image":{"file":"139-nansenhus-maison-de-ville-lumineux-a-louer-a-mont-tremblan-13-210x210.jpg","width":210,"height":210,"mime-type":"image\/jpeg","filesize":11329,"url":"https:\/\/lesversants.com\/wp-content\/uploads\/2022\/12\/139-nansenhus-maison-de-ville-lumineux-a-louer-a-mont-tremblan-13-210x210.jpg"},"partners-logo":{"file":"139-nansenhus-maison-de-ville-lumineux-a-louer-a-mont-tremblan-13-600x1200.jpg","width":600,"height":1200,"mime-type":"image\/jpeg","filesize":65498,"url":"https:\/\/lesversants.com\/wp-content\/uploads\/2022\/12\/139-nansenhus-maison-de-ville-lumineux-a-louer-a-mont-tremblan-13-600x1200.jpg"},"post-featured-image":{"file":"139-nansenhus-maison-de-ville-lumineux-a-louer-a-mont-tremblan-13-1240x720.jpg","width":1240,"height":720,"mime-type":"image\/jpeg","filesize":139005,"url":"https:\/\/lesversants.com\/wp-content\/uploads\/2022\/12\/139-nansenhus-maison-de-ville-lumineux-a-louer-a-mont-tremblan-13-1240x720.jpg"}},"image_meta":{"aperture":"11","credit":"","camera":"NIKON D7200","caption":"","created_timestamp":"1579704286","copyright":"","focal_length":"14","iso":"400","shutter_speed":"0.1","title":"","orientation":"1","keywords":[]},"ID":"18677","name":"139-nansenhus-maison-de-ville-lumineux-a-louer-a-mont-tremblan-13.jpg","path":"\/home\/lesversa\/public_html\/wp-content\/uploads\/2022\/12\/139-nansenhus-maison-de-ville-lumineux-a-louer-a-mont-tremblan-13.jpg","url":"https:\/\/lesversants.com\/wp-content\/uploads\/2022\/12\/139-nansenhus-maison-de-ville-lumineux-a-louer-a-mont-tremblan-13-150x150.jpg","full_url":"https:\/\/lesversants.com\/wp-content\/uploads\/2022\/12\/139-nansenhus-maison-de-ville-lumineux-a-louer-a-mont-tremblan-13.jpg","title":"139 nansenhus maison de ville lumineux a louer a mont tremblan 13","caption":"","description":"","alt":"139 nansenhus maison de ville lumineux a louer a mont tremblan 13","srcset":"https:\/\/lesversants.com\/wp-content\/uploads\/2022\/12\/139-nansenhus-maison-de-ville-lumineux-a-louer-a-mont-tremblan-13-150x150.jpg 150w, https:\/\/lesversants.com\/wp-content\/uploads\/2022\/12\/139-nansenhus-maison-de-ville-lumineux-a-louer-a-mont-tremblan-13-120x120.jpg 120w, https:\/\/lesversants.com\/wp-content\/uploads\/2022\/12\/139-nansenhus-maison-de-ville-lumineux-a-louer-a-mont-tremblan-13-210x210.jpg 210w"},{"width":150,"height":150,"file":"2022\/12\/139-nansenhus-maison-de-ville-lumineux-a-louer-a-mont-tremblan.jpg","filesize":226189,"sizes":{"medium":{"file":"139-nansenhus-maison-de-ville-lumineux-a-louer-a-mont-tremblan-300x200.jpg","width":300,"height":200,"mime-type":"image\/jpeg","filesize":18461,"url":"https:\/\/lesversants.com\/wp-content\/uploads\/2022\/12\/139-nansenhus-maison-de-ville-lumineux-a-louer-a-mont-tremblan-300x200.jpg"},"large":{"file":"139-nansenhus-maison-de-ville-lumineux-a-louer-a-mont-tremblan-1024x683.jpg","width":1024,"height":683,"mime-type":"image\/jpeg","filesize":161982,"url":"https:\/\/lesversants.com\/wp-content\/uploads\/2022\/12\/139-nansenhus-maison-de-ville-lumineux-a-louer-a-mont-tremblan-1024x683.jpg"},"thumbnail":{"file":"139-nansenhus-maison-de-ville-lumineux-a-louer-a-mont-tremblan-150x150.jpg","width":150,"height":150,"mime-type":"image\/jpeg","filesize":8264,"url":"https:\/\/lesversants.com\/wp-content\/uploads\/2022\/12\/139-nansenhus-maison-de-ville-lumineux-a-louer-a-mont-tremblan-150x150.jpg"},"medium_large":{"file":"139-nansenhus-maison-de-ville-lumineux-a-louer-a-mont-tremblan-768x512.jpg","width":768,"height":512,"mime-type":"image\/jpeg","filesize":96616,"url":"https:\/\/lesversants.com\/wp-content\/uploads\/2022\/12\/139-nansenhus-maison-de-ville-lumineux-a-louer-a-mont-tremblan-768x512.jpg"},"tf-client-image-size":{"file":"139-nansenhus-maison-de-ville-lumineux-a-louer-a-mont-tremblan-120x120.jpg","width":120,"height":120,"mime-type":"image\/jpeg","filesize":5600,"url":"https:\/\/lesversants.com\/wp-content\/uploads\/2022\/12\/139-nansenhus-maison-de-ville-lumineux-a-louer-a-mont-tremblan-120x120.jpg"},"1536x1536":{"file":"139-nansenhus-maison-de-ville-lumineux-a-louer-a-mont-tremblan-1536x1025.jpg","width":1536,"height":1025,"mime-type":"image\/jpeg","filesize":317064,"url":"https:\/\/lesversants.com\/wp-content\/uploads\/2022\/12\/139-nansenhus-maison-de-ville-lumineux-a-louer-a-mont-tremblan-1536x1025.jpg"},"post-thumbnail":{"file":"139-nansenhus-maison-de-ville-lumineux-a-louer-a-mont-tremblan-150x100.jpg","width":150,"height":100,"mime-type":"image\/jpeg","filesize":6001,"url":"https:\/\/lesversants.com\/wp-content\/uploads\/2022\/12\/139-nansenhus-maison-de-ville-lumineux-a-louer-a-mont-tremblan-150x100.jpg"},"modern-property-child-slider":{"file":"139-nansenhus-maison-de-ville-lumineux-a-louer-a-mont-tremblan-680x510.jpg","width":680,"height":510,"mime-type":"image\/jpeg","filesize":87181,"url":"https:\/\/lesversants.com\/wp-content\/uploads\/2022\/12\/139-nansenhus-maison-de-ville-lumineux-a-louer-a-mont-tremblan-680x510.jpg"},"property-thumb-image":{"file":"139-nansenhus-maison-de-ville-lumineux-a-louer-a-mont-tremblan-488x326.jpg","width":488,"height":326,"mime-type":"image\/jpeg","filesize":43289,"url":"https:\/\/lesversants.com\/wp-content\/uploads\/2022\/12\/139-nansenhus-maison-de-ville-lumineux-a-louer-a-mont-tremblan-488x326.jpg"},"property-detail-video-image":{"file":"139-nansenhus-maison-de-ville-lumineux-a-louer-a-mont-tremblan-818x417.jpg","width":818,"height":417,"mime-type":"image\/jpeg","filesize":89554,"url":"https:\/\/lesversants.com\/wp-content\/uploads\/2022\/12\/139-nansenhus-maison-de-ville-lumineux-a-louer-a-mont-tremblan-818x417.jpg"},"agent-image":{"file":"139-nansenhus-maison-de-ville-lumineux-a-louer-a-mont-tremblan-210x210.jpg","width":210,"height":210,"mime-type":"image\/jpeg","filesize":14565,"url":"https:\/\/lesversants.com\/wp-content\/uploads\/2022\/12\/139-nansenhus-maison-de-ville-lumineux-a-louer-a-mont-tremblan-210x210.jpg"},"partners-logo":{"file":"139-nansenhus-maison-de-ville-lumineux-a-louer-a-mont-tremblan-600x1201.jpg","width":600,"height":1201,"mime-type":"image\/jpeg","filesize":106055,"url":"https:\/\/lesversants.com\/wp-content\/uploads\/2022\/12\/139-nansenhus-maison-de-ville-lumineux-a-louer-a-mont-tremblan-600x1201.jpg"},"post-featured-image":{"file":"139-nansenhus-maison-de-ville-lumineux-a-louer-a-mont-tremblan-1240x720.jpg","width":1240,"height":720,"mime-type":"image\/jpeg","filesize":200122,"url":"https:\/\/lesversants.com\/wp-content\/uploads\/2022\/12\/139-nansenhus-maison-de-ville-lumineux-a-louer-a-mont-tremblan-1240x720.jpg"}},"image_meta":{"aperture":"11","credit":"","camera":"NIKON D7200","caption":"","created_timestamp":"1579703236","copyright":"","focal_length":"16","iso":"400","shutter_speed":"0.033333333333333","title":"","orientation":"1","keywords":[]},"ID":"18653","name":"139-nansenhus-maison-de-ville-lumineux-a-louer-a-mont-tremblan.jpg","path":"\/home\/lesversa\/public_html\/wp-content\/uploads\/2022\/12\/139-nansenhus-maison-de-ville-lumineux-a-louer-a-mont-tremblan.jpg","url":"https:\/\/lesversants.com\/wp-content\/uploads\/2022\/12\/139-nansenhus-maison-de-ville-lumineux-a-louer-a-mont-tremblan-150x150.jpg","full_url":"https:\/\/lesversants.com\/wp-content\/uploads\/2022\/12\/139-nansenhus-maison-de-ville-lumineux-a-louer-a-mont-tremblan.jpg","title":"139 nansenhus maison de ville lumineux a louer a mont tremblan","caption":"","description":"","alt":"139 nansenhus maison de ville lumineux a louer a mont tremblan","srcset":"https:\/\/lesversants.com\/wp-content\/uploads\/2022\/12\/139-nansenhus-maison-de-ville-lumineux-a-louer-a-mont-tremblan-150x150.jpg 150w, https:\/\/lesversants.com\/wp-content\/uploads\/2022\/12\/139-nansenhus-maison-de-ville-lumineux-a-louer-a-mont-tremblan-120x120.jpg 120w, https:\/\/lesversants.com\/wp-content\/uploads\/2022\/12\/139-nansenhus-maison-de-ville-lumineux-a-louer-a-mont-tremblan-210x210.jpg 210w"},{"width":150,"height":150,"file":"2022\/12\/139-nansenhus-maison-de-ville-lumineux-a-louer-a-mont-tremblan-22.jpg","filesize":471688,"sizes":{"medium":{"file":"139-nansenhus-maison-de-ville-lumineux-a-louer-a-mont-tremblan-22-300x225.jpg","width":300,"height":225,"mime-type":"image\/jpeg","filesize":17284,"url":"https:\/\/lesversants.com\/wp-content\/uploads\/2022\/12\/139-nansenhus-maison-de-ville-lumineux-a-louer-a-mont-tremblan-22-300x225.jpg"},"large":{"file":"139-nansenhus-maison-de-ville-lumineux-a-louer-a-mont-tremblan-22-1024x768.jpg","width":1024,"height":768,"mime-type":"image\/jpeg","filesize":143171,"url":"https:\/\/lesversants.com\/wp-content\/uploads\/2022\/12\/139-nansenhus-maison-de-ville-lumineux-a-louer-a-mont-tremblan-22-1024x768.jpg"},"thumbnail":{"file":"139-nansenhus-maison-de-ville-lumineux-a-louer-a-mont-tremblan-22-150x150.jpg","width":150,"height":150,"mime-type":"image\/jpeg","filesize":6739,"url":"https:\/\/lesversants.com\/wp-content\/uploads\/2022\/12\/139-nansenhus-maison-de-ville-lumineux-a-louer-a-mont-tremblan-22-150x150.jpg"},"medium_large":{"file":"139-nansenhus-maison-de-ville-lumineux-a-louer-a-mont-tremblan-22-768x576.jpg","width":768,"height":576,"mime-type":"image\/jpeg","filesize":87677,"url":"https:\/\/lesversants.com\/wp-content\/uploads\/2022\/12\/139-nansenhus-maison-de-ville-lumineux-a-louer-a-mont-tremblan-22-768x576.jpg"},"tf-client-image-size":{"file":"139-nansenhus-maison-de-ville-lumineux-a-louer-a-mont-tremblan-22-120x120.jpg","width":120,"height":120,"mime-type":"image\/jpeg","filesize":4590,"url":"https:\/\/lesversants.com\/wp-content\/uploads\/2022\/12\/139-nansenhus-maison-de-ville-lumineux-a-louer-a-mont-tremblan-22-120x120.jpg"},"1536x1536":{"file":"139-nansenhus-maison-de-ville-lumineux-a-louer-a-mont-tremblan-22-1536x1152.jpg","width":1536,"height":1152,"mime-type":"image\/jpeg","filesize":279400,"url":"https:\/\/lesversants.com\/wp-content\/uploads\/2022\/12\/139-nansenhus-maison-de-ville-lumineux-a-louer-a-mont-tremblan-22-1536x1152.jpg"},"post-thumbnail":{"file":"139-nansenhus-maison-de-ville-lumineux-a-louer-a-mont-tremblan-22-150x113.jpg","width":150,"height":113,"mime-type":"image\/jpeg","filesize":5601,"url":"https:\/\/lesversants.com\/wp-content\/uploads\/2022\/12\/139-nansenhus-maison-de-ville-lumineux-a-louer-a-mont-tremblan-22-150x113.jpg"},"modern-property-child-slider":{"file":"139-nansenhus-maison-de-ville-lumineux-a-louer-a-mont-tremblan-22-680x510.jpg","width":680,"height":510,"mime-type":"image\/jpeg","filesize":71221,"url":"https:\/\/lesversants.com\/wp-content\/uploads\/2022\/12\/139-nansenhus-maison-de-ville-lumineux-a-louer-a-mont-tremblan-22-680x510.jpg"},"property-thumb-image":{"file":"139-nansenhus-maison-de-ville-lumineux-a-louer-a-mont-tremblan-22-488x326.jpg","width":488,"height":326,"mime-type":"image\/jpeg","filesize":36954,"url":"https:\/\/lesversants.com\/wp-content\/uploads\/2022\/12\/139-nansenhus-maison-de-ville-lumineux-a-louer-a-mont-tremblan-22-488x326.jpg"},"property-detail-video-image":{"file":"139-nansenhus-maison-de-ville-lumineux-a-louer-a-mont-tremblan-22-818x417.jpg","width":818,"height":417,"mime-type":"image\/jpeg","filesize":72202,"url":"https:\/\/lesversants.com\/wp-content\/uploads\/2022\/12\/139-nansenhus-maison-de-ville-lumineux-a-louer-a-mont-tremblan-22-818x417.jpg"},"agent-image":{"file":"139-nansenhus-maison-de-ville-lumineux-a-louer-a-mont-tremblan-22-210x210.jpg","width":210,"height":210,"mime-type":"image\/jpeg","filesize":11744,"url":"https:\/\/lesversants.com\/wp-content\/uploads\/2022\/12\/139-nansenhus-maison-de-ville-lumineux-a-louer-a-mont-tremblan-22-210x210.jpg"},"partners-logo":{"file":"139-nansenhus-maison-de-ville-lumineux-a-louer-a-mont-tremblan-22-600x1224.jpg","width":600,"height":1224,"mime-type":"image\/jpeg","filesize":124192,"url":"https:\/\/lesversants.com\/wp-content\/uploads\/2022\/12\/139-nansenhus-maison-de-ville-lumineux-a-louer-a-mont-tremblan-22-600x1224.jpg"},"post-featured-image":{"file":"139-nansenhus-maison-de-ville-lumineux-a-louer-a-mont-tremblan-22-1240x720.jpg","width":1240,"height":720,"mime-type":"image\/jpeg","filesize":162480,"url":"https:\/\/lesversants.com\/wp-content\/uploads\/2022\/12\/139-nansenhus-maison-de-ville-lumineux-a-louer-a-mont-tremblan-22-1240x720.jpg"}},"image_meta":{"aperture":"0","credit":"","camera":"","caption":"","created_timestamp":"0","copyright":"","focal_length":"0","iso":"0","shutter_speed":"0","title":"","orientation":"0","keywords":[]},"ID":"18645","name":"139-nansenhus-maison-de-ville-lumineux-a-louer-a-mont-tremblan-22.jpg","path":"\/home\/lesversa\/public_html\/wp-content\/uploads\/2022\/12\/139-nansenhus-maison-de-ville-lumineux-a-louer-a-mont-tremblan-22.jpg","url":"https:\/\/lesversants.com\/wp-content\/uploads\/2022\/12\/139-nansenhus-maison-de-ville-lumineux-a-louer-a-mont-tremblan-22-150x150.jpg","full_url":"https:\/\/lesversants.com\/wp-content\/uploads\/2022\/12\/139-nansenhus-maison-de-ville-lumineux-a-louer-a-mont-tremblan-22.jpg","title":"139 nansenhus maison de ville lumineux a louer a mont tremblan 22","caption":"","description":"","alt":"139 nansenhus maison de ville lumineux a louer a mont tremblan 22","srcset":"https:\/\/lesversants.com\/wp-content\/uploads\/2022\/12\/139-nansenhus-maison-de-ville-lumineux-a-louer-a-mont-tremblan-22-150x150.jpg 150w, https:\/\/lesversants.com\/wp-content\/uploads\/2022\/12\/139-nansenhus-maison-de-ville-lumineux-a-louer-a-mont-tremblan-22-120x120.jpg 120w, https:\/\/lesversants.com\/wp-content\/uploads\/2022\/12\/139-nansenhus-maison-de-ville-lumineux-a-louer-a-mont-tremblan-22-210x210.jpg 210w"},{"width":150,"height":150,"file":"2022\/12\/139-nansenhus-maison-de-ville-lumineux-a-louer-a-mont-tremblan-15.jpg","filesize":101163,"sizes":{"medium":{"file":"139-nansenhus-maison-de-ville-lumineux-a-louer-a-mont-tremblan-15-300x199.jpg","width":300,"height":199,"mime-type":"image\/jpeg","filesize":12265,"url":"https:\/\/lesversants.com\/wp-content\/uploads\/2022\/12\/139-nansenhus-maison-de-ville-lumineux-a-louer-a-mont-tremblan-15-300x199.jpg"},"large":{"file":"139-nansenhus-maison-de-ville-lumineux-a-louer-a-mont-tremblan-15-1024x680.jpg","width":1024,"height":680,"mime-type":"image\/jpeg","filesize":91017,"url":"https:\/\/lesversants.com\/wp-content\/uploads\/2022\/12\/139-nansenhus-maison-de-ville-lumineux-a-louer-a-mont-tremblan-15-1024x680.jpg"},"thumbnail":{"file":"139-nansenhus-maison-de-ville-lumineux-a-louer-a-mont-tremblan-15-150x150.jpg","width":150,"height":150,"mime-type":"image\/jpeg","filesize":5528,"url":"https:\/\/lesversants.com\/wp-content\/uploads\/2022\/12\/139-nansenhus-maison-de-ville-lumineux-a-louer-a-mont-tremblan-15-150x150.jpg"},"medium_large":{"file":"139-nansenhus-maison-de-ville-lumineux-a-louer-a-mont-tremblan-15-768x510.jpg","width":768,"height":510,"mime-type":"image\/jpeg","filesize":57087,"url":"https:\/\/lesversants.com\/wp-content\/uploads\/2022\/12\/139-nansenhus-maison-de-ville-lumineux-a-louer-a-mont-tremblan-15-768x510.jpg"},"tf-client-image-size":{"file":"139-nansenhus-maison-de-ville-lumineux-a-louer-a-mont-tremblan-15-120x120.jpg","width":120,"height":120,"mime-type":"image\/jpeg","filesize":3876,"url":"https:\/\/lesversants.com\/wp-content\/uploads\/2022\/12\/139-nansenhus-maison-de-ville-lumineux-a-louer-a-mont-tremblan-15-120x120.jpg"},"1536x1536":{"file":"139-nansenhus-maison-de-ville-lumineux-a-louer-a-mont-tremblan-15-1536x1020.jpg","width":1536,"height":1020,"mime-type":"image\/jpeg","filesize":169854,"url":"https:\/\/lesversants.com\/wp-content\/uploads\/2022\/12\/139-nansenhus-maison-de-ville-lumineux-a-louer-a-mont-tremblan-15-1536x1020.jpg"},"post-thumbnail":{"file":"139-nansenhus-maison-de-ville-lumineux-a-louer-a-mont-tremblan-15-150x100.jpg","width":150,"height":100,"mime-type":"image\/jpeg","filesize":4199,"url":"https:\/\/lesversants.com\/wp-content\/uploads\/2022\/12\/139-nansenhus-maison-de-ville-lumineux-a-louer-a-mont-tremblan-15-150x100.jpg"},"modern-property-child-slider":{"file":"139-nansenhus-maison-de-ville-lumineux-a-louer-a-mont-tremblan-15-680x510.jpg","width":680,"height":510,"mime-type":"image\/jpeg","filesize":50263,"url":"https:\/\/lesversants.com\/wp-content\/uploads\/2022\/12\/139-nansenhus-maison-de-ville-lumineux-a-louer-a-mont-tremblan-15-680x510.jpg"},"property-thumb-image":{"file":"139-nansenhus-maison-de-ville-lumineux-a-louer-a-mont-tremblan-15-488x326.jpg","width":488,"height":326,"mime-type":"image\/jpeg","filesize":27001,"url":"https:\/\/lesversants.com\/wp-content\/uploads\/2022\/12\/139-nansenhus-maison-de-ville-lumineux-a-louer-a-mont-tremblan-15-488x326.jpg"},"property-detail-video-image":{"file":"139-nansenhus-maison-de-ville-lumineux-a-louer-a-mont-tremblan-15-818x417.jpg","width":818,"height":417,"mime-type":"image\/jpeg","filesize":50692,"url":"https:\/\/lesversants.com\/wp-content\/uploads\/2022\/12\/139-nansenhus-maison-de-ville-lumineux-a-louer-a-mont-tremblan-15-818x417.jpg"},"agent-image":{"file":"139-nansenhus-maison-de-ville-lumineux-a-louer-a-mont-tremblan-15-210x210.jpg","width":210,"height":210,"mime-type":"image\/jpeg","filesize":9428,"url":"https:\/\/lesversants.com\/wp-content\/uploads\/2022\/12\/139-nansenhus-maison-de-ville-lumineux-a-louer-a-mont-tremblan-15-210x210.jpg"},"partners-logo":{"file":"139-nansenhus-maison-de-ville-lumineux-a-louer-a-mont-tremblan-15-600x1195.jpg","width":600,"height":1195,"mime-type":"image\/jpeg","filesize":58695,"url":"https:\/\/lesversants.com\/wp-content\/uploads\/2022\/12\/139-nansenhus-maison-de-ville-lumineux-a-louer-a-mont-tremblan-15-600x1195.jpg"},"post-featured-image":{"file":"139-nansenhus-maison-de-ville-lumineux-a-louer-a-mont-tremblan-15-1240x720.jpg","width":1240,"height":720,"mime-type":"image\/jpeg","filesize":109945,"url":"https:\/\/lesversants.com\/wp-content\/uploads\/2022\/12\/139-nansenhus-maison-de-ville-lumineux-a-louer-a-mont-tremblan-15-1240x720.jpg"}},"image_meta":{"aperture":"11","credit":"","camera":"NIKON D7200","caption":"","created_timestamp":"1579704384","copyright":"","focal_length":"11","iso":"400","shutter_speed":"0.066666666666667","title":"","orientation":"1","keywords":[]},"ID":"18681","name":"139-nansenhus-maison-de-ville-lumineux-a-louer-a-mont-tremblan-15.jpg","path":"\/home\/lesversa\/public_html\/wp-content\/uploads\/2022\/12\/139-nansenhus-maison-de-ville-lumineux-a-louer-a-mont-tremblan-15.jpg","url":"https:\/\/lesversants.com\/wp-content\/uploads\/2022\/12\/139-nansenhus-maison-de-ville-lumineux-a-louer-a-mont-tremblan-15-150x150.jpg","full_url":"https:\/\/lesversants.com\/wp-content\/uploads\/2022\/12\/139-nansenhus-maison-de-ville-lumineux-a-louer-a-mont-tremblan-15.jpg","title":"139 nansenhus maison de ville lumineux a louer a mont tremblan 15","caption":"","description":"","alt":"139 nansenhus maison de ville lumineux a louer a mont tremblan 15","srcset":"https:\/\/lesversants.com\/wp-content\/uploads\/2022\/12\/139-nansenhus-maison-de-ville-lumineux-a-louer-a-mont-tremblan-15-150x150.jpg 150w, https:\/\/lesversants.com\/wp-content\/uploads\/2022\/12\/139-nansenhus-maison-de-ville-lumineux-a-louer-a-mont-tremblan-15-120x120.jpg 120w, https:\/\/lesversants.com\/wp-content\/uploads\/2022\/12\/139-nansenhus-maison-de-ville-lumineux-a-louer-a-mont-tremblan-15-210x210.jpg 210w"},{"width":150,"height":150,"file":"2022\/12\/139-nansenhus-maison-de-ville-lumineux-a-louer-a-mont-tremblan-8.jpg","filesize":209905,"sizes":{"medium":{"file":"139-nansenhus-maison-de-ville-lumineux-a-louer-a-mont-tremblan-8-300x200.jpg","width":300,"height":200,"mime-type":"image\/jpeg","filesize":18964,"url":"https:\/\/lesversants.com\/wp-content\/uploads\/2022\/12\/139-nansenhus-maison-de-ville-lumineux-a-louer-a-mont-tremblan-8-300x200.jpg"},"large":{"file":"139-nansenhus-maison-de-ville-lumineux-a-louer-a-mont-tremblan-8-1024x683.jpg","width":1024,"height":683,"mime-type":"image\/jpeg","filesize":160443,"url":"https:\/\/lesversants.com\/wp-content\/uploads\/2022\/12\/139-nansenhus-maison-de-ville-lumineux-a-louer-a-mont-tremblan-8-1024x683.jpg"},"thumbnail":{"file":"139-nansenhus-maison-de-ville-lumineux-a-louer-a-mont-tremblan-8-150x150.jpg","width":150,"height":150,"mime-type":"image\/jpeg","filesize":8155,"url":"https:\/\/lesversants.com\/wp-content\/uploads\/2022\/12\/139-nansenhus-maison-de-ville-lumineux-a-louer-a-mont-tremblan-8-150x150.jpg"},"medium_large":{"file":"139-nansenhus-maison-de-ville-lumineux-a-louer-a-mont-tremblan-8-768x512.jpg","width":768,"height":512,"mime-type":"image\/jpeg","filesize":96859,"url":"https:\/\/lesversants.com\/wp-content\/uploads\/2022\/12\/139-nansenhus-maison-de-ville-lumineux-a-louer-a-mont-tremblan-8-768x512.jpg"},"tf-client-image-size":{"file":"139-nansenhus-maison-de-ville-lumineux-a-louer-a-mont-tremblan-8-120x120.jpg","width":120,"height":120,"mime-type":"image\/jpeg","filesize":5444,"url":"https:\/\/lesversants.com\/wp-content\/uploads\/2022\/12\/139-nansenhus-maison-de-ville-lumineux-a-louer-a-mont-tremblan-8-120x120.jpg"},"1536x1536":{"file":"139-nansenhus-maison-de-ville-lumineux-a-louer-a-mont-tremblan-8-1536x1024.jpg","width":1536,"height":1024,"mime-type":"image\/jpeg","filesize":303916,"url":"https:\/\/lesversants.com\/wp-content\/uploads\/2022\/12\/139-nansenhus-maison-de-ville-lumineux-a-louer-a-mont-tremblan-8-1536x1024.jpg"},"post-thumbnail":{"file":"139-nansenhus-maison-de-ville-lumineux-a-louer-a-mont-tremblan-8-150x100.jpg","width":150,"height":100,"mime-type":"image\/jpeg","filesize":6168,"url":"https:\/\/lesversants.com\/wp-content\/uploads\/2022\/12\/139-nansenhus-maison-de-ville-lumineux-a-louer-a-mont-tremblan-8-150x100.jpg"},"modern-property-child-slider":{"file":"139-nansenhus-maison-de-ville-lumineux-a-louer-a-mont-tremblan-8-680x510.jpg","width":680,"height":510,"mime-type":"image\/jpeg","filesize":85898,"url":"https:\/\/lesversants.com\/wp-content\/uploads\/2022\/12\/139-nansenhus-maison-de-ville-lumineux-a-louer-a-mont-tremblan-8-680x510.jpg"},"property-thumb-image":{"file":"139-nansenhus-maison-de-ville-lumineux-a-louer-a-mont-tremblan-8-488x326.jpg","width":488,"height":326,"mime-type":"image\/jpeg","filesize":43839,"url":"https:\/\/lesversants.com\/wp-content\/uploads\/2022\/12\/139-nansenhus-maison-de-ville-lumineux-a-louer-a-mont-tremblan-8-488x326.jpg"},"property-detail-video-image":{"file":"139-nansenhus-maison-de-ville-lumineux-a-louer-a-mont-tremblan-8-818x417.jpg","width":818,"height":417,"mime-type":"image\/jpeg","filesize":89268,"url":"https:\/\/lesversants.com\/wp-content\/uploads\/2022\/12\/139-nansenhus-maison-de-ville-lumineux-a-louer-a-mont-tremblan-8-818x417.jpg"},"agent-image":{"file":"139-nansenhus-maison-de-ville-lumineux-a-louer-a-mont-tremblan-8-210x210.jpg","width":210,"height":210,"mime-type":"image\/jpeg","filesize":14085,"url":"https:\/\/lesversants.com\/wp-content\/uploads\/2022\/12\/139-nansenhus-maison-de-ville-lumineux-a-louer-a-mont-tremblan-8-210x210.jpg"},"partners-logo":{"file":"139-nansenhus-maison-de-ville-lumineux-a-louer-a-mont-tremblan-8-600x1200.jpg","width":600,"height":1200,"mime-type":"image\/jpeg","filesize":97334,"url":"https:\/\/lesversants.com\/wp-content\/uploads\/2022\/12\/139-nansenhus-maison-de-ville-lumineux-a-louer-a-mont-tremblan-8-600x1200.jpg"},"post-featured-image":{"file":"139-nansenhus-maison-de-ville-lumineux-a-louer-a-mont-tremblan-8-1240x720.jpg","width":1240,"height":720,"mime-type":"image\/jpeg","filesize":194340,"url":"https:\/\/lesversants.com\/wp-content\/uploads\/2022\/12\/139-nansenhus-maison-de-ville-lumineux-a-louer-a-mont-tremblan-8-1240x720.jpg"}},"image_meta":{"aperture":"11","credit":"","camera":"NIKON D7200","caption":"","created_timestamp":"1579704073","copyright":"","focal_length":"10","iso":"400","shutter_speed":"0.004","title":"","orientation":"1","keywords":[]},"ID":"18667","name":"139-nansenhus-maison-de-ville-lumineux-a-louer-a-mont-tremblan-8.jpg","path":"\/home\/lesversa\/public_html\/wp-content\/uploads\/2022\/12\/139-nansenhus-maison-de-ville-lumineux-a-louer-a-mont-tremblan-8.jpg","url":"https:\/\/lesversants.com\/wp-content\/uploads\/2022\/12\/139-nansenhus-maison-de-ville-lumineux-a-louer-a-mont-tremblan-8-150x150.jpg","full_url":"https:\/\/lesversants.com\/wp-content\/uploads\/2022\/12\/139-nansenhus-maison-de-ville-lumineux-a-louer-a-mont-tremblan-8.jpg","title":"139 nansenhus maison de ville lumineux a louer a mont tremblan 8","caption":"","description":"","alt":"139 nansenhus maison de ville lumineux a louer a mont tremblan 8","srcset":"https:\/\/lesversants.com\/wp-content\/uploads\/2022\/12\/139-nansenhus-maison-de-ville-lumineux-a-louer-a-mont-tremblan-8-150x150.jpg 150w, https:\/\/lesversants.com\/wp-content\/uploads\/2022\/12\/139-nansenhus-maison-de-ville-lumineux-a-louer-a-mont-tremblan-8-120x120.jpg 120w, https:\/\/lesversants.com\/wp-content\/uploads\/2022\/12\/139-nansenhus-maison-de-ville-lumineux-a-louer-a-mont-tremblan-8-210x210.jpg 210w"},{"width":150,"height":150,"file":"2022\/12\/139-nansenhus-maison-de-ville-lumineux-a-louer-a-mont-tremblan-12.jpg","filesize":257374,"sizes":{"medium":{"file":"139-nansenhus-maison-de-ville-lumineux-a-louer-a-mont-tremblan-12-300x200.jpg","width":300,"height":200,"mime-type":"image\/jpeg","filesize":19204,"url":"https:\/\/lesversants.com\/wp-content\/uploads\/2022\/12\/139-nansenhus-maison-de-ville-lumineux-a-louer-a-mont-tremblan-12-300x200.jpg"},"large":{"file":"139-nansenhus-maison-de-ville-lumineux-a-louer-a-mont-tremblan-12-1024x683.jpg","width":1024,"height":683,"mime-type":"image\/jpeg","filesize":178551,"url":"https:\/\/lesversants.com\/wp-content\/uploads\/2022\/12\/139-nansenhus-maison-de-ville-lumineux-a-louer-a-mont-tremblan-12-1024x683.jpg"},"thumbnail":{"file":"139-nansenhus-maison-de-ville-lumineux-a-louer-a-mont-tremblan-12-150x150.jpg","width":150,"height":150,"mime-type":"image\/jpeg","filesize":8306,"url":"https:\/\/lesversants.com\/wp-content\/uploads\/2022\/12\/139-nansenhus-maison-de-ville-lumineux-a-louer-a-mont-tremblan-12-150x150.jpg"},"medium_large":{"file":"139-nansenhus-maison-de-ville-lumineux-a-louer-a-mont-tremblan-12-768x512.jpg","width":768,"height":512,"mime-type":"image\/jpeg","filesize":105719,"url":"https:\/\/lesversants.com\/wp-content\/uploads\/2022\/12\/139-nansenhus-maison-de-ville-lumineux-a-louer-a-mont-tremblan-12-768x512.jpg"},"tf-client-image-size":{"file":"139-nansenhus-maison-de-ville-lumineux-a-louer-a-mont-tremblan-12-120x120.jpg","width":120,"height":120,"mime-type":"image\/jpeg","filesize":5593,"url":"https:\/\/lesversants.com\/wp-content\/uploads\/2022\/12\/139-nansenhus-maison-de-ville-lumineux-a-louer-a-mont-tremblan-12-120x120.jpg"},"1536x1536":{"file":"139-nansenhus-maison-de-ville-lumineux-a-louer-a-mont-tremblan-12-1536x1024.jpg","width":1536,"height":1024,"mime-type":"image\/jpeg","filesize":346362,"url":"https:\/\/lesversants.com\/wp-content\/uploads\/2022\/12\/139-nansenhus-maison-de-ville-lumineux-a-louer-a-mont-tremblan-12-1536x1024.jpg"},"post-thumbnail":{"file":"139-nansenhus-maison-de-ville-lumineux-a-louer-a-mont-tremblan-12-150x100.jpg","width":150,"height":100,"mime-type":"image\/jpeg","filesize":6054,"url":"https:\/\/lesversants.com\/wp-content\/uploads\/2022\/12\/139-nansenhus-maison-de-ville-lumineux-a-louer-a-mont-tremblan-12-150x100.jpg"},"modern-property-child-slider":{"file":"139-nansenhus-maison-de-ville-lumineux-a-louer-a-mont-tremblan-12-680x510.jpg","width":680,"height":510,"mime-type":"image\/jpeg","filesize":94550,"url":"https:\/\/lesversants.com\/wp-content\/uploads\/2022\/12\/139-nansenhus-maison-de-ville-lumineux-a-louer-a-mont-tremblan-12-680x510.jpg"},"property-thumb-image":{"file":"139-nansenhus-maison-de-ville-lumineux-a-louer-a-mont-tremblan-12-488x326.jpg","width":488,"height":326,"mime-type":"image\/jpeg","filesize":46325,"url":"https:\/\/lesversants.com\/wp-content\/uploads\/2022\/12\/139-nansenhus-maison-de-ville-lumineux-a-louer-a-mont-tremblan-12-488x326.jpg"},"property-detail-video-image":{"file":"139-nansenhus-maison-de-ville-lumineux-a-louer-a-mont-tremblan-12-818x417.jpg","width":818,"height":417,"mime-type":"image\/jpeg","filesize":99999,"url":"https:\/\/lesversants.com\/wp-content\/uploads\/2022\/12\/139-nansenhus-maison-de-ville-lumineux-a-louer-a-mont-tremblan-12-818x417.jpg"},"agent-image":{"file":"139-nansenhus-maison-de-ville-lumineux-a-louer-a-mont-tremblan-12-210x210.jpg","width":210,"height":210,"mime-type":"image\/jpeg","filesize":14750,"url":"https:\/\/lesversants.com\/wp-content\/uploads\/2022\/12\/139-nansenhus-maison-de-ville-lumineux-a-louer-a-mont-tremblan-12-210x210.jpg"},"partners-logo":{"file":"139-nansenhus-maison-de-ville-lumineux-a-louer-a-mont-tremblan-12-600x1200.jpg","width":600,"height":1200,"mime-type":"image\/jpeg","filesize":135762,"url":"https:\/\/lesversants.com\/wp-content\/uploads\/2022\/12\/139-nansenhus-maison-de-ville-lumineux-a-louer-a-mont-tremblan-12-600x1200.jpg"},"post-featured-image":{"file":"139-nansenhus-maison-de-ville-lumineux-a-louer-a-mont-tremblan-12-1240x720.jpg","width":1240,"height":720,"mime-type":"image\/jpeg","filesize":222487,"url":"https:\/\/lesversants.com\/wp-content\/uploads\/2022\/12\/139-nansenhus-maison-de-ville-lumineux-a-louer-a-mont-tremblan-12-1240x720.jpg"}},"image_meta":{"aperture":"11","credit":"","camera":"NIKON D7200","caption":"","created_timestamp":"1579704266","copyright":"","focal_length":"10","iso":"400","shutter_speed":"0.008","title":"","orientation":"1","keywords":[]},"ID":"18675","name":"139-nansenhus-maison-de-ville-lumineux-a-louer-a-mont-tremblan-12.jpg","path":"\/home\/lesversa\/public_html\/wp-content\/uploads\/2022\/12\/139-nansenhus-maison-de-ville-lumineux-a-louer-a-mont-tremblan-12.jpg","url":"https:\/\/lesversants.com\/wp-content\/uploads\/2022\/12\/139-nansenhus-maison-de-ville-lumineux-a-louer-a-mont-tremblan-12-150x150.jpg","full_url":"https:\/\/lesversants.com\/wp-content\/uploads\/2022\/12\/139-nansenhus-maison-de-ville-lumineux-a-louer-a-mont-tremblan-12.jpg","title":"139 nansenhus maison de ville lumineux a louer a mont tremblan 12","caption":"","description":"","alt":"139 nansenhus maison de ville lumineux a louer a mont tremblan 12","srcset":"https:\/\/lesversants.com\/wp-content\/uploads\/2022\/12\/139-nansenhus-maison-de-ville-lumineux-a-louer-a-mont-tremblan-12-150x150.jpg 150w, https:\/\/lesversants.com\/wp-content\/uploads\/2022\/12\/139-nansenhus-maison-de-ville-lumineux-a-louer-a-mont-tremblan-12-120x120.jpg 120w, https:\/\/lesversants.com\/wp-content\/uploads\/2022\/12\/139-nansenhus-maison-de-ville-lumineux-a-louer-a-mont-tremblan-12-210x210.jpg 210w"},{"width":150,"height":150,"file":"2022\/12\/139-nansenhus-maison-de-ville-lumineux-a-louer-a-mont-tremblan-14.jpg","filesize":133407,"sizes":{"medium":{"file":"139-nansenhus-maison-de-ville-lumineux-a-louer-a-mont-tremblan-14-300x200.jpg","width":300,"height":200,"mime-type":"image\/jpeg","filesize":15019,"url":"https:\/\/lesversants.com\/wp-content\/uploads\/2022\/12\/139-nansenhus-maison-de-ville-lumineux-a-louer-a-mont-tremblan-14-300x200.jpg"},"large":{"file":"139-nansenhus-maison-de-ville-lumineux-a-louer-a-mont-tremblan-14-1024x683.jpg","width":1024,"height":683,"mime-type":"image\/jpeg","filesize":116747,"url":"https:\/\/lesversants.com\/wp-content\/uploads\/2022\/12\/139-nansenhus-maison-de-ville-lumineux-a-louer-a-mont-tremblan-14-1024x683.jpg"},"thumbnail":{"file":"139-nansenhus-maison-de-ville-lumineux-a-louer-a-mont-tremblan-14-150x150.jpg","width":150,"height":150,"mime-type":"image\/jpeg","filesize":6343,"url":"https:\/\/lesversants.com\/wp-content\/uploads\/2022\/12\/139-nansenhus-maison-de-ville-lumineux-a-louer-a-mont-tremblan-14-150x150.jpg"},"medium_large":{"file":"139-nansenhus-maison-de-ville-lumineux-a-louer-a-mont-tremblan-14-768x512.jpg","width":768,"height":512,"mime-type":"image\/jpeg","filesize":71886,"url":"https:\/\/lesversants.com\/wp-content\/uploads\/2022\/12\/139-nansenhus-maison-de-ville-lumineux-a-louer-a-mont-tremblan-14-768x512.jpg"},"tf-client-image-size":{"file":"139-nansenhus-maison-de-ville-lumineux-a-louer-a-mont-tremblan-14-120x120.jpg","width":120,"height":120,"mime-type":"image\/jpeg","filesize":4486,"url":"https:\/\/lesversants.com\/wp-content\/uploads\/2022\/12\/139-nansenhus-maison-de-ville-lumineux-a-louer-a-mont-tremblan-14-120x120.jpg"},"1536x1536":{"file":"139-nansenhus-maison-de-ville-lumineux-a-louer-a-mont-tremblan-14-1536x1024.jpg","width":1536,"height":1024,"mime-type":"image\/jpeg","filesize":218999,"url":"https:\/\/lesversants.com\/wp-content\/uploads\/2022\/12\/139-nansenhus-maison-de-ville-lumineux-a-louer-a-mont-tremblan-14-1536x1024.jpg"},"post-thumbnail":{"file":"139-nansenhus-maison-de-ville-lumineux-a-louer-a-mont-tremblan-14-150x100.jpg","width":150,"height":100,"mime-type":"image\/jpeg","filesize":5043,"url":"https:\/\/lesversants.com\/wp-content\/uploads\/2022\/12\/139-nansenhus-maison-de-ville-lumineux-a-louer-a-mont-tremblan-14-150x100.jpg"},"modern-property-child-slider":{"file":"139-nansenhus-maison-de-ville-lumineux-a-louer-a-mont-tremblan-14-680x510.jpg","width":680,"height":510,"mime-type":"image\/jpeg","filesize":63378,"url":"https:\/\/lesversants.com\/wp-content\/uploads\/2022\/12\/139-nansenhus-maison-de-ville-lumineux-a-louer-a-mont-tremblan-14-680x510.jpg"},"property-thumb-image":{"file":"139-nansenhus-maison-de-ville-lumineux-a-louer-a-mont-tremblan-14-488x326.jpg","width":488,"height":326,"mime-type":"image\/jpeg","filesize":33754,"url":"https:\/\/lesversants.com\/wp-content\/uploads\/2022\/12\/139-nansenhus-maison-de-ville-lumineux-a-louer-a-mont-tremblan-14-488x326.jpg"},"property-detail-video-image":{"file":"139-nansenhus-maison-de-ville-lumineux-a-louer-a-mont-tremblan-14-818x417.jpg","width":818,"height":417,"mime-type":"image\/jpeg","filesize":66512,"url":"https:\/\/lesversants.com\/wp-content\/uploads\/2022\/12\/139-nansenhus-maison-de-ville-lumineux-a-louer-a-mont-tremblan-14-818x417.jpg"},"agent-image":{"file":"139-nansenhus-maison-de-ville-lumineux-a-louer-a-mont-tremblan-14-210x210.jpg","width":210,"height":210,"mime-type":"image\/jpeg","filesize":11023,"url":"https:\/\/lesversants.com\/wp-content\/uploads\/2022\/12\/139-nansenhus-maison-de-ville-lumineux-a-louer-a-mont-tremblan-14-210x210.jpg"},"partners-logo":{"file":"139-nansenhus-maison-de-ville-lumineux-a-louer-a-mont-tremblan-14-600x1200.jpg","width":600,"height":1200,"mime-type":"image\/jpeg","filesize":61303,"url":"https:\/\/lesversants.com\/wp-content\/uploads\/2022\/12\/139-nansenhus-maison-de-ville-lumineux-a-louer-a-mont-tremblan-14-600x1200.jpg"},"post-featured-image":{"file":"139-nansenhus-maison-de-ville-lumineux-a-louer-a-mont-tremblan-14-1240x720.jpg","width":1240,"height":720,"mime-type":"image\/jpeg","filesize":143190,"url":"https:\/\/lesversants.com\/wp-content\/uploads\/2022\/12\/139-nansenhus-maison-de-ville-lumineux-a-louer-a-mont-tremblan-14-1240x720.jpg"}},"image_meta":{"aperture":"11","credit":"","camera":"NIKON D7200","caption":"","created_timestamp":"1579704346","copyright":"","focal_length":"14","iso":"400","shutter_speed":"0.076923076923077","title":"","orientation":"1","keywords":[]},"ID":"18679","name":"139-nansenhus-maison-de-ville-lumineux-a-louer-a-mont-tremblan-14.jpg","path":"\/home\/lesversa\/public_html\/wp-content\/uploads\/2022\/12\/139-nansenhus-maison-de-ville-lumineux-a-louer-a-mont-tremblan-14.jpg","url":"https:\/\/lesversants.com\/wp-content\/uploads\/2022\/12\/139-nansenhus-maison-de-ville-lumineux-a-louer-a-mont-tremblan-14-150x150.jpg","full_url":"https:\/\/lesversants.com\/wp-content\/uploads\/2022\/12\/139-nansenhus-maison-de-ville-lumineux-a-louer-a-mont-tremblan-14.jpg","title":"139 nansenhus maison de ville lumineux a louer a mont tremblan 14","caption":"","description":"","alt":"139 nansenhus maison de ville lumineux a louer a mont tremblan 14","srcset":"https:\/\/lesversants.com\/wp-content\/uploads\/2022\/12\/139-nansenhus-maison-de-ville-lumineux-a-louer-a-mont-tremblan-14-150x150.jpg 150w, https:\/\/lesversants.com\/wp-content\/uploads\/2022\/12\/139-nansenhus-maison-de-ville-lumineux-a-louer-a-mont-tremblan-14-120x120.jpg 120w, https:\/\/lesversants.com\/wp-content\/uploads\/2022\/12\/139-nansenhus-maison-de-ville-lumineux-a-louer-a-mont-tremblan-14-210x210.jpg 210w"},{"width":150,"height":150,"file":"2022\/12\/139-nansenhus-maison-de-ville-lumineux-a-louer-a-mont-tremblan-16.jpg","filesize":129605,"sizes":{"medium":{"file":"139-nansenhus-maison-de-ville-lumineux-a-louer-a-mont-tremblan-16-300x200.jpg","width":300,"height":200,"mime-type":"image\/jpeg","filesize":14397,"url":"https:\/\/lesversants.com\/wp-content\/uploads\/2022\/12\/139-nansenhus-maison-de-ville-lumineux-a-louer-a-mont-tremblan-16-300x200.jpg"},"large":{"file":"139-nansenhus-maison-de-ville-lumineux-a-louer-a-mont-tremblan-16-1024x682.jpg","width":1024,"height":682,"mime-type":"image\/jpeg","filesize":109094,"url":"https:\/\/lesversants.com\/wp-content\/uploads\/2022\/12\/139-nansenhus-maison-de-ville-lumineux-a-louer-a-mont-tremblan-16-1024x682.jpg"},"thumbnail":{"file":"139-nansenhus-maison-de-ville-lumineux-a-louer-a-mont-tremblan-16-150x150.jpg","width":150,"height":150,"mime-type":"image\/jpeg","filesize":7078,"url":"https:\/\/lesversants.com\/wp-content\/uploads\/2022\/12\/139-nansenhus-maison-de-ville-lumineux-a-louer-a-mont-tremblan-16-150x150.jpg"},"medium_large":{"file":"139-nansenhus-maison-de-ville-lumineux-a-louer-a-mont-tremblan-16-768x512.jpg","width":768,"height":512,"mime-type":"image\/jpeg","filesize":67854,"url":"https:\/\/lesversants.com\/wp-content\/uploads\/2022\/12\/139-nansenhus-maison-de-ville-lumineux-a-louer-a-mont-tremblan-16-768x512.jpg"},"tf-client-image-size":{"file":"139-nansenhus-maison-de-ville-lumineux-a-louer-a-mont-tremblan-16-120x120.jpg","width":120,"height":120,"mime-type":"image\/jpeg","filesize":4931,"url":"https:\/\/lesversants.com\/wp-content\/uploads\/2022\/12\/139-nansenhus-maison-de-ville-lumineux-a-louer-a-mont-tremblan-16-120x120.jpg"},"1536x1536":{"file":"139-nansenhus-maison-de-ville-lumineux-a-louer-a-mont-tremblan-16-1536x1023.jpg","width":1536,"height":1023,"mime-type":"image\/jpeg","filesize":204148,"url":"https:\/\/lesversants.com\/wp-content\/uploads\/2022\/12\/139-nansenhus-maison-de-ville-lumineux-a-louer-a-mont-tremblan-16-1536x1023.jpg"},"post-thumbnail":{"file":"139-nansenhus-maison-de-ville-lumineux-a-louer-a-mont-tremblan-16-150x100.jpg","width":150,"height":100,"mime-type":"image\/jpeg","filesize":4921,"url":"https:\/\/lesversants.com\/wp-content\/uploads\/2022\/12\/139-nansenhus-maison-de-ville-lumineux-a-louer-a-mont-tremblan-16-150x100.jpg"},"modern-property-child-slider":{"file":"139-nansenhus-maison-de-ville-lumineux-a-louer-a-mont-tremblan-16-680x510.jpg","width":680,"height":510,"mime-type":"image\/jpeg","filesize":62817,"url":"https:\/\/lesversants.com\/wp-content\/uploads\/2022\/12\/139-nansenhus-maison-de-ville-lumineux-a-louer-a-mont-tremblan-16-680x510.jpg"},"property-thumb-image":{"file":"139-nansenhus-maison-de-ville-lumineux-a-louer-a-mont-tremblan-16-488x326.jpg","width":488,"height":326,"mime-type":"image\/jpeg","filesize":31917,"url":"https:\/\/lesversants.com\/wp-content\/uploads\/2022\/12\/139-nansenhus-maison-de-ville-lumineux-a-louer-a-mont-tremblan-16-488x326.jpg"},"property-detail-video-image":{"file":"139-nansenhus-maison-de-ville-lumineux-a-louer-a-mont-tremblan-16-818x417.jpg","width":818,"height":417,"mime-type":"image\/jpeg","filesize":63176,"url":"https:\/\/lesversants.com\/wp-content\/uploads\/2022\/12\/139-nansenhus-maison-de-ville-lumineux-a-louer-a-mont-tremblan-16-818x417.jpg"},"agent-image":{"file":"139-nansenhus-maison-de-ville-lumineux-a-louer-a-mont-tremblan-16-210x210.jpg","width":210,"height":210,"mime-type":"image\/jpeg","filesize":12252,"url":"https:\/\/lesversants.com\/wp-content\/uploads\/2022\/12\/139-nansenhus-maison-de-ville-lumineux-a-louer-a-mont-tremblan-16-210x210.jpg"},"partners-logo":{"file":"139-nansenhus-maison-de-ville-lumineux-a-louer-a-mont-tremblan-16-600x1199.jpg","width":600,"height":1199,"mime-type":"image\/jpeg","filesize":72294,"url":"https:\/\/lesversants.com\/wp-content\/uploads\/2022\/12\/139-nansenhus-maison-de-ville-lumineux-a-louer-a-mont-tremblan-16-600x1199.jpg"},"post-featured-image":{"file":"139-nansenhus-maison-de-ville-lumineux-a-louer-a-mont-tremblan-16-1240x720.jpg","width":1240,"height":720,"mime-type":"image\/jpeg","filesize":134212,"url":"https:\/\/lesversants.com\/wp-content\/uploads\/2022\/12\/139-nansenhus-maison-de-ville-lumineux-a-louer-a-mont-tremblan-16-1240x720.jpg"}},"image_meta":{"aperture":"11","credit":"","camera":"NIKON D7200","caption":"","created_timestamp":"1579704431","copyright":"","focal_length":"10","iso":"400","shutter_speed":"0.04","title":"","orientation":"1","keywords":[]},"ID":"18633","name":"139-nansenhus-maison-de-ville-lumineux-a-louer-a-mont-tremblan-16.jpg","path":"\/home\/lesversa\/public_html\/wp-content\/uploads\/2022\/12\/139-nansenhus-maison-de-ville-lumineux-a-louer-a-mont-tremblan-16.jpg","url":"https:\/\/lesversants.com\/wp-content\/uploads\/2022\/12\/139-nansenhus-maison-de-ville-lumineux-a-louer-a-mont-tremblan-16-150x150.jpg","full_url":"https:\/\/lesversants.com\/wp-content\/uploads\/2022\/12\/139-nansenhus-maison-de-ville-lumineux-a-louer-a-mont-tremblan-16.jpg","title":"139 nansenhus maison de ville lumineux a louer a mont tremblan 16","caption":"","description":"","alt":"139 nansenhus maison de ville lumineux a louer a mont tremblan 16","srcset":"https:\/\/lesversants.com\/wp-content\/uploads\/2022\/12\/139-nansenhus-maison-de-ville-lumineux-a-louer-a-mont-tremblan-16-150x150.jpg 150w, https:\/\/lesversants.com\/wp-content\/uploads\/2022\/12\/139-nansenhus-maison-de-ville-lumineux-a-louer-a-mont-tremblan-16-120x120.jpg 120w, https:\/\/lesversants.com\/wp-content\/uploads\/2022\/12\/139-nansenhus-maison-de-ville-lumineux-a-louer-a-mont-tremblan-16-210x210.jpg 210w"},{"width":150,"height":150,"file":"2022\/12\/139-nansenhus-maison-de-ville-lumineux-a-louer-a-mont-tremblant-1.jpg","filesize":170474,"sizes":{"medium":{"file":"139-nansenhus-maison-de-ville-lumineux-a-louer-a-mont-tremblant-1-300x200.jpg","width":300,"height":200,"mime-type":"image\/jpeg","filesize":16834,"url":"https:\/\/lesversants.com\/wp-content\/uploads\/2022\/12\/139-nansenhus-maison-de-ville-lumineux-a-louer-a-mont-tremblant-1-300x200.jpg"},"large":{"file":"139-nansenhus-maison-de-ville-lumineux-a-louer-a-mont-tremblant-1-1024x683.jpg","width":1024,"height":683,"mime-type":"image\/jpeg","filesize":135201,"url":"https:\/\/lesversants.com\/wp-content\/uploads\/2022\/12\/139-nansenhus-maison-de-ville-lumineux-a-louer-a-mont-tremblant-1-1024x683.jpg"},"thumbnail":{"file":"139-nansenhus-maison-de-ville-lumineux-a-louer-a-mont-tremblant-1-150x150.jpg","width":150,"height":150,"mime-type":"image\/jpeg","filesize":7677,"url":"https:\/\/lesversants.com\/wp-content\/uploads\/2022\/12\/139-nansenhus-maison-de-ville-lumineux-a-louer-a-mont-tremblant-1-150x150.jpg"},"medium_large":{"file":"139-nansenhus-maison-de-ville-lumineux-a-louer-a-mont-tremblant-1-768x512.jpg","width":768,"height":512,"mime-type":"image\/jpeg","filesize":82701,"url":"https:\/\/lesversants.com\/wp-content\/uploads\/2022\/12\/139-nansenhus-maison-de-ville-lumineux-a-louer-a-mont-tremblant-1-768x512.jpg"},"tf-client-image-size":{"file":"139-nansenhus-maison-de-ville-lumineux-a-louer-a-mont-tremblant-1-120x120.jpg","width":120,"height":120,"mime-type":"image\/jpeg","filesize":5224,"url":"https:\/\/lesversants.com\/wp-content\/uploads\/2022\/12\/139-nansenhus-maison-de-ville-lumineux-a-louer-a-mont-tremblant-1-120x120.jpg"},"1536x1536":{"file":"139-nansenhus-maison-de-ville-lumineux-a-louer-a-mont-tremblant-1-1536x1024.jpg","width":1536,"height":1024,"mime-type":"image\/jpeg","filesize":257438,"url":"https:\/\/lesversants.com\/wp-content\/uploads\/2022\/12\/139-nansenhus-maison-de-ville-lumineux-a-louer-a-mont-tremblant-1-1536x1024.jpg"},"post-thumbnail":{"file":"139-nansenhus-maison-de-ville-lumineux-a-louer-a-mont-tremblant-1-150x100.jpg","width":150,"height":100,"mime-type":"image\/jpeg","filesize":5610,"url":"https:\/\/lesversants.com\/wp-content\/uploads\/2022\/12\/139-nansenhus-maison-de-ville-lumineux-a-louer-a-mont-tremblant-1-150x100.jpg"},"modern-property-child-slider":{"file":"139-nansenhus-maison-de-ville-lumineux-a-louer-a-mont-tremblant-1-680x510.jpg","width":680,"height":510,"mime-type":"image\/jpeg","filesize":74255,"url":"https:\/\/lesversants.com\/wp-content\/uploads\/2022\/12\/139-nansenhus-maison-de-ville-lumineux-a-louer-a-mont-tremblant-1-680x510.jpg"},"property-thumb-image":{"file":"139-nansenhus-maison-de-ville-lumineux-a-louer-a-mont-tremblant-1-488x326.jpg","width":488,"height":326,"mime-type":"image\/jpeg","filesize":37980,"url":"https:\/\/lesversants.com\/wp-content\/uploads\/2022\/12\/139-nansenhus-maison-de-ville-lumineux-a-louer-a-mont-tremblant-1-488x326.jpg"},"property-detail-video-image":{"file":"139-nansenhus-maison-de-ville-lumineux-a-louer-a-mont-tremblant-1-818x417.jpg","width":818,"height":417,"mime-type":"image\/jpeg","filesize":78805,"url":"https:\/\/lesversants.com\/wp-content\/uploads\/2022\/12\/139-nansenhus-maison-de-ville-lumineux-a-louer-a-mont-tremblant-1-818x417.jpg"},"agent-image":{"file":"139-nansenhus-maison-de-ville-lumineux-a-louer-a-mont-tremblant-1-210x210.jpg","width":210,"height":210,"mime-type":"image\/jpeg","filesize":13308,"url":"https:\/\/lesversants.com\/wp-content\/uploads\/2022\/12\/139-nansenhus-maison-de-ville-lumineux-a-louer-a-mont-tremblant-1-210x210.jpg"},"partners-logo":{"file":"139-nansenhus-maison-de-ville-lumineux-a-louer-a-mont-tremblant-1-600x1200.jpg","width":600,"height":1200,"mime-type":"image\/jpeg","filesize":90184,"url":"https:\/\/lesversants.com\/wp-content\/uploads\/2022\/12\/139-nansenhus-maison-de-ville-lumineux-a-louer-a-mont-tremblant-1-600x1200.jpg"},"post-featured-image":{"file":"139-nansenhus-maison-de-ville-lumineux-a-louer-a-mont-tremblant-1-1240x720.jpg","width":1240,"height":720,"mime-type":"image\/jpeg","filesize":169876,"url":"https:\/\/lesversants.com\/wp-content\/uploads\/2022\/12\/139-nansenhus-maison-de-ville-lumineux-a-louer-a-mont-tremblant-1-1240x720.jpg"}},"image_meta":{"aperture":"11","credit":"","camera":"NIKON D7200","caption":"","created_timestamp":"1579703219","copyright":"","focal_length":"16","iso":"400","shutter_speed":"0.025","title":"","orientation":"1","keywords":[]},"ID":"18655","name":"139-nansenhus-maison-de-ville-lumineux-a-louer-a-mont-tremblant-1.jpg","path":"\/home\/lesversa\/public_html\/wp-content\/uploads\/2022\/12\/139-nansenhus-maison-de-ville-lumineux-a-louer-a-mont-tremblant-1.jpg","url":"https:\/\/lesversants.com\/wp-content\/uploads\/2022\/12\/139-nansenhus-maison-de-ville-lumineux-a-louer-a-mont-tremblant-1-150x150.jpg","full_url":"https:\/\/lesversants.com\/wp-content\/uploads\/2022\/12\/139-nansenhus-maison-de-ville-lumineux-a-louer-a-mont-tremblant-1.jpg","title":"139 nansenhus maison de ville lumineux a louer a mont tremblant 1","caption":"","description":"","alt":"139 nansenhus maison de ville lumineux a louer a mont tremblant 1","srcset":"https:\/\/lesversants.com\/wp-content\/uploads\/2022\/12\/139-nansenhus-maison-de-ville-lumineux-a-louer-a-mont-tremblant-1-150x150.jpg 150w, https:\/\/lesversants.com\/wp-content\/uploads\/2022\/12\/139-nansenhus-maison-de-ville-lumineux-a-louer-a-mont-tremblant-1-120x120.jpg 120w, https:\/\/lesversants.com\/wp-content\/uploads\/2022\/12\/139-nansenhus-maison-de-ville-lumineux-a-louer-a-mont-tremblant-1-210x210.jpg 210w"},{"width":150,"height":150,"file":"2022\/12\/139-nansenhus-maison-de-ville-lumineux-a-louer-a-mont-tremblan-17.jpg","filesize":140248,"sizes":{"medium":{"file":"139-nansenhus-maison-de-ville-lumineux-a-louer-a-mont-tremblan-17-300x200.jpg","width":300,"height":200,"mime-type":"image\/jpeg","filesize":14084,"url":"https:\/\/lesversants.com\/wp-content\/uploads\/2022\/12\/139-nansenhus-maison-de-ville-lumineux-a-louer-a-mont-tremblan-17-300x200.jpg"},"large":{"file":"139-nansenhus-maison-de-ville-lumineux-a-louer-a-mont-tremblan-17-1024x683.jpg","width":1024,"height":683,"mime-type":"image\/jpeg","filesize":114247,"url":"https:\/\/lesversants.com\/wp-content\/uploads\/2022\/12\/139-nansenhus-maison-de-ville-lumineux-a-louer-a-mont-tremblan-17-1024x683.jpg"},"thumbnail":{"file":"139-nansenhus-maison-de-ville-lumineux-a-louer-a-mont-tremblan-17-150x150.jpg","width":150,"height":150,"mime-type":"image\/jpeg","filesize":6401,"url":"https:\/\/lesversants.com\/wp-content\/uploads\/2022\/12\/139-nansenhus-maison-de-ville-lumineux-a-louer-a-mont-tremblan-17-150x150.jpg"},"medium_large":{"file":"139-nansenhus-maison-de-ville-lumineux-a-louer-a-mont-tremblan-17-768x512.jpg","width":768,"height":512,"mime-type":"image\/jpeg","filesize":69514,"url":"https:\/\/lesversants.com\/wp-content\/uploads\/2022\/12\/139-nansenhus-maison-de-ville-lumineux-a-louer-a-mont-tremblan-17-768x512.jpg"},"tf-client-image-size":{"file":"139-nansenhus-maison-de-ville-lumineux-a-louer-a-mont-tremblan-17-120x120.jpg","width":120,"height":120,"mime-type":"image\/jpeg","filesize":4396,"url":"https:\/\/lesversants.com\/wp-content\/uploads\/2022\/12\/139-nansenhus-maison-de-ville-lumineux-a-louer-a-mont-tremblan-17-120x120.jpg"},"1536x1536":{"file":"139-nansenhus-maison-de-ville-lumineux-a-louer-a-mont-tremblan-17-1536x1024.jpg","width":1536,"height":1024,"mime-type":"image\/jpeg","filesize":216632,"url":"https:\/\/lesversants.com\/wp-content\/uploads\/2022\/12\/139-nansenhus-maison-de-ville-lumineux-a-louer-a-mont-tremblan-17-1536x1024.jpg"},"post-thumbnail":{"file":"139-nansenhus-maison-de-ville-lumineux-a-louer-a-mont-tremblan-17-150x100.jpg","width":150,"height":100,"mime-type":"image\/jpeg","filesize":4778,"url":"https:\/\/lesversants.com\/wp-content\/uploads\/2022\/12\/139-nansenhus-maison-de-ville-lumineux-a-louer-a-mont-tremblan-17-150x100.jpg"},"modern-property-child-slider":{"file":"139-nansenhus-maison-de-ville-lumineux-a-louer-a-mont-tremblan-17-680x510.jpg","width":680,"height":510,"mime-type":"image\/jpeg","filesize":62800,"url":"https:\/\/lesversants.com\/wp-content\/uploads\/2022\/12\/139-nansenhus-maison-de-ville-lumineux-a-louer-a-mont-tremblan-17-680x510.jpg"},"property-thumb-image":{"file":"139-nansenhus-maison-de-ville-lumineux-a-louer-a-mont-tremblan-17-488x326.jpg","width":488,"height":326,"mime-type":"image\/jpeg","filesize":31816,"url":"https:\/\/lesversants.com\/wp-content\/uploads\/2022\/12\/139-nansenhus-maison-de-ville-lumineux-a-louer-a-mont-tremblan-17-488x326.jpg"},"property-detail-video-image":{"file":"139-nansenhus-maison-de-ville-lumineux-a-louer-a-mont-tremblan-17-818x417.jpg","width":818,"height":417,"mime-type":"image\/jpeg","filesize":63400,"url":"https:\/\/lesversants.com\/wp-content\/uploads\/2022\/12\/139-nansenhus-maison-de-ville-lumineux-a-louer-a-mont-tremblan-17-818x417.jpg"},"agent-image":{"file":"139-nansenhus-maison-de-ville-lumineux-a-louer-a-mont-tremblan-17-210x210.jpg","width":210,"height":210,"mime-type":"image\/jpeg","filesize":11182,"url":"https:\/\/lesversants.com\/wp-content\/uploads\/2022\/12\/139-nansenhus-maison-de-ville-lumineux-a-louer-a-mont-tremblan-17-210x210.jpg"},"partners-logo":{"file":"139-nansenhus-maison-de-ville-lumineux-a-louer-a-mont-tremblan-17-600x1200.jpg","width":600,"height":1200,"mime-type":"image\/jpeg","filesize":68306,"url":"https:\/\/lesversants.com\/wp-content\/uploads\/2022\/12\/139-nansenhus-maison-de-ville-lumineux-a-louer-a-mont-tremblan-17-600x1200.jpg"},"post-featured-image":{"file":"139-nansenhus-maison-de-ville-lumineux-a-louer-a-mont-tremblan-17-1240x720.jpg","width":1240,"height":720,"mime-type":"image\/jpeg","filesize":137189,"url":"https:\/\/lesversants.com\/wp-content\/uploads\/2022\/12\/139-nansenhus-maison-de-ville-lumineux-a-louer-a-mont-tremblan-17-1240x720.jpg"}},"image_meta":{"aperture":"11","credit":"","camera":"NIKON D7200","caption":"","created_timestamp":"1579704460","copyright":"","focal_length":"10","iso":"400","shutter_speed":"0.05","title":"","orientation":"1","keywords":[]},"ID":"18635","name":"139-nansenhus-maison-de-ville-lumineux-a-louer-a-mont-tremblan-17.jpg","path":"\/home\/lesversa\/public_html\/wp-content\/uploads\/2022\/12\/139-nansenhus-maison-de-ville-lumineux-a-louer-a-mont-tremblan-17.jpg","url":"https:\/\/lesversants.com\/wp-content\/uploads\/2022\/12\/139-nansenhus-maison-de-ville-lumineux-a-louer-a-mont-tremblan-17-150x150.jpg","full_url":"https:\/\/lesversants.com\/wp-content\/uploads\/2022\/12\/139-nansenhus-maison-de-ville-lumineux-a-louer-a-mont-tremblan-17.jpg","title":"139 nansenhus maison de ville lumineux a louer a mont tremblan 17","caption":"","description":"","alt":"139 nansenhus maison de ville lumineux a louer a mont tremblan 17","srcset":"https:\/\/lesversants.com\/wp-content\/uploads\/2022\/12\/139-nansenhus-maison-de-ville-lumineux-a-louer-a-mont-tremblan-17-150x150.jpg 150w, https:\/\/lesversants.com\/wp-content\/uploads\/2022\/12\/139-nansenhus-maison-de-ville-lumineux-a-louer-a-mont-tremblan-17-120x120.jpg 120w, https:\/\/lesversants.com\/wp-content\/uploads\/2022\/12\/139-nansenhus-maison-de-ville-lumineux-a-louer-a-mont-tremblan-17-210x210.jpg 210w"},{"width":150,"height":150,"file":"2022\/12\/139-nansenhus-maison-de-ville-lumineux-a-louer-a-mont-tremblan-18.jpg","filesize":138960,"sizes":{"medium":{"file":"139-nansenhus-maison-de-ville-lumineux-a-louer-a-mont-tremblan-18-300x200.jpg","width":300,"height":200,"mime-type":"image\/jpeg","filesize":14308,"url":"https:\/\/lesversants.com\/wp-content\/uploads\/2022\/12\/139-nansenhus-maison-de-ville-lumineux-a-louer-a-mont-tremblan-18-300x200.jpg"},"large":{"file":"139-nansenhus-maison-de-ville-lumineux-a-louer-a-mont-tremblan-18-1024x683.jpg","width":1024,"height":683,"mime-type":"image\/jpeg","filesize":115848,"url":"https:\/\/lesversants.com\/wp-content\/uploads\/2022\/12\/139-nansenhus-maison-de-ville-lumineux-a-louer-a-mont-tremblan-18-1024x683.jpg"},"thumbnail":{"file":"139-nansenhus-maison-de-ville-lumineux-a-louer-a-mont-tremblan-18-150x150.jpg","width":150,"height":150,"mime-type":"image\/jpeg","filesize":6426,"url":"https:\/\/lesversants.com\/wp-content\/uploads\/2022\/12\/139-nansenhus-maison-de-ville-lumineux-a-louer-a-mont-tremblan-18-150x150.jpg"},"medium_large":{"file":"139-nansenhus-maison-de-ville-lumineux-a-louer-a-mont-tremblan-18-768x512.jpg","width":768,"height":512,"mime-type":"image\/jpeg","filesize":70869,"url":"https:\/\/lesversants.com\/wp-content\/uploads\/2022\/12\/139-nansenhus-maison-de-ville-lumineux-a-louer-a-mont-tremblan-18-768x512.jpg"},"tf-client-image-size":{"file":"139-nansenhus-maison-de-ville-lumineux-a-louer-a-mont-tremblan-18-120x120.jpg","width":120,"height":120,"mime-type":"image\/jpeg","filesize":4371,"url":"https:\/\/lesversants.com\/wp-content\/uploads\/2022\/12\/139-nansenhus-maison-de-ville-lumineux-a-louer-a-mont-tremblan-18-120x120.jpg"},"1536x1536":{"file":"139-nansenhus-maison-de-ville-lumineux-a-louer-a-mont-tremblan-18-1536x1024.jpg","width":1536,"height":1024,"mime-type":"image\/jpeg","filesize":219352,"url":"https:\/\/lesversants.com\/wp-content\/uploads\/2022\/12\/139-nansenhus-maison-de-ville-lumineux-a-louer-a-mont-tremblan-18-1536x1024.jpg"},"post-thumbnail":{"file":"139-nansenhus-maison-de-ville-lumineux-a-louer-a-mont-tremblan-18-150x100.jpg","width":150,"height":100,"mime-type":"image\/jpeg","filesize":4618,"url":"https:\/\/lesversants.com\/wp-content\/uploads\/2022\/12\/139-nansenhus-maison-de-ville-lumineux-a-louer-a-mont-tremblan-18-150x100.jpg"},"modern-property-child-slider":{"file":"139-nansenhus-maison-de-ville-lumineux-a-louer-a-mont-tremblan-18-680x510.jpg","width":680,"height":510,"mime-type":"image\/jpeg","filesize":65637,"url":"https:\/\/lesversants.com\/wp-content\/uploads\/2022\/12\/139-nansenhus-maison-de-ville-lumineux-a-louer-a-mont-tremblan-18-680x510.jpg"},"property-thumb-image":{"file":"139-nansenhus-maison-de-ville-lumineux-a-louer-a-mont-tremblan-18-488x326.jpg","width":488,"height":326,"mime-type":"image\/jpeg","filesize":32570,"url":"https:\/\/lesversants.com\/wp-content\/uploads\/2022\/12\/139-nansenhus-maison-de-ville-lumineux-a-louer-a-mont-tremblan-18-488x326.jpg"},"property-detail-video-image":{"file":"139-nansenhus-maison-de-ville-lumineux-a-louer-a-mont-tremblan-18-818x417.jpg","width":818,"height":417,"mime-type":"image\/jpeg","filesize":68332,"url":"https:\/\/lesversants.com\/wp-content\/uploads\/2022\/12\/139-nansenhus-maison-de-ville-lumineux-a-louer-a-mont-tremblan-18-818x417.jpg"},"agent-image":{"file":"139-nansenhus-maison-de-ville-lumineux-a-louer-a-mont-tremblan-18-210x210.jpg","width":210,"height":210,"mime-type":"image\/jpeg","filesize":11193,"url":"https:\/\/lesversants.com\/wp-content\/uploads\/2022\/12\/139-nansenhus-maison-de-ville-lumineux-a-louer-a-mont-tremblan-18-210x210.jpg"},"partners-logo":{"file":"139-nansenhus-maison-de-ville-lumineux-a-louer-a-mont-tremblan-18-600x1200.jpg","width":600,"height":1200,"mime-type":"image\/jpeg","filesize":67172,"url":"https:\/\/lesversants.com\/wp-content\/uploads\/2022\/12\/139-nansenhus-maison-de-ville-lumineux-a-louer-a-mont-tremblan-18-600x1200.jpg"},"post-featured-image":{"file":"139-nansenhus-maison-de-ville-lumineux-a-louer-a-mont-tremblan-18-1240x720.jpg","width":1240,"height":720,"mime-type":"image\/jpeg","filesize":145598,"url":"https:\/\/lesversants.com\/wp-content\/uploads\/2022\/12\/139-nansenhus-maison-de-ville-lumineux-a-louer-a-mont-tremblan-18-1240x720.jpg"}},"image_meta":{"aperture":"11","credit":"","camera":"NIKON D7200","caption":"","created_timestamp":"1579704486","copyright":"","focal_length":"17","iso":"400","shutter_speed":"0.02","title":"","orientation":"1","keywords":[]},"ID":"18637","name":"139-nansenhus-maison-de-ville-lumineux-a-louer-a-mont-tremblan-18.jpg","path":"\/home\/lesversa\/public_html\/wp-content\/uploads\/2022\/12\/139-nansenhus-maison-de-ville-lumineux-a-louer-a-mont-tremblan-18.jpg","url":"https:\/\/lesversants.com\/wp-content\/uploads\/2022\/12\/139-nansenhus-maison-de-ville-lumineux-a-louer-a-mont-tremblan-18-150x150.jpg","full_url":"https:\/\/lesversants.com\/wp-content\/uploads\/2022\/12\/139-nansenhus-maison-de-ville-lumineux-a-louer-a-mont-tremblan-18.jpg","title":"139 nansenhus maison de ville lumineux a louer a mont tremblan 18","caption":"","description":"","alt":"139 nansenhus maison de ville lumineux a louer a mont tremblan 18","srcset":"https:\/\/lesversants.com\/wp-content\/uploads\/2022\/12\/139-nansenhus-maison-de-ville-lumineux-a-louer-a-mont-tremblan-18-150x150.jpg 150w, https:\/\/lesversants.com\/wp-content\/uploads\/2022\/12\/139-nansenhus-maison-de-ville-lumineux-a-louer-a-mont-tremblan-18-120x120.jpg 120w, https:\/\/lesversants.com\/wp-content\/uploads\/2022\/12\/139-nansenhus-maison-de-ville-lumineux-a-louer-a-mont-tremblan-18-210x210.jpg 210w"},{"width":150,"height":150,"file":"2022\/12\/139-nansenhus-maison-de-ville-lumineux-a-louer-a-mont-tremblan-19.jpg","filesize":98567,"sizes":{"medium":{"file":"139-nansenhus-maison-de-ville-lumineux-a-louer-a-mont-tremblan-19-300x200.jpg","width":300,"height":200,"mime-type":"image\/jpeg","filesize":11247,"url":"https:\/\/lesversants.com\/wp-content\/uploads\/2022\/12\/139-nansenhus-maison-de-ville-lumineux-a-louer-a-mont-tremblan-19-300x200.jpg"},"large":{"file":"139-nansenhus-maison-de-ville-lumineux-a-louer-a-mont-tremblan-19-1024x682.jpg","width":1024,"height":682,"mime-type":"image\/jpeg","filesize":86681,"url":"https:\/\/lesversants.com\/wp-content\/uploads\/2022\/12\/139-nansenhus-maison-de-ville-lumineux-a-louer-a-mont-tremblan-19-1024x682.jpg"},"thumbnail":{"file":"139-nansenhus-maison-de-ville-lumineux-a-louer-a-mont-tremblan-19-150x150.jpg","width":150,"height":150,"mime-type":"image\/jpeg","filesize":4767,"url":"https:\/\/lesversants.com\/wp-content\/uploads\/2022\/12\/139-nansenhus-maison-de-ville-lumineux-a-louer-a-mont-tremblan-19-150x150.jpg"},"medium_large":{"file":"139-nansenhus-maison-de-ville-lumineux-a-louer-a-mont-tremblan-19-768x512.jpg","width":768,"height":512,"mime-type":"image\/jpeg","filesize":52610,"url":"https:\/\/lesversants.com\/wp-content\/uploads\/2022\/12\/139-nansenhus-maison-de-ville-lumineux-a-louer-a-mont-tremblan-19-768x512.jpg"},"tf-client-image-size":{"file":"139-nansenhus-maison-de-ville-lumineux-a-louer-a-mont-tremblan-19-120x120.jpg","width":120,"height":120,"mime-type":"image\/jpeg","filesize":3447,"url":"https:\/\/lesversants.com\/wp-content\/uploads\/2022\/12\/139-nansenhus-maison-de-ville-lumineux-a-louer-a-mont-tremblan-19-120x120.jpg"},"1536x1536":{"file":"139-nansenhus-maison-de-ville-lumineux-a-louer-a-mont-tremblan-19-1536x1023.jpg","width":1536,"height":1023,"mime-type":"image\/jpeg","filesize":163171,"url":"https:\/\/lesversants.com\/wp-content\/uploads\/2022\/12\/139-nansenhus-maison-de-ville-lumineux-a-louer-a-mont-tremblan-19-1536x1023.jpg"},"post-thumbnail":{"file":"139-nansenhus-maison-de-ville-lumineux-a-louer-a-mont-tremblan-19-150x100.jpg","width":150,"height":100,"mime-type":"image\/jpeg","filesize":3846,"url":"https:\/\/lesversants.com\/wp-content\/uploads\/2022\/12\/139-nansenhus-maison-de-ville-lumineux-a-louer-a-mont-tremblan-19-150x100.jpg"},"modern-property-child-slider":{"file":"139-nansenhus-maison-de-ville-lumineux-a-louer-a-mont-tremblan-19-680x510.jpg","width":680,"height":510,"mime-type":"image\/jpeg","filesize":47678,"url":"https:\/\/lesversants.com\/wp-content\/uploads\/2022\/12\/139-nansenhus-maison-de-ville-lumineux-a-louer-a-mont-tremblan-19-680x510.jpg"},"property-thumb-image":{"file":"139-nansenhus-maison-de-ville-lumineux-a-louer-a-mont-tremblan-19-488x326.jpg","width":488,"height":326,"mime-type":"image\/jpeg","filesize":24619,"url":"https:\/\/lesversants.com\/wp-content\/uploads\/2022\/12\/139-nansenhus-maison-de-ville-lumineux-a-louer-a-mont-tremblan-19-488x326.jpg"},"property-detail-video-image":{"file":"139-nansenhus-maison-de-ville-lumineux-a-louer-a-mont-tremblan-19-818x417.jpg","width":818,"height":417,"mime-type":"image\/jpeg","filesize":45059,"url":"https:\/\/lesversants.com\/wp-content\/uploads\/2022\/12\/139-nansenhus-maison-de-ville-lumineux-a-louer-a-mont-tremblan-19-818x417.jpg"},"agent-image":{"file":"139-nansenhus-maison-de-ville-lumineux-a-louer-a-mont-tremblan-19-210x210.jpg","width":210,"height":210,"mime-type":"image\/jpeg","filesize":8262,"url":"https:\/\/lesversants.com\/wp-content\/uploads\/2022\/12\/139-nansenhus-maison-de-ville-lumineux-a-louer-a-mont-tremblan-19-210x210.jpg"},"partners-logo":{"file":"139-nansenhus-maison-de-ville-lumineux-a-louer-a-mont-tremblan-19-600x1199.jpg","width":600,"height":1199,"mime-type":"image\/jpeg","filesize":67587,"url":"https:\/\/lesversants.com\/wp-content\/uploads\/2022\/12\/139-nansenhus-maison-de-ville-lumineux-a-louer-a-mont-tremblan-19-600x1199.jpg"},"post-featured-image":{"file":"139-nansenhus-maison-de-ville-lumineux-a-louer-a-mont-tremblan-19-1240x720.jpg","width":1240,"height":720,"mime-type":"image\/jpeg","filesize":101687,"url":"https:\/\/lesversants.com\/wp-content\/uploads\/2022\/12\/139-nansenhus-maison-de-ville-lumineux-a-louer-a-mont-tremblan-19-1240x720.jpg"}},"image_meta":{"aperture":"11","credit":"","camera":"NIKON D7200","caption":"","created_timestamp":"1579704520","copyright":"","focal_length":"10","iso":"400","shutter_speed":"0.05","title":"","orientation":"1","keywords":[]},"ID":"18639","name":"139-nansenhus-maison-de-ville-lumineux-a-louer-a-mont-tremblan-19.jpg","path":"\/home\/lesversa\/public_html\/wp-content\/uploads\/2022\/12\/139-nansenhus-maison-de-ville-lumineux-a-louer-a-mont-tremblan-19.jpg","url":"https:\/\/lesversants.com\/wp-content\/uploads\/2022\/12\/139-nansenhus-maison-de-ville-lumineux-a-louer-a-mont-tremblan-19-150x150.jpg","full_url":"https:\/\/lesversants.com\/wp-content\/uploads\/2022\/12\/139-nansenhus-maison-de-ville-lumineux-a-louer-a-mont-tremblan-19.jpg","title":"139 nansenhus maison de ville lumineux a louer a mont tremblan 19","caption":"","description":"","alt":"139 nansenhus maison de ville lumineux a louer a mont tremblan 19","srcset":"https:\/\/lesversants.com\/wp-content\/uploads\/2022\/12\/139-nansenhus-maison-de-ville-lumineux-a-louer-a-mont-tremblan-19-150x150.jpg 150w, https:\/\/lesversants.com\/wp-content\/uploads\/2022\/12\/139-nansenhus-maison-de-ville-lumineux-a-louer-a-mont-tremblan-19-120x120.jpg 120w, https:\/\/lesversants.com\/wp-content\/uploads\/2022\/12\/139-nansenhus-maison-de-ville-lumineux-a-louer-a-mont-tremblan-19-210x210.jpg 210w"},{"width":150,"height":150,"file":"2022\/12\/139-nansenhus-maison-de-ville-lumineux-a-louer-a-mont-tremblan-20.jpg","filesize":84071,"sizes":{"medium":{"file":"139-nansenhus-maison-de-ville-lumineux-a-louer-a-mont-tremblan-20-300x200.jpg","width":300,"height":200,"mime-type":"image\/jpeg","filesize":11081,"url":"https:\/\/lesversants.com\/wp-content\/uploads\/2022\/12\/139-nansenhus-maison-de-ville-lumineux-a-louer-a-mont-tremblan-20-300x200.jpg"},"large":{"file":"139-nansenhus-maison-de-ville-lumineux-a-louer-a-mont-tremblan-20-1024x683.jpg","width":1024,"height":683,"mime-type":"image\/jpeg","filesize":81264,"url":"https:\/\/lesversants.com\/wp-content\/uploads\/2022\/12\/139-nansenhus-maison-de-ville-lumineux-a-louer-a-mont-tremblan-20-1024x683.jpg"},"thumbnail":{"file":"139-nansenhus-maison-de-ville-lumineux-a-louer-a-mont-tremblan-20-150x150.jpg","width":150,"height":150,"mime-type":"image\/jpeg","filesize":4677,"url":"https:\/\/lesversants.com\/wp-content\/uploads\/2022\/12\/139-nansenhus-maison-de-ville-lumineux-a-louer-a-mont-tremblan-20-150x150.jpg"},"medium_large":{"file":"139-nansenhus-maison-de-ville-lumineux-a-louer-a-mont-tremblan-20-768x512.jpg","width":768,"height":512,"mime-type":"image\/jpeg","filesize":50117,"url":"https:\/\/lesversants.com\/wp-content\/uploads\/2022\/12\/139-nansenhus-maison-de-ville-lumineux-a-louer-a-mont-tremblan-20-768x512.jpg"},"tf-client-image-size":{"file":"139-nansenhus-maison-de-ville-lumineux-a-louer-a-mont-tremblan-20-120x120.jpg","width":120,"height":120,"mime-type":"image\/jpeg","filesize":3231,"url":"https:\/\/lesversants.com\/wp-content\/uploads\/2022\/12\/139-nansenhus-maison-de-ville-lumineux-a-louer-a-mont-tremblan-20-120x120.jpg"},"1536x1536":{"file":"139-nansenhus-maison-de-ville-lumineux-a-louer-a-mont-tremblan-20-1536x1024.jpg","width":1536,"height":1024,"mime-type":"image\/jpeg","filesize":150601,"url":"https:\/\/lesversants.com\/wp-content\/uploads\/2022\/12\/139-nansenhus-maison-de-ville-lumineux-a-louer-a-mont-tremblan-20-1536x1024.jpg"},"post-thumbnail":{"file":"139-nansenhus-maison-de-ville-lumineux-a-louer-a-mont-tremblan-20-150x100.jpg","width":150,"height":100,"mime-type":"image\/jpeg","filesize":3865,"url":"https:\/\/lesversants.com\/wp-content\/uploads\/2022\/12\/139-nansenhus-maison-de-ville-lumineux-a-louer-a-mont-tremblan-20-150x100.jpg"},"modern-property-child-slider":{"file":"139-nansenhus-maison-de-ville-lumineux-a-louer-a-mont-tremblan-20-680x510.jpg","width":680,"height":510,"mime-type":"image\/jpeg","filesize":43694,"url":"https:\/\/lesversants.com\/wp-content\/uploads\/2022\/12\/139-nansenhus-maison-de-ville-lumineux-a-louer-a-mont-tremblan-20-680x510.jpg"},"property-thumb-image":{"file":"139-nansenhus-maison-de-ville-lumineux-a-louer-a-mont-tremblan-20-488x326.jpg","width":488,"height":326,"mime-type":"image\/jpeg","filesize":23944,"url":"https:\/\/lesversants.com\/wp-content\/uploads\/2022\/12\/139-nansenhus-maison-de-ville-lumineux-a-louer-a-mont-tremblan-20-488x326.jpg"},"property-detail-video-image":{"file":"139-nansenhus-maison-de-ville-lumineux-a-louer-a-mont-tremblan-20-818x417.jpg","width":818,"height":417,"mime-type":"image\/jpeg","filesize":43119,"url":"https:\/\/lesversants.com\/wp-content\/uploads\/2022\/12\/139-nansenhus-maison-de-ville-lumineux-a-louer-a-mont-tremblan-20-818x417.jpg"},"agent-image":{"file":"139-nansenhus-maison-de-ville-lumineux-a-louer-a-mont-tremblan-20-210x210.jpg","width":210,"height":210,"mime-type":"image\/jpeg","filesize":7973,"url":"https:\/\/lesversants.com\/wp-content\/uploads\/2022\/12\/139-nansenhus-maison-de-ville-lumineux-a-louer-a-mont-tremblan-20-210x210.jpg"},"partners-logo":{"file":"139-nansenhus-maison-de-ville-lumineux-a-louer-a-mont-tremblan-20-600x1200.jpg","width":600,"height":1200,"mime-type":"image\/jpeg","filesize":36486,"url":"https:\/\/lesversants.com\/wp-content\/uploads\/2022\/12\/139-nansenhus-maison-de-ville-lumineux-a-louer-a-mont-tremblan-20-600x1200.jpg"},"post-featured-image":{"file":"139-nansenhus-maison-de-ville-lumineux-a-louer-a-mont-tremblan-20-1240x720.jpg","width":1240,"height":720,"mime-type":"image\/jpeg","filesize":94157,"url":"https:\/\/lesversants.com\/wp-content\/uploads\/2022\/12\/139-nansenhus-maison-de-ville-lumineux-a-louer-a-mont-tremblan-20-1240x720.jpg"}},"image_meta":{"aperture":"11","credit":"","camera":"NIKON D7200","caption":"","created_timestamp":"1579704771","copyright":"","focal_length":"10","iso":"400","shutter_speed":"0.05","title":"","orientation":"1","keywords":[]},"ID":"18641","name":"139-nansenhus-maison-de-ville-lumineux-a-louer-a-mont-tremblan-20.jpg","path":"\/home\/lesversa\/public_html\/wp-content\/uploads\/2022\/12\/139-nansenhus-maison-de-ville-lumineux-a-louer-a-mont-tremblan-20.jpg","url":"https:\/\/lesversants.com\/wp-content\/uploads\/2022\/12\/139-nansenhus-maison-de-ville-lumineux-a-louer-a-mont-tremblan-20-150x150.jpg","full_url":"https:\/\/lesversants.com\/wp-content\/uploads\/2022\/12\/139-nansenhus-maison-de-ville-lumineux-a-louer-a-mont-tremblan-20.jpg","title":"139 nansenhus maison de ville lumineux a louer a mont tremblan 20","caption":"","description":"","alt":"139 nansenhus maison de ville lumineux a louer a mont tremblan 20","srcset":"https:\/\/lesversants.com\/wp-content\/uploads\/2022\/12\/139-nansenhus-maison-de-ville-lumineux-a-louer-a-mont-tremblan-20-150x150.jpg 150w, https:\/\/lesversants.com\/wp-content\/uploads\/2022\/12\/139-nansenhus-maison-de-ville-lumineux-a-louer-a-mont-tremblan-20-120x120.jpg 120w, https:\/\/lesversants.com\/wp-content\/uploads\/2022\/12\/139-nansenhus-maison-de-ville-lumineux-a-louer-a-mont-tremblan-20-210x210.jpg 210w"},{"width":150,"height":150,"file":"2022\/12\/139-nansenhus-maison-de-ville-lumineux-a-louer-a-mont-tremblan-9.jpg","filesize":156908,"sizes":{"medium":{"file":"139-nansenhus-maison-de-ville-lumineux-a-louer-a-mont-tremblan-9-300x200.jpg","width":300,"height":200,"mime-type":"image\/jpeg","filesize":15560,"url":"https:\/\/lesversants.com\/wp-content\/uploads\/2022\/12\/139-nansenhus-maison-de-ville-lumineux-a-louer-a-mont-tremblan-9-300x200.jpg"},"large":{"file":"139-nansenhus-maison-de-ville-lumineux-a-louer-a-mont-tremblan-9-1024x683.jpg","width":1024,"height":683,"mime-type":"image\/jpeg","filesize":128998,"url":"https:\/\/lesversants.com\/wp-content\/uploads\/2022\/12\/139-nansenhus-maison-de-ville-lumineux-a-louer-a-mont-tremblan-9-1024x683.jpg"},"thumbnail":{"file":"139-nansenhus-maison-de-ville-lumineux-a-louer-a-mont-tremblan-9-150x150.jpg","width":150,"height":150,"mime-type":"image\/jpeg","filesize":7358,"url":"https:\/\/lesversants.com\/wp-content\/uploads\/2022\/12\/139-nansenhus-maison-de-ville-lumineux-a-louer-a-mont-tremblan-9-150x150.jpg"},"medium_large":{"file":"139-nansenhus-maison-de-ville-lumineux-a-louer-a-mont-tremblan-9-768x512.jpg","width":768,"height":512,"mime-type":"image\/jpeg","filesize":77847,"url":"https:\/\/lesversants.com\/wp-content\/uploads\/2022\/12\/139-nansenhus-maison-de-ville-lumineux-a-louer-a-mont-tremblan-9-768x512.jpg"},"tf-client-image-size":{"file":"139-nansenhus-maison-de-ville-lumineux-a-louer-a-mont-tremblan-9-120x120.jpg","width":120,"height":120,"mime-type":"image\/jpeg","filesize":4979,"url":"https:\/\/lesversants.com\/wp-content\/uploads\/2022\/12\/139-nansenhus-maison-de-ville-lumineux-a-louer-a-mont-tremblan-9-120x120.jpg"},"1536x1536":{"file":"139-nansenhus-maison-de-ville-lumineux-a-louer-a-mont-tremblan-9-1536x1024.jpg","width":1536,"height":1024,"mime-type":"image\/jpeg","filesize":246795,"url":"https:\/\/lesversants.com\/wp-content\/uploads\/2022\/12\/139-nansenhus-maison-de-ville-lumineux-a-louer-a-mont-tremblan-9-1536x1024.jpg"},"post-thumbnail":{"file":"139-nansenhus-maison-de-ville-lumineux-a-louer-a-mont-tremblan-9-150x100.jpg","width":150,"height":100,"mime-type":"image\/jpeg","filesize":5213,"url":"https:\/\/lesversants.com\/wp-content\/uploads\/2022\/12\/139-nansenhus-maison-de-ville-lumineux-a-louer-a-mont-tremblan-9-150x100.jpg"},"modern-property-child-slider":{"file":"139-nansenhus-maison-de-ville-lumineux-a-louer-a-mont-tremblan-9-680x510.jpg","width":680,"height":510,"mime-type":"image\/jpeg","filesize":70563,"url":"https:\/\/lesversants.com\/wp-content\/uploads\/2022\/12\/139-nansenhus-maison-de-ville-lumineux-a-louer-a-mont-tremblan-9-680x510.jpg"},"property-thumb-image":{"file":"139-nansenhus-maison-de-ville-lumineux-a-louer-a-mont-tremblan-9-488x326.jpg","width":488,"height":326,"mime-type":"image\/jpeg","filesize":35579,"url":"https:\/\/lesversants.com\/wp-content\/uploads\/2022\/12\/139-nansenhus-maison-de-ville-lumineux-a-louer-a-mont-tremblan-9-488x326.jpg"},"property-detail-video-image":{"file":"139-nansenhus-maison-de-ville-lumineux-a-louer-a-mont-tremblan-9-818x417.jpg","width":818,"height":417,"mime-type":"image\/jpeg","filesize":68597,"url":"https:\/\/lesversants.com\/wp-content\/uploads\/2022\/12\/139-nansenhus-maison-de-ville-lumineux-a-louer-a-mont-tremblan-9-818x417.jpg"},"agent-image":{"file":"139-nansenhus-maison-de-ville-lumineux-a-louer-a-mont-tremblan-9-210x210.jpg","width":210,"height":210,"mime-type":"image\/jpeg","filesize":12847,"url":"https:\/\/lesversants.com\/wp-content\/uploads\/2022\/12\/139-nansenhus-maison-de-ville-lumineux-a-louer-a-mont-tremblan-9-210x210.jpg"},"partners-logo":{"file":"139-nansenhus-maison-de-ville-lumineux-a-louer-a-mont-tremblan-9-600x1200.jpg","width":600,"height":1200,"mime-type":"image\/jpeg","filesize":86044,"url":"https:\/\/lesversants.com\/wp-content\/uploads\/2022\/12\/139-nansenhus-maison-de-ville-lumineux-a-louer-a-mont-tremblan-9-600x1200.jpg"},"post-featured-image":{"file":"139-nansenhus-maison-de-ville-lumineux-a-louer-a-mont-tremblan-9-1240x720.jpg","width":1240,"height":720,"mime-type":"image\/jpeg","filesize":153915,"url":"https:\/\/lesversants.com\/wp-content\/uploads\/2022\/12\/139-nansenhus-maison-de-ville-lumineux-a-louer-a-mont-tremblan-9-1240x720.jpg"}},"image_meta":{"aperture":"11","credit":"","camera":"NIKON D7200","caption":"","created_timestamp":"1579704087","copyright":"","focal_length":"10","iso":"400","shutter_speed":"0.1","title":"","orientation":"1","keywords":[]},"ID":"18669","name":"139-nansenhus-maison-de-ville-lumineux-a-louer-a-mont-tremblan-9.jpg","path":"\/home\/lesversa\/public_html\/wp-content\/uploads\/2022\/12\/139-nansenhus-maison-de-ville-lumineux-a-louer-a-mont-tremblan-9.jpg","url":"https:\/\/lesversants.com\/wp-content\/uploads\/2022\/12\/139-nansenhus-maison-de-ville-lumineux-a-louer-a-mont-tremblan-9-150x150.jpg","full_url":"https:\/\/lesversants.com\/wp-content\/uploads\/2022\/12\/139-nansenhus-maison-de-ville-lumineux-a-louer-a-mont-tremblan-9.jpg","title":"139 nansenhus maison de ville lumineux a louer a mont tremblan 9","caption":"","description":"","alt":"139 nansenhus maison de ville lumineux a louer a mont tremblan 9","srcset":"https:\/\/lesversants.com\/wp-content\/uploads\/2022\/12\/139-nansenhus-maison-de-ville-lumineux-a-louer-a-mont-tremblan-9-150x150.jpg 150w, https:\/\/lesversants.com\/wp-content\/uploads\/2022\/12\/139-nansenhus-maison-de-ville-lumineux-a-louer-a-mont-tremblan-9-120x120.jpg 120w, https:\/\/lesversants.com\/wp-content\/uploads\/2022\/12\/139-nansenhus-maison-de-ville-lumineux-a-louer-a-mont-tremblan-9-210x210.jpg 210w"},{"width":150,"height":150,"file":"2022\/12\/139-nansenhus-maison-de-ville-lumineux-a-louer-a-mont-tremblan-10.jpg","filesize":176515,"sizes":{"medium":{"file":"139-nansenhus-maison-de-ville-lumineux-a-louer-a-mont-tremblan-10-300x200.jpg","width":300,"height":200,"mime-type":"image\/jpeg","filesize":17055,"url":"https:\/\/lesversants.com\/wp-content\/uploads\/2022\/12\/139-nansenhus-maison-de-ville-lumineux-a-louer-a-mont-tremblan-10-300x200.jpg"},"large":{"file":"139-nansenhus-maison-de-ville-lumineux-a-louer-a-mont-tremblan-10-1024x683.jpg","width":1024,"height":683,"mime-type":"image\/jpeg","filesize":140653,"url":"https:\/\/lesversants.com\/wp-content\/uploads\/2022\/12\/139-nansenhus-maison-de-ville-lumineux-a-louer-a-mont-tremblan-10-1024x683.jpg"},"thumbnail":{"file":"139-nansenhus-maison-de-ville-lumineux-a-louer-a-mont-tremblan-10-150x150.jpg","width":150,"height":150,"mime-type":"image\/jpeg","filesize":7951,"url":"https:\/\/lesversants.com\/wp-content\/uploads\/2022\/12\/139-nansenhus-maison-de-ville-lumineux-a-louer-a-mont-tremblan-10-150x150.jpg"},"medium_large":{"file":"139-nansenhus-maison-de-ville-lumineux-a-louer-a-mont-tremblan-10-768x512.jpg","width":768,"height":512,"mime-type":"image\/jpeg","filesize":85218,"url":"https:\/\/lesversants.com\/wp-content\/uploads\/2022\/12\/139-nansenhus-maison-de-ville-lumineux-a-louer-a-mont-tremblan-10-768x512.jpg"},"tf-client-image-size":{"file":"139-nansenhus-maison-de-ville-lumineux-a-louer-a-mont-tremblan-10-120x120.jpg","width":120,"height":120,"mime-type":"image\/jpeg","filesize":5378,"url":"https:\/\/lesversants.com\/wp-content\/uploads\/2022\/12\/139-nansenhus-maison-de-ville-lumineux-a-louer-a-mont-tremblan-10-120x120.jpg"},"1536x1536":{"file":"139-nansenhus-maison-de-ville-lumineux-a-louer-a-mont-tremblan-10-1536x1024.jpg","width":1536,"height":1024,"mime-type":"image\/jpeg","filesize":268364,"url":"https:\/\/lesversants.com\/wp-content\/uploads\/2022\/12\/139-nansenhus-maison-de-ville-lumineux-a-louer-a-mont-tremblan-10-1536x1024.jpg"},"post-thumbnail":{"file":"139-nansenhus-maison-de-ville-lumineux-a-louer-a-mont-tremblan-10-150x100.jpg","width":150,"height":100,"mime-type":"image\/jpeg","filesize":5622,"url":"https:\/\/lesversants.com\/wp-content\/uploads\/2022\/12\/139-nansenhus-maison-de-ville-lumineux-a-louer-a-mont-tremblan-10-150x100.jpg"},"modern-property-child-slider":{"file":"139-nansenhus-maison-de-ville-lumineux-a-louer-a-mont-tremblan-10-680x510.jpg","width":680,"height":510,"mime-type":"image\/jpeg","filesize":78854,"url":"https:\/\/lesversants.com\/wp-content\/uploads\/2022\/12\/139-nansenhus-maison-de-ville-lumineux-a-louer-a-mont-tremblan-10-680x510.jpg"},"property-thumb-image":{"file":"139-nansenhus-maison-de-ville-lumineux-a-louer-a-mont-tremblan-10-488x326.jpg","width":488,"height":326,"mime-type":"image\/jpeg","filesize":38978,"url":"https:\/\/lesversants.com\/wp-content\/uploads\/2022\/12\/139-nansenhus-maison-de-ville-lumineux-a-louer-a-mont-tremblan-10-488x326.jpg"},"property-detail-video-image":{"file":"139-nansenhus-maison-de-ville-lumineux-a-louer-a-mont-tremblan-10-818x417.jpg","width":818,"height":417,"mime-type":"image\/jpeg","filesize":72829,"url":"https:\/\/lesversants.com\/wp-content\/uploads\/2022\/12\/139-nansenhus-maison-de-ville-lumineux-a-louer-a-mont-tremblan-10-818x417.jpg"},"agent-image":{"file":"139-nansenhus-maison-de-ville-lumineux-a-louer-a-mont-tremblan-10-210x210.jpg","width":210,"height":210,"mime-type":"image\/jpeg","filesize":13843,"url":"https:\/\/lesversants.com\/wp-content\/uploads\/2022\/12\/139-nansenhus-maison-de-ville-lumineux-a-louer-a-mont-tremblan-10-210x210.jpg"},"partners-logo":{"file":"139-nansenhus-maison-de-ville-lumineux-a-louer-a-mont-tremblan-10-600x1200.jpg","width":600,"height":1200,"mime-type":"image\/jpeg","filesize":92838,"url":"https:\/\/lesversants.com\/wp-content\/uploads\/2022\/12\/139-nansenhus-maison-de-ville-lumineux-a-louer-a-mont-tremblan-10-600x1200.jpg"},"post-featured-image":{"file":"139-nansenhus-maison-de-ville-lumineux-a-louer-a-mont-tremblan-10-1240x720.jpg","width":1240,"height":720,"mime-type":"image\/jpeg","filesize":165231,"url":"https:\/\/lesversants.com\/wp-content\/uploads\/2022\/12\/139-nansenhus-maison-de-ville-lumineux-a-louer-a-mont-tremblan-10-1240x720.jpg"}},"image_meta":{"aperture":"11","credit":"","camera":"NIKON D7200","caption":"","created_timestamp":"1579704120","copyright":"","focal_length":"10","iso":"400","shutter_speed":"0.125","title":"","orientation":"1","keywords":[]},"ID":"18671","name":"139-nansenhus-maison-de-ville-lumineux-a-louer-a-mont-tremblan-10.jpg","path":"\/home\/lesversa\/public_html\/wp-content\/uploads\/2022\/12\/139-nansenhus-maison-de-ville-lumineux-a-louer-a-mont-tremblan-10.jpg","url":"https:\/\/lesversants.com\/wp-content\/uploads\/2022\/12\/139-nansenhus-maison-de-ville-lumineux-a-louer-a-mont-tremblan-10-150x150.jpg","full_url":"https:\/\/lesversants.com\/wp-content\/uploads\/2022\/12\/139-nansenhus-maison-de-ville-lumineux-a-louer-a-mont-tremblan-10.jpg","title":"139 nansenhus maison de ville lumineux a louer a mont tremblan 10","caption":"","description":"","alt":"139 nansenhus maison de ville lumineux a louer a mont tremblan 10","srcset":"https:\/\/lesversants.com\/wp-content\/uploads\/2022\/12\/139-nansenhus-maison-de-ville-lumineux-a-louer-a-mont-tremblan-10-150x150.jpg 150w, https:\/\/lesversants.com\/wp-content\/uploads\/2022\/12\/139-nansenhus-maison-de-ville-lumineux-a-louer-a-mont-tremblan-10-120x120.jpg 120w, https:\/\/lesversants.com\/wp-content\/uploads\/2022\/12\/139-nansenhus-maison-de-ville-lumineux-a-louer-a-mont-tremblan-10-210x210.jpg 210w"},{"width":150,"height":150,"file":"2022\/12\/139-nansenhus-maison-de-ville-lumineux-a-louer-a-mont-tremblan-5.jpg","filesize":126099,"sizes":{"medium":{"file":"139-nansenhus-maison-de-ville-lumineux-a-louer-a-mont-tremblan-5-300x200.jpg","width":300,"height":200,"mime-type":"image\/jpeg","filesize":13931,"url":"https:\/\/lesversants.com\/wp-content\/uploads\/2022\/12\/139-nansenhus-maison-de-ville-lumineux-a-louer-a-mont-tremblan-5-300x200.jpg"},"large":{"file":"139-nansenhus-maison-de-ville-lumineux-a-louer-a-mont-tremblan-5-1024x683.jpg","width":1024,"height":683,"mime-type":"image\/jpeg","filesize":106570,"url":"https:\/\/lesversants.com\/wp-content\/uploads\/2022\/12\/139-nansenhus-maison-de-ville-lumineux-a-louer-a-mont-tremblan-5-1024x683.jpg"},"thumbnail":{"file":"139-nansenhus-maison-de-ville-lumineux-a-louer-a-mont-tremblan-5-150x150.jpg","width":150,"height":150,"mime-type":"image\/jpeg","filesize":6393,"url":"https:\/\/lesversants.com\/wp-content\/uploads\/2022\/12\/139-nansenhus-maison-de-ville-lumineux-a-louer-a-mont-tremblan-5-150x150.jpg"},"medium_large":{"file":"139-nansenhus-maison-de-ville-lumineux-a-louer-a-mont-tremblan-5-768x512.jpg","width":768,"height":512,"mime-type":"image\/jpeg","filesize":65642,"url":"https:\/\/lesversants.com\/wp-content\/uploads\/2022\/12\/139-nansenhus-maison-de-ville-lumineux-a-louer-a-mont-tremblan-5-768x512.jpg"},"tf-client-image-size":{"file":"139-nansenhus-maison-de-ville-lumineux-a-louer-a-mont-tremblan-5-120x120.jpg","width":120,"height":120,"mime-type":"image\/jpeg","filesize":4493,"url":"https:\/\/lesversants.com\/wp-content\/uploads\/2022\/12\/139-nansenhus-maison-de-ville-lumineux-a-louer-a-mont-tremblan-5-120x120.jpg"},"1536x1536":{"file":"139-nansenhus-maison-de-ville-lumineux-a-louer-a-mont-tremblan-5-1536x1024.jpg","width":1536,"height":1024,"mime-type":"image\/jpeg","filesize":199495,"url":"https:\/\/lesversants.com\/wp-content\/uploads\/2022\/12\/139-nansenhus-maison-de-ville-lumineux-a-louer-a-mont-tremblan-5-1536x1024.jpg"},"post-thumbnail":{"file":"139-nansenhus-maison-de-ville-lumineux-a-louer-a-mont-tremblan-5-150x100.jpg","width":150,"height":100,"mime-type":"image\/jpeg","filesize":4818,"url":"https:\/\/lesversants.com\/wp-content\/uploads\/2022\/12\/139-nansenhus-maison-de-ville-lumineux-a-louer-a-mont-tremblan-5-150x100.jpg"},"modern-property-child-slider":{"file":"139-nansenhus-maison-de-ville-lumineux-a-louer-a-mont-tremblan-5-680x510.jpg","width":680,"height":510,"mime-type":"image\/jpeg","filesize":60432,"url":"https:\/\/lesversants.com\/wp-content\/uploads\/2022\/12\/139-nansenhus-maison-de-ville-lumineux-a-louer-a-mont-tremblan-5-680x510.jpg"},"property-thumb-image":{"file":"139-nansenhus-maison-de-ville-lumineux-a-louer-a-mont-tremblan-5-488x326.jpg","width":488,"height":326,"mime-type":"image\/jpeg","filesize":31048,"url":"https:\/\/lesversants.com\/wp-content\/uploads\/2022\/12\/139-nansenhus-maison-de-ville-lumineux-a-louer-a-mont-tremblan-5-488x326.jpg"},"property-detail-video-image":{"file":"139-nansenhus-maison-de-ville-lumineux-a-louer-a-mont-tremblan-5-818x417.jpg","width":818,"height":417,"mime-type":"image\/jpeg","filesize":61784,"url":"https:\/\/lesversants.com\/wp-content\/uploads\/2022\/12\/139-nansenhus-maison-de-ville-lumineux-a-louer-a-mont-tremblan-5-818x417.jpg"},"agent-image":{"file":"139-nansenhus-maison-de-ville-lumineux-a-louer-a-mont-tremblan-5-210x210.jpg","width":210,"height":210,"mime-type":"image\/jpeg","filesize":11056,"url":"https:\/\/lesversants.com\/wp-content\/uploads\/2022\/12\/139-nansenhus-maison-de-ville-lumineux-a-louer-a-mont-tremblan-5-210x210.jpg"},"partners-logo":{"file":"139-nansenhus-maison-de-ville-lumineux-a-louer-a-mont-tremblan-5-600x1200.jpg","width":600,"height":1200,"mime-type":"image\/jpeg","filesize":54107,"url":"https:\/\/lesversants.com\/wp-content\/uploads\/2022\/12\/139-nansenhus-maison-de-ville-lumineux-a-louer-a-mont-tremblan-5-600x1200.jpg"},"post-featured-image":{"file":"139-nansenhus-maison-de-ville-lumineux-a-louer-a-mont-tremblan-5-1240x720.jpg","width":1240,"height":720,"mime-type":"image\/jpeg","filesize":130223,"url":"https:\/\/lesversants.com\/wp-content\/uploads\/2022\/12\/139-nansenhus-maison-de-ville-lumineux-a-louer-a-mont-tremblan-5-1240x720.jpg"}},"image_meta":{"aperture":"11","credit":"","camera":"NIKON D7200","caption":"","created_timestamp":"1579703579","copyright":"","focal_length":"10","iso":"400","shutter_speed":"0.076923076923077","title":"","orientation":"1","keywords":[]},"ID":"18661","name":"139-nansenhus-maison-de-ville-lumineux-a-louer-a-mont-tremblan-5.jpg","path":"\/home\/lesversa\/public_html\/wp-content\/uploads\/2022\/12\/139-nansenhus-maison-de-ville-lumineux-a-louer-a-mont-tremblan-5.jpg","url":"https:\/\/lesversants.com\/wp-content\/uploads\/2022\/12\/139-nansenhus-maison-de-ville-lumineux-a-louer-a-mont-tremblan-5-150x150.jpg","full_url":"https:\/\/lesversants.com\/wp-content\/uploads\/2022\/12\/139-nansenhus-maison-de-ville-lumineux-a-louer-a-mont-tremblan-5.jpg","title":"139 nansenhus maison de ville lumineux a louer a mont tremblan 5","caption":"","description":"","alt":"139 nansenhus maison de ville lumineux a louer a mont tremblan 5","srcset":"https:\/\/lesversants.com\/wp-content\/uploads\/2022\/12\/139-nansenhus-maison-de-ville-lumineux-a-louer-a-mont-tremblan-5-150x150.jpg 150w, https:\/\/lesversants.com\/wp-content\/uploads\/2022\/12\/139-nansenhus-maison-de-ville-lumineux-a-louer-a-mont-tremblan-5-120x120.jpg 120w, https:\/\/lesversants.com\/wp-content\/uploads\/2022\/12\/139-nansenhus-maison-de-ville-lumineux-a-louer-a-mont-tremblan-5-210x210.jpg 210w"},{"width":150,"height":150,"file":"2022\/12\/139-nansenhus-maison-de-ville-lumineux-a-louer-a-mont-tremblan-23.jpg","filesize":459772,"sizes":{"medium":{"file":"139-nansenhus-maison-de-ville-lumineux-a-louer-a-mont-tremblan-23-300x225.jpg","width":300,"height":225,"mime-type":"image\/jpeg","filesize":13271,"url":"https:\/\/lesversants.com\/wp-content\/uploads\/2022\/12\/139-nansenhus-maison-de-ville-lumineux-a-louer-a-mont-tremblan-23-300x225.jpg"},"large":{"file":"139-nansenhus-maison-de-ville-lumineux-a-louer-a-mont-tremblan-23-1024x768.jpg","width":1024,"height":768,"mime-type":"image\/jpeg","filesize":125560,"url":"https:\/\/lesversants.com\/wp-content\/uploads\/2022\/12\/139-nansenhus-maison-de-ville-lumineux-a-louer-a-mont-tremblan-23-1024x768.jpg"},"thumbnail":{"file":"139-nansenhus-maison-de-ville-lumineux-a-louer-a-mont-tremblan-23-150x150.jpg","width":150,"height":150,"mime-type":"image\/jpeg","filesize":5226,"url":"https:\/\/lesversants.com\/wp-content\/uploads\/2022\/12\/139-nansenhus-maison-de-ville-lumineux-a-louer-a-mont-tremblan-23-150x150.jpg"},"medium_large":{"file":"139-nansenhus-maison-de-ville-lumineux-a-louer-a-mont-tremblan-23-768x576.jpg","width":768,"height":576,"mime-type":"image\/jpeg","filesize":73413,"url":"https:\/\/lesversants.com\/wp-content\/uploads\/2022\/12\/139-nansenhus-maison-de-ville-lumineux-a-louer-a-mont-tremblan-23-768x576.jpg"},"tf-client-image-size":{"file":"139-nansenhus-maison-de-ville-lumineux-a-louer-a-mont-tremblan-23-120x120.jpg","width":120,"height":120,"mime-type":"image\/jpeg","filesize":3570,"url":"https:\/\/lesversants.com\/wp-content\/uploads\/2022\/12\/139-nansenhus-maison-de-ville-lumineux-a-louer-a-mont-tremblan-23-120x120.jpg"},"1536x1536":{"file":"139-nansenhus-maison-de-ville-lumineux-a-louer-a-mont-tremblan-23-1536x1152.jpg","width":1536,"height":1152,"mime-type":"image\/jpeg","filesize":263089,"url":"https:\/\/lesversants.com\/wp-content\/uploads\/2022\/12\/139-nansenhus-maison-de-ville-lumineux-a-louer-a-mont-tremblan-23-1536x1152.jpg"},"post-thumbnail":{"file":"139-nansenhus-maison-de-ville-lumineux-a-louer-a-mont-tremblan-23-150x113.jpg","width":150,"height":113,"mime-type":"image\/jpeg","filesize":4158,"url":"https:\/\/lesversants.com\/wp-content\/uploads\/2022\/12\/139-nansenhus-maison-de-ville-lumineux-a-louer-a-mont-tremblan-23-150x113.jpg"},"modern-property-child-slider":{"file":"139-nansenhus-maison-de-ville-lumineux-a-louer-a-mont-tremblan-23-680x510.jpg","width":680,"height":510,"mime-type":"image\/jpeg","filesize":58625,"url":"https:\/\/lesversants.com\/wp-content\/uploads\/2022\/12\/139-nansenhus-maison-de-ville-lumineux-a-louer-a-mont-tremblan-23-680x510.jpg"},"property-thumb-image":{"file":"139-nansenhus-maison-de-ville-lumineux-a-louer-a-mont-tremblan-23-488x326.jpg","width":488,"height":326,"mime-type":"image\/jpeg","filesize":28441,"url":"https:\/\/lesversants.com\/wp-content\/uploads\/2022\/12\/139-nansenhus-maison-de-ville-lumineux-a-louer-a-mont-tremblan-23-488x326.jpg"},"property-detail-video-image":{"file":"139-nansenhus-maison-de-ville-lumineux-a-louer-a-mont-tremblan-23-818x417.jpg","width":818,"height":417,"mime-type":"image\/jpeg","filesize":58935,"url":"https:\/\/lesversants.com\/wp-content\/uploads\/2022\/12\/139-nansenhus-maison-de-ville-lumineux-a-louer-a-mont-tremblan-23-818x417.jpg"},"agent-image":{"file":"139-nansenhus-maison-de-ville-lumineux-a-louer-a-mont-tremblan-23-210x210.jpg","width":210,"height":210,"mime-type":"image\/jpeg","filesize":9417,"url":"https:\/\/lesversants.com\/wp-content\/uploads\/2022\/12\/139-nansenhus-maison-de-ville-lumineux-a-louer-a-mont-tremblan-23-210x210.jpg"},"partners-logo":{"file":"139-nansenhus-maison-de-ville-lumineux-a-louer-a-mont-tremblan-23-600x1224.jpg","width":600,"height":1224,"mime-type":"image\/jpeg","filesize":120015,"url":"https:\/\/lesversants.com\/wp-content\/uploads\/2022\/12\/139-nansenhus-maison-de-ville-lumineux-a-louer-a-mont-tremblan-23-600x1224.jpg"},"post-featured-image":{"file":"139-nansenhus-maison-de-ville-lumineux-a-louer-a-mont-tremblan-23-1240x720.jpg","width":1240,"height":720,"mime-type":"image\/jpeg","filesize":139738,"url":"https:\/\/lesversants.com\/wp-content\/uploads\/2022\/12\/139-nansenhus-maison-de-ville-lumineux-a-louer-a-mont-tremblan-23-1240x720.jpg"}},"image_meta":{"aperture":"0","credit":"","camera":"","caption":"","created_timestamp":"0","copyright":"","focal_length":"0","iso":"0","shutter_speed":"0","title":"","orientation":"0","keywords":[]},"ID":"18647","name":"139-nansenhus-maison-de-ville-lumineux-a-louer-a-mont-tremblan-23.jpg","path":"\/home\/lesversa\/public_html\/wp-content\/uploads\/2022\/12\/139-nansenhus-maison-de-ville-lumineux-a-louer-a-mont-tremblan-23.jpg","url":"https:\/\/lesversants.com\/wp-content\/uploads\/2022\/12\/139-nansenhus-maison-de-ville-lumineux-a-louer-a-mont-tremblan-23-150x150.jpg","full_url":"https:\/\/lesversants.com\/wp-content\/uploads\/2022\/12\/139-nansenhus-maison-de-ville-lumineux-a-louer-a-mont-tremblan-23.jpg","title":"139 nansenhus maison de ville lumineux a louer a mont tremblan 23","caption":"","description":"","alt":"139 nansenhus maison de ville lumineux a louer a mont tremblan 23","srcset":"https:\/\/lesversants.com\/wp-content\/uploads\/2022\/12\/139-nansenhus-maison-de-ville-lumineux-a-louer-a-mont-tremblan-23-150x150.jpg 150w, https:\/\/lesversants.com\/wp-content\/uploads\/2022\/12\/139-nansenhus-maison-de-ville-lumineux-a-louer-a-mont-tremblan-23-120x120.jpg 120w, https:\/\/lesversants.com\/wp-content\/uploads\/2022\/12\/139-nansenhus-maison-de-ville-lumineux-a-louer-a-mont-tremblan-23-210x210.jpg 210w"},{"width":150,"height":150,"file":"2022\/12\/139-nansenhus-maison-de-ville-lumineux-a-louer-a-mont-tremblan-7.jpg","filesize":101410,"sizes":{"medium":{"file":"139-nansenhus-maison-de-ville-lumineux-a-louer-a-mont-tremblan-7-300x200.jpg","width":300,"height":200,"mime-type":"image\/jpeg","filesize":12609,"url":"https:\/\/lesversants.com\/wp-content\/uploads\/2022\/12\/139-nansenhus-maison-de-ville-lumineux-a-louer-a-mont-tremblan-7-300x200.jpg"},"large":{"file":"139-nansenhus-maison-de-ville-lumineux-a-louer-a-mont-tremblan-7-1024x683.jpg","width":1024,"height":683,"mime-type":"image\/jpeg","filesize":95278,"url":"https:\/\/lesversants.com\/wp-content\/uploads\/2022\/12\/139-nansenhus-maison-de-ville-lumineux-a-louer-a-mont-tremblan-7-1024x683.jpg"},"thumbnail":{"file":"139-nansenhus-maison-de-ville-lumineux-a-louer-a-mont-tremblan-7-150x150.jpg","width":150,"height":150,"mime-type":"image\/jpeg","filesize":5400,"url":"https:\/\/lesversants.com\/wp-content\/uploads\/2022\/12\/139-nansenhus-maison-de-ville-lumineux-a-louer-a-mont-tremblan-7-150x150.jpg"},"medium_large":{"file":"139-nansenhus-maison-de-ville-lumineux-a-louer-a-mont-tremblan-7-768x512.jpg","width":768,"height":512,"mime-type":"image\/jpeg","filesize":58831,"url":"https:\/\/lesversants.com\/wp-content\/uploads\/2022\/12\/139-nansenhus-maison-de-ville-lumineux-a-louer-a-mont-tremblan-7-768x512.jpg"},"tf-client-image-size":{"file":"139-nansenhus-maison-de-ville-lumineux-a-louer-a-mont-tremblan-7-120x120.jpg","width":120,"height":120,"mime-type":"image\/jpeg","filesize":3688,"url":"https:\/\/lesversants.com\/wp-content\/uploads\/2022\/12\/139-nansenhus-maison-de-ville-lumineux-a-louer-a-mont-tremblan-7-120x120.jpg"},"1536x1536":{"file":"139-nansenhus-maison-de-ville-lumineux-a-louer-a-mont-tremblan-7-1536x1024.jpg","width":1536,"height":1024,"mime-type":"image\/jpeg","filesize":176390,"url":"https:\/\/lesversants.com\/wp-content\/uploads\/2022\/12\/139-nansenhus-maison-de-ville-lumineux-a-louer-a-mont-tremblan-7-1536x1024.jpg"},"post-thumbnail":{"file":"139-nansenhus-maison-de-ville-lumineux-a-louer-a-mont-tremblan-7-150x100.jpg","width":150,"height":100,"mime-type":"image\/jpeg","filesize":4247,"url":"https:\/\/lesversants.com\/wp-content\/uploads\/2022\/12\/139-nansenhus-maison-de-ville-lumineux-a-louer-a-mont-tremblan-7-150x100.jpg"},"modern-property-child-slider":{"file":"139-nansenhus-maison-de-ville-lumineux-a-louer-a-mont-tremblan-7-680x510.jpg","width":680,"height":510,"mime-type":"image\/jpeg","filesize":51842,"url":"https:\/\/lesversants.com\/wp-content\/uploads\/2022\/12\/139-nansenhus-maison-de-ville-lumineux-a-louer-a-mont-tremblan-7-680x510.jpg"},"property-thumb-image":{"file":"139-nansenhus-maison-de-ville-lumineux-a-louer-a-mont-tremblan-7-488x326.jpg","width":488,"height":326,"mime-type":"image\/jpeg","filesize":28143,"url":"https:\/\/lesversants.com\/wp-content\/uploads\/2022\/12\/139-nansenhus-maison-de-ville-lumineux-a-louer-a-mont-tremblan-7-488x326.jpg"},"property-detail-video-image":{"file":"139-nansenhus-maison-de-ville-lumineux-a-louer-a-mont-tremblan-7-818x417.jpg","width":818,"height":417,"mime-type":"image\/jpeg","filesize":51893,"url":"https:\/\/lesversants.com\/wp-content\/uploads\/2022\/12\/139-nansenhus-maison-de-ville-lumineux-a-louer-a-mont-tremblan-7-818x417.jpg"},"agent-image":{"file":"139-nansenhus-maison-de-ville-lumineux-a-louer-a-mont-tremblan-7-210x210.jpg","width":210,"height":210,"mime-type":"image\/jpeg","filesize":9430,"url":"https:\/\/lesversants.com\/wp-content\/uploads\/2022\/12\/139-nansenhus-maison-de-ville-lumineux-a-louer-a-mont-tremblan-7-210x210.jpg"},"partners-logo":{"file":"139-nansenhus-maison-de-ville-lumineux-a-louer-a-mont-tremblan-7-600x1200.jpg","width":600,"height":1200,"mime-type":"image\/jpeg","filesize":53975,"url":"https:\/\/lesversants.com\/wp-content\/uploads\/2022\/12\/139-nansenhus-maison-de-ville-lumineux-a-louer-a-mont-tremblan-7-600x1200.jpg"},"post-featured-image":{"file":"139-nansenhus-maison-de-ville-lumineux-a-louer-a-mont-tremblan-7-1240x720.jpg","width":1240,"height":720,"mime-type":"image\/jpeg","filesize":113049,"url":"https:\/\/lesversants.com\/wp-content\/uploads\/2022\/12\/139-nansenhus-maison-de-ville-lumineux-a-louer-a-mont-tremblan-7-1240x720.jpg"}},"image_meta":{"aperture":"11","credit":"","camera":"NIKON D7200","caption":"","created_timestamp":"1579703936","copyright":"","focal_length":"10","iso":"400","shutter_speed":"0.125","title":"","orientation":"1","keywords":[]},"ID":"18665","name":"139-nansenhus-maison-de-ville-lumineux-a-louer-a-mont-tremblan-7.jpg","path":"\/home\/lesversa\/public_html\/wp-content\/uploads\/2022\/12\/139-nansenhus-maison-de-ville-lumineux-a-louer-a-mont-tremblan-7.jpg","url":"https:\/\/lesversants.com\/wp-content\/uploads\/2022\/12\/139-nansenhus-maison-de-ville-lumineux-a-louer-a-mont-tremblan-7-150x150.jpg","full_url":"https:\/\/lesversants.com\/wp-content\/uploads\/2022\/12\/139-nansenhus-maison-de-ville-lumineux-a-louer-a-mont-tremblan-7.jpg","title":"139 nansenhus maison de ville lumineux a louer a mont tremblan 7","caption":"","description":"","alt":"139 nansenhus maison de ville lumineux a louer a mont tremblan 7","srcset":"https:\/\/lesversants.com\/wp-content\/uploads\/2022\/12\/139-nansenhus-maison-de-ville-lumineux-a-louer-a-mont-tremblan-7-150x150.jpg 150w, https:\/\/lesversants.com\/wp-content\/uploads\/2022\/12\/139-nansenhus-maison-de-ville-lumineux-a-louer-a-mont-tremblan-7-120x120.jpg 120w, https:\/\/lesversants.com\/wp-content\/uploads\/2022\/12\/139-nansenhus-maison-de-ville-lumineux-a-louer-a-mont-tremblan-7-210x210.jpg 210w"},{"width":150,"height":150,"file":"2023\/10\/2023-09_maison-chalet-condo-mont-tremblant-style-de-vie-course-en-sentier-Kevin-Lemaire-110.jpg","filesize":1304066,"sizes":{"medium":{"file":"2023-09_maison-chalet-condo-mont-tremblant-style-de-vie-course-en-sentier-Kevin-Lemaire-110-300x200.jpg","width":300,"height":200,"mime-type":"image\/jpeg","filesize":24432,"url":"https:\/\/lesversants.com\/wp-content\/uploads\/2023\/10\/2023-09_maison-chalet-condo-mont-tremblant-style-de-vie-course-en-sentier-Kevin-Lemaire-110-300x200.jpg"},"large":{"file":"2023-09_maison-chalet-condo-mont-tremblant-style-de-vie-course-en-sentier-Kevin-Lemaire-110-1024x683.jpg","width":1024,"height":683,"mime-type":"image\/jpeg","filesize":262073,"url":"https:\/\/lesversants.com\/wp-content\/uploads\/2023\/10\/2023-09_maison-chalet-condo-mont-tremblant-style-de-vie-course-en-sentier-Kevin-Lemaire-110-1024x683.jpg"},"thumbnail":{"file":"2023-09_maison-chalet-condo-mont-tremblant-style-de-vie-course-en-sentier-Kevin-Lemaire-110-150x150.jpg","width":150,"height":150,"mime-type":"image\/jpeg","filesize":9968,"url":"https:\/\/lesversants.com\/wp-content\/uploads\/2023\/10\/2023-09_maison-chalet-condo-mont-tremblant-style-de-vie-course-en-sentier-Kevin-Lemaire-110-150x150.jpg"},"medium_large":{"file":"2023-09_maison-chalet-condo-mont-tremblant-style-de-vie-course-en-sentier-Kevin-Lemaire-110-768x512.jpg","width":768,"height":512,"mime-type":"image\/jpeg","filesize":152528,"url":"https:\/\/lesversants.com\/wp-content\/uploads\/2023\/10\/2023-09_maison-chalet-condo-mont-tremblant-style-de-vie-course-en-sentier-Kevin-Lemaire-110-768x512.jpg"},"tf-client-image-size":{"file":"2023-09_maison-chalet-condo-mont-tremblant-style-de-vie-course-en-sentier-Kevin-Lemaire-110-120x120.jpg","width":120,"height":120,"mime-type":"image\/jpeg","filesize":6703,"url":"https:\/\/lesversants.com\/wp-content\/uploads\/2023\/10\/2023-09_maison-chalet-condo-mont-tremblant-style-de-vie-course-en-sentier-Kevin-Lemaire-110-120x120.jpg"},"1536x1536":{"file":"2023-09_maison-chalet-condo-mont-tremblant-style-de-vie-course-en-sentier-Kevin-Lemaire-110-1536x1024.jpg","width":1536,"height":1024,"mime-type":"image\/jpeg","filesize":545157,"url":"https:\/\/lesversants.com\/wp-content\/uploads\/2023\/10\/2023-09_maison-chalet-condo-mont-tremblant-style-de-vie-course-en-sentier-Kevin-Lemaire-110-1536x1024.jpg"},"post-thumbnail":{"file":"2023-09_maison-chalet-condo-mont-tremblant-style-de-vie-course-en-sentier-Kevin-Lemaire-110-150x100.jpg","width":150,"height":100,"mime-type":"image\/jpeg","filesize":6880,"url":"https:\/\/lesversants.com\/wp-content\/uploads\/2023\/10\/2023-09_maison-chalet-condo-mont-tremblant-style-de-vie-course-en-sentier-Kevin-Lemaire-110-150x100.jpg"},"modern-property-child-slider":{"file":"2023-09_maison-chalet-condo-mont-tremblant-style-de-vie-course-en-sentier-Kevin-Lemaire-110-680x510.jpg","width":680,"height":510,"mime-type":"image\/jpeg","filesize":136228,"url":"https:\/\/lesversants.com\/wp-content\/uploads\/2023\/10\/2023-09_maison-chalet-condo-mont-tremblant-style-de-vie-course-en-sentier-Kevin-Lemaire-110-680x510.jpg"},"property-thumb-image":{"file":"2023-09_maison-chalet-condo-mont-tremblant-style-de-vie-course-en-sentier-Kevin-Lemaire-110-488x326.jpg","width":488,"height":326,"mime-type":"image\/jpeg","filesize":63298,"url":"https:\/\/lesversants.com\/wp-content\/uploads\/2023\/10\/2023-09_maison-chalet-condo-mont-tremblant-style-de-vie-course-en-sentier-Kevin-Lemaire-110-488x326.jpg"},"property-detail-video-image":{"file":"2023-09_maison-chalet-condo-mont-tremblant-style-de-vie-course-en-sentier-Kevin-Lemaire-110-818x417.jpg","width":818,"height":417,"mime-type":"image\/jpeg","filesize":134025,"url":"https:\/\/lesversants.com\/wp-content\/uploads\/2023\/10\/2023-09_maison-chalet-condo-mont-tremblant-style-de-vie-course-en-sentier-Kevin-Lemaire-110-818x417.jpg"},"agent-image":{"file":"2023-09_maison-chalet-condo-mont-tremblant-style-de-vie-course-en-sentier-Kevin-Lemaire-110-210x210.jpg","width":210,"height":210,"mime-type":"image\/jpeg","filesize":19211,"url":"https:\/\/lesversants.com\/wp-content\/uploads\/2023\/10\/2023-09_maison-chalet-condo-mont-tremblant-style-de-vie-course-en-sentier-Kevin-Lemaire-110-210x210.jpg"},"partners-logo":{"file":"2023-09_maison-chalet-condo-mont-tremblant-style-de-vie-course-en-sentier-Kevin-Lemaire-110-600x1280.jpg","width":600,"height":1280,"mime-type":"image\/jpeg","filesize":306322,"url":"https:\/\/lesversants.com\/wp-content\/uploads\/2023\/10\/2023-09_maison-chalet-condo-mont-tremblant-style-de-vie-course-en-sentier-Kevin-Lemaire-110-600x1280.jpg"},"post-featured-image":{"file":"2023-09_maison-chalet-condo-mont-tremblant-style-de-vie-course-en-sentier-Kevin-Lemaire-110-1240x720.jpg","width":1240,"height":720,"mime-type":"image\/jpeg","filesize":329101,"url":"https:\/\/lesversants.com\/wp-content\/uploads\/2023\/10\/2023-09_maison-chalet-condo-mont-tremblant-style-de-vie-course-en-sentier-Kevin-Lemaire-110-1240x720.jpg"}},"image_meta":{"aperture":"2.8","credit":"kevin lemaire","camera":"Canon EOS R","caption":"","created_timestamp":"1693886678","copyright":"kevin lemaire\nklmotionmedia","focal_length":"16","iso":"320","shutter_speed":"0.001","title":"","orientation":"1","keywords":[]},"ID":"32239","name":"2023-09_maison-chalet-condo-mont-tremblant-style-de-vie-course-en-sentier-Kevin-Lemaire-110.jpg","path":"\/home\/lesversa\/public_html\/wp-content\/uploads\/2023\/10\/2023-09_maison-chalet-condo-mont-tremblant-style-de-vie-course-en-sentier-Kevin-Lemaire-110.jpg","url":"https:\/\/lesversants.com\/wp-content\/uploads\/2023\/10\/2023-09_maison-chalet-condo-mont-tremblant-style-de-vie-course-en-sentier-Kevin-Lemaire-110-150x150.jpg","full_url":"https:\/\/lesversants.com\/wp-content\/uploads\/2023\/10\/2023-09_maison-chalet-condo-mont-tremblant-style-de-vie-course-en-sentier-Kevin-Lemaire-110.jpg","title":"2023 09 maison chalet condo mont tremblant style de vie course en sentier (Kevin Lemaire 110)","caption":"","description":"","alt":"2023 09 maison chalet condo mont tremblant style de vie course en sentier (Kevin Lemaire 110)","srcset":"https:\/\/lesversants.com\/wp-content\/uploads\/2023\/10\/2023-09_maison-chalet-condo-mont-tremblant-style-de-vie-course-en-sentier-Kevin-Lemaire-110-150x150.jpg 150w, https:\/\/lesversants.com\/wp-content\/uploads\/2023\/10\/2023-09_maison-chalet-condo-mont-tremblant-style-de-vie-course-en-sentier-Kevin-Lemaire-110-120x120.jpg 120w, https:\/\/lesversants.com\/wp-content\/uploads\/2023\/10\/2023-09_maison-chalet-condo-mont-tremblant-style-de-vie-course-en-sentier-Kevin-Lemaire-110-210x210.jpg 210w"},{"width":150,"height":150,"file":"2022\/12\/139-nansenhus-maison-de-ville-lumineux-a-louer-a-mont-tremblan-25.jpg","filesize":366787,"sizes":{"medium":{"file":"139-nansenhus-maison-de-ville-lumineux-a-louer-a-mont-tremblan-25-300x200.jpg","width":300,"height":200,"mime-type":"image\/jpeg","filesize":21904,"url":"https:\/\/lesversants.com\/wp-content\/uploads\/2022\/12\/139-nansenhus-maison-de-ville-lumineux-a-louer-a-mont-tremblan-25-300x200.jpg"},"large":{"file":"139-nansenhus-maison-de-ville-lumineux-a-louer-a-mont-tremblan-25-1024x682.jpg","width":1024,"height":682,"mime-type":"image\/jpeg","filesize":229862,"url":"https:\/\/lesversants.com\/wp-content\/uploads\/2022\/12\/139-nansenhus-maison-de-ville-lumineux-a-louer-a-mont-tremblan-25-1024x682.jpg"},"thumbnail":{"file":"139-nansenhus-maison-de-ville-lumineux-a-louer-a-mont-tremblan-25-150x150.jpg","width":150,"height":150,"mime-type":"image\/jpeg","filesize":9055,"url":"https:\/\/lesversants.com\/wp-content\/uploads\/2022\/12\/139-nansenhus-maison-de-ville-lumineux-a-louer-a-mont-tremblan-25-150x150.jpg"},"medium_large":{"file":"139-nansenhus-maison-de-ville-lumineux-a-louer-a-mont-tremblan-25-768x512.jpg","width":768,"height":512,"mime-type":"image\/jpeg","filesize":133800,"url":"https:\/\/lesversants.com\/wp-content\/uploads\/2022\/12\/139-nansenhus-maison-de-ville-lumineux-a-louer-a-mont-tremblan-25-768x512.jpg"},"tf-client-image-size":{"file":"139-nansenhus-maison-de-ville-lumineux-a-louer-a-mont-tremblan-25-120x120.jpg","width":120,"height":120,"mime-type":"image\/jpeg","filesize":5915,"url":"https:\/\/lesversants.com\/wp-content\/uploads\/2022\/12\/139-nansenhus-maison-de-ville-lumineux-a-louer-a-mont-tremblan-25-120x120.jpg"},"1536x1536":{"file":"139-nansenhus-maison-de-ville-lumineux-a-louer-a-mont-tremblan-25-1536x1023.jpg","width":1536,"height":1023,"mime-type":"image\/jpeg","filesize":460162,"url":"https:\/\/lesversants.com\/wp-content\/uploads\/2022\/12\/139-nansenhus-maison-de-ville-lumineux-a-louer-a-mont-tremblan-25-1536x1023.jpg"},"post-thumbnail":{"file":"139-nansenhus-maison-de-ville-lumineux-a-louer-a-mont-tremblan-25-150x100.jpg","width":150,"height":100,"mime-type":"image\/jpeg","filesize":6374,"url":"https:\/\/lesversants.com\/wp-content\/uploads\/2022\/12\/139-nansenhus-maison-de-ville-lumineux-a-louer-a-mont-tremblan-25-150x100.jpg"},"modern-property-child-slider":{"file":"139-nansenhus-maison-de-ville-lumineux-a-louer-a-mont-tremblan-25-680x510.jpg","width":680,"height":510,"mime-type":"image\/jpeg","filesize":119844,"url":"https:\/\/lesversants.com\/wp-content\/uploads\/2022\/12\/139-nansenhus-maison-de-ville-lumineux-a-louer-a-mont-tremblan-25-680x510.jpg"},"property-thumb-image":{"file":"139-nansenhus-maison-de-ville-lumineux-a-louer-a-mont-tremblan-25-488x326.jpg","width":488,"height":326,"mime-type":"image\/jpeg","filesize":55860,"url":"https:\/\/lesversants.com\/wp-content\/uploads\/2022\/12\/139-nansenhus-maison-de-ville-lumineux-a-louer-a-mont-tremblan-25-488x326.jpg"},"property-detail-video-image":{"file":"139-nansenhus-maison-de-ville-lumineux-a-louer-a-mont-tremblan-25-818x417.jpg","width":818,"height":417,"mime-type":"image\/jpeg","filesize":121077,"url":"https:\/\/lesversants.com\/wp-content\/uploads\/2022\/12\/139-nansenhus-maison-de-ville-lumineux-a-louer-a-mont-tremblan-25-818x417.jpg"},"agent-image":{"file":"139-nansenhus-maison-de-ville-lumineux-a-louer-a-mont-tremblan-25-210x210.jpg","width":210,"height":210,"mime-type":"image\/jpeg","filesize":16602,"url":"https:\/\/lesversants.com\/wp-content\/uploads\/2022\/12\/139-nansenhus-maison-de-ville-lumineux-a-louer-a-mont-tremblan-25-210x210.jpg"},"partners-logo":{"file":"139-nansenhus-maison-de-ville-lumineux-a-louer-a-mont-tremblan-25-600x1199.jpg","width":600,"height":1199,"mime-type":"image\/jpeg","filesize":176599,"url":"https:\/\/lesversants.com\/wp-content\/uploads\/2022\/12\/139-nansenhus-maison-de-ville-lumineux-a-louer-a-mont-tremblan-25-600x1199.jpg"},"post-featured-image":{"file":"139-nansenhus-maison-de-ville-lumineux-a-louer-a-mont-tremblan-25-1240x720.jpg","width":1240,"height":720,"mime-type":"image\/jpeg","filesize":287821,"url":"https:\/\/lesversants.com\/wp-content\/uploads\/2022\/12\/139-nansenhus-maison-de-ville-lumineux-a-louer-a-mont-tremblan-25-1240x720.jpg"}},"image_meta":{"aperture":"11","credit":"","camera":"NIKON D7200","caption":"","created_timestamp":"1579702477","copyright":"","focal_length":"16","iso":"400","shutter_speed":"0.002","title":"","orientation":"1","keywords":[]},"ID":"18651","name":"139-nansenhus-maison-de-ville-lumineux-a-louer-a-mont-tremblan-25.jpg","path":"\/home\/lesversa\/public_html\/wp-content\/uploads\/2022\/12\/139-nansenhus-maison-de-ville-lumineux-a-louer-a-mont-tremblan-25.jpg","url":"https:\/\/lesversants.com\/wp-content\/uploads\/2022\/12\/139-nansenhus-maison-de-ville-lumineux-a-louer-a-mont-tremblan-25-150x150.jpg","full_url":"https:\/\/lesversants.com\/wp-content\/uploads\/2022\/12\/139-nansenhus-maison-de-ville-lumineux-a-louer-a-mont-tremblan-25.jpg","title":"139 nansenhus maison de ville lumineux a louer a mont tremblan 25","caption":"","description":"","alt":"139 nansenhus maison de ville lumineux a louer a mont tremblan 25","srcset":"https:\/\/lesversants.com\/wp-content\/uploads\/2022\/12\/139-nansenhus-maison-de-ville-lumineux-a-louer-a-mont-tremblan-25-150x150.jpg 150w, https:\/\/lesversants.com\/wp-content\/uploads\/2022\/12\/139-nansenhus-maison-de-ville-lumineux-a-louer-a-mont-tremblan-25-120x120.jpg 120w, https:\/\/lesversants.com\/wp-content\/uploads\/2022\/12\/139-nansenhus-maison-de-ville-lumineux-a-louer-a-mont-tremblan-25-210x210.jpg 210w"},{"width":150,"height":150,"file":"2022\/09\/Domaine-Nansen-Nansenhus-maison-de-ville-chalet-ski-in-out-Mont-Tremblant7-Web-MC.jpg","sizes":{"medium":{"file":"Domaine-Nansen-Nansenhus-maison-de-ville-chalet-ski-in-out-Mont-Tremblant7-Web-MC-300x200.jpg","width":300,"height":200,"mime-type":"image\/jpeg","filesize":21622,"url":"https:\/\/lesversants.com\/wp-content\/uploads\/2022\/09\/Domaine-Nansen-Nansenhus-maison-de-ville-chalet-ski-in-out-Mont-Tremblant7-Web-MC-300x200.jpg"},"large":{"file":"Domaine-Nansen-Nansenhus-maison-de-ville-chalet-ski-in-out-Mont-Tremblant7-Web-MC-1024x683.jpg","width":1024,"height":683,"mime-type":"image\/jpeg","filesize":225472,"url":"https:\/\/lesversants.com\/wp-content\/uploads\/2022\/09\/Domaine-Nansen-Nansenhus-maison-de-ville-chalet-ski-in-out-Mont-Tremblant7-Web-MC-1024x683.jpg"},"thumbnail":{"file":"Domaine-Nansen-Nansenhus-maison-de-ville-chalet-ski-in-out-Mont-Tremblant7-Web-MC-150x150.jpg","width":150,"height":150,"mime-type":"image\/jpeg","filesize":8781,"url":"https:\/\/lesversants.com\/wp-content\/uploads\/2022\/09\/Domaine-Nansen-Nansenhus-maison-de-ville-chalet-ski-in-out-Mont-Tremblant7-Web-MC-150x150.jpg"},"medium_large":{"file":"Domaine-Nansen-Nansenhus-maison-de-ville-chalet-ski-in-out-Mont-Tremblant7-Web-MC-768x512.jpg","width":768,"height":512,"mime-type":"image\/jpeg","filesize":132855,"url":"https:\/\/lesversants.com\/wp-content\/uploads\/2022\/09\/Domaine-Nansen-Nansenhus-maison-de-ville-chalet-ski-in-out-Mont-Tremblant7-Web-MC-768x512.jpg"},"tf-client-image-size":{"file":"Domaine-Nansen-Nansenhus-maison-de-ville-chalet-ski-in-out-Mont-Tremblant7-Web-MC-120x120.jpg","width":120,"height":120,"mime-type":"image\/jpeg","filesize":5665,"url":"https:\/\/lesversants.com\/wp-content\/uploads\/2022\/09\/Domaine-Nansen-Nansenhus-maison-de-ville-chalet-ski-in-out-Mont-Tremblant7-Web-MC-120x120.jpg"},"post-thumbnail":{"file":"Domaine-Nansen-Nansenhus-maison-de-ville-chalet-ski-in-out-Mont-Tremblant7-Web-MC-150x100.jpg","width":150,"height":100,"mime-type":"image\/jpeg","filesize":6158,"url":"https:\/\/lesversants.com\/wp-content\/uploads\/2022\/09\/Domaine-Nansen-Nansenhus-maison-de-ville-chalet-ski-in-out-Mont-Tremblant7-Web-MC-150x100.jpg"},"modern-property-child-slider":{"file":"Domaine-Nansen-Nansenhus-maison-de-ville-chalet-ski-in-out-Mont-Tremblant7-Web-MC-680x510.jpg","width":680,"height":510,"mime-type":"image\/jpeg","filesize":117722,"url":"https:\/\/lesversants.com\/wp-content\/uploads\/2022\/09\/Domaine-Nansen-Nansenhus-maison-de-ville-chalet-ski-in-out-Mont-Tremblant7-Web-MC-680x510.jpg"},"property-thumb-image":{"file":"Domaine-Nansen-Nansenhus-maison-de-ville-chalet-ski-in-out-Mont-Tremblant7-Web-MC-488x326.jpg","width":488,"height":326,"mime-type":"image\/jpeg","filesize":55810,"url":"https:\/\/lesversants.com\/wp-content\/uploads\/2022\/09\/Domaine-Nansen-Nansenhus-maison-de-ville-chalet-ski-in-out-Mont-Tremblant7-Web-MC-488x326.jpg"},"property-detail-video-image":{"file":"Domaine-Nansen-Nansenhus-maison-de-ville-chalet-ski-in-out-Mont-Tremblant7-Web-MC-818x417.jpg","width":818,"height":417,"mime-type":"image\/jpeg","filesize":110752,"url":"https:\/\/lesversants.com\/wp-content\/uploads\/2022\/09\/Domaine-Nansen-Nansenhus-maison-de-ville-chalet-ski-in-out-Mont-Tremblant7-Web-MC-818x417.jpg"},"agent-image":{"file":"Domaine-Nansen-Nansenhus-maison-de-ville-chalet-ski-in-out-Mont-Tremblant7-Web-MC-210x210.jpg","width":210,"height":210,"mime-type":"image\/jpeg","filesize":16104,"url":"https:\/\/lesversants.com\/wp-content\/uploads\/2022\/09\/Domaine-Nansen-Nansenhus-maison-de-ville-chalet-ski-in-out-Mont-Tremblant7-Web-MC-210x210.jpg"},"partners-logo":{"file":"Domaine-Nansen-Nansenhus-maison-de-ville-chalet-ski-in-out-Mont-Tremblant7-Web-MC-600x891.jpg","width":600,"height":891,"mime-type":"image\/jpeg","filesize":179921,"url":"https:\/\/lesversants.com\/wp-content\/uploads\/2022\/09\/Domaine-Nansen-Nansenhus-maison-de-ville-chalet-ski-in-out-Mont-Tremblant7-Web-MC-600x891.jpg"},"post-featured-image":{"file":"Domaine-Nansen-Nansenhus-maison-de-ville-chalet-ski-in-out-Mont-Tremblant7-Web-MC-1240x720.jpg","width":1240,"height":720,"mime-type":"image\/jpeg","filesize":266716,"url":"https:\/\/lesversants.com\/wp-content\/uploads\/2022\/09\/Domaine-Nansen-Nansenhus-maison-de-ville-chalet-ski-in-out-Mont-Tremblant7-Web-MC-1240x720.jpg"}},"image_meta":{"aperture":"5.6","credit":"","camera":"NIKON Z 50","caption":"","created_timestamp":"1662560704","copyright":"","focal_length":"21","iso":"200","shutter_speed":"0.008","title":"","orientation":"1","keywords":[]},"filesize":1146691,"ID":"12458","name":"Domaine-Nansen-Nansenhus-maison-de-ville-chalet-ski-in-out-Mont-Tremblant7-Web-MC.jpg","path":"\/home\/lesversa\/public_html\/wp-content\/uploads\/2022\/09\/Domaine-Nansen-Nansenhus-maison-de-ville-chalet-ski-in-out-Mont-Tremblant7-Web-MC.jpg","url":"https:\/\/lesversants.com\/wp-content\/uploads\/2022\/09\/Domaine-Nansen-Nansenhus-maison-de-ville-chalet-ski-in-out-Mont-Tremblant7-Web-MC-150x150.jpg","full_url":"https:\/\/lesversants.com\/wp-content\/uploads\/2022\/09\/Domaine-Nansen-Nansenhus-maison-de-ville-chalet-ski-in-out-Mont-Tremblant7-Web-MC.jpg","title":"Domaine Nansen Nansenhus maison de ville chalet ski in out Mont Tremblant7 Web MC","caption":"","description":"","alt":"Domaine Nansen Nansenhus maison de ville chalet ski in out Mont Tremblant7 Web MC","srcset":"https:\/\/lesversants.com\/wp-content\/uploads\/2022\/09\/Domaine-Nansen-Nansenhus-maison-de-ville-chalet-ski-in-out-Mont-Tremblant7-Web-MC-150x150.jpg 150w, https:\/\/lesversants.com\/wp-content\/uploads\/2022\/09\/Domaine-Nansen-Nansenhus-maison-de-ville-chalet-ski-in-out-Mont-Tremblant7-Web-MC-120x120.jpg 120w, https:\/\/lesversants.com\/wp-content\/uploads\/2022\/09\/Domaine-Nansen-Nansenhus-maison-de-ville-chalet-ski-in-out-Mont-Tremblant7-Web-MC-210x210.jpg 210w"},{"width":150,"height":150,"file":"2022\/12\/139-nansenhus-maison-de-ville-lumineux-a-louer-a-mont-tremblan-24.jpg","filesize":290039,"sizes":{"medium":{"file":"139-nansenhus-maison-de-ville-lumineux-a-louer-a-mont-tremblan-24-300x200.jpg","width":300,"height":200,"mime-type":"image\/jpeg","filesize":19669,"url":"https:\/\/lesversants.com\/wp-content\/uploads\/2022\/12\/139-nansenhus-maison-de-ville-lumineux-a-louer-a-mont-tremblan-24-300x200.jpg"},"large":{"file":"139-nansenhus-maison-de-ville-lumineux-a-louer-a-mont-tremblan-24-1024x683.jpg","width":1024,"height":683,"mime-type":"image\/jpeg","filesize":194332,"url":"https:\/\/lesversants.com\/wp-content\/uploads\/2022\/12\/139-nansenhus-maison-de-ville-lumineux-a-louer-a-mont-tremblan-24-1024x683.jpg"},"thumbnail":{"file":"139-nansenhus-maison-de-ville-lumineux-a-louer-a-mont-tremblan-24-150x150.jpg","width":150,"height":150,"mime-type":"image\/jpeg","filesize":8134,"url":"https:\/\/lesversants.com\/wp-content\/uploads\/2022\/12\/139-nansenhus-maison-de-ville-lumineux-a-louer-a-mont-tremblan-24-150x150.jpg"},"medium_large":{"file":"139-nansenhus-maison-de-ville-lumineux-a-louer-a-mont-tremblan-24-768x512.jpg","width":768,"height":512,"mime-type":"image\/jpeg","filesize":114255,"url":"https:\/\/lesversants.com\/wp-content\/uploads\/2022\/12\/139-nansenhus-maison-de-ville-lumineux-a-louer-a-mont-tremblan-24-768x512.jpg"},"tf-client-image-size":{"file":"139-nansenhus-maison-de-ville-lumineux-a-louer-a-mont-tremblan-24-120x120.jpg","width":120,"height":120,"mime-type":"image\/jpeg","filesize":5425,"url":"https:\/\/lesversants.com\/wp-content\/uploads\/2022\/12\/139-nansenhus-maison-de-ville-lumineux-a-louer-a-mont-tremblan-24-120x120.jpg"},"1536x1536":{"file":"139-nansenhus-maison-de-ville-lumineux-a-louer-a-mont-tremblan-24-1536x1024.jpg","width":1536,"height":1024,"mime-type":"image\/jpeg","filesize":383538,"url":"https:\/\/lesversants.com\/wp-content\/uploads\/2022\/12\/139-nansenhus-maison-de-ville-lumineux-a-louer-a-mont-tremblan-24-1536x1024.jpg"},"post-thumbnail":{"file":"139-nansenhus-maison-de-ville-lumineux-a-louer-a-mont-tremblan-24-150x100.jpg","width":150,"height":100,"mime-type":"image\/jpeg","filesize":5822,"url":"https:\/\/lesversants.com\/wp-content\/uploads\/2022\/12\/139-nansenhus-maison-de-ville-lumineux-a-louer-a-mont-tremblan-24-150x100.jpg"},"modern-property-child-slider":{"file":"139-nansenhus-maison-de-ville-lumineux-a-louer-a-mont-tremblan-24-680x510.jpg","width":680,"height":510,"mime-type":"image\/jpeg","filesize":100454,"url":"https:\/\/lesversants.com\/wp-content\/uploads\/2022\/12\/139-nansenhus-maison-de-ville-lumineux-a-louer-a-mont-tremblan-24-680x510.jpg"},"property-thumb-image":{"file":"139-nansenhus-maison-de-ville-lumineux-a-louer-a-mont-tremblan-24-488x326.jpg","width":488,"height":326,"mime-type":"image\/jpeg","filesize":48431,"url":"https:\/\/lesversants.com\/wp-content\/uploads\/2022\/12\/139-nansenhus-maison-de-ville-lumineux-a-louer-a-mont-tremblan-24-488x326.jpg"},"property-detail-video-image":{"file":"139-nansenhus-maison-de-ville-lumineux-a-louer-a-mont-tremblan-24-818x417.jpg","width":818,"height":417,"mime-type":"image\/jpeg","filesize":104888,"url":"https:\/\/lesversants.com\/wp-content\/uploads\/2022\/12\/139-nansenhus-maison-de-ville-lumineux-a-louer-a-mont-tremblan-24-818x417.jpg"},"agent-image":{"file":"139-nansenhus-maison-de-ville-lumineux-a-louer-a-mont-tremblan-24-210x210.jpg","width":210,"height":210,"mime-type":"image\/jpeg","filesize":14551,"url":"https:\/\/lesversants.com\/wp-content\/uploads\/2022\/12\/139-nansenhus-maison-de-ville-lumineux-a-louer-a-mont-tremblan-24-210x210.jpg"},"partners-logo":{"file":"139-nansenhus-maison-de-ville-lumineux-a-louer-a-mont-tremblan-24-600x1200.jpg","width":600,"height":1200,"mime-type":"image\/jpeg","filesize":129686,"url":"https:\/\/lesversants.com\/wp-content\/uploads\/2022\/12\/139-nansenhus-maison-de-ville-lumineux-a-louer-a-mont-tremblan-24-600x1200.jpg"},"post-featured-image":{"file":"139-nansenhus-maison-de-ville-lumineux-a-louer-a-mont-tremblan-24-1240x720.jpg","width":1240,"height":720,"mime-type":"image\/jpeg","filesize":242188,"url":"https:\/\/lesversants.com\/wp-content\/uploads\/2022\/12\/139-nansenhus-maison-de-ville-lumineux-a-louer-a-mont-tremblan-24-1240x720.jpg"}},"image_meta":{"aperture":"11","credit":"","camera":"NIKON D7200","caption":"","created_timestamp":"1579702441","copyright":"","focal_length":"10","iso":"400","shutter_speed":"0.0015625","title":"","orientation":"1","keywords":[]},"ID":"18649","name":"139-nansenhus-maison-de-ville-lumineux-a-louer-a-mont-tremblan-24.jpg","path":"\/home\/lesversa\/public_html\/wp-content\/uploads\/2022\/12\/139-nansenhus-maison-de-ville-lumineux-a-louer-a-mont-tremblan-24.jpg","url":"https:\/\/lesversants.com\/wp-content\/uploads\/2022\/12\/139-nansenhus-maison-de-ville-lumineux-a-louer-a-mont-tremblan-24-150x150.jpg","full_url":"https:\/\/lesversants.com\/wp-content\/uploads\/2022\/12\/139-nansenhus-maison-de-ville-lumineux-a-louer-a-mont-tremblan-24.jpg","title":"139 nansenhus maison de ville lumineux a louer a mont tremblan 24","caption":"","description":"","alt":"139 nansenhus maison de ville lumineux a louer a mont tremblan 24","srcset":"https:\/\/lesversants.com\/wp-content\/uploads\/2022\/12\/139-nansenhus-maison-de-ville-lumineux-a-louer-a-mont-tremblan-24-150x150.jpg 150w, https:\/\/lesversants.com\/wp-content\/uploads\/2022\/12\/139-nansenhus-maison-de-ville-lumineux-a-louer-a-mont-tremblan-24-120x120.jpg 120w, https:\/\/lesversants.com\/wp-content\/uploads\/2022\/12\/139-nansenhus-maison-de-ville-lumineux-a-louer-a-mont-tremblan-24-210x210.jpg 210w"},{"width":150,"height":150,"file":"2024\/03\/2023-09_belvedere-maison-chalet-condo-mont-tremblant-style-de-vie-velo-de-montagne-Kevin-Lemaire-12.jpg","filesize":840568,"sizes":{"medium":{"file":"2023-09_belvedere-maison-chalet-condo-mont-tremblant-style-de-vie-velo-de-montagne-Kevin-Lemaire-12-300x200.jpg","width":300,"height":200,"mime-type":"image\/jpeg","filesize":20752,"url":"https:\/\/lesversants.com\/wp-content\/uploads\/2024\/03\/2023-09_belvedere-maison-chalet-condo-mont-tremblant-style-de-vie-velo-de-montagne-Kevin-Lemaire-12-300x200.jpg"},"large":{"file":"2023-09_belvedere-maison-chalet-condo-mont-tremblant-style-de-vie-velo-de-montagne-Kevin-Lemaire-12-1024x683.jpg","width":1024,"height":683,"mime-type":"image\/jpeg","filesize":159113,"url":"https:\/\/lesversants.com\/wp-content\/uploads\/2024\/03\/2023-09_belvedere-maison-chalet-condo-mont-tremblant-style-de-vie-velo-de-montagne-Kevin-Lemaire-12-1024x683.jpg"},"thumbnail":{"file":"2023-09_belvedere-maison-chalet-condo-mont-tremblant-style-de-vie-velo-de-montagne-Kevin-Lemaire-12-150x150.jpg","width":150,"height":150,"mime-type":"image\/jpeg","filesize":9710,"url":"https:\/\/lesversants.com\/wp-content\/uploads\/2024\/03\/2023-09_belvedere-maison-chalet-condo-mont-tremblant-style-de-vie-velo-de-montagne-Kevin-Lemaire-12-150x150.jpg"},"medium_large":{"file":"2023-09_belvedere-maison-chalet-condo-mont-tremblant-style-de-vie-velo-de-montagne-Kevin-Lemaire-12-768x512.jpg","width":768,"height":512,"mime-type":"image\/jpeg","filesize":99746,"url":"https:\/\/lesversants.com\/wp-content\/uploads\/2024\/03\/2023-09_belvedere-maison-chalet-condo-mont-tremblant-style-de-vie-velo-de-montagne-Kevin-Lemaire-12-768x512.jpg"},"tf-client-image-size":{"file":"2023-09_belvedere-maison-chalet-condo-mont-tremblant-style-de-vie-velo-de-montagne-Kevin-Lemaire-12-120x120.jpg","width":120,"height":120,"mime-type":"image\/jpeg","filesize":6790,"url":"https:\/\/lesversants.com\/wp-content\/uploads\/2024\/03\/2023-09_belvedere-maison-chalet-condo-mont-tremblant-style-de-vie-velo-de-montagne-Kevin-Lemaire-12-120x120.jpg"},"1536x1536":{"file":"2023-09_belvedere-maison-chalet-condo-mont-tremblant-style-de-vie-velo-de-montagne-Kevin-Lemaire-12-1536x1024.jpg","width":1536,"height":1024,"mime-type":"image\/jpeg","filesize":295834,"url":"https:\/\/lesversants.com\/wp-content\/uploads\/2024\/03\/2023-09_belvedere-maison-chalet-condo-mont-tremblant-style-de-vie-velo-de-montagne-Kevin-Lemaire-12-1536x1024.jpg"},"post-thumbnail":{"file":"2023-09_belvedere-maison-chalet-condo-mont-tremblant-style-de-vie-velo-de-montagne-Kevin-Lemaire-12-150x100.jpg","width":150,"height":100,"mime-type":"image\/jpeg","filesize":6838,"url":"https:\/\/lesversants.com\/wp-content\/uploads\/2024\/03\/2023-09_belvedere-maison-chalet-condo-mont-tremblant-style-de-vie-velo-de-montagne-Kevin-Lemaire-12-150x100.jpg"},"modern-property-child-slider":{"file":"2023-09_belvedere-maison-chalet-condo-mont-tremblant-style-de-vie-velo-de-montagne-Kevin-Lemaire-12-680x510.jpg","width":680,"height":510,"mime-type":"image\/jpeg","filesize":92446,"url":"https:\/\/lesversants.com\/wp-content\/uploads\/2024\/03\/2023-09_belvedere-maison-chalet-condo-mont-tremblant-style-de-vie-velo-de-montagne-Kevin-Lemaire-12-680x510.jpg"},"property-thumb-image":{"file":"2023-09_belvedere-maison-chalet-condo-mont-tremblant-style-de-vie-velo-de-montagne-Kevin-Lemaire-12-488x326.jpg","width":488,"height":326,"mime-type":"image\/jpeg","filesize":47552,"url":"https:\/\/lesversants.com\/wp-content\/uploads\/2024\/03\/2023-09_belvedere-maison-chalet-condo-mont-tremblant-style-de-vie-velo-de-montagne-Kevin-Lemaire-12-488x326.jpg"},"property-detail-video-image":{"file":"2023-09_belvedere-maison-chalet-condo-mont-tremblant-style-de-vie-velo-de-montagne-Kevin-Lemaire-12-818x417.jpg","width":818,"height":417,"mime-type":"image\/jpeg","filesize":83112,"url":"https:\/\/lesversants.com\/wp-content\/uploads\/2024\/03\/2023-09_belvedere-maison-chalet-condo-mont-tremblant-style-de-vie-velo-de-montagne-Kevin-Lemaire-12-818x417.jpg"},"agent-image":{"file":"2023-09_belvedere-maison-chalet-condo-mont-tremblant-style-de-vie-velo-de-montagne-Kevin-Lemaire-12-210x210.jpg","width":210,"height":210,"mime-type":"image\/jpeg","filesize":17373,"url":"https:\/\/lesversants.com\/wp-content\/uploads\/2024\/03\/2023-09_belvedere-maison-chalet-condo-mont-tremblant-style-de-vie-velo-de-montagne-Kevin-Lemaire-12-210x210.jpg"},"partners-logo":{"file":"2023-09_belvedere-maison-chalet-condo-mont-tremblant-style-de-vie-velo-de-montagne-Kevin-Lemaire-12-600x1280.jpg","width":600,"height":1280,"mime-type":"image\/jpeg","filesize":163732,"url":"https:\/\/lesversants.com\/wp-content\/uploads\/2024\/03\/2023-09_belvedere-maison-chalet-condo-mont-tremblant-style-de-vie-velo-de-montagne-Kevin-Lemaire-12-600x1280.jpg"},"post-featured-image":{"file":"2023-09_belvedere-maison-chalet-condo-mont-tremblant-style-de-vie-velo-de-montagne-Kevin-Lemaire-12-1240x720.jpg","width":1240,"height":720,"mime-type":"image\/jpeg","filesize":182126,"url":"https:\/\/lesversants.com\/wp-content\/uploads\/2024\/03\/2023-09_belvedere-maison-chalet-condo-mont-tremblant-style-de-vie-velo-de-montagne-Kevin-Lemaire-12-1240x720.jpg"}},"image_meta":{"aperture":"1.4","credit":"kevin lemaire @klmotionmedia","camera":"Canon EOS R","caption":"","created_timestamp":"1693929306","copyright":"Kevin Lemaire","focal_length":"85","iso":"320","shutter_speed":"0.0008","title":"","orientation":"1","keywords":[]},"ID":"39616","name":"2023-09_belvedere-maison-chalet-condo-mont-tremblant-style-de-vie-velo-de-montagne-Kevin-Lemaire-12.jpg","path":"\/home\/lesversa\/public_html\/wp-content\/uploads\/2024\/03\/2023-09_belvedere-maison-chalet-condo-mont-tremblant-style-de-vie-velo-de-montagne-Kevin-Lemaire-12.jpg","url":"https:\/\/lesversants.com\/wp-content\/uploads\/2024\/03\/2023-09_belvedere-maison-chalet-condo-mont-tremblant-style-de-vie-velo-de-montagne-Kevin-Lemaire-12-150x150.jpg","full_url":"https:\/\/lesversants.com\/wp-content\/uploads\/2024\/03\/2023-09_belvedere-maison-chalet-condo-mont-tremblant-style-de-vie-velo-de-montagne-Kevin-Lemaire-12.jpg","title":"2023 09 belvedere maison chalet condo mont tremblant style de vie velo de montagne (Kevin Lemaire 12)","caption":"","description":"","alt":"2023 09 belvedere maison chalet condo mont tremblant style de vie velo de montagne (Kevin Lemaire 12)","srcset":"https:\/\/lesversants.com\/wp-content\/uploads\/2024\/03\/2023-09_belvedere-maison-chalet-condo-mont-tremblant-style-de-vie-velo-de-montagne-Kevin-Lemaire-12-150x150.jpg 150w, https:\/\/lesversants.com\/wp-content\/uploads\/2024\/03\/2023-09_belvedere-maison-chalet-condo-mont-tremblant-style-de-vie-velo-de-montagne-Kevin-Lemaire-12-120x120.jpg 120w, https:\/\/lesversants.com\/wp-content\/uploads\/2024\/03\/2023-09_belvedere-maison-chalet-condo-mont-tremblant-style-de-vie-velo-de-montagne-Kevin-Lemaire-12-210x210.jpg 210w"},{"width":150,"height":150,"file":"2023\/12\/cafe-et-epicerie-fine-de-quartier-mont-tremblant.jpg","filesize":143613,"sizes":{"medium":{"file":"cafe-et-epicerie-fine-de-quartier-mont-tremblant-300x200.jpg","width":300,"height":200,"mime-type":"image\/jpeg","filesize":7254,"url":"https:\/\/lesversants.com\/wp-content\/uploads\/2023\/12\/cafe-et-epicerie-fine-de-quartier-mont-tremblant-300x200.jpg"},"large":{"file":"cafe-et-epicerie-fine-de-quartier-mont-tremblant-1024x683.jpg","width":1024,"height":683,"mime-type":"image\/jpeg","filesize":49766,"url":"https:\/\/lesversants.com\/wp-content\/uploads\/2023\/12\/cafe-et-epicerie-fine-de-quartier-mont-tremblant-1024x683.jpg"},"thumbnail":{"file":"cafe-et-epicerie-fine-de-quartier-mont-tremblant-150x150.jpg","width":150,"height":150,"mime-type":"image\/jpeg","filesize":3368,"url":"https:\/\/lesversants.com\/wp-content\/uploads\/2023\/12\/cafe-et-epicerie-fine-de-quartier-mont-tremblant-150x150.jpg"},"medium_large":{"file":"cafe-et-epicerie-fine-de-quartier-mont-tremblant-768x512.jpg","width":768,"height":512,"mime-type":"image\/jpeg","filesize":31372,"url":"https:\/\/lesversants.com\/wp-content\/uploads\/2023\/12\/cafe-et-epicerie-fine-de-quartier-mont-tremblant-768x512.jpg"},"tf-client-image-size":{"file":"cafe-et-epicerie-fine-de-quartier-mont-tremblant-120x120.jpg","width":120,"height":120,"mime-type":"image\/jpeg","filesize":2480,"url":"https:\/\/lesversants.com\/wp-content\/uploads\/2023\/12\/cafe-et-epicerie-fine-de-quartier-mont-tremblant-120x120.jpg"},"1536x1536":{"file":"cafe-et-epicerie-fine-de-quartier-mont-tremblant-1536x1024.jpg","width":1536,"height":1024,"mime-type":"image\/jpeg","filesize":95001,"url":"https:\/\/lesversants.com\/wp-content\/uploads\/2023\/12\/cafe-et-epicerie-fine-de-quartier-mont-tremblant-1536x1024.jpg"},"post-thumbnail":{"file":"cafe-et-epicerie-fine-de-quartier-mont-tremblant-150x100.jpg","width":150,"height":100,"mime-type":"image\/jpeg","filesize":2785,"url":"https:\/\/lesversants.com\/wp-content\/uploads\/2023\/12\/cafe-et-epicerie-fine-de-quartier-mont-tremblant-150x100.jpg"},"modern-property-child-slider":{"file":"cafe-et-epicerie-fine-de-quartier-mont-tremblant-680x510.jpg","width":680,"height":510,"mime-type":"image\/jpeg","filesize":28658,"url":"https:\/\/lesversants.com\/wp-content\/uploads\/2023\/12\/cafe-et-epicerie-fine-de-quartier-mont-tremblant-680x510.jpg"},"property-thumb-image":{"file":"cafe-et-epicerie-fine-de-quartier-mont-tremblant-488x326.jpg","width":488,"height":326,"mime-type":"image\/jpeg","filesize":15583,"url":"https:\/\/lesversants.com\/wp-content\/uploads\/2023\/12\/cafe-et-epicerie-fine-de-quartier-mont-tremblant-488x326.jpg"},"property-detail-video-image":{"file":"cafe-et-epicerie-fine-de-quartier-mont-tremblant-818x417.jpg","width":818,"height":417,"mime-type":"image\/jpeg","filesize":28943,"url":"https:\/\/lesversants.com\/wp-content\/uploads\/2023\/12\/cafe-et-epicerie-fine-de-quartier-mont-tremblant-818x417.jpg"},"agent-image":{"file":"cafe-et-epicerie-fine-de-quartier-mont-tremblant-210x210.jpg","width":210,"height":210,"mime-type":"image\/jpeg","filesize":5587,"url":"https:\/\/lesversants.com\/wp-content\/uploads\/2023\/12\/cafe-et-epicerie-fine-de-quartier-mont-tremblant-210x210.jpg"},"partners-logo":{"file":"cafe-et-epicerie-fine-de-quartier-mont-tremblant-600x1280.jpg","width":600,"height":1280,"mime-type":"image\/jpeg","filesize":42667,"url":"https:\/\/lesversants.com\/wp-content\/uploads\/2023\/12\/cafe-et-epicerie-fine-de-quartier-mont-tremblant-600x1280.jpg"},"post-featured-image":{"file":"cafe-et-epicerie-fine-de-quartier-mont-tremblant-1240x720.jpg","width":1240,"height":720,"mime-type":"image\/jpeg","filesize":61566,"url":"https:\/\/lesversants.com\/wp-content\/uploads\/2023\/12\/cafe-et-epicerie-fine-de-quartier-mont-tremblant-1240x720.jpg"}},"image_meta":{"aperture":"0","credit":"","camera":"","caption":"","created_timestamp":"0","copyright":"","focal_length":"0","iso":"0","shutter_speed":"0","title":"","orientation":"0","keywords":[]},"ID":"35360","name":"cafe-et-epicerie-fine-de-quartier-mont-tremblant.jpg","path":"\/home\/lesversa\/public_html\/wp-content\/uploads\/2023\/12\/cafe-et-epicerie-fine-de-quartier-mont-tremblant.jpg","url":"https:\/\/lesversants.com\/wp-content\/uploads\/2023\/12\/cafe-et-epicerie-fine-de-quartier-mont-tremblant-150x150.jpg","full_url":"https:\/\/lesversants.com\/wp-content\/uploads\/2023\/12\/cafe-et-epicerie-fine-de-quartier-mont-tremblant.jpg","title":"cafe et epicerie fine de quartier mont tremblant","caption":"","description":"","alt":"cafe et epicerie fine de quartier mont tremblant","srcset":"https:\/\/lesversants.com\/wp-content\/uploads\/2023\/12\/cafe-et-epicerie-fine-de-quartier-mont-tremblant-150x150.jpg 150w, https:\/\/lesversants.com\/wp-content\/uploads\/2023\/12\/cafe-et-epicerie-fine-de-quartier-mont-tremblant-120x120.jpg 120w, https:\/\/lesversants.com\/wp-content\/uploads\/2023\/12\/cafe-et-epicerie-fine-de-quartier-mont-tremblant-210x210.jpg 210w"}],"REAL_HOMES_change_gallery_slider_type":"0","REAL_HOMES_gallery_slider_type":"thumb-on-right","inspiry_floor_plans":[],"inspiry_video_group":[],"REAL_HOMES_360_virtual_tour":"","REAL_HOMES_tour_video_url":"","REAL_HOMES_tour_video_image":[],"REAL_HOMES_agent_display_option":"none","REAL_HOMES_agents":[],"REAL_HOMES_energy_class":"none","REAL_HOMES_energy_performance":"","REAL_HOMES_epc_current_rating":"","REAL_HOMES_epc_potential_rating":"","REAL_HOMES_sticky":"0","inspiry_property_label":"","inspiry_property_label_color":"#e4c77a","inspiry_property_tax":"0","inspiry_additional_fee":"0","REAL_HOMES_attachments":[],"inspiry_property_owner_name":"","inspiry_property_owner_contact":"","inspiry_property_owner_address":"","REAL_HOMES_property_private_note":"","inspiry_message_to_reviewer":"","REAL_HOMES_add_in_slider":"no","REAL_HOMES_slider_image":[],"REAL_HOMES_page_banner_image":[],"REAL_HOMES_hide_property_advance_search":"0","inspiry_near":""},"_links":{"self":[{"href":"https:\/\/lesversants.com\/fr\/wp-json\/wp\/v2\/property\/18688"}],"collection":[{"href":"https:\/\/lesversants.com\/fr\/wp-json\/wp\/v2\/property"}],"about":[{"href":"https:\/\/lesversants.com\/fr\/wp-json\/wp\/v2\/types\/property"}],"author":[{"embeddable":true,"href":"https:\/\/lesversants.com\/fr\/wp-json\/wp\/v2\/users\/8"}],"version-history":[{"count":15,"href":"https:\/\/lesversants.com\/fr\/wp-json\/wp\/v2\/property\/18688\/revisions"}],"predecessor-version":[{"id":65099,"href":"https:\/\/lesversants.com\/fr\/wp-json\/wp\/v2\/property\/18688\/revisions\/65099"}],"wp:featuredmedia":[{"embeddable":true,"href":"https:\/\/lesversants.com\/fr\/wp-json\/wp\/v2\/media\/18658"}],"wp:attachment":[{"href":"https:\/\/lesversants.com\/fr\/wp-json\/wp\/v2\/media?parent=18688"}],"wp:term":[{"taxonomy":"property-feature","embeddable":true,"href":"https:\/\/lesversants.com\/fr\/wp-json\/wp\/v2\/property-feature?post=18688"},{"taxonomy":"property-type","embeddable":true,"href":"https:\/\/lesversants.com\/fr\/wp-json\/wp\/v2\/property-type?post=18688"},{"taxonomy":"property-city","embeddable":true,"href":"https:\/\/lesversants.com\/fr\/wp-json\/wp\/v2\/property-location?post=18688"},{"taxonomy":"property-status","embeddable":true,"href":"https:\/\/lesversants.com\/fr\/wp-json\/wp\/v2\/property-status?post=18688"},{"taxonomy":"projects","embeddable":true,"href":"https:\/\/lesversants.com\/fr\/wp-json\/wp\/v2\/projects?post=18688"},{"taxonomy":"lifestyle","embeddable":true,"href":"https:\/\/lesversants.com\/fr\/wp-json\/wp\/v2\/lifestyle?post=18688"},{"taxonomy":"short_term_rental","embeddable":true,"href":"https:\/\/lesversants.com\/fr\/wp-json\/wp\/v2\/short_term_rental?post=18688"},{"taxonomy":"city","embeddable":true,"href":"https:\/\/lesversants.com\/fr\/wp-json\/wp\/v2\/city?post=18688"},{"taxonomy":"mont_tremblant_sector","embeddable":true,"href":"https:\/\/lesversants.com\/fr\/wp-json\/wp\/v2\/mont_tremblant_sector?post=18688"},{"taxonomy":"domaine","embeddable":true,"href":"https:\/\/lesversants.com\/fr\/wp-json\/wp\/v2\/domaine?post=18688"},{"taxonomy":"property_type","embeddable":true,"href":"https:\/\/lesversants.com\/fr\/wp-json\/wp\/v2\/property_type?post=18688"},{"taxonomy":"active_inactive","embeddable":true,"href":"https:\/\/lesversants.com\/fr\/wp-json\/wp\/v2\/active_inactive?post=18688"},{"taxonomy":"rental","embeddable":true,"href":"https:\/\/lesversants.com\/fr\/wp-json\/wp\/v2\/rental?post=18688"}],"curies":[{"name":"wp","href":"https:\/\/api.w.org\/{rel}","templated":true}]}}