{"id":53793,"date":"2020-01-02T09:54:36","date_gmt":"2020-01-02T14:54:36","guid":{"rendered":"https:\/\/lesversants.com\/property\/le-plateau-condo-pool-access-for-rent-in-mont-tremblant\/"},"modified":"2026-04-25T09:16:04","modified_gmt":"2026-04-25T13:16:04","slug":"le-plateau-condo-deux-etages-a-louer-a-mont-tremblant","status":"publish","type":"property","link":"https:\/\/lesversants.com\/fr\/propriete\/le-plateau-condo-deux-etages-a-louer-a-mont-tremblant\/","title":{"rendered":"LE PLATEAU | Condo moderne \u00e0 deux \u00e9tages avec acc\u00e8s \u00e0 la piscine \u00e0 louer \u00e0 Mont-Tremblant"},"content":{"rendered":"<p><strong>Localisation<\/strong><br \/>\nSitu\u00e9 dans le tr\u00e8s pris\u00e9 Domaine de la For\u00eat, ce charmant condo sur deux \u00e9tages est l\u2019escapade estivale id\u00e9ale \u00e0 Mont-Tremblant. Entour\u00e9 de for\u00eats luxuriantes et de paysages pittoresques, il offre un acc\u00e8s direct aux sentiers de randonn\u00e9e et se trouve \u00e0 quelques minutes seulement du village anim\u00e9 de la station. Que vous recherchiez l\u2019aventure ou la d\u00e9tente, cet emplacement vous permet de profiter du meilleur des deux mondes, avec la nature \u00e0 votre porte et une ambiance dynamique \u00e0 proximit\u00e9.<\/p>\n<p><strong>Petits luxes de la vie<\/strong><br \/>\nPens\u00e9 pour allier confort et \u00e9l\u00e9gance, ce condo enti\u00e8rement meubl\u00e9 et \u00e9quip\u00e9 est parfait pour des vacances estivales. Ce condo s&#8217;\u00e9tend sur deux \u00e9tages complets, comprenant deux chambres, une spacieuse chambre principale avec une magnifique salle de bain attenante, ainsi qu&#8217;un balcon priv\u00e9 accessible depuis le salon, cr\u00e9ant une ambiance chaleureuse et accueillante. Que vous savouriez un caf\u00e9 matinal en profitant du calme environnant ou que vous vous d\u00e9tendiez apr\u00e8s une journ\u00e9e d\u2019activit\u00e9s en plein air, ce condo offre un cadre parfait pour se relaxer et cr\u00e9er des souvenirs inoubliables.<\/p>\n<p><strong>Commodit\u00e9s<\/strong><br \/>\nCon\u00e7u pour un \u00e9t\u00e9 actif et sans souci, la propri\u00e9t\u00e9 propose un acc\u00e8s \u00e0 une piscine creus\u00e9e chauff\u00e9e, un \u00e9tang \u00e0 proximit\u00e9 et des sentiers de randonn\u00e9e et de v\u00e9lo accessibles directement. Un service de navette facilite \u00e9galement vos d\u00e9placements vers les attractions environnantes.<\/p>\n<p><strong>\u00c9t\u00e9 2026<\/strong>\u00a0: 15 000$ | 4 mois. Non-fumeur et animaux non accept\u00e9s.<\/p>\n<p><strong data-start=\"34\" data-end=\"87\">Montant du d\u00e9p\u00f4t de s\u00e9curit\u00e9 demand\u00e9 au locataire<\/strong><br data-start=\"87\" data-end=\"90\" \/>2 000 $ | \u00c9t\u00e9 : \u00c0 conserver en fiducie. Peut \u00eatre rembours\u00e9 jusqu\u2019\u00e0 15 jours apr\u00e8s la fin du bail.<\/p>\n<ul>\n<li><strong>Exclut<\/strong> : Nettoyage professionnel \u00e0 la fin du bail.<\/li>\n<li><strong>Inclut<\/strong> : Hydro, Internet haute vitesse, c\u00e2ble de base et entretien ext\u00e9rieur.<\/li>\n<\/ul>\n","protected":false},"excerpt":{"rendered":"<p>Localisation Situ\u00e9 dans le tr\u00e8s pris\u00e9 Domaine de la For\u00eat, ce charmant condo sur deux \u00e9tages est l\u2019escapade estivale id\u00e9ale \u00e0 Mont-Tremblant. Entour\u00e9 de for\u00eats luxuriantes et de paysages pittoresques, il offre un acc\u00e8s direct aux sentiers de randonn\u00e9e et se trouve \u00e0 quelques minutes seulement du village anim\u00e9 de la station. Que vous recherchiez&#8230;<\/p>\n","protected":false},"author":16,"featured_media":53763,"parent":0,"menu_order":0,"template":"","property-feature":[306,308,240,238,233],"property-type":[439],"property-location":[],"property-status":[79],"projects":[290],"lifestyle":[475,275,110],"short_term_rental":[],"city":[165],"mont_tremblant_sector":[171],"domaine":[181],"property_type":[194],"active_inactive":[201],"rental":[253],"yoast_head":"<!-- This site is optimized with the Yoast SEO plugin v22.0 - https:\/\/yoast.com\/wordpress\/plugins\/seo\/ -->\n<title>Le Plateau - condo avec piscine | Versants Mont-Tremblant<\/title>\n<meta name=\"description\" content=\"Con\u00e7u pour un \u00e9t\u00e9 actif et sans souci, la propri\u00e9t\u00e9 propose un acc\u00e8s \u00e0 une piscine creus\u00e9e chauff\u00e9e, un \u00e9tang \u00e0 proximit\u00e9 et des sentiers.\" \/>\n<meta name=\"robots\" content=\"index, follow, max-snippet:-1, max-image-preview:large, max-video-preview:-1\" \/>\n<link rel=\"canonical\" href=\"https:\/\/lesversants.com\/fr\/propriete\/le-plateau-condo-deux-etages-a-louer-a-mont-tremblant\/\" \/>\n<meta property=\"og:locale\" content=\"fr_FR\" \/>\n<meta property=\"og:type\" content=\"article\" \/>\n<meta property=\"og:title\" content=\"Le Plateau - condo avec piscine | Versants Mont-Tremblant\" \/>\n<meta property=\"og:description\" content=\"Con\u00e7u pour un \u00e9t\u00e9 actif et sans souci, la propri\u00e9t\u00e9 propose un acc\u00e8s \u00e0 une piscine creus\u00e9e chauff\u00e9e, un \u00e9tang \u00e0 proximit\u00e9 et des sentiers.\" \/>\n<meta property=\"og:url\" content=\"https:\/\/lesversants.com\/fr\/propriete\/le-plateau-condo-deux-etages-a-louer-a-mont-tremblant\/\" \/>\n<meta property=\"og:site_name\" content=\"Versants Mont-Tremblant\" \/>\n<meta property=\"article:modified_time\" content=\"2026-04-25T13:16:04+00:00\" \/>\n<meta property=\"og:image\" content=\"https:\/\/lesversants.com\/wp-content\/uploads\/2025\/02\/Le-Plateau-condo-deux-etages-a-louer-a-mont-tremblant-7.jpg\" \/>\n\t<meta property=\"og:image:width\" content=\"2394\" \/>\n\t<meta property=\"og:image:height\" content=\"1600\" \/>\n\t<meta property=\"og:image:type\" content=\"image\/jpeg\" \/>\n<meta name=\"twitter:card\" content=\"summary_large_image\" \/>\n<meta name=\"twitter:label1\" content=\"Dur\u00e9e de lecture estim\u00e9e\" \/>\n\t<meta name=\"twitter:data1\" content=\"2 minutes\" \/>\n<script type=\"application\/ld+json\" class=\"yoast-schema-graph\">{\"@context\":\"https:\/\/schema.org\",\"@graph\":[{\"@type\":\"WebPage\",\"@id\":\"https:\/\/lesversants.com\/fr\/propriete\/le-plateau-condo-deux-etages-a-louer-a-mont-tremblant\/\",\"url\":\"https:\/\/lesversants.com\/fr\/propriete\/le-plateau-condo-deux-etages-a-louer-a-mont-tremblant\/\",\"name\":\"Le Plateau - condo avec piscine | Versants Mont-Tremblant\",\"isPartOf\":{\"@id\":\"https:\/\/lesversants.com\/#website\"},\"datePublished\":\"2020-01-02T14:54:36+00:00\",\"dateModified\":\"2026-04-25T13:16:04+00:00\",\"description\":\"Con\u00e7u pour un \u00e9t\u00e9 actif et sans souci, la propri\u00e9t\u00e9 propose un acc\u00e8s \u00e0 une piscine creus\u00e9e chauff\u00e9e, un \u00e9tang \u00e0 proximit\u00e9 et des sentiers.\",\"breadcrumb\":{\"@id\":\"https:\/\/lesversants.com\/fr\/propriete\/le-plateau-condo-deux-etages-a-louer-a-mont-tremblant\/#breadcrumb\"},\"inLanguage\":\"fr-FR\",\"potentialAction\":[{\"@type\":\"ReadAction\",\"target\":[\"https:\/\/lesversants.com\/fr\/propriete\/le-plateau-condo-deux-etages-a-louer-a-mont-tremblant\/\"]}]},{\"@type\":\"BreadcrumbList\",\"@id\":\"https:\/\/lesversants.com\/fr\/propriete\/le-plateau-condo-deux-etages-a-louer-a-mont-tremblant\/#breadcrumb\",\"itemListElement\":[{\"@type\":\"ListItem\",\"position\":1,\"name\":\"Home\",\"item\":\"https:\/\/lesversants.com\/fr\/\"},{\"@type\":\"ListItem\",\"position\":2,\"name\":\"Properties\",\"item\":\"https:\/\/lesversants.com\/property\/\"},{\"@type\":\"ListItem\",\"position\":3,\"name\":\"LE PLATEAU | Condo moderne \u00e0 deux \u00e9tages avec acc\u00e8s \u00e0 la piscine \u00e0 louer \u00e0 Mont-Tremblant\"}]},{\"@type\":\"WebSite\",\"@id\":\"https:\/\/lesversants.com\/#website\",\"url\":\"https:\/\/lesversants.com\/\",\"name\":\"Versants Mont-Tremblant\",\"description\":\"Agence immobili\u00e8re\",\"publisher\":{\"@id\":\"https:\/\/lesversants.com\/#organization\"},\"potentialAction\":[{\"@type\":\"SearchAction\",\"target\":{\"@type\":\"EntryPoint\",\"urlTemplate\":\"https:\/\/lesversants.com\/?s={search_term_string}\"},\"query-input\":\"required name=search_term_string\"}],\"inLanguage\":\"fr-FR\"},{\"@type\":\"Organization\",\"@id\":\"https:\/\/lesversants.com\/#organization\",\"name\":\"Les Versants Mont-Tremblant\",\"url\":\"https:\/\/lesversants.com\/\",\"logo\":{\"@type\":\"ImageObject\",\"inLanguage\":\"fr-FR\",\"@id\":\"https:\/\/lesversants.com\/#\/schema\/logo\/image\/\",\"url\":\"https:\/\/lesversants.com\/wp-content\/uploads\/2022\/01\/logo-versants.svg\",\"contentUrl\":\"https:\/\/lesversants.com\/wp-content\/uploads\/2022\/01\/logo-versants.svg\",\"width\":1,\"height\":1,\"caption\":\"Les Versants Mont-Tremblant\"},\"image\":{\"@id\":\"https:\/\/lesversants.com\/#\/schema\/logo\/image\/\"}}]}<\/script>\n<!-- \/ Yoast SEO plugin. -->","yoast_head_json":{"title":"Le Plateau - condo avec piscine | Versants Mont-Tremblant","description":"Con\u00e7u pour un \u00e9t\u00e9 actif et sans souci, la propri\u00e9t\u00e9 propose un acc\u00e8s \u00e0 une piscine creus\u00e9e chauff\u00e9e, un \u00e9tang \u00e0 proximit\u00e9 et des sentiers.","robots":{"index":"index","follow":"follow","max-snippet":"max-snippet:-1","max-image-preview":"max-image-preview:large","max-video-preview":"max-video-preview:-1"},"canonical":"https:\/\/lesversants.com\/fr\/propriete\/le-plateau-condo-deux-etages-a-louer-a-mont-tremblant\/","og_locale":"fr_FR","og_type":"article","og_title":"Le Plateau - condo avec piscine | Versants Mont-Tremblant","og_description":"Con\u00e7u pour un \u00e9t\u00e9 actif et sans souci, la propri\u00e9t\u00e9 propose un acc\u00e8s \u00e0 une piscine creus\u00e9e chauff\u00e9e, un \u00e9tang \u00e0 proximit\u00e9 et des sentiers.","og_url":"https:\/\/lesversants.com\/fr\/propriete\/le-plateau-condo-deux-etages-a-louer-a-mont-tremblant\/","og_site_name":"Versants Mont-Tremblant","article_modified_time":"2026-04-25T13:16:04+00:00","og_image":[{"width":2394,"height":1600,"url":"https:\/\/lesversants.com\/wp-content\/uploads\/2025\/02\/Le-Plateau-condo-deux-etages-a-louer-a-mont-tremblant-7.jpg","type":"image\/jpeg"}],"twitter_card":"summary_large_image","twitter_misc":{"Dur\u00e9e de lecture estim\u00e9e":"2 minutes"},"schema":{"@context":"https:\/\/schema.org","@graph":[{"@type":"WebPage","@id":"https:\/\/lesversants.com\/fr\/propriete\/le-plateau-condo-deux-etages-a-louer-a-mont-tremblant\/","url":"https:\/\/lesversants.com\/fr\/propriete\/le-plateau-condo-deux-etages-a-louer-a-mont-tremblant\/","name":"Le Plateau - condo avec piscine | Versants Mont-Tremblant","isPartOf":{"@id":"https:\/\/lesversants.com\/#website"},"datePublished":"2020-01-02T14:54:36+00:00","dateModified":"2026-04-25T13:16:04+00:00","description":"Con\u00e7u pour un \u00e9t\u00e9 actif et sans souci, la propri\u00e9t\u00e9 propose un acc\u00e8s \u00e0 une piscine creus\u00e9e chauff\u00e9e, un \u00e9tang \u00e0 proximit\u00e9 et des sentiers.","breadcrumb":{"@id":"https:\/\/lesversants.com\/fr\/propriete\/le-plateau-condo-deux-etages-a-louer-a-mont-tremblant\/#breadcrumb"},"inLanguage":"fr-FR","potentialAction":[{"@type":"ReadAction","target":["https:\/\/lesversants.com\/fr\/propriete\/le-plateau-condo-deux-etages-a-louer-a-mont-tremblant\/"]}]},{"@type":"BreadcrumbList","@id":"https:\/\/lesversants.com\/fr\/propriete\/le-plateau-condo-deux-etages-a-louer-a-mont-tremblant\/#breadcrumb","itemListElement":[{"@type":"ListItem","position":1,"name":"Home","item":"https:\/\/lesversants.com\/fr\/"},{"@type":"ListItem","position":2,"name":"Properties","item":"https:\/\/lesversants.com\/property\/"},{"@type":"ListItem","position":3,"name":"LE PLATEAU | Condo moderne \u00e0 deux \u00e9tages avec acc\u00e8s \u00e0 la piscine \u00e0 louer \u00e0 Mont-Tremblant"}]},{"@type":"WebSite","@id":"https:\/\/lesversants.com\/#website","url":"https:\/\/lesversants.com\/","name":"Versants Mont-Tremblant","description":"Agence immobili\u00e8re","publisher":{"@id":"https:\/\/lesversants.com\/#organization"},"potentialAction":[{"@type":"SearchAction","target":{"@type":"EntryPoint","urlTemplate":"https:\/\/lesversants.com\/?s={search_term_string}"},"query-input":"required name=search_term_string"}],"inLanguage":"fr-FR"},{"@type":"Organization","@id":"https:\/\/lesversants.com\/#organization","name":"Les Versants Mont-Tremblant","url":"https:\/\/lesversants.com\/","logo":{"@type":"ImageObject","inLanguage":"fr-FR","@id":"https:\/\/lesversants.com\/#\/schema\/logo\/image\/","url":"https:\/\/lesversants.com\/wp-content\/uploads\/2022\/01\/logo-versants.svg","contentUrl":"https:\/\/lesversants.com\/wp-content\/uploads\/2022\/01\/logo-versants.svg","width":1,"height":1,"caption":"Les Versants Mont-Tremblant"},"image":{"@id":"https:\/\/lesversants.com\/#\/schema\/logo\/image\/"}}]}},"property_meta":{"REAL_HOMES_property_price":"15000","REAL_HOMES_property_old_price":"","REAL_HOMES_property_price_prefix":"\u00c9t\u00e9 2026 |","REAL_HOMES_property_price_postfix":"","REAL_HOMES_property_size":"","REAL_HOMES_property_size_postfix":"","REAL_HOMES_property_lot_size":"","REAL_HOMES_property_lot_size_postfix":"","REAL_HOMES_property_bedrooms":"3","REAL_HOMES_property_bathrooms":"2","REAL_HOMES_property_garage":"","REAL_HOMES_property_id":"","REAL_HOMES_property_year_built":"","REAL_HOMES_featured":"0","REAL_HOMES_additional_details_list":[["Type de copropri\u00e9t\u00e9","vertical"],["Lifestyle \u00e0 proximit\u00e9","Parcours de v\u00e9lo Ironman"]],"REAL_HOMES_property_location":{"latitude":"46.206136578639","longitude":"-74.581792796468","zoom":"16"},"REAL_HOMES_property_address":"204-2, ch. de la For\u00eat, Mont-Tremblant","REAL_HOMES_property_map":"0","REAL_HOMES_property_images":[{"width":150,"height":150,"file":"2025\/02\/Le-Plateau-condo-deux-etages-a-louer-a-mont-tremblant-7.jpg","filesize":191739,"sizes":{"medium":{"file":"Le-Plateau-condo-deux-etages-a-louer-a-mont-tremblant-7-300x201.jpg","width":300,"height":201,"mime-type":"image\/jpeg","filesize":14593,"url":"https:\/\/lesversants.com\/wp-content\/uploads\/2025\/02\/Le-Plateau-condo-deux-etages-a-louer-a-mont-tremblant-7-300x201.jpg"},"large":{"file":"Le-Plateau-condo-deux-etages-a-louer-a-mont-tremblant-7-1024x684.jpg","width":1024,"height":684,"mime-type":"image\/jpeg","filesize":113559,"url":"https:\/\/lesversants.com\/wp-content\/uploads\/2025\/02\/Le-Plateau-condo-deux-etages-a-louer-a-mont-tremblant-7-1024x684.jpg"},"thumbnail":{"file":"Le-Plateau-condo-deux-etages-a-louer-a-mont-tremblant-7-150x150.jpg","width":150,"height":150,"mime-type":"image\/jpeg","filesize":5476,"url":"https:\/\/lesversants.com\/wp-content\/uploads\/2025\/02\/Le-Plateau-condo-deux-etages-a-louer-a-mont-tremblant-7-150x150.jpg"},"medium_large":{"file":"Le-Plateau-condo-deux-etages-a-louer-a-mont-tremblant-7-768x513.jpg","width":768,"height":513,"mime-type":"image\/jpeg","filesize":70312,"url":"https:\/\/lesversants.com\/wp-content\/uploads\/2025\/02\/Le-Plateau-condo-deux-etages-a-louer-a-mont-tremblant-7-768x513.jpg"},"tf-client-image-size":{"file":"Le-Plateau-condo-deux-etages-a-louer-a-mont-tremblant-7-120x120.jpg","width":120,"height":120,"mime-type":"image\/jpeg","filesize":3869,"url":"https:\/\/lesversants.com\/wp-content\/uploads\/2025\/02\/Le-Plateau-condo-deux-etages-a-louer-a-mont-tremblant-7-120x120.jpg"},"1536x1536":{"file":"Le-Plateau-condo-deux-etages-a-louer-a-mont-tremblant-7-1536x1027.jpg","width":1536,"height":1027,"mime-type":"image\/jpeg","filesize":219315,"url":"https:\/\/lesversants.com\/wp-content\/uploads\/2025\/02\/Le-Plateau-condo-deux-etages-a-louer-a-mont-tremblant-7-1536x1027.jpg"},"2048x2048":{"file":"Le-Plateau-condo-deux-etages-a-louer-a-mont-tremblant-7-2048x1369.jpg","width":2048,"height":1369,"mime-type":"image\/jpeg","filesize":338434,"url":"https:\/\/lesversants.com\/wp-content\/uploads\/2025\/02\/Le-Plateau-condo-deux-etages-a-louer-a-mont-tremblant-7-2048x1369.jpg"},"post-thumbnail":{"file":"Le-Plateau-condo-deux-etages-a-louer-a-mont-tremblant-7-150x100.jpg","width":150,"height":100,"mime-type":"image\/jpeg","filesize":4813,"url":"https:\/\/lesversants.com\/wp-content\/uploads\/2025\/02\/Le-Plateau-condo-deux-etages-a-louer-a-mont-tremblant-7-150x100.jpg"},"modern-property-child-slider":{"file":"Le-Plateau-condo-deux-etages-a-louer-a-mont-tremblant-7-680x510.jpg","width":680,"height":510,"mime-type":"image\/jpeg","filesize":59225,"url":"https:\/\/lesversants.com\/wp-content\/uploads\/2025\/02\/Le-Plateau-condo-deux-etages-a-louer-a-mont-tremblant-7-680x510.jpg"},"property-thumb-image":{"file":"Le-Plateau-condo-deux-etages-a-louer-a-mont-tremblant-7-488x326.jpg","width":488,"height":326,"mime-type":"image\/jpeg","filesize":32500,"url":"https:\/\/lesversants.com\/wp-content\/uploads\/2025\/02\/Le-Plateau-condo-deux-etages-a-louer-a-mont-tremblant-7-488x326.jpg"},"property-detail-video-image":{"file":"Le-Plateau-condo-deux-etages-a-louer-a-mont-tremblant-7-818x417.jpg","width":818,"height":417,"mime-type":"image\/jpeg","filesize":64483,"url":"https:\/\/lesversants.com\/wp-content\/uploads\/2025\/02\/Le-Plateau-condo-deux-etages-a-louer-a-mont-tremblant-7-818x417.jpg"},"agent-image":{"file":"Le-Plateau-condo-deux-etages-a-louer-a-mont-tremblant-7-210x210.jpg","width":210,"height":210,"mime-type":"image\/jpeg","filesize":9603,"url":"https:\/\/lesversants.com\/wp-content\/uploads\/2025\/02\/Le-Plateau-condo-deux-etages-a-louer-a-mont-tremblant-7-210x210.jpg"},"partners-logo":{"file":"Le-Plateau-condo-deux-etages-a-louer-a-mont-tremblant-7-600x1600.jpg","width":600,"height":1600,"mime-type":"image\/jpeg","filesize":72754,"url":"https:\/\/lesversants.com\/wp-content\/uploads\/2025\/02\/Le-Plateau-condo-deux-etages-a-louer-a-mont-tremblant-7-600x1600.jpg"},"post-featured-image":{"file":"Le-Plateau-condo-deux-etages-a-louer-a-mont-tremblant-7-1240x720.jpg","width":1240,"height":720,"mime-type":"image\/jpeg","filesize":139348,"url":"https:\/\/lesversants.com\/wp-content\/uploads\/2025\/02\/Le-Plateau-condo-deux-etages-a-louer-a-mont-tremblant-7-1240x720.jpg"}},"image_meta":{"aperture":"6.3","credit":"","camera":"NIKON D7200","caption":"","created_timestamp":"1740155249","copyright":"","focal_length":"11","iso":"560","shutter_speed":"0.066666666666667","title":"","orientation":"1","keywords":[]},"ID":"53762","name":"Le-Plateau-condo-deux-etages-a-louer-a-mont-tremblant-7.jpg","path":"\/home\/lesversa\/public_html\/wp-content\/uploads\/2025\/02\/Le-Plateau-condo-deux-etages-a-louer-a-mont-tremblant-7.jpg","url":"https:\/\/lesversants.com\/wp-content\/uploads\/2025\/02\/Le-Plateau-condo-deux-etages-a-louer-a-mont-tremblant-7-150x150.jpg","full_url":"https:\/\/lesversants.com\/wp-content\/uploads\/2025\/02\/Le-Plateau-condo-deux-etages-a-louer-a-mont-tremblant-7.jpg","title":"Le Plateau condo deux etages a louer a mont tremblant 7","caption":"","description":"","alt":"Le Plateau condo deux etages a louer a mont tremblant 7","srcset":"https:\/\/lesversants.com\/wp-content\/uploads\/2025\/02\/Le-Plateau-condo-deux-etages-a-louer-a-mont-tremblant-7-150x150.jpg 150w, https:\/\/lesversants.com\/wp-content\/uploads\/2025\/02\/Le-Plateau-condo-deux-etages-a-louer-a-mont-tremblant-7-120x120.jpg 120w, https:\/\/lesversants.com\/wp-content\/uploads\/2025\/02\/Le-Plateau-condo-deux-etages-a-louer-a-mont-tremblant-7-210x210.jpg 210w"},{"width":150,"height":150,"file":"2025\/02\/Le-Plateau-condo-deux-etages-a-louer-a-mont-tremblant-6.jpg","filesize":269397,"sizes":{"medium":{"file":"Le-Plateau-condo-deux-etages-a-louer-a-mont-tremblant-6-300x201.jpg","width":300,"height":201,"mime-type":"image\/jpeg","filesize":16575,"url":"https:\/\/lesversants.com\/wp-content\/uploads\/2025\/02\/Le-Plateau-condo-deux-etages-a-louer-a-mont-tremblant-6-300x201.jpg"},"large":{"file":"Le-Plateau-condo-deux-etages-a-louer-a-mont-tremblant-6-1024x684.jpg","width":1024,"height":684,"mime-type":"image\/jpeg","filesize":138340,"url":"https:\/\/lesversants.com\/wp-content\/uploads\/2025\/02\/Le-Plateau-condo-deux-etages-a-louer-a-mont-tremblant-6-1024x684.jpg"},"thumbnail":{"file":"Le-Plateau-condo-deux-etages-a-louer-a-mont-tremblant-6-150x150.jpg","width":150,"height":150,"mime-type":"image\/jpeg","filesize":7549,"url":"https:\/\/lesversants.com\/wp-content\/uploads\/2025\/02\/Le-Plateau-condo-deux-etages-a-louer-a-mont-tremblant-6-150x150.jpg"},"medium_large":{"file":"Le-Plateau-condo-deux-etages-a-louer-a-mont-tremblant-6-768x513.jpg","width":768,"height":513,"mime-type":"image\/jpeg","filesize":83661,"url":"https:\/\/lesversants.com\/wp-content\/uploads\/2025\/02\/Le-Plateau-condo-deux-etages-a-louer-a-mont-tremblant-6-768x513.jpg"},"tf-client-image-size":{"file":"Le-Plateau-condo-deux-etages-a-louer-a-mont-tremblant-6-120x120.jpg","width":120,"height":120,"mime-type":"image\/jpeg","filesize":5076,"url":"https:\/\/lesversants.com\/wp-content\/uploads\/2025\/02\/Le-Plateau-condo-deux-etages-a-louer-a-mont-tremblant-6-120x120.jpg"},"1536x1536":{"file":"Le-Plateau-condo-deux-etages-a-louer-a-mont-tremblant-6-1536x1027.jpg","width":1536,"height":1027,"mime-type":"image\/jpeg","filesize":277738,"url":"https:\/\/lesversants.com\/wp-content\/uploads\/2025\/02\/Le-Plateau-condo-deux-etages-a-louer-a-mont-tremblant-6-1536x1027.jpg"},"2048x2048":{"file":"Le-Plateau-condo-deux-etages-a-louer-a-mont-tremblant-6-2048x1369.jpg","width":2048,"height":1369,"mime-type":"image\/jpeg","filesize":438888,"url":"https:\/\/lesversants.com\/wp-content\/uploads\/2025\/02\/Le-Plateau-condo-deux-etages-a-louer-a-mont-tremblant-6-2048x1369.jpg"},"post-thumbnail":{"file":"Le-Plateau-condo-deux-etages-a-louer-a-mont-tremblant-6-150x100.jpg","width":150,"height":100,"mime-type":"image\/jpeg","filesize":5331,"url":"https:\/\/lesversants.com\/wp-content\/uploads\/2025\/02\/Le-Plateau-condo-deux-etages-a-louer-a-mont-tremblant-6-150x100.jpg"},"modern-property-child-slider":{"file":"Le-Plateau-condo-deux-etages-a-louer-a-mont-tremblant-6-680x510.jpg","width":680,"height":510,"mime-type":"image\/jpeg","filesize":75328,"url":"https:\/\/lesversants.com\/wp-content\/uploads\/2025\/02\/Le-Plateau-condo-deux-etages-a-louer-a-mont-tremblant-6-680x510.jpg"},"property-thumb-image":{"file":"Le-Plateau-condo-deux-etages-a-louer-a-mont-tremblant-6-488x326.jpg","width":488,"height":326,"mime-type":"image\/jpeg","filesize":37644,"url":"https:\/\/lesversants.com\/wp-content\/uploads\/2025\/02\/Le-Plateau-condo-deux-etages-a-louer-a-mont-tremblant-6-488x326.jpg"},"property-detail-video-image":{"file":"Le-Plateau-condo-deux-etages-a-louer-a-mont-tremblant-6-818x417.jpg","width":818,"height":417,"mime-type":"image\/jpeg","filesize":78491,"url":"https:\/\/lesversants.com\/wp-content\/uploads\/2025\/02\/Le-Plateau-condo-deux-etages-a-louer-a-mont-tremblant-6-818x417.jpg"},"agent-image":{"file":"Le-Plateau-condo-deux-etages-a-louer-a-mont-tremblant-6-210x210.jpg","width":210,"height":210,"mime-type":"image\/jpeg","filesize":13231,"url":"https:\/\/lesversants.com\/wp-content\/uploads\/2025\/02\/Le-Plateau-condo-deux-etages-a-louer-a-mont-tremblant-6-210x210.jpg"},"partners-logo":{"file":"Le-Plateau-condo-deux-etages-a-louer-a-mont-tremblant-6-600x1600.jpg","width":600,"height":1600,"mime-type":"image\/jpeg","filesize":162106,"url":"https:\/\/lesversants.com\/wp-content\/uploads\/2025\/02\/Le-Plateau-condo-deux-etages-a-louer-a-mont-tremblant-6-600x1600.jpg"},"post-featured-image":{"file":"Le-Plateau-condo-deux-etages-a-louer-a-mont-tremblant-6-1240x720.jpg","width":1240,"height":720,"mime-type":"image\/jpeg","filesize":176074,"url":"https:\/\/lesversants.com\/wp-content\/uploads\/2025\/02\/Le-Plateau-condo-deux-etages-a-louer-a-mont-tremblant-6-1240x720.jpg"}},"image_meta":{"aperture":"6.3","credit":"","camera":"NIKON D7200","caption":"","created_timestamp":"1740155226","copyright":"","focal_length":"13","iso":"400","shutter_speed":"0.00625","title":"","orientation":"1","keywords":[]},"ID":"53760","name":"Le-Plateau-condo-deux-etages-a-louer-a-mont-tremblant-6.jpg","path":"\/home\/lesversa\/public_html\/wp-content\/uploads\/2025\/02\/Le-Plateau-condo-deux-etages-a-louer-a-mont-tremblant-6.jpg","url":"https:\/\/lesversants.com\/wp-content\/uploads\/2025\/02\/Le-Plateau-condo-deux-etages-a-louer-a-mont-tremblant-6-150x150.jpg","full_url":"https:\/\/lesversants.com\/wp-content\/uploads\/2025\/02\/Le-Plateau-condo-deux-etages-a-louer-a-mont-tremblant-6.jpg","title":"Le Plateau condo deux etages a louer a mont tremblant 6","caption":"","description":"","alt":"Le Plateau condo deux etages a louer a mont tremblant 6","srcset":"https:\/\/lesversants.com\/wp-content\/uploads\/2025\/02\/Le-Plateau-condo-deux-etages-a-louer-a-mont-tremblant-6-150x150.jpg 150w, https:\/\/lesversants.com\/wp-content\/uploads\/2025\/02\/Le-Plateau-condo-deux-etages-a-louer-a-mont-tremblant-6-120x120.jpg 120w, https:\/\/lesversants.com\/wp-content\/uploads\/2025\/02\/Le-Plateau-condo-deux-etages-a-louer-a-mont-tremblant-6-210x210.jpg 210w"},{"width":150,"height":150,"file":"2025\/02\/Le-Plateau-condo-deux-etages-a-louer-a-mont-tremblant-3.jpg","filesize":257404,"sizes":{"medium":{"file":"Le-Plateau-condo-deux-etages-a-louer-a-mont-tremblant-3-300x201.jpg","width":300,"height":201,"mime-type":"image\/jpeg","filesize":16124,"url":"https:\/\/lesversants.com\/wp-content\/uploads\/2025\/02\/Le-Plateau-condo-deux-etages-a-louer-a-mont-tremblant-3-300x201.jpg"},"large":{"file":"Le-Plateau-condo-deux-etages-a-louer-a-mont-tremblant-3-1024x685.jpg","width":1024,"height":685,"mime-type":"image\/jpeg","filesize":137646,"url":"https:\/\/lesversants.com\/wp-content\/uploads\/2025\/02\/Le-Plateau-condo-deux-etages-a-louer-a-mont-tremblant-3-1024x685.jpg"},"thumbnail":{"file":"Le-Plateau-condo-deux-etages-a-louer-a-mont-tremblant-3-150x150.jpg","width":150,"height":150,"mime-type":"image\/jpeg","filesize":6729,"url":"https:\/\/lesversants.com\/wp-content\/uploads\/2025\/02\/Le-Plateau-condo-deux-etages-a-louer-a-mont-tremblant-3-150x150.jpg"},"medium_large":{"file":"Le-Plateau-condo-deux-etages-a-louer-a-mont-tremblant-3-768x513.jpg","width":768,"height":513,"mime-type":"image\/jpeg","filesize":83684,"url":"https:\/\/lesversants.com\/wp-content\/uploads\/2025\/02\/Le-Plateau-condo-deux-etages-a-louer-a-mont-tremblant-3-768x513.jpg"},"tf-client-image-size":{"file":"Le-Plateau-condo-deux-etages-a-louer-a-mont-tremblant-3-120x120.jpg","width":120,"height":120,"mime-type":"image\/jpeg","filesize":4503,"url":"https:\/\/lesversants.com\/wp-content\/uploads\/2025\/02\/Le-Plateau-condo-deux-etages-a-louer-a-mont-tremblant-3-120x120.jpg"},"1536x1536":{"file":"Le-Plateau-condo-deux-etages-a-louer-a-mont-tremblant-3-1536x1027.jpg","width":1536,"height":1027,"mime-type":"image\/jpeg","filesize":271607,"url":"https:\/\/lesversants.com\/wp-content\/uploads\/2025\/02\/Le-Plateau-condo-deux-etages-a-louer-a-mont-tremblant-3-1536x1027.jpg"},"2048x2048":{"file":"Le-Plateau-condo-deux-etages-a-louer-a-mont-tremblant-3-2048x1369.jpg","width":2048,"height":1369,"mime-type":"image\/jpeg","filesize":421879,"url":"https:\/\/lesversants.com\/wp-content\/uploads\/2025\/02\/Le-Plateau-condo-deux-etages-a-louer-a-mont-tremblant-3-2048x1369.jpg"},"post-thumbnail":{"file":"Le-Plateau-condo-deux-etages-a-louer-a-mont-tremblant-3-150x100.jpg","width":150,"height":100,"mime-type":"image\/jpeg","filesize":5118,"url":"https:\/\/lesversants.com\/wp-content\/uploads\/2025\/02\/Le-Plateau-condo-deux-etages-a-louer-a-mont-tremblant-3-150x100.jpg"},"modern-property-child-slider":{"file":"Le-Plateau-condo-deux-etages-a-louer-a-mont-tremblant-3-680x510.jpg","width":680,"height":510,"mime-type":"image\/jpeg","filesize":72510,"url":"https:\/\/lesversants.com\/wp-content\/uploads\/2025\/02\/Le-Plateau-condo-deux-etages-a-louer-a-mont-tremblant-3-680x510.jpg"},"property-thumb-image":{"file":"Le-Plateau-condo-deux-etages-a-louer-a-mont-tremblant-3-488x326.jpg","width":488,"height":326,"mime-type":"image\/jpeg","filesize":37400,"url":"https:\/\/lesversants.com\/wp-content\/uploads\/2025\/02\/Le-Plateau-condo-deux-etages-a-louer-a-mont-tremblant-3-488x326.jpg"},"property-detail-video-image":{"file":"Le-Plateau-condo-deux-etages-a-louer-a-mont-tremblant-3-818x417.jpg","width":818,"height":417,"mime-type":"image\/jpeg","filesize":73858,"url":"https:\/\/lesversants.com\/wp-content\/uploads\/2025\/02\/Le-Plateau-condo-deux-etages-a-louer-a-mont-tremblant-3-818x417.jpg"},"agent-image":{"file":"Le-Plateau-condo-deux-etages-a-louer-a-mont-tremblant-3-210x210.jpg","width":210,"height":210,"mime-type":"image\/jpeg","filesize":12042,"url":"https:\/\/lesversants.com\/wp-content\/uploads\/2025\/02\/Le-Plateau-condo-deux-etages-a-louer-a-mont-tremblant-3-210x210.jpg"},"partners-logo":{"file":"Le-Plateau-condo-deux-etages-a-louer-a-mont-tremblant-3-600x1600.jpg","width":600,"height":1600,"mime-type":"image\/jpeg","filesize":99701,"url":"https:\/\/lesversants.com\/wp-content\/uploads\/2025\/02\/Le-Plateau-condo-deux-etages-a-louer-a-mont-tremblant-3-600x1600.jpg"},"post-featured-image":{"file":"Le-Plateau-condo-deux-etages-a-louer-a-mont-tremblant-3-1240x720.jpg","width":1240,"height":720,"mime-type":"image\/jpeg","filesize":167242,"url":"https:\/\/lesversants.com\/wp-content\/uploads\/2025\/02\/Le-Plateau-condo-deux-etages-a-louer-a-mont-tremblant-3-1240x720.jpg"}},"image_meta":{"aperture":"6.3","credit":"","camera":"NIKON D7200","caption":"","created_timestamp":"1740155165","copyright":"","focal_length":"10","iso":"400","shutter_speed":"0.001","title":"","orientation":"1","keywords":[]},"ID":"53754","name":"Le-Plateau-condo-deux-etages-a-louer-a-mont-tremblant-3.jpg","path":"\/home\/lesversa\/public_html\/wp-content\/uploads\/2025\/02\/Le-Plateau-condo-deux-etages-a-louer-a-mont-tremblant-3.jpg","url":"https:\/\/lesversants.com\/wp-content\/uploads\/2025\/02\/Le-Plateau-condo-deux-etages-a-louer-a-mont-tremblant-3-150x150.jpg","full_url":"https:\/\/lesversants.com\/wp-content\/uploads\/2025\/02\/Le-Plateau-condo-deux-etages-a-louer-a-mont-tremblant-3.jpg","title":"Le Plateau condo deux etages a louer a mont tremblant 3","caption":"","description":"","alt":"Le Plateau condo deux etages a louer a mont tremblant 3","srcset":"https:\/\/lesversants.com\/wp-content\/uploads\/2025\/02\/Le-Plateau-condo-deux-etages-a-louer-a-mont-tremblant-3-150x150.jpg 150w, https:\/\/lesversants.com\/wp-content\/uploads\/2025\/02\/Le-Plateau-condo-deux-etages-a-louer-a-mont-tremblant-3-120x120.jpg 120w, https:\/\/lesversants.com\/wp-content\/uploads\/2025\/02\/Le-Plateau-condo-deux-etages-a-louer-a-mont-tremblant-3-210x210.jpg 210w"},{"width":150,"height":150,"file":"2025\/02\/Le-Plateau-condo-deux-etages-a-louer-a-mont-tremblant-10.jpg","filesize":172311,"sizes":{"medium":{"file":"Le-Plateau-condo-deux-etages-a-louer-a-mont-tremblant-10-300x201.jpg","width":300,"height":201,"mime-type":"image\/jpeg","filesize":13533,"url":"https:\/\/lesversants.com\/wp-content\/uploads\/2025\/02\/Le-Plateau-condo-deux-etages-a-louer-a-mont-tremblant-10-300x201.jpg"},"large":{"file":"Le-Plateau-condo-deux-etages-a-louer-a-mont-tremblant-10-1024x684.jpg","width":1024,"height":684,"mime-type":"image\/jpeg","filesize":100896,"url":"https:\/\/lesversants.com\/wp-content\/uploads\/2025\/02\/Le-Plateau-condo-deux-etages-a-louer-a-mont-tremblant-10-1024x684.jpg"},"thumbnail":{"file":"Le-Plateau-condo-deux-etages-a-louer-a-mont-tremblant-10-150x150.jpg","width":150,"height":150,"mime-type":"image\/jpeg","filesize":5827,"url":"https:\/\/lesversants.com\/wp-content\/uploads\/2025\/02\/Le-Plateau-condo-deux-etages-a-louer-a-mont-tremblant-10-150x150.jpg"},"medium_large":{"file":"Le-Plateau-condo-deux-etages-a-louer-a-mont-tremblant-10-768x513.jpg","width":768,"height":513,"mime-type":"image\/jpeg","filesize":63049,"url":"https:\/\/lesversants.com\/wp-content\/uploads\/2025\/02\/Le-Plateau-condo-deux-etages-a-louer-a-mont-tremblant-10-768x513.jpg"},"tf-client-image-size":{"file":"Le-Plateau-condo-deux-etages-a-louer-a-mont-tremblant-10-120x120.jpg","width":120,"height":120,"mime-type":"image\/jpeg","filesize":4180,"url":"https:\/\/lesversants.com\/wp-content\/uploads\/2025\/02\/Le-Plateau-condo-deux-etages-a-louer-a-mont-tremblant-10-120x120.jpg"},"1536x1536":{"file":"Le-Plateau-condo-deux-etages-a-louer-a-mont-tremblant-10-1536x1027.jpg","width":1536,"height":1027,"mime-type":"image\/jpeg","filesize":194618,"url":"https:\/\/lesversants.com\/wp-content\/uploads\/2025\/02\/Le-Plateau-condo-deux-etages-a-louer-a-mont-tremblant-10-1536x1027.jpg"},"2048x2048":{"file":"Le-Plateau-condo-deux-etages-a-louer-a-mont-tremblant-10-2048x1369.jpg","width":2048,"height":1369,"mime-type":"image\/jpeg","filesize":299081,"url":"https:\/\/lesversants.com\/wp-content\/uploads\/2025\/02\/Le-Plateau-condo-deux-etages-a-louer-a-mont-tremblant-10-2048x1369.jpg"},"post-thumbnail":{"file":"Le-Plateau-condo-deux-etages-a-louer-a-mont-tremblant-10-150x100.jpg","width":150,"height":100,"mime-type":"image\/jpeg","filesize":4583,"url":"https:\/\/lesversants.com\/wp-content\/uploads\/2025\/02\/Le-Plateau-condo-deux-etages-a-louer-a-mont-tremblant-10-150x100.jpg"},"modern-property-child-slider":{"file":"Le-Plateau-condo-deux-etages-a-louer-a-mont-tremblant-10-680x510.jpg","width":680,"height":510,"mime-type":"image\/jpeg","filesize":54139,"url":"https:\/\/lesversants.com\/wp-content\/uploads\/2025\/02\/Le-Plateau-condo-deux-etages-a-louer-a-mont-tremblant-10-680x510.jpg"},"property-thumb-image":{"file":"Le-Plateau-condo-deux-etages-a-louer-a-mont-tremblant-10-488x326.jpg","width":488,"height":326,"mime-type":"image\/jpeg","filesize":29679,"url":"https:\/\/lesversants.com\/wp-content\/uploads\/2025\/02\/Le-Plateau-condo-deux-etages-a-louer-a-mont-tremblant-10-488x326.jpg"},"property-detail-video-image":{"file":"Le-Plateau-condo-deux-etages-a-louer-a-mont-tremblant-10-818x417.jpg","width":818,"height":417,"mime-type":"image\/jpeg","filesize":55861,"url":"https:\/\/lesversants.com\/wp-content\/uploads\/2025\/02\/Le-Plateau-condo-deux-etages-a-louer-a-mont-tremblant-10-818x417.jpg"},"agent-image":{"file":"Le-Plateau-condo-deux-etages-a-louer-a-mont-tremblant-10-210x210.jpg","width":210,"height":210,"mime-type":"image\/jpeg","filesize":10201,"url":"https:\/\/lesversants.com\/wp-content\/uploads\/2025\/02\/Le-Plateau-condo-deux-etages-a-louer-a-mont-tremblant-10-210x210.jpg"},"partners-logo":{"file":"Le-Plateau-condo-deux-etages-a-louer-a-mont-tremblant-10-600x1600.jpg","width":600,"height":1600,"mime-type":"image\/jpeg","filesize":91458,"url":"https:\/\/lesversants.com\/wp-content\/uploads\/2025\/02\/Le-Plateau-condo-deux-etages-a-louer-a-mont-tremblant-10-600x1600.jpg"},"post-featured-image":{"file":"Le-Plateau-condo-deux-etages-a-louer-a-mont-tremblant-10-1240x720.jpg","width":1240,"height":720,"mime-type":"image\/jpeg","filesize":122228,"url":"https:\/\/lesversants.com\/wp-content\/uploads\/2025\/02\/Le-Plateau-condo-deux-etages-a-louer-a-mont-tremblant-10-1240x720.jpg"}},"image_meta":{"aperture":"6.3","credit":"","camera":"NIKON D7200","caption":"","created_timestamp":"1740155277","copyright":"","focal_length":"11.5","iso":"400","shutter_speed":"0.004","title":"","orientation":"1","keywords":[]},"ID":"53768","name":"Le-Plateau-condo-deux-etages-a-louer-a-mont-tremblant-10.jpg","path":"\/home\/lesversa\/public_html\/wp-content\/uploads\/2025\/02\/Le-Plateau-condo-deux-etages-a-louer-a-mont-tremblant-10.jpg","url":"https:\/\/lesversants.com\/wp-content\/uploads\/2025\/02\/Le-Plateau-condo-deux-etages-a-louer-a-mont-tremblant-10-150x150.jpg","full_url":"https:\/\/lesversants.com\/wp-content\/uploads\/2025\/02\/Le-Plateau-condo-deux-etages-a-louer-a-mont-tremblant-10.jpg","title":"Le Plateau condo deux etages a louer a mont tremblant 10","caption":"","description":"","alt":"Le Plateau condo deux etages a louer a mont tremblant 10","srcset":"https:\/\/lesversants.com\/wp-content\/uploads\/2025\/02\/Le-Plateau-condo-deux-etages-a-louer-a-mont-tremblant-10-150x150.jpg 150w, https:\/\/lesversants.com\/wp-content\/uploads\/2025\/02\/Le-Plateau-condo-deux-etages-a-louer-a-mont-tremblant-10-120x120.jpg 120w, https:\/\/lesversants.com\/wp-content\/uploads\/2025\/02\/Le-Plateau-condo-deux-etages-a-louer-a-mont-tremblant-10-210x210.jpg 210w"},{"width":150,"height":150,"file":"2025\/02\/Le-Plateau-condo-deux-etages-a-louer-a-mont-tremblant-9.jpg","filesize":174722,"sizes":{"medium":{"file":"Le-Plateau-condo-deux-etages-a-louer-a-mont-tremblant-9-300x201.jpg","width":300,"height":201,"mime-type":"image\/jpeg","filesize":14136,"url":"https:\/\/lesversants.com\/wp-content\/uploads\/2025\/02\/Le-Plateau-condo-deux-etages-a-louer-a-mont-tremblant-9-300x201.jpg"},"large":{"file":"Le-Plateau-condo-deux-etages-a-louer-a-mont-tremblant-9-1024x684.jpg","width":1024,"height":684,"mime-type":"image\/jpeg","filesize":103612,"url":"https:\/\/lesversants.com\/wp-content\/uploads\/2025\/02\/Le-Plateau-condo-deux-etages-a-louer-a-mont-tremblant-9-1024x684.jpg"},"thumbnail":{"file":"Le-Plateau-condo-deux-etages-a-louer-a-mont-tremblant-9-150x150.jpg","width":150,"height":150,"mime-type":"image\/jpeg","filesize":5791,"url":"https:\/\/lesversants.com\/wp-content\/uploads\/2025\/02\/Le-Plateau-condo-deux-etages-a-louer-a-mont-tremblant-9-150x150.jpg"},"medium_large":{"file":"Le-Plateau-condo-deux-etages-a-louer-a-mont-tremblant-9-768x513.jpg","width":768,"height":513,"mime-type":"image\/jpeg","filesize":64706,"url":"https:\/\/lesversants.com\/wp-content\/uploads\/2025\/02\/Le-Plateau-condo-deux-etages-a-louer-a-mont-tremblant-9-768x513.jpg"},"tf-client-image-size":{"file":"Le-Plateau-condo-deux-etages-a-louer-a-mont-tremblant-9-120x120.jpg","width":120,"height":120,"mime-type":"image\/jpeg","filesize":4094,"url":"https:\/\/lesversants.com\/wp-content\/uploads\/2025\/02\/Le-Plateau-condo-deux-etages-a-louer-a-mont-tremblant-9-120x120.jpg"},"1536x1536":{"file":"Le-Plateau-condo-deux-etages-a-louer-a-mont-tremblant-9-1536x1027.jpg","width":1536,"height":1027,"mime-type":"image\/jpeg","filesize":197630,"url":"https:\/\/lesversants.com\/wp-content\/uploads\/2025\/02\/Le-Plateau-condo-deux-etages-a-louer-a-mont-tremblant-9-1536x1027.jpg"},"2048x2048":{"file":"Le-Plateau-condo-deux-etages-a-louer-a-mont-tremblant-9-2048x1369.jpg","width":2048,"height":1369,"mime-type":"image\/jpeg","filesize":303034,"url":"https:\/\/lesversants.com\/wp-content\/uploads\/2025\/02\/Le-Plateau-condo-deux-etages-a-louer-a-mont-tremblant-9-2048x1369.jpg"},"post-thumbnail":{"file":"Le-Plateau-condo-deux-etages-a-louer-a-mont-tremblant-9-150x100.jpg","width":150,"height":100,"mime-type":"image\/jpeg","filesize":4758,"url":"https:\/\/lesversants.com\/wp-content\/uploads\/2025\/02\/Le-Plateau-condo-deux-etages-a-louer-a-mont-tremblant-9-150x100.jpg"},"modern-property-child-slider":{"file":"Le-Plateau-condo-deux-etages-a-louer-a-mont-tremblant-9-680x510.jpg","width":680,"height":510,"mime-type":"image\/jpeg","filesize":57328,"url":"https:\/\/lesversants.com\/wp-content\/uploads\/2025\/02\/Le-Plateau-condo-deux-etages-a-louer-a-mont-tremblant-9-680x510.jpg"},"property-thumb-image":{"file":"Le-Plateau-condo-deux-etages-a-louer-a-mont-tremblant-9-488x326.jpg","width":488,"height":326,"mime-type":"image\/jpeg","filesize":30517,"url":"https:\/\/lesversants.com\/wp-content\/uploads\/2025\/02\/Le-Plateau-condo-deux-etages-a-louer-a-mont-tremblant-9-488x326.jpg"},"property-detail-video-image":{"file":"Le-Plateau-condo-deux-etages-a-louer-a-mont-tremblant-9-818x417.jpg","width":818,"height":417,"mime-type":"image\/jpeg","filesize":60459,"url":"https:\/\/lesversants.com\/wp-content\/uploads\/2025\/02\/Le-Plateau-condo-deux-etages-a-louer-a-mont-tremblant-9-818x417.jpg"},"agent-image":{"file":"Le-Plateau-condo-deux-etages-a-louer-a-mont-tremblant-9-210x210.jpg","width":210,"height":210,"mime-type":"image\/jpeg","filesize":10255,"url":"https:\/\/lesversants.com\/wp-content\/uploads\/2025\/02\/Le-Plateau-condo-deux-etages-a-louer-a-mont-tremblant-9-210x210.jpg"},"partners-logo":{"file":"Le-Plateau-condo-deux-etages-a-louer-a-mont-tremblant-9-600x1600.jpg","width":600,"height":1600,"mime-type":"image\/jpeg","filesize":68013,"url":"https:\/\/lesversants.com\/wp-content\/uploads\/2025\/02\/Le-Plateau-condo-deux-etages-a-louer-a-mont-tremblant-9-600x1600.jpg"},"post-featured-image":{"file":"Le-Plateau-condo-deux-etages-a-louer-a-mont-tremblant-9-1240x720.jpg","width":1240,"height":720,"mime-type":"image\/jpeg","filesize":127944,"url":"https:\/\/lesversants.com\/wp-content\/uploads\/2025\/02\/Le-Plateau-condo-deux-etages-a-louer-a-mont-tremblant-9-1240x720.jpg"}},"image_meta":{"aperture":"6.3","credit":"","camera":"NIKON D7200","caption":"","created_timestamp":"1740155272","copyright":"","focal_length":"10","iso":"400","shutter_speed":"0.004","title":"","orientation":"1","keywords":[]},"ID":"53766","name":"Le-Plateau-condo-deux-etages-a-louer-a-mont-tremblant-9.jpg","path":"\/home\/lesversa\/public_html\/wp-content\/uploads\/2025\/02\/Le-Plateau-condo-deux-etages-a-louer-a-mont-tremblant-9.jpg","url":"https:\/\/lesversants.com\/wp-content\/uploads\/2025\/02\/Le-Plateau-condo-deux-etages-a-louer-a-mont-tremblant-9-150x150.jpg","full_url":"https:\/\/lesversants.com\/wp-content\/uploads\/2025\/02\/Le-Plateau-condo-deux-etages-a-louer-a-mont-tremblant-9.jpg","title":"Le Plateau condo deux etages a louer a mont tremblant 9","caption":"","description":"","alt":"Le Plateau condo deux etages a louer a mont tremblant 9","srcset":"https:\/\/lesversants.com\/wp-content\/uploads\/2025\/02\/Le-Plateau-condo-deux-etages-a-louer-a-mont-tremblant-9-150x150.jpg 150w, https:\/\/lesversants.com\/wp-content\/uploads\/2025\/02\/Le-Plateau-condo-deux-etages-a-louer-a-mont-tremblant-9-120x120.jpg 120w, https:\/\/lesversants.com\/wp-content\/uploads\/2025\/02\/Le-Plateau-condo-deux-etages-a-louer-a-mont-tremblant-9-210x210.jpg 210w"},{"width":150,"height":150,"file":"2025\/02\/Le-Plateau-condo-deux-etages-a-louer-a-mont-tremblant-11.jpg","filesize":220182,"sizes":{"medium":{"file":"Le-Plateau-condo-deux-etages-a-louer-a-mont-tremblant-11-300x201.jpg","width":300,"height":201,"mime-type":"image\/jpeg","filesize":14970,"url":"https:\/\/lesversants.com\/wp-content\/uploads\/2025\/02\/Le-Plateau-condo-deux-etages-a-louer-a-mont-tremblant-11-300x201.jpg"},"large":{"file":"Le-Plateau-condo-deux-etages-a-louer-a-mont-tremblant-11-1024x684.jpg","width":1024,"height":684,"mime-type":"image\/jpeg","filesize":122790,"url":"https:\/\/lesversants.com\/wp-content\/uploads\/2025\/02\/Le-Plateau-condo-deux-etages-a-louer-a-mont-tremblant-11-1024x684.jpg"},"thumbnail":{"file":"Le-Plateau-condo-deux-etages-a-louer-a-mont-tremblant-11-150x150.jpg","width":150,"height":150,"mime-type":"image\/jpeg","filesize":6345,"url":"https:\/\/lesversants.com\/wp-content\/uploads\/2025\/02\/Le-Plateau-condo-deux-etages-a-louer-a-mont-tremblant-11-150x150.jpg"},"medium_large":{"file":"Le-Plateau-condo-deux-etages-a-louer-a-mont-tremblant-11-768x513.jpg","width":768,"height":513,"mime-type":"image\/jpeg","filesize":74965,"url":"https:\/\/lesversants.com\/wp-content\/uploads\/2025\/02\/Le-Plateau-condo-deux-etages-a-louer-a-mont-tremblant-11-768x513.jpg"},"tf-client-image-size":{"file":"Le-Plateau-condo-deux-etages-a-louer-a-mont-tremblant-11-120x120.jpg","width":120,"height":120,"mime-type":"image\/jpeg","filesize":4436,"url":"https:\/\/lesversants.com\/wp-content\/uploads\/2025\/02\/Le-Plateau-condo-deux-etages-a-louer-a-mont-tremblant-11-120x120.jpg"},"1536x1536":{"file":"Le-Plateau-condo-deux-etages-a-louer-a-mont-tremblant-11-1536x1027.jpg","width":1536,"height":1027,"mime-type":"image\/jpeg","filesize":238255,"url":"https:\/\/lesversants.com\/wp-content\/uploads\/2025\/02\/Le-Plateau-condo-deux-etages-a-louer-a-mont-tremblant-11-1536x1027.jpg"},"2048x2048":{"file":"Le-Plateau-condo-deux-etages-a-louer-a-mont-tremblant-11-2048x1369.jpg","width":2048,"height":1369,"mime-type":"image\/jpeg","filesize":370852,"url":"https:\/\/lesversants.com\/wp-content\/uploads\/2025\/02\/Le-Plateau-condo-deux-etages-a-louer-a-mont-tremblant-11-2048x1369.jpg"},"post-thumbnail":{"file":"Le-Plateau-condo-deux-etages-a-louer-a-mont-tremblant-11-150x100.jpg","width":150,"height":100,"mime-type":"image\/jpeg","filesize":5001,"url":"https:\/\/lesversants.com\/wp-content\/uploads\/2025\/02\/Le-Plateau-condo-deux-etages-a-louer-a-mont-tremblant-11-150x100.jpg"},"modern-property-child-slider":{"file":"Le-Plateau-condo-deux-etages-a-louer-a-mont-tremblant-11-680x510.jpg","width":680,"height":510,"mime-type":"image\/jpeg","filesize":65786,"url":"https:\/\/lesversants.com\/wp-content\/uploads\/2025\/02\/Le-Plateau-condo-deux-etages-a-louer-a-mont-tremblant-11-680x510.jpg"},"property-thumb-image":{"file":"Le-Plateau-condo-deux-etages-a-louer-a-mont-tremblant-11-488x326.jpg","width":488,"height":326,"mime-type":"image\/jpeg","filesize":33723,"url":"https:\/\/lesversants.com\/wp-content\/uploads\/2025\/02\/Le-Plateau-condo-deux-etages-a-louer-a-mont-tremblant-11-488x326.jpg"},"property-detail-video-image":{"file":"Le-Plateau-condo-deux-etages-a-louer-a-mont-tremblant-11-818x417.jpg","width":818,"height":417,"mime-type":"image\/jpeg","filesize":69686,"url":"https:\/\/lesversants.com\/wp-content\/uploads\/2025\/02\/Le-Plateau-condo-deux-etages-a-louer-a-mont-tremblant-11-818x417.jpg"},"agent-image":{"file":"Le-Plateau-condo-deux-etages-a-louer-a-mont-tremblant-11-210x210.jpg","width":210,"height":210,"mime-type":"image\/jpeg","filesize":11296,"url":"https:\/\/lesversants.com\/wp-content\/uploads\/2025\/02\/Le-Plateau-condo-deux-etages-a-louer-a-mont-tremblant-11-210x210.jpg"},"partners-logo":{"file":"Le-Plateau-condo-deux-etages-a-louer-a-mont-tremblant-11-600x1600.jpg","width":600,"height":1600,"mime-type":"image\/jpeg","filesize":108556,"url":"https:\/\/lesversants.com\/wp-content\/uploads\/2025\/02\/Le-Plateau-condo-deux-etages-a-louer-a-mont-tremblant-11-600x1600.jpg"},"post-featured-image":{"file":"Le-Plateau-condo-deux-etages-a-louer-a-mont-tremblant-11-1240x720.jpg","width":1240,"height":720,"mime-type":"image\/jpeg","filesize":152274,"url":"https:\/\/lesversants.com\/wp-content\/uploads\/2025\/02\/Le-Plateau-condo-deux-etages-a-louer-a-mont-tremblant-11-1240x720.jpg"}},"image_meta":{"aperture":"6.3","credit":"","camera":"NIKON D7200","caption":"","created_timestamp":"1740155285","copyright":"","focal_length":"10","iso":"800","shutter_speed":"0.066666666666667","title":"","orientation":"1","keywords":[]},"ID":"53770","name":"Le-Plateau-condo-deux-etages-a-louer-a-mont-tremblant-11.jpg","path":"\/home\/lesversa\/public_html\/wp-content\/uploads\/2025\/02\/Le-Plateau-condo-deux-etages-a-louer-a-mont-tremblant-11.jpg","url":"https:\/\/lesversants.com\/wp-content\/uploads\/2025\/02\/Le-Plateau-condo-deux-etages-a-louer-a-mont-tremblant-11-150x150.jpg","full_url":"https:\/\/lesversants.com\/wp-content\/uploads\/2025\/02\/Le-Plateau-condo-deux-etages-a-louer-a-mont-tremblant-11.jpg","title":"Le Plateau condo deux etages a louer a mont tremblant 11","caption":"","description":"","alt":"Le Plateau condo deux etages a louer a mont tremblant 11","srcset":"https:\/\/lesversants.com\/wp-content\/uploads\/2025\/02\/Le-Plateau-condo-deux-etages-a-louer-a-mont-tremblant-11-150x150.jpg 150w, https:\/\/lesversants.com\/wp-content\/uploads\/2025\/02\/Le-Plateau-condo-deux-etages-a-louer-a-mont-tremblant-11-120x120.jpg 120w, https:\/\/lesversants.com\/wp-content\/uploads\/2025\/02\/Le-Plateau-condo-deux-etages-a-louer-a-mont-tremblant-11-210x210.jpg 210w"},{"width":150,"height":150,"file":"2025\/02\/Le-Plateau-condo-deux-etages-a-louer-a-mont-tremblant-2.jpg","filesize":182648,"sizes":{"medium":{"file":"Le-Plateau-condo-deux-etages-a-louer-a-mont-tremblant-2-300x201.jpg","width":300,"height":201,"mime-type":"image\/jpeg","filesize":12206,"url":"https:\/\/lesversants.com\/wp-content\/uploads\/2025\/02\/Le-Plateau-condo-deux-etages-a-louer-a-mont-tremblant-2-300x201.jpg"},"large":{"file":"Le-Plateau-condo-deux-etages-a-louer-a-mont-tremblant-2-1024x685.jpg","width":1024,"height":685,"mime-type":"image\/jpeg","filesize":100812,"url":"https:\/\/lesversants.com\/wp-content\/uploads\/2025\/02\/Le-Plateau-condo-deux-etages-a-louer-a-mont-tremblant-2-1024x685.jpg"},"thumbnail":{"file":"Le-Plateau-condo-deux-etages-a-louer-a-mont-tremblant-2-150x150.jpg","width":150,"height":150,"mime-type":"image\/jpeg","filesize":5524,"url":"https:\/\/lesversants.com\/wp-content\/uploads\/2025\/02\/Le-Plateau-condo-deux-etages-a-louer-a-mont-tremblant-2-150x150.jpg"},"medium_large":{"file":"Le-Plateau-condo-deux-etages-a-louer-a-mont-tremblant-2-768x513.jpg","width":768,"height":513,"mime-type":"image\/jpeg","filesize":61774,"url":"https:\/\/lesversants.com\/wp-content\/uploads\/2025\/02\/Le-Plateau-condo-deux-etages-a-louer-a-mont-tremblant-2-768x513.jpg"},"tf-client-image-size":{"file":"Le-Plateau-condo-deux-etages-a-louer-a-mont-tremblant-2-120x120.jpg","width":120,"height":120,"mime-type":"image\/jpeg","filesize":3807,"url":"https:\/\/lesversants.com\/wp-content\/uploads\/2025\/02\/Le-Plateau-condo-deux-etages-a-louer-a-mont-tremblant-2-120x120.jpg"},"1536x1536":{"file":"Le-Plateau-condo-deux-etages-a-louer-a-mont-tremblant-2-1536x1027.jpg","width":1536,"height":1027,"mime-type":"image\/jpeg","filesize":198317,"url":"https:\/\/lesversants.com\/wp-content\/uploads\/2025\/02\/Le-Plateau-condo-deux-etages-a-louer-a-mont-tremblant-2-1536x1027.jpg"},"2048x2048":{"file":"Le-Plateau-condo-deux-etages-a-louer-a-mont-tremblant-2-2048x1369.jpg","width":2048,"height":1369,"mime-type":"image\/jpeg","filesize":306348,"url":"https:\/\/lesversants.com\/wp-content\/uploads\/2025\/02\/Le-Plateau-condo-deux-etages-a-louer-a-mont-tremblant-2-2048x1369.jpg"},"post-thumbnail":{"file":"Le-Plateau-condo-deux-etages-a-louer-a-mont-tremblant-2-150x100.jpg","width":150,"height":100,"mime-type":"image\/jpeg","filesize":4010,"url":"https:\/\/lesversants.com\/wp-content\/uploads\/2025\/02\/Le-Plateau-condo-deux-etages-a-louer-a-mont-tremblant-2-150x100.jpg"},"modern-property-child-slider":{"file":"Le-Plateau-condo-deux-etages-a-louer-a-mont-tremblant-2-680x510.jpg","width":680,"height":510,"mime-type":"image\/jpeg","filesize":56761,"url":"https:\/\/lesversants.com\/wp-content\/uploads\/2025\/02\/Le-Plateau-condo-deux-etages-a-louer-a-mont-tremblant-2-680x510.jpg"},"property-thumb-image":{"file":"Le-Plateau-condo-deux-etages-a-louer-a-mont-tremblant-2-488x326.jpg","width":488,"height":326,"mime-type":"image\/jpeg","filesize":27748,"url":"https:\/\/lesversants.com\/wp-content\/uploads\/2025\/02\/Le-Plateau-condo-deux-etages-a-louer-a-mont-tremblant-2-488x326.jpg"},"property-detail-video-image":{"file":"Le-Plateau-condo-deux-etages-a-louer-a-mont-tremblant-2-818x417.jpg","width":818,"height":417,"mime-type":"image\/jpeg","filesize":48109,"url":"https:\/\/lesversants.com\/wp-content\/uploads\/2025\/02\/Le-Plateau-condo-deux-etages-a-louer-a-mont-tremblant-2-818x417.jpg"},"agent-image":{"file":"Le-Plateau-condo-deux-etages-a-louer-a-mont-tremblant-2-210x210.jpg","width":210,"height":210,"mime-type":"image\/jpeg","filesize":9903,"url":"https:\/\/lesversants.com\/wp-content\/uploads\/2025\/02\/Le-Plateau-condo-deux-etages-a-louer-a-mont-tremblant-2-210x210.jpg"},"partners-logo":{"file":"Le-Plateau-condo-deux-etages-a-louer-a-mont-tremblant-2-600x1600.jpg","width":600,"height":1600,"mime-type":"image\/jpeg","filesize":74336,"url":"https:\/\/lesversants.com\/wp-content\/uploads\/2025\/02\/Le-Plateau-condo-deux-etages-a-louer-a-mont-tremblant-2-600x1600.jpg"},"post-featured-image":{"file":"Le-Plateau-condo-deux-etages-a-louer-a-mont-tremblant-2-1240x720.jpg","width":1240,"height":720,"mime-type":"image\/jpeg","filesize":113009,"url":"https:\/\/lesversants.com\/wp-content\/uploads\/2025\/02\/Le-Plateau-condo-deux-etages-a-louer-a-mont-tremblant-2-1240x720.jpg"}},"image_meta":{"aperture":"6.3","credit":"","camera":"NIKON D7200","caption":"","created_timestamp":"1740155142","copyright":"","focal_length":"10","iso":"400","shutter_speed":"0.00015625","title":"","orientation":"1","keywords":[]},"ID":"53752","name":"Le-Plateau-condo-deux-etages-a-louer-a-mont-tremblant-2.jpg","path":"\/home\/lesversa\/public_html\/wp-content\/uploads\/2025\/02\/Le-Plateau-condo-deux-etages-a-louer-a-mont-tremblant-2.jpg","url":"https:\/\/lesversants.com\/wp-content\/uploads\/2025\/02\/Le-Plateau-condo-deux-etages-a-louer-a-mont-tremblant-2-150x150.jpg","full_url":"https:\/\/lesversants.com\/wp-content\/uploads\/2025\/02\/Le-Plateau-condo-deux-etages-a-louer-a-mont-tremblant-2.jpg","title":"Le Plateau condo deux etages a louer a mont tremblant 2","caption":"","description":"","alt":"Le Plateau condo deux etages a louer a mont tremblant 2","srcset":"https:\/\/lesversants.com\/wp-content\/uploads\/2025\/02\/Le-Plateau-condo-deux-etages-a-louer-a-mont-tremblant-2-150x150.jpg 150w, https:\/\/lesversants.com\/wp-content\/uploads\/2025\/02\/Le-Plateau-condo-deux-etages-a-louer-a-mont-tremblant-2-120x120.jpg 120w, https:\/\/lesversants.com\/wp-content\/uploads\/2025\/02\/Le-Plateau-condo-deux-etages-a-louer-a-mont-tremblant-2-210x210.jpg 210w"},{"width":150,"height":150,"file":"2025\/02\/Le-Plateau-condo-deux-etages-a-louer-a-mont-tremblant-4.jpg","filesize":345146,"sizes":{"medium":{"file":"Le-Plateau-condo-deux-etages-a-louer-a-mont-tremblant-4-300x201.jpg","width":300,"height":201,"mime-type":"image\/jpeg","filesize":16707,"url":"https:\/\/lesversants.com\/wp-content\/uploads\/2025\/02\/Le-Plateau-condo-deux-etages-a-louer-a-mont-tremblant-4-300x201.jpg"},"large":{"file":"Le-Plateau-condo-deux-etages-a-louer-a-mont-tremblant-4-1024x684.jpg","width":1024,"height":684,"mime-type":"image\/jpeg","filesize":151700,"url":"https:\/\/lesversants.com\/wp-content\/uploads\/2025\/02\/Le-Plateau-condo-deux-etages-a-louer-a-mont-tremblant-4-1024x684.jpg"},"thumbnail":{"file":"Le-Plateau-condo-deux-etages-a-louer-a-mont-tremblant-4-150x150.jpg","width":150,"height":150,"mime-type":"image\/jpeg","filesize":6723,"url":"https:\/\/lesversants.com\/wp-content\/uploads\/2025\/02\/Le-Plateau-condo-deux-etages-a-louer-a-mont-tremblant-4-150x150.jpg"},"medium_large":{"file":"Le-Plateau-condo-deux-etages-a-louer-a-mont-tremblant-4-768x513.jpg","width":768,"height":513,"mime-type":"image\/jpeg","filesize":89094,"url":"https:\/\/lesversants.com\/wp-content\/uploads\/2025\/02\/Le-Plateau-condo-deux-etages-a-louer-a-mont-tremblant-4-768x513.jpg"},"tf-client-image-size":{"file":"Le-Plateau-condo-deux-etages-a-louer-a-mont-tremblant-4-120x120.jpg","width":120,"height":120,"mime-type":"image\/jpeg","filesize":4519,"url":"https:\/\/lesversants.com\/wp-content\/uploads\/2025\/02\/Le-Plateau-condo-deux-etages-a-louer-a-mont-tremblant-4-120x120.jpg"},"1536x1536":{"file":"Le-Plateau-condo-deux-etages-a-louer-a-mont-tremblant-4-1536x1027.jpg","width":1536,"height":1027,"mime-type":"image\/jpeg","filesize":313530,"url":"https:\/\/lesversants.com\/wp-content\/uploads\/2025\/02\/Le-Plateau-condo-deux-etages-a-louer-a-mont-tremblant-4-1536x1027.jpg"},"2048x2048":{"file":"Le-Plateau-condo-deux-etages-a-louer-a-mont-tremblant-4-2048x1369.jpg","width":2048,"height":1369,"mime-type":"image\/jpeg","filesize":501482,"url":"https:\/\/lesversants.com\/wp-content\/uploads\/2025\/02\/Le-Plateau-condo-deux-etages-a-louer-a-mont-tremblant-4-2048x1369.jpg"},"post-thumbnail":{"file":"Le-Plateau-condo-deux-etages-a-louer-a-mont-tremblant-4-150x100.jpg","width":150,"height":100,"mime-type":"image\/jpeg","filesize":5260,"url":"https:\/\/lesversants.com\/wp-content\/uploads\/2025\/02\/Le-Plateau-condo-deux-etages-a-louer-a-mont-tremblant-4-150x100.jpg"},"modern-property-child-slider":{"file":"Le-Plateau-condo-deux-etages-a-louer-a-mont-tremblant-4-680x510.jpg","width":680,"height":510,"mime-type":"image\/jpeg","filesize":77256,"url":"https:\/\/lesversants.com\/wp-content\/uploads\/2025\/02\/Le-Plateau-condo-deux-etages-a-louer-a-mont-tremblant-4-680x510.jpg"},"property-thumb-image":{"file":"Le-Plateau-condo-deux-etages-a-louer-a-mont-tremblant-4-488x326.jpg","width":488,"height":326,"mime-type":"image\/jpeg","filesize":38903,"url":"https:\/\/lesversants.com\/wp-content\/uploads\/2025\/02\/Le-Plateau-condo-deux-etages-a-louer-a-mont-tremblant-4-488x326.jpg"},"property-detail-video-image":{"file":"Le-Plateau-condo-deux-etages-a-louer-a-mont-tremblant-4-818x417.jpg","width":818,"height":417,"mime-type":"image\/jpeg","filesize":82488,"url":"https:\/\/lesversants.com\/wp-content\/uploads\/2025\/02\/Le-Plateau-condo-deux-etages-a-louer-a-mont-tremblant-4-818x417.jpg"},"agent-image":{"file":"Le-Plateau-condo-deux-etages-a-louer-a-mont-tremblant-4-210x210.jpg","width":210,"height":210,"mime-type":"image\/jpeg","filesize":11982,"url":"https:\/\/lesversants.com\/wp-content\/uploads\/2025\/02\/Le-Plateau-condo-deux-etages-a-louer-a-mont-tremblant-4-210x210.jpg"},"partners-logo":{"file":"Le-Plateau-condo-deux-etages-a-louer-a-mont-tremblant-4-600x1600.jpg","width":600,"height":1600,"mime-type":"image\/jpeg","filesize":161111,"url":"https:\/\/lesversants.com\/wp-content\/uploads\/2025\/02\/Le-Plateau-condo-deux-etages-a-louer-a-mont-tremblant-4-600x1600.jpg"},"post-featured-image":{"file":"Le-Plateau-condo-deux-etages-a-louer-a-mont-tremblant-4-1240x720.jpg","width":1240,"height":720,"mime-type":"image\/jpeg","filesize":192173,"url":"https:\/\/lesversants.com\/wp-content\/uploads\/2025\/02\/Le-Plateau-condo-deux-etages-a-louer-a-mont-tremblant-4-1240x720.jpg"}},"image_meta":{"aperture":"6.3","credit":"","camera":"NIKON D7200","caption":"","created_timestamp":"1740155177","copyright":"","focal_length":"10","iso":"400","shutter_speed":"0.066666666666667","title":"","orientation":"1","keywords":[]},"ID":"53756","name":"Le-Plateau-condo-deux-etages-a-louer-a-mont-tremblant-4.jpg","path":"\/home\/lesversa\/public_html\/wp-content\/uploads\/2025\/02\/Le-Plateau-condo-deux-etages-a-louer-a-mont-tremblant-4.jpg","url":"https:\/\/lesversants.com\/wp-content\/uploads\/2025\/02\/Le-Plateau-condo-deux-etages-a-louer-a-mont-tremblant-4-150x150.jpg","full_url":"https:\/\/lesversants.com\/wp-content\/uploads\/2025\/02\/Le-Plateau-condo-deux-etages-a-louer-a-mont-tremblant-4.jpg","title":"Le Plateau condo deux etages a louer a mont tremblant 4","caption":"","description":"","alt":"Le Plateau condo deux etages a louer a mont tremblant 4","srcset":"https:\/\/lesversants.com\/wp-content\/uploads\/2025\/02\/Le-Plateau-condo-deux-etages-a-louer-a-mont-tremblant-4-150x150.jpg 150w, https:\/\/lesversants.com\/wp-content\/uploads\/2025\/02\/Le-Plateau-condo-deux-etages-a-louer-a-mont-tremblant-4-120x120.jpg 120w, https:\/\/lesversants.com\/wp-content\/uploads\/2025\/02\/Le-Plateau-condo-deux-etages-a-louer-a-mont-tremblant-4-210x210.jpg 210w"},{"width":150,"height":150,"file":"2025\/02\/Le-Plateau-condo-deux-etages-a-louer-a-mont-tremblant-5.jpg","filesize":217087,"sizes":{"medium":{"file":"Le-Plateau-condo-deux-etages-a-louer-a-mont-tremblant-5-300x201.jpg","width":300,"height":201,"mime-type":"image\/jpeg","filesize":14684,"url":"https:\/\/lesversants.com\/wp-content\/uploads\/2025\/02\/Le-Plateau-condo-deux-etages-a-louer-a-mont-tremblant-5-300x201.jpg"},"large":{"file":"Le-Plateau-condo-deux-etages-a-louer-a-mont-tremblant-5-1024x684.jpg","width":1024,"height":684,"mime-type":"image\/jpeg","filesize":120361,"url":"https:\/\/lesversants.com\/wp-content\/uploads\/2025\/02\/Le-Plateau-condo-deux-etages-a-louer-a-mont-tremblant-5-1024x684.jpg"},"thumbnail":{"file":"Le-Plateau-condo-deux-etages-a-louer-a-mont-tremblant-5-150x150.jpg","width":150,"height":150,"mime-type":"image\/jpeg","filesize":6038,"url":"https:\/\/lesversants.com\/wp-content\/uploads\/2025\/02\/Le-Plateau-condo-deux-etages-a-louer-a-mont-tremblant-5-150x150.jpg"},"medium_large":{"file":"Le-Plateau-condo-deux-etages-a-louer-a-mont-tremblant-5-768x513.jpg","width":768,"height":513,"mime-type":"image\/jpeg","filesize":73786,"url":"https:\/\/lesversants.com\/wp-content\/uploads\/2025\/02\/Le-Plateau-condo-deux-etages-a-louer-a-mont-tremblant-5-768x513.jpg"},"tf-client-image-size":{"file":"Le-Plateau-condo-deux-etages-a-louer-a-mont-tremblant-5-120x120.jpg","width":120,"height":120,"mime-type":"image\/jpeg","filesize":4199,"url":"https:\/\/lesversants.com\/wp-content\/uploads\/2025\/02\/Le-Plateau-condo-deux-etages-a-louer-a-mont-tremblant-5-120x120.jpg"},"1536x1536":{"file":"Le-Plateau-condo-deux-etages-a-louer-a-mont-tremblant-5-1536x1027.jpg","width":1536,"height":1027,"mime-type":"image\/jpeg","filesize":236922,"url":"https:\/\/lesversants.com\/wp-content\/uploads\/2025\/02\/Le-Plateau-condo-deux-etages-a-louer-a-mont-tremblant-5-1536x1027.jpg"},"2048x2048":{"file":"Le-Plateau-condo-deux-etages-a-louer-a-mont-tremblant-5-2048x1369.jpg","width":2048,"height":1369,"mime-type":"image\/jpeg","filesize":368518,"url":"https:\/\/lesversants.com\/wp-content\/uploads\/2025\/02\/Le-Plateau-condo-deux-etages-a-louer-a-mont-tremblant-5-2048x1369.jpg"},"post-thumbnail":{"file":"Le-Plateau-condo-deux-etages-a-louer-a-mont-tremblant-5-150x100.jpg","width":150,"height":100,"mime-type":"image\/jpeg","filesize":4797,"url":"https:\/\/lesversants.com\/wp-content\/uploads\/2025\/02\/Le-Plateau-condo-deux-etages-a-louer-a-mont-tremblant-5-150x100.jpg"},"modern-property-child-slider":{"file":"Le-Plateau-condo-deux-etages-a-louer-a-mont-tremblant-5-680x510.jpg","width":680,"height":510,"mime-type":"image\/jpeg","filesize":63051,"url":"https:\/\/lesversants.com\/wp-content\/uploads\/2025\/02\/Le-Plateau-condo-deux-etages-a-louer-a-mont-tremblant-5-680x510.jpg"},"property-thumb-image":{"file":"Le-Plateau-condo-deux-etages-a-louer-a-mont-tremblant-5-488x326.jpg","width":488,"height":326,"mime-type":"image\/jpeg","filesize":33259,"url":"https:\/\/lesversants.com\/wp-content\/uploads\/2025\/02\/Le-Plateau-condo-deux-etages-a-louer-a-mont-tremblant-5-488x326.jpg"},"property-detail-video-image":{"file":"Le-Plateau-condo-deux-etages-a-louer-a-mont-tremblant-5-818x417.jpg","width":818,"height":417,"mime-type":"image\/jpeg","filesize":69142,"url":"https:\/\/lesversants.com\/wp-content\/uploads\/2025\/02\/Le-Plateau-condo-deux-etages-a-louer-a-mont-tremblant-5-818x417.jpg"},"agent-image":{"file":"Le-Plateau-condo-deux-etages-a-louer-a-mont-tremblant-5-210x210.jpg","width":210,"height":210,"mime-type":"image\/jpeg","filesize":10730,"url":"https:\/\/lesversants.com\/wp-content\/uploads\/2025\/02\/Le-Plateau-condo-deux-etages-a-louer-a-mont-tremblant-5-210x210.jpg"},"partners-logo":{"file":"Le-Plateau-condo-deux-etages-a-louer-a-mont-tremblant-5-600x1600.jpg","width":600,"height":1600,"mime-type":"image\/jpeg","filesize":84963,"url":"https:\/\/lesversants.com\/wp-content\/uploads\/2025\/02\/Le-Plateau-condo-deux-etages-a-louer-a-mont-tremblant-5-600x1600.jpg"},"post-featured-image":{"file":"Le-Plateau-condo-deux-etages-a-louer-a-mont-tremblant-5-1240x720.jpg","width":1240,"height":720,"mime-type":"image\/jpeg","filesize":152224,"url":"https:\/\/lesversants.com\/wp-content\/uploads\/2025\/02\/Le-Plateau-condo-deux-etages-a-louer-a-mont-tremblant-5-1240x720.jpg"}},"image_meta":{"aperture":"6.3","credit":"","camera":"NIKON D7200","caption":"","created_timestamp":"1740155199","copyright":"","focal_length":"10","iso":"400","shutter_speed":"0.008","title":"","orientation":"1","keywords":[]},"ID":"53758","name":"Le-Plateau-condo-deux-etages-a-louer-a-mont-tremblant-5.jpg","path":"\/home\/lesversa\/public_html\/wp-content\/uploads\/2025\/02\/Le-Plateau-condo-deux-etages-a-louer-a-mont-tremblant-5.jpg","url":"https:\/\/lesversants.com\/wp-content\/uploads\/2025\/02\/Le-Plateau-condo-deux-etages-a-louer-a-mont-tremblant-5-150x150.jpg","full_url":"https:\/\/lesversants.com\/wp-content\/uploads\/2025\/02\/Le-Plateau-condo-deux-etages-a-louer-a-mont-tremblant-5.jpg","title":"Le Plateau condo deux etages a louer a mont tremblant 5","caption":"","description":"","alt":"Le Plateau condo deux etages a louer a mont tremblant 5","srcset":"https:\/\/lesversants.com\/wp-content\/uploads\/2025\/02\/Le-Plateau-condo-deux-etages-a-louer-a-mont-tremblant-5-150x150.jpg 150w, https:\/\/lesversants.com\/wp-content\/uploads\/2025\/02\/Le-Plateau-condo-deux-etages-a-louer-a-mont-tremblant-5-120x120.jpg 120w, https:\/\/lesversants.com\/wp-content\/uploads\/2025\/02\/Le-Plateau-condo-deux-etages-a-louer-a-mont-tremblant-5-210x210.jpg 210w"},{"width":150,"height":150,"file":"2025\/02\/Le-Plateau-condo-deux-etages-a-louer-a-mont-tremblant-13.jpg","filesize":166831,"sizes":{"medium":{"file":"Le-Plateau-condo-deux-etages-a-louer-a-mont-tremblant-13-300x201.jpg","width":300,"height":201,"mime-type":"image\/jpeg","filesize":12157,"url":"https:\/\/lesversants.com\/wp-content\/uploads\/2025\/02\/Le-Plateau-condo-deux-etages-a-louer-a-mont-tremblant-13-300x201.jpg"},"large":{"file":"Le-Plateau-condo-deux-etages-a-louer-a-mont-tremblant-13-1024x685.jpg","width":1024,"height":685,"mime-type":"image\/jpeg","filesize":95595,"url":"https:\/\/lesversants.com\/wp-content\/uploads\/2025\/02\/Le-Plateau-condo-deux-etages-a-louer-a-mont-tremblant-13-1024x685.jpg"},"thumbnail":{"file":"Le-Plateau-condo-deux-etages-a-louer-a-mont-tremblant-13-150x150.jpg","width":150,"height":150,"mime-type":"image\/jpeg","filesize":5721,"url":"https:\/\/lesversants.com\/wp-content\/uploads\/2025\/02\/Le-Plateau-condo-deux-etages-a-louer-a-mont-tremblant-13-150x150.jpg"},"medium_large":{"file":"Le-Plateau-condo-deux-etages-a-louer-a-mont-tremblant-13-768x513.jpg","width":768,"height":513,"mime-type":"image\/jpeg","filesize":58738,"url":"https:\/\/lesversants.com\/wp-content\/uploads\/2025\/02\/Le-Plateau-condo-deux-etages-a-louer-a-mont-tremblant-13-768x513.jpg"},"tf-client-image-size":{"file":"Le-Plateau-condo-deux-etages-a-louer-a-mont-tremblant-13-120x120.jpg","width":120,"height":120,"mime-type":"image\/jpeg","filesize":3948,"url":"https:\/\/lesversants.com\/wp-content\/uploads\/2025\/02\/Le-Plateau-condo-deux-etages-a-louer-a-mont-tremblant-13-120x120.jpg"},"1536x1536":{"file":"Le-Plateau-condo-deux-etages-a-louer-a-mont-tremblant-13-1536x1027.jpg","width":1536,"height":1027,"mime-type":"image\/jpeg","filesize":186293,"url":"https:\/\/lesversants.com\/wp-content\/uploads\/2025\/02\/Le-Plateau-condo-deux-etages-a-louer-a-mont-tremblant-13-1536x1027.jpg"},"2048x2048":{"file":"Le-Plateau-condo-deux-etages-a-louer-a-mont-tremblant-13-2048x1369.jpg","width":2048,"height":1369,"mime-type":"image\/jpeg","filesize":287986,"url":"https:\/\/lesversants.com\/wp-content\/uploads\/2025\/02\/Le-Plateau-condo-deux-etages-a-louer-a-mont-tremblant-13-2048x1369.jpg"},"post-thumbnail":{"file":"Le-Plateau-condo-deux-etages-a-louer-a-mont-tremblant-13-150x100.jpg","width":150,"height":100,"mime-type":"image\/jpeg","filesize":4027,"url":"https:\/\/lesversants.com\/wp-content\/uploads\/2025\/02\/Le-Plateau-condo-deux-etages-a-louer-a-mont-tremblant-13-150x100.jpg"},"modern-property-child-slider":{"file":"Le-Plateau-condo-deux-etages-a-louer-a-mont-tremblant-13-680x510.jpg","width":680,"height":510,"mime-type":"image\/jpeg","filesize":52893,"url":"https:\/\/lesversants.com\/wp-content\/uploads\/2025\/02\/Le-Plateau-condo-deux-etages-a-louer-a-mont-tremblant-13-680x510.jpg"},"property-thumb-image":{"file":"Le-Plateau-condo-deux-etages-a-louer-a-mont-tremblant-13-488x326.jpg","width":488,"height":326,"mime-type":"image\/jpeg","filesize":26632,"url":"https:\/\/lesversants.com\/wp-content\/uploads\/2025\/02\/Le-Plateau-condo-deux-etages-a-louer-a-mont-tremblant-13-488x326.jpg"},"property-detail-video-image":{"file":"Le-Plateau-condo-deux-etages-a-louer-a-mont-tremblant-13-818x417.jpg","width":818,"height":417,"mime-type":"image\/jpeg","filesize":51303,"url":"https:\/\/lesversants.com\/wp-content\/uploads\/2025\/02\/Le-Plateau-condo-deux-etages-a-louer-a-mont-tremblant-13-818x417.jpg"},"agent-image":{"file":"Le-Plateau-condo-deux-etages-a-louer-a-mont-tremblant-13-210x210.jpg","width":210,"height":210,"mime-type":"image\/jpeg","filesize":9841,"url":"https:\/\/lesversants.com\/wp-content\/uploads\/2025\/02\/Le-Plateau-condo-deux-etages-a-louer-a-mont-tremblant-13-210x210.jpg"},"partners-logo":{"file":"Le-Plateau-condo-deux-etages-a-louer-a-mont-tremblant-13-600x1600.jpg","width":600,"height":1600,"mime-type":"image\/jpeg","filesize":68511,"url":"https:\/\/lesversants.com\/wp-content\/uploads\/2025\/02\/Le-Plateau-condo-deux-etages-a-louer-a-mont-tremblant-13-600x1600.jpg"},"post-featured-image":{"file":"Le-Plateau-condo-deux-etages-a-louer-a-mont-tremblant-13-1240x720.jpg","width":1240,"height":720,"mime-type":"image\/jpeg","filesize":115097,"url":"https:\/\/lesversants.com\/wp-content\/uploads\/2025\/02\/Le-Plateau-condo-deux-etages-a-louer-a-mont-tremblant-13-1240x720.jpg"}},"image_meta":{"aperture":"6.3","credit":"","camera":"NIKON D7200","caption":"","created_timestamp":"1740155329","copyright":"","focal_length":"19","iso":"400","shutter_speed":"0.0125","title":"","orientation":"1","keywords":[]},"ID":"53774","name":"Le-Plateau-condo-deux-etages-a-louer-a-mont-tremblant-13.jpg","path":"\/home\/lesversa\/public_html\/wp-content\/uploads\/2025\/02\/Le-Plateau-condo-deux-etages-a-louer-a-mont-tremblant-13.jpg","url":"https:\/\/lesversants.com\/wp-content\/uploads\/2025\/02\/Le-Plateau-condo-deux-etages-a-louer-a-mont-tremblant-13-150x150.jpg","full_url":"https:\/\/lesversants.com\/wp-content\/uploads\/2025\/02\/Le-Plateau-condo-deux-etages-a-louer-a-mont-tremblant-13.jpg","title":"Le Plateau condo deux etages a louer a mont tremblant 13","caption":"","description":"","alt":"Le Plateau condo deux etages a louer a mont tremblant 13","srcset":"https:\/\/lesversants.com\/wp-content\/uploads\/2025\/02\/Le-Plateau-condo-deux-etages-a-louer-a-mont-tremblant-13-150x150.jpg 150w, https:\/\/lesversants.com\/wp-content\/uploads\/2025\/02\/Le-Plateau-condo-deux-etages-a-louer-a-mont-tremblant-13-120x120.jpg 120w, https:\/\/lesversants.com\/wp-content\/uploads\/2025\/02\/Le-Plateau-condo-deux-etages-a-louer-a-mont-tremblant-13-210x210.jpg 210w"},{"width":150,"height":150,"file":"2025\/02\/Le-Plateau-condo-deux-etages-a-louer-a-mont-tremblant-20.jpg","filesize":172586,"sizes":{"medium":{"file":"Le-Plateau-condo-deux-etages-a-louer-a-mont-tremblant-20-300x201.jpg","width":300,"height":201,"mime-type":"image\/jpeg","filesize":11286,"url":"https:\/\/lesversants.com\/wp-content\/uploads\/2025\/02\/Le-Plateau-condo-deux-etages-a-louer-a-mont-tremblant-20-300x201.jpg"},"large":{"file":"Le-Plateau-condo-deux-etages-a-louer-a-mont-tremblant-20-1024x685.jpg","width":1024,"height":685,"mime-type":"image\/jpeg","filesize":95195,"url":"https:\/\/lesversants.com\/wp-content\/uploads\/2025\/02\/Le-Plateau-condo-deux-etages-a-louer-a-mont-tremblant-20-1024x685.jpg"},"thumbnail":{"file":"Le-Plateau-condo-deux-etages-a-louer-a-mont-tremblant-20-150x150.jpg","width":150,"height":150,"mime-type":"image\/jpeg","filesize":4933,"url":"https:\/\/lesversants.com\/wp-content\/uploads\/2025\/02\/Le-Plateau-condo-deux-etages-a-louer-a-mont-tremblant-20-150x150.jpg"},"medium_large":{"file":"Le-Plateau-condo-deux-etages-a-louer-a-mont-tremblant-20-768x513.jpg","width":768,"height":513,"mime-type":"image\/jpeg","filesize":57556,"url":"https:\/\/lesversants.com\/wp-content\/uploads\/2025\/02\/Le-Plateau-condo-deux-etages-a-louer-a-mont-tremblant-20-768x513.jpg"},"tf-client-image-size":{"file":"Le-Plateau-condo-deux-etages-a-louer-a-mont-tremblant-20-120x120.jpg","width":120,"height":120,"mime-type":"image\/jpeg","filesize":3371,"url":"https:\/\/lesversants.com\/wp-content\/uploads\/2025\/02\/Le-Plateau-condo-deux-etages-a-louer-a-mont-tremblant-20-120x120.jpg"},"1536x1536":{"file":"Le-Plateau-condo-deux-etages-a-louer-a-mont-tremblant-20-1536x1027.jpg","width":1536,"height":1027,"mime-type":"image\/jpeg","filesize":189179,"url":"https:\/\/lesversants.com\/wp-content\/uploads\/2025\/02\/Le-Plateau-condo-deux-etages-a-louer-a-mont-tremblant-20-1536x1027.jpg"},"2048x2048":{"file":"Le-Plateau-condo-deux-etages-a-louer-a-mont-tremblant-20-2048x1369.jpg","width":2048,"height":1369,"mime-type":"image\/jpeg","filesize":295325,"url":"https:\/\/lesversants.com\/wp-content\/uploads\/2025\/02\/Le-Plateau-condo-deux-etages-a-louer-a-mont-tremblant-20-2048x1369.jpg"},"post-thumbnail":{"file":"Le-Plateau-condo-deux-etages-a-louer-a-mont-tremblant-20-150x100.jpg","width":150,"height":100,"mime-type":"image\/jpeg","filesize":3673,"url":"https:\/\/lesversants.com\/wp-content\/uploads\/2025\/02\/Le-Plateau-condo-deux-etages-a-louer-a-mont-tremblant-20-150x100.jpg"},"modern-property-child-slider":{"file":"Le-Plateau-condo-deux-etages-a-louer-a-mont-tremblant-20-680x510.jpg","width":680,"height":510,"mime-type":"image\/jpeg","filesize":53571,"url":"https:\/\/lesversants.com\/wp-content\/uploads\/2025\/02\/Le-Plateau-condo-deux-etages-a-louer-a-mont-tremblant-20-680x510.jpg"},"property-thumb-image":{"file":"Le-Plateau-condo-deux-etages-a-louer-a-mont-tremblant-20-488x326.jpg","width":488,"height":326,"mime-type":"image\/jpeg","filesize":25855,"url":"https:\/\/lesversants.com\/wp-content\/uploads\/2025\/02\/Le-Plateau-condo-deux-etages-a-louer-a-mont-tremblant-20-488x326.jpg"},"property-detail-video-image":{"file":"Le-Plateau-condo-deux-etages-a-louer-a-mont-tremblant-20-818x417.jpg","width":818,"height":417,"mime-type":"image\/jpeg","filesize":50558,"url":"https:\/\/lesversants.com\/wp-content\/uploads\/2025\/02\/Le-Plateau-condo-deux-etages-a-louer-a-mont-tremblant-20-818x417.jpg"},"agent-image":{"file":"Le-Plateau-condo-deux-etages-a-louer-a-mont-tremblant-20-210x210.jpg","width":210,"height":210,"mime-type":"image\/jpeg","filesize":8907,"url":"https:\/\/lesversants.com\/wp-content\/uploads\/2025\/02\/Le-Plateau-condo-deux-etages-a-louer-a-mont-tremblant-20-210x210.jpg"},"partners-logo":{"file":"Le-Plateau-condo-deux-etages-a-louer-a-mont-tremblant-20-600x1600.jpg","width":600,"height":1600,"mime-type":"image\/jpeg","filesize":69181,"url":"https:\/\/lesversants.com\/wp-content\/uploads\/2025\/02\/Le-Plateau-condo-deux-etages-a-louer-a-mont-tremblant-20-600x1600.jpg"},"post-featured-image":{"file":"Le-Plateau-condo-deux-etages-a-louer-a-mont-tremblant-20-1240x720.jpg","width":1240,"height":720,"mime-type":"image\/jpeg","filesize":115837,"url":"https:\/\/lesversants.com\/wp-content\/uploads\/2025\/02\/Le-Plateau-condo-deux-etages-a-louer-a-mont-tremblant-20-1240x720.jpg"}},"image_meta":{"aperture":"5.6","credit":"","camera":"NIKON D7200","caption":"","created_timestamp":"1740155472","copyright":"","focal_length":"10","iso":"400","shutter_speed":"0.025","title":"","orientation":"1","keywords":[]},"ID":"53788","name":"Le-Plateau-condo-deux-etages-a-louer-a-mont-tremblant-20.jpg","path":"\/home\/lesversa\/public_html\/wp-content\/uploads\/2025\/02\/Le-Plateau-condo-deux-etages-a-louer-a-mont-tremblant-20.jpg","url":"https:\/\/lesversants.com\/wp-content\/uploads\/2025\/02\/Le-Plateau-condo-deux-etages-a-louer-a-mont-tremblant-20-150x150.jpg","full_url":"https:\/\/lesversants.com\/wp-content\/uploads\/2025\/02\/Le-Plateau-condo-deux-etages-a-louer-a-mont-tremblant-20.jpg","title":"Le Plateau condo deux etages a louer a mont tremblant 20","caption":"","description":"","alt":"Le Plateau condo deux etages a louer a mont tremblant 20","srcset":"https:\/\/lesversants.com\/wp-content\/uploads\/2025\/02\/Le-Plateau-condo-deux-etages-a-louer-a-mont-tremblant-20-150x150.jpg 150w, https:\/\/lesversants.com\/wp-content\/uploads\/2025\/02\/Le-Plateau-condo-deux-etages-a-louer-a-mont-tremblant-20-120x120.jpg 120w, https:\/\/lesversants.com\/wp-content\/uploads\/2025\/02\/Le-Plateau-condo-deux-etages-a-louer-a-mont-tremblant-20-210x210.jpg 210w"},{"width":150,"height":150,"file":"2025\/02\/Le-Plateau-condo-deux-etages-a-louer-a-mont-tremblant-22.jpg","filesize":161844,"sizes":{"medium":{"file":"Le-Plateau-condo-deux-etages-a-louer-a-mont-tremblant-22-300x201.jpg","width":300,"height":201,"mime-type":"image\/jpeg","filesize":10678,"url":"https:\/\/lesversants.com\/wp-content\/uploads\/2025\/02\/Le-Plateau-condo-deux-etages-a-louer-a-mont-tremblant-22-300x201.jpg"},"large":{"file":"Le-Plateau-condo-deux-etages-a-louer-a-mont-tremblant-22-1024x684.jpg","width":1024,"height":684,"mime-type":"image\/jpeg","filesize":92004,"url":"https:\/\/lesversants.com\/wp-content\/uploads\/2025\/02\/Le-Plateau-condo-deux-etages-a-louer-a-mont-tremblant-22-1024x684.jpg"},"thumbnail":{"file":"Le-Plateau-condo-deux-etages-a-louer-a-mont-tremblant-22-150x150.jpg","width":150,"height":150,"mime-type":"image\/jpeg","filesize":4572,"url":"https:\/\/lesversants.com\/wp-content\/uploads\/2025\/02\/Le-Plateau-condo-deux-etages-a-louer-a-mont-tremblant-22-150x150.jpg"},"medium_large":{"file":"Le-Plateau-condo-deux-etages-a-louer-a-mont-tremblant-22-768x513.jpg","width":768,"height":513,"mime-type":"image\/jpeg","filesize":54635,"url":"https:\/\/lesversants.com\/wp-content\/uploads\/2025\/02\/Le-Plateau-condo-deux-etages-a-louer-a-mont-tremblant-22-768x513.jpg"},"tf-client-image-size":{"file":"Le-Plateau-condo-deux-etages-a-louer-a-mont-tremblant-22-120x120.jpg","width":120,"height":120,"mime-type":"image\/jpeg","filesize":3209,"url":"https:\/\/lesversants.com\/wp-content\/uploads\/2025\/02\/Le-Plateau-condo-deux-etages-a-louer-a-mont-tremblant-22-120x120.jpg"},"1536x1536":{"file":"Le-Plateau-condo-deux-etages-a-louer-a-mont-tremblant-22-1536x1027.jpg","width":1536,"height":1027,"mime-type":"image\/jpeg","filesize":186126,"url":"https:\/\/lesversants.com\/wp-content\/uploads\/2025\/02\/Le-Plateau-condo-deux-etages-a-louer-a-mont-tremblant-22-1536x1027.jpg"},"2048x2048":{"file":"Le-Plateau-condo-deux-etages-a-louer-a-mont-tremblant-22-2048x1369.jpg","width":2048,"height":1369,"mime-type":"image\/jpeg","filesize":294191,"url":"https:\/\/lesversants.com\/wp-content\/uploads\/2025\/02\/Le-Plateau-condo-deux-etages-a-louer-a-mont-tremblant-22-2048x1369.jpg"},"post-thumbnail":{"file":"Le-Plateau-condo-deux-etages-a-louer-a-mont-tremblant-22-150x100.jpg","width":150,"height":100,"mime-type":"image\/jpeg","filesize":3636,"url":"https:\/\/lesversants.com\/wp-content\/uploads\/2025\/02\/Le-Plateau-condo-deux-etages-a-louer-a-mont-tremblant-22-150x100.jpg"},"modern-property-child-slider":{"file":"Le-Plateau-condo-deux-etages-a-louer-a-mont-tremblant-22-680x510.jpg","width":680,"height":510,"mime-type":"image\/jpeg","filesize":48538,"url":"https:\/\/lesversants.com\/wp-content\/uploads\/2025\/02\/Le-Plateau-condo-deux-etages-a-louer-a-mont-tremblant-22-680x510.jpg"},"property-thumb-image":{"file":"Le-Plateau-condo-deux-etages-a-louer-a-mont-tremblant-22-488x326.jpg","width":488,"height":326,"mime-type":"image\/jpeg","filesize":24105,"url":"https:\/\/lesversants.com\/wp-content\/uploads\/2025\/02\/Le-Plateau-condo-deux-etages-a-louer-a-mont-tremblant-22-488x326.jpg"},"property-detail-video-image":{"file":"Le-Plateau-condo-deux-etages-a-louer-a-mont-tremblant-22-818x417.jpg","width":818,"height":417,"mime-type":"image\/jpeg","filesize":49275,"url":"https:\/\/lesversants.com\/wp-content\/uploads\/2025\/02\/Le-Plateau-condo-deux-etages-a-louer-a-mont-tremblant-22-818x417.jpg"},"agent-image":{"file":"Le-Plateau-condo-deux-etages-a-louer-a-mont-tremblant-22-210x210.jpg","width":210,"height":210,"mime-type":"image\/jpeg","filesize":8054,"url":"https:\/\/lesversants.com\/wp-content\/uploads\/2025\/02\/Le-Plateau-condo-deux-etages-a-louer-a-mont-tremblant-22-210x210.jpg"},"partners-logo":{"file":"Le-Plateau-condo-deux-etages-a-louer-a-mont-tremblant-22-600x1600.jpg","width":600,"height":1600,"mime-type":"image\/jpeg","filesize":112696,"url":"https:\/\/lesversants.com\/wp-content\/uploads\/2025\/02\/Le-Plateau-condo-deux-etages-a-louer-a-mont-tremblant-22-600x1600.jpg"},"post-featured-image":{"file":"Le-Plateau-condo-deux-etages-a-louer-a-mont-tremblant-22-1240x720.jpg","width":1240,"height":720,"mime-type":"image\/jpeg","filesize":113204,"url":"https:\/\/lesversants.com\/wp-content\/uploads\/2025\/02\/Le-Plateau-condo-deux-etages-a-louer-a-mont-tremblant-22-1240x720.jpg"}},"image_meta":{"aperture":"5","credit":"","camera":"NIKON D7200","caption":"","created_timestamp":"1740155581","copyright":"","focal_length":"10","iso":"400","shutter_speed":"0.003125","title":"","orientation":"1","keywords":[]},"ID":"53732","name":"Le-Plateau-condo-deux-etages-a-louer-a-mont-tremblant-22.jpg","path":"\/home\/lesversa\/public_html\/wp-content\/uploads\/2025\/02\/Le-Plateau-condo-deux-etages-a-louer-a-mont-tremblant-22.jpg","url":"https:\/\/lesversants.com\/wp-content\/uploads\/2025\/02\/Le-Plateau-condo-deux-etages-a-louer-a-mont-tremblant-22-150x150.jpg","full_url":"https:\/\/lesversants.com\/wp-content\/uploads\/2025\/02\/Le-Plateau-condo-deux-etages-a-louer-a-mont-tremblant-22.jpg","title":"Le Plateau condo deux etages a louer a mont tremblant 22","caption":"","description":"","alt":"Le Plateau condo deux etages a louer a mont tremblant 22","srcset":"https:\/\/lesversants.com\/wp-content\/uploads\/2025\/02\/Le-Plateau-condo-deux-etages-a-louer-a-mont-tremblant-22-150x150.jpg 150w, https:\/\/lesversants.com\/wp-content\/uploads\/2025\/02\/Le-Plateau-condo-deux-etages-a-louer-a-mont-tremblant-22-120x120.jpg 120w, https:\/\/lesversants.com\/wp-content\/uploads\/2025\/02\/Le-Plateau-condo-deux-etages-a-louer-a-mont-tremblant-22-210x210.jpg 210w"},{"width":150,"height":150,"file":"2025\/02\/Le-Plateau-condo-deux-etages-a-louer-a-mont-tremblant-21.jpg","filesize":173181,"sizes":{"medium":{"file":"Le-Plateau-condo-deux-etages-a-louer-a-mont-tremblant-21-300x201.jpg","width":300,"height":201,"mime-type":"image\/jpeg","filesize":11168,"url":"https:\/\/lesversants.com\/wp-content\/uploads\/2025\/02\/Le-Plateau-condo-deux-etages-a-louer-a-mont-tremblant-21-300x201.jpg"},"large":{"file":"Le-Plateau-condo-deux-etages-a-louer-a-mont-tremblant-21-1024x685.jpg","width":1024,"height":685,"mime-type":"image\/jpeg","filesize":97132,"url":"https:\/\/lesversants.com\/wp-content\/uploads\/2025\/02\/Le-Plateau-condo-deux-etages-a-louer-a-mont-tremblant-21-1024x685.jpg"},"thumbnail":{"file":"Le-Plateau-condo-deux-etages-a-louer-a-mont-tremblant-21-150x150.jpg","width":150,"height":150,"mime-type":"image\/jpeg","filesize":5024,"url":"https:\/\/lesversants.com\/wp-content\/uploads\/2025\/02\/Le-Plateau-condo-deux-etages-a-louer-a-mont-tremblant-21-150x150.jpg"},"medium_large":{"file":"Le-Plateau-condo-deux-etages-a-louer-a-mont-tremblant-21-768x513.jpg","width":768,"height":513,"mime-type":"image\/jpeg","filesize":57558,"url":"https:\/\/lesversants.com\/wp-content\/uploads\/2025\/02\/Le-Plateau-condo-deux-etages-a-louer-a-mont-tremblant-21-768x513.jpg"},"tf-client-image-size":{"file":"Le-Plateau-condo-deux-etages-a-louer-a-mont-tremblant-21-120x120.jpg","width":120,"height":120,"mime-type":"image\/jpeg","filesize":3475,"url":"https:\/\/lesversants.com\/wp-content\/uploads\/2025\/02\/Le-Plateau-condo-deux-etages-a-louer-a-mont-tremblant-21-120x120.jpg"},"1536x1536":{"file":"Le-Plateau-condo-deux-etages-a-louer-a-mont-tremblant-21-1536x1027.jpg","width":1536,"height":1027,"mime-type":"image\/jpeg","filesize":198781,"url":"https:\/\/lesversants.com\/wp-content\/uploads\/2025\/02\/Le-Plateau-condo-deux-etages-a-louer-a-mont-tremblant-21-1536x1027.jpg"},"2048x2048":{"file":"Le-Plateau-condo-deux-etages-a-louer-a-mont-tremblant-21-2048x1369.jpg","width":2048,"height":1369,"mime-type":"image\/jpeg","filesize":316150,"url":"https:\/\/lesversants.com\/wp-content\/uploads\/2025\/02\/Le-Plateau-condo-deux-etages-a-louer-a-mont-tremblant-21-2048x1369.jpg"},"post-thumbnail":{"file":"Le-Plateau-condo-deux-etages-a-louer-a-mont-tremblant-21-150x100.jpg","width":150,"height":100,"mime-type":"image\/jpeg","filesize":3740,"url":"https:\/\/lesversants.com\/wp-content\/uploads\/2025\/02\/Le-Plateau-condo-deux-etages-a-louer-a-mont-tremblant-21-150x100.jpg"},"modern-property-child-slider":{"file":"Le-Plateau-condo-deux-etages-a-louer-a-mont-tremblant-21-680x510.jpg","width":680,"height":510,"mime-type":"image\/jpeg","filesize":52157,"url":"https:\/\/lesversants.com\/wp-content\/uploads\/2025\/02\/Le-Plateau-condo-deux-etages-a-louer-a-mont-tremblant-21-680x510.jpg"},"property-thumb-image":{"file":"Le-Plateau-condo-deux-etages-a-louer-a-mont-tremblant-21-488x326.jpg","width":488,"height":326,"mime-type":"image\/jpeg","filesize":25362,"url":"https:\/\/lesversants.com\/wp-content\/uploads\/2025\/02\/Le-Plateau-condo-deux-etages-a-louer-a-mont-tremblant-21-488x326.jpg"},"property-detail-video-image":{"file":"Le-Plateau-condo-deux-etages-a-louer-a-mont-tremblant-21-818x417.jpg","width":818,"height":417,"mime-type":"image\/jpeg","filesize":53574,"url":"https:\/\/lesversants.com\/wp-content\/uploads\/2025\/02\/Le-Plateau-condo-deux-etages-a-louer-a-mont-tremblant-21-818x417.jpg"},"agent-image":{"file":"Le-Plateau-condo-deux-etages-a-louer-a-mont-tremblant-21-210x210.jpg","width":210,"height":210,"mime-type":"image\/jpeg","filesize":8859,"url":"https:\/\/lesversants.com\/wp-content\/uploads\/2025\/02\/Le-Plateau-condo-deux-etages-a-louer-a-mont-tremblant-21-210x210.jpg"},"partners-logo":{"file":"Le-Plateau-condo-deux-etages-a-louer-a-mont-tremblant-21-600x1600.jpg","width":600,"height":1600,"mime-type":"image\/jpeg","filesize":65370,"url":"https:\/\/lesversants.com\/wp-content\/uploads\/2025\/02\/Le-Plateau-condo-deux-etages-a-louer-a-mont-tremblant-21-600x1600.jpg"},"post-featured-image":{"file":"Le-Plateau-condo-deux-etages-a-louer-a-mont-tremblant-21-1240x720.jpg","width":1240,"height":720,"mime-type":"image\/jpeg","filesize":122395,"url":"https:\/\/lesversants.com\/wp-content\/uploads\/2025\/02\/Le-Plateau-condo-deux-etages-a-louer-a-mont-tremblant-21-1240x720.jpg"}},"image_meta":{"aperture":"5.6","credit":"","camera":"NIKON D7200","caption":"","created_timestamp":"1740155516","copyright":"","focal_length":"10","iso":"100","shutter_speed":"0.004","title":"","orientation":"1","keywords":[]},"ID":"53790","name":"Le-Plateau-condo-deux-etages-a-louer-a-mont-tremblant-21.jpg","path":"\/home\/lesversa\/public_html\/wp-content\/uploads\/2025\/02\/Le-Plateau-condo-deux-etages-a-louer-a-mont-tremblant-21.jpg","url":"https:\/\/lesversants.com\/wp-content\/uploads\/2025\/02\/Le-Plateau-condo-deux-etages-a-louer-a-mont-tremblant-21-150x150.jpg","full_url":"https:\/\/lesversants.com\/wp-content\/uploads\/2025\/02\/Le-Plateau-condo-deux-etages-a-louer-a-mont-tremblant-21.jpg","title":"Le Plateau condo deux etages a louer a mont tremblant 21","caption":"","description":"","alt":"Le Plateau condo deux etages a louer a mont tremblant 21","srcset":"https:\/\/lesversants.com\/wp-content\/uploads\/2025\/02\/Le-Plateau-condo-deux-etages-a-louer-a-mont-tremblant-21-150x150.jpg 150w, https:\/\/lesversants.com\/wp-content\/uploads\/2025\/02\/Le-Plateau-condo-deux-etages-a-louer-a-mont-tremblant-21-120x120.jpg 120w, https:\/\/lesversants.com\/wp-content\/uploads\/2025\/02\/Le-Plateau-condo-deux-etages-a-louer-a-mont-tremblant-21-210x210.jpg 210w"},{"width":150,"height":150,"file":"2020\/01\/image7.jpg","filesize":73265,"sizes":{"medium":{"file":"image7-300x225.jpg","width":300,"height":225,"mime-type":"image\/jpeg","filesize":14128,"url":"https:\/\/lesversants.com\/wp-content\/uploads\/2020\/01\/image7-300x225.jpg"},"thumbnail":{"file":"image7-150x150.jpg","width":150,"height":150,"mime-type":"image\/jpeg","filesize":5739,"url":"https:\/\/lesversants.com\/wp-content\/uploads\/2020\/01\/image7-150x150.jpg"},"medium_large":{"file":"image7-768x576.jpg","width":768,"height":576,"mime-type":"image\/jpeg","filesize":73790,"url":"https:\/\/lesversants.com\/wp-content\/uploads\/2020\/01\/image7-768x576.jpg"},"tf-client-image-size":{"file":"image7-120x120.jpg","width":120,"height":120,"mime-type":"image\/jpeg","filesize":4011,"url":"https:\/\/lesversants.com\/wp-content\/uploads\/2020\/01\/image7-120x120.jpg"},"post-thumbnail":{"file":"image7-150x113.jpg","width":150,"height":113,"mime-type":"image\/jpeg","filesize":4746,"url":"https:\/\/lesversants.com\/wp-content\/uploads\/2020\/01\/image7-150x113.jpg"},"modern-property-child-slider":{"file":"image7-680x510.jpg","width":680,"height":510,"mime-type":"image\/jpeg","filesize":59958,"url":"https:\/\/lesversants.com\/wp-content\/uploads\/2020\/01\/image7-680x510.jpg"},"property-thumb-image":{"file":"image7-488x326.jpg","width":488,"height":326,"mime-type":"image\/jpeg","filesize":30442,"url":"https:\/\/lesversants.com\/wp-content\/uploads\/2020\/01\/image7-488x326.jpg"},"property-detail-video-image":{"file":"image7-800x417.jpg","width":800,"height":417,"mime-type":"image\/jpeg","filesize":65153,"url":"https:\/\/lesversants.com\/wp-content\/uploads\/2020\/01\/image7-800x417.jpg"},"agent-image":{"file":"image7-210x210.jpg","width":210,"height":210,"mime-type":"image\/jpeg","filesize":10120,"url":"https:\/\/lesversants.com\/wp-content\/uploads\/2020\/01\/image7-210x210.jpg"},"partners-logo":{"file":"image7-600x600.jpg","width":600,"height":600,"mime-type":"image\/jpeg","filesize":71670,"url":"https:\/\/lesversants.com\/wp-content\/uploads\/2020\/01\/image7-600x600.jpg"},"cmplz_banner_image":{"file":"image7-350x100.jpg","width":350,"height":100,"mime-type":"image\/jpeg","filesize":9074,"url":"https:\/\/lesversants.com\/wp-content\/uploads\/2020\/01\/image7-350x100.jpg"}},"image_meta":{"aperture":"0","credit":"","camera":"","caption":"","created_timestamp":"0","copyright":"","focal_length":"0","iso":"0","shutter_speed":"0","title":"","orientation":"0","keywords":[]},"ID":"69064","name":"image7.jpg","path":"\/home\/lesversa\/public_html\/wp-content\/uploads\/2020\/01\/image7.jpg","url":"https:\/\/lesversants.com\/wp-content\/uploads\/2020\/01\/image7-150x150.jpg","full_url":"https:\/\/lesversants.com\/wp-content\/uploads\/2020\/01\/image7.jpg","title":"image7","caption":"","description":"","alt":"image7","srcset":"https:\/\/lesversants.com\/wp-content\/uploads\/2020\/01\/image7-150x150.jpg 150w, https:\/\/lesversants.com\/wp-content\/uploads\/2020\/01\/image7-120x120.jpg 120w, https:\/\/lesversants.com\/wp-content\/uploads\/2020\/01\/image7-210x210.jpg 210w, https:\/\/lesversants.com\/wp-content\/uploads\/2020\/01\/image7-600x600.jpg 600w"},{"width":150,"height":150,"file":"2025\/02\/Le-Plateau-condo-deux-etages-a-louer-a-mont-tremblant-23.jpg","filesize":131714,"sizes":{"medium":{"file":"Le-Plateau-condo-deux-etages-a-louer-a-mont-tremblant-23-300x201.jpg","width":300,"height":201,"mime-type":"image\/jpeg","filesize":9601,"url":"https:\/\/lesversants.com\/wp-content\/uploads\/2025\/02\/Le-Plateau-condo-deux-etages-a-louer-a-mont-tremblant-23-300x201.jpg"},"large":{"file":"Le-Plateau-condo-deux-etages-a-louer-a-mont-tremblant-23-1024x684.jpg","width":1024,"height":684,"mime-type":"image\/jpeg","filesize":79253,"url":"https:\/\/lesversants.com\/wp-content\/uploads\/2025\/02\/Le-Plateau-condo-deux-etages-a-louer-a-mont-tremblant-23-1024x684.jpg"},"thumbnail":{"file":"Le-Plateau-condo-deux-etages-a-louer-a-mont-tremblant-23-150x150.jpg","width":150,"height":150,"mime-type":"image\/jpeg","filesize":3911,"url":"https:\/\/lesversants.com\/wp-content\/uploads\/2025\/02\/Le-Plateau-condo-deux-etages-a-louer-a-mont-tremblant-23-150x150.jpg"},"medium_large":{"file":"Le-Plateau-condo-deux-etages-a-louer-a-mont-tremblant-23-768x513.jpg","width":768,"height":513,"mime-type":"image\/jpeg","filesize":47709,"url":"https:\/\/lesversants.com\/wp-content\/uploads\/2025\/02\/Le-Plateau-condo-deux-etages-a-louer-a-mont-tremblant-23-768x513.jpg"},"tf-client-image-size":{"file":"Le-Plateau-condo-deux-etages-a-louer-a-mont-tremblant-23-120x120.jpg","width":120,"height":120,"mime-type":"image\/jpeg","filesize":2815,"url":"https:\/\/lesversants.com\/wp-content\/uploads\/2025\/02\/Le-Plateau-condo-deux-etages-a-louer-a-mont-tremblant-23-120x120.jpg"},"1536x1536":{"file":"Le-Plateau-condo-deux-etages-a-louer-a-mont-tremblant-23-1536x1027.jpg","width":1536,"height":1027,"mime-type":"image\/jpeg","filesize":159734,"url":"https:\/\/lesversants.com\/wp-content\/uploads\/2025\/02\/Le-Plateau-condo-deux-etages-a-louer-a-mont-tremblant-23-1536x1027.jpg"},"2048x2048":{"file":"Le-Plateau-condo-deux-etages-a-louer-a-mont-tremblant-23-2048x1369.jpg","width":2048,"height":1369,"mime-type":"image\/jpeg","filesize":250862,"url":"https:\/\/lesversants.com\/wp-content\/uploads\/2025\/02\/Le-Plateau-condo-deux-etages-a-louer-a-mont-tremblant-23-2048x1369.jpg"},"post-thumbnail":{"file":"Le-Plateau-condo-deux-etages-a-louer-a-mont-tremblant-23-150x100.jpg","width":150,"height":100,"mime-type":"image\/jpeg","filesize":3395,"url":"https:\/\/lesversants.com\/wp-content\/uploads\/2025\/02\/Le-Plateau-condo-deux-etages-a-louer-a-mont-tremblant-23-150x100.jpg"},"modern-property-child-slider":{"file":"Le-Plateau-condo-deux-etages-a-louer-a-mont-tremblant-23-680x510.jpg","width":680,"height":510,"mime-type":"image\/jpeg","filesize":40659,"url":"https:\/\/lesversants.com\/wp-content\/uploads\/2025\/02\/Le-Plateau-condo-deux-etages-a-louer-a-mont-tremblant-23-680x510.jpg"},"property-thumb-image":{"file":"Le-Plateau-condo-deux-etages-a-louer-a-mont-tremblant-23-488x326.jpg","width":488,"height":326,"mime-type":"image\/jpeg","filesize":21658,"url":"https:\/\/lesversants.com\/wp-content\/uploads\/2025\/02\/Le-Plateau-condo-deux-etages-a-louer-a-mont-tremblant-23-488x326.jpg"},"property-detail-video-image":{"file":"Le-Plateau-condo-deux-etages-a-louer-a-mont-tremblant-23-818x417.jpg","width":818,"height":417,"mime-type":"image\/jpeg","filesize":43920,"url":"https:\/\/lesversants.com\/wp-content\/uploads\/2025\/02\/Le-Plateau-condo-deux-etages-a-louer-a-mont-tremblant-23-818x417.jpg"},"agent-image":{"file":"Le-Plateau-condo-deux-etages-a-louer-a-mont-tremblant-23-210x210.jpg","width":210,"height":210,"mime-type":"image\/jpeg","filesize":6749,"url":"https:\/\/lesversants.com\/wp-content\/uploads\/2025\/02\/Le-Plateau-condo-deux-etages-a-louer-a-mont-tremblant-23-210x210.jpg"},"partners-logo":{"file":"Le-Plateau-condo-deux-etages-a-louer-a-mont-tremblant-23-600x1600.jpg","width":600,"height":1600,"mime-type":"image\/jpeg","filesize":75615,"url":"https:\/\/lesversants.com\/wp-content\/uploads\/2025\/02\/Le-Plateau-condo-deux-etages-a-louer-a-mont-tremblant-23-600x1600.jpg"},"post-featured-image":{"file":"Le-Plateau-condo-deux-etages-a-louer-a-mont-tremblant-23-1240x720.jpg","width":1240,"height":720,"mime-type":"image\/jpeg","filesize":97901,"url":"https:\/\/lesversants.com\/wp-content\/uploads\/2025\/02\/Le-Plateau-condo-deux-etages-a-louer-a-mont-tremblant-23-1240x720.jpg"}},"image_meta":{"aperture":"5","credit":"","camera":"NIKON D7200","caption":"","created_timestamp":"1740155591","copyright":"","focal_length":"10","iso":"400","shutter_speed":"0.002","title":"","orientation":"1","keywords":[]},"ID":"53734","name":"Le-Plateau-condo-deux-etages-a-louer-a-mont-tremblant-23.jpg","path":"\/home\/lesversa\/public_html\/wp-content\/uploads\/2025\/02\/Le-Plateau-condo-deux-etages-a-louer-a-mont-tremblant-23.jpg","url":"https:\/\/lesversants.com\/wp-content\/uploads\/2025\/02\/Le-Plateau-condo-deux-etages-a-louer-a-mont-tremblant-23-150x150.jpg","full_url":"https:\/\/lesversants.com\/wp-content\/uploads\/2025\/02\/Le-Plateau-condo-deux-etages-a-louer-a-mont-tremblant-23.jpg","title":"Le Plateau condo deux etages a louer a mont tremblant 23","caption":"","description":"","alt":"Le Plateau condo deux etages a louer a mont tremblant 23","srcset":"https:\/\/lesversants.com\/wp-content\/uploads\/2025\/02\/Le-Plateau-condo-deux-etages-a-louer-a-mont-tremblant-23-150x150.jpg 150w, https:\/\/lesversants.com\/wp-content\/uploads\/2025\/02\/Le-Plateau-condo-deux-etages-a-louer-a-mont-tremblant-23-120x120.jpg 120w, https:\/\/lesversants.com\/wp-content\/uploads\/2025\/02\/Le-Plateau-condo-deux-etages-a-louer-a-mont-tremblant-23-210x210.jpg 210w"},{"width":150,"height":150,"file":"2025\/02\/Le-Plateau-condo-deux-etages-a-louer-a-mont-tremblant-27.jpg","filesize":207939,"sizes":{"medium":{"file":"Le-Plateau-condo-deux-etages-a-louer-a-mont-tremblant-27-300x201.jpg","width":300,"height":201,"mime-type":"image\/jpeg","filesize":13852,"url":"https:\/\/lesversants.com\/wp-content\/uploads\/2025\/02\/Le-Plateau-condo-deux-etages-a-louer-a-mont-tremblant-27-300x201.jpg"},"large":{"file":"Le-Plateau-condo-deux-etages-a-louer-a-mont-tremblant-27-1024x685.jpg","width":1024,"height":685,"mime-type":"image\/jpeg","filesize":123495,"url":"https:\/\/lesversants.com\/wp-content\/uploads\/2025\/02\/Le-Plateau-condo-deux-etages-a-louer-a-mont-tremblant-27-1024x685.jpg"},"thumbnail":{"file":"Le-Plateau-condo-deux-etages-a-louer-a-mont-tremblant-27-150x150.jpg","width":150,"height":150,"mime-type":"image\/jpeg","filesize":5960,"url":"https:\/\/lesversants.com\/wp-content\/uploads\/2025\/02\/Le-Plateau-condo-deux-etages-a-louer-a-mont-tremblant-27-150x150.jpg"},"medium_large":{"file":"Le-Plateau-condo-deux-etages-a-louer-a-mont-tremblant-27-768x513.jpg","width":768,"height":513,"mime-type":"image\/jpeg","filesize":75190,"url":"https:\/\/lesversants.com\/wp-content\/uploads\/2025\/02\/Le-Plateau-condo-deux-etages-a-louer-a-mont-tremblant-27-768x513.jpg"},"tf-client-image-size":{"file":"Le-Plateau-condo-deux-etages-a-louer-a-mont-tremblant-27-120x120.jpg","width":120,"height":120,"mime-type":"image\/jpeg","filesize":4032,"url":"https:\/\/lesversants.com\/wp-content\/uploads\/2025\/02\/Le-Plateau-condo-deux-etages-a-louer-a-mont-tremblant-27-120x120.jpg"},"1536x1536":{"file":"Le-Plateau-condo-deux-etages-a-louer-a-mont-tremblant-27-1536x1027.jpg","width":1536,"height":1027,"mime-type":"image\/jpeg","filesize":239418,"url":"https:\/\/lesversants.com\/wp-content\/uploads\/2025\/02\/Le-Plateau-condo-deux-etages-a-louer-a-mont-tremblant-27-1536x1027.jpg"},"2048x2048":{"file":"Le-Plateau-condo-deux-etages-a-louer-a-mont-tremblant-27-2048x1369.jpg","width":2048,"height":1369,"mime-type":"image\/jpeg","filesize":370094,"url":"https:\/\/lesversants.com\/wp-content\/uploads\/2025\/02\/Le-Plateau-condo-deux-etages-a-louer-a-mont-tremblant-27-2048x1369.jpg"},"post-thumbnail":{"file":"Le-Plateau-condo-deux-etages-a-louer-a-mont-tremblant-27-150x100.jpg","width":150,"height":100,"mime-type":"image\/jpeg","filesize":4311,"url":"https:\/\/lesversants.com\/wp-content\/uploads\/2025\/02\/Le-Plateau-condo-deux-etages-a-louer-a-mont-tremblant-27-150x100.jpg"},"modern-property-child-slider":{"file":"Le-Plateau-condo-deux-etages-a-louer-a-mont-tremblant-27-680x510.jpg","width":680,"height":510,"mime-type":"image\/jpeg","filesize":67891,"url":"https:\/\/lesversants.com\/wp-content\/uploads\/2025\/02\/Le-Plateau-condo-deux-etages-a-louer-a-mont-tremblant-27-680x510.jpg"},"property-thumb-image":{"file":"Le-Plateau-condo-deux-etages-a-louer-a-mont-tremblant-27-488x326.jpg","width":488,"height":326,"mime-type":"image\/jpeg","filesize":33009,"url":"https:\/\/lesversants.com\/wp-content\/uploads\/2025\/02\/Le-Plateau-condo-deux-etages-a-louer-a-mont-tremblant-27-488x326.jpg"},"property-detail-video-image":{"file":"Le-Plateau-condo-deux-etages-a-louer-a-mont-tremblant-27-818x417.jpg","width":818,"height":417,"mime-type":"image\/jpeg","filesize":64229,"url":"https:\/\/lesversants.com\/wp-content\/uploads\/2025\/02\/Le-Plateau-condo-deux-etages-a-louer-a-mont-tremblant-27-818x417.jpg"},"agent-image":{"file":"Le-Plateau-condo-deux-etages-a-louer-a-mont-tremblant-27-210x210.jpg","width":210,"height":210,"mime-type":"image\/jpeg","filesize":10721,"url":"https:\/\/lesversants.com\/wp-content\/uploads\/2025\/02\/Le-Plateau-condo-deux-etages-a-louer-a-mont-tremblant-27-210x210.jpg"},"partners-logo":{"file":"Le-Plateau-condo-deux-etages-a-louer-a-mont-tremblant-27-600x1600.jpg","width":600,"height":1600,"mime-type":"image\/jpeg","filesize":83712,"url":"https:\/\/lesversants.com\/wp-content\/uploads\/2025\/02\/Le-Plateau-condo-deux-etages-a-louer-a-mont-tremblant-27-600x1600.jpg"},"post-featured-image":{"file":"Le-Plateau-condo-deux-etages-a-louer-a-mont-tremblant-27-1240x720.jpg","width":1240,"height":720,"mime-type":"image\/jpeg","filesize":147139,"url":"https:\/\/lesversants.com\/wp-content\/uploads\/2025\/02\/Le-Plateau-condo-deux-etages-a-louer-a-mont-tremblant-27-1240x720.jpg"}},"image_meta":{"aperture":"5","credit":"","camera":"NIKON D7200","caption":"","created_timestamp":"1740155653","copyright":"","focal_length":"10","iso":"400","shutter_speed":"0.002","title":"","orientation":"1","keywords":[]},"ID":"53742","name":"Le-Plateau-condo-deux-etages-a-louer-a-mont-tremblant-27.jpg","path":"\/home\/lesversa\/public_html\/wp-content\/uploads\/2025\/02\/Le-Plateau-condo-deux-etages-a-louer-a-mont-tremblant-27.jpg","url":"https:\/\/lesversants.com\/wp-content\/uploads\/2025\/02\/Le-Plateau-condo-deux-etages-a-louer-a-mont-tremblant-27-150x150.jpg","full_url":"https:\/\/lesversants.com\/wp-content\/uploads\/2025\/02\/Le-Plateau-condo-deux-etages-a-louer-a-mont-tremblant-27.jpg","title":"Le Plateau condo deux etages a louer a mont tremblant 27","caption":"","description":"","alt":"Le Plateau condo deux etages a louer a mont tremblant 27","srcset":"https:\/\/lesversants.com\/wp-content\/uploads\/2025\/02\/Le-Plateau-condo-deux-etages-a-louer-a-mont-tremblant-27-150x150.jpg 150w, https:\/\/lesversants.com\/wp-content\/uploads\/2025\/02\/Le-Plateau-condo-deux-etages-a-louer-a-mont-tremblant-27-120x120.jpg 120w, https:\/\/lesversants.com\/wp-content\/uploads\/2025\/02\/Le-Plateau-condo-deux-etages-a-louer-a-mont-tremblant-27-210x210.jpg 210w"},{"width":150,"height":150,"file":"2025\/02\/Le-Plateau-condo-deux-etages-a-louer-a-mont-tremblant-24.jpg","filesize":150428,"sizes":{"medium":{"file":"Le-Plateau-condo-deux-etages-a-louer-a-mont-tremblant-24-300x201.jpg","width":300,"height":201,"mime-type":"image\/jpeg","filesize":12432,"url":"https:\/\/lesversants.com\/wp-content\/uploads\/2025\/02\/Le-Plateau-condo-deux-etages-a-louer-a-mont-tremblant-24-300x201.jpg"},"large":{"file":"Le-Plateau-condo-deux-etages-a-louer-a-mont-tremblant-24-1024x684.jpg","width":1024,"height":684,"mime-type":"image\/jpeg","filesize":92100,"url":"https:\/\/lesversants.com\/wp-content\/uploads\/2025\/02\/Le-Plateau-condo-deux-etages-a-louer-a-mont-tremblant-24-1024x684.jpg"},"thumbnail":{"file":"Le-Plateau-condo-deux-etages-a-louer-a-mont-tremblant-24-150x150.jpg","width":150,"height":150,"mime-type":"image\/jpeg","filesize":5718,"url":"https:\/\/lesversants.com\/wp-content\/uploads\/2025\/02\/Le-Plateau-condo-deux-etages-a-louer-a-mont-tremblant-24-150x150.jpg"},"medium_large":{"file":"Le-Plateau-condo-deux-etages-a-louer-a-mont-tremblant-24-768x513.jpg","width":768,"height":513,"mime-type":"image\/jpeg","filesize":57266,"url":"https:\/\/lesversants.com\/wp-content\/uploads\/2025\/02\/Le-Plateau-condo-deux-etages-a-louer-a-mont-tremblant-24-768x513.jpg"},"tf-client-image-size":{"file":"Le-Plateau-condo-deux-etages-a-louer-a-mont-tremblant-24-120x120.jpg","width":120,"height":120,"mime-type":"image\/jpeg","filesize":4002,"url":"https:\/\/lesversants.com\/wp-content\/uploads\/2025\/02\/Le-Plateau-condo-deux-etages-a-louer-a-mont-tremblant-24-120x120.jpg"},"1536x1536":{"file":"Le-Plateau-condo-deux-etages-a-louer-a-mont-tremblant-24-1536x1027.jpg","width":1536,"height":1027,"mime-type":"image\/jpeg","filesize":178301,"url":"https:\/\/lesversants.com\/wp-content\/uploads\/2025\/02\/Le-Plateau-condo-deux-etages-a-louer-a-mont-tremblant-24-1536x1027.jpg"},"2048x2048":{"file":"Le-Plateau-condo-deux-etages-a-louer-a-mont-tremblant-24-2048x1369.jpg","width":2048,"height":1369,"mime-type":"image\/jpeg","filesize":274307,"url":"https:\/\/lesversants.com\/wp-content\/uploads\/2025\/02\/Le-Plateau-condo-deux-etages-a-louer-a-mont-tremblant-24-2048x1369.jpg"},"post-thumbnail":{"file":"Le-Plateau-condo-deux-etages-a-louer-a-mont-tremblant-24-150x100.jpg","width":150,"height":100,"mime-type":"image\/jpeg","filesize":4304,"url":"https:\/\/lesversants.com\/wp-content\/uploads\/2025\/02\/Le-Plateau-condo-deux-etages-a-louer-a-mont-tremblant-24-150x100.jpg"},"modern-property-child-slider":{"file":"Le-Plateau-condo-deux-etages-a-louer-a-mont-tremblant-24-680x510.jpg","width":680,"height":510,"mime-type":"image\/jpeg","filesize":50704,"url":"https:\/\/lesversants.com\/wp-content\/uploads\/2025\/02\/Le-Plateau-condo-deux-etages-a-louer-a-mont-tremblant-24-680x510.jpg"},"property-thumb-image":{"file":"Le-Plateau-condo-deux-etages-a-louer-a-mont-tremblant-24-488x326.jpg","width":488,"height":326,"mime-type":"image\/jpeg","filesize":26717,"url":"https:\/\/lesversants.com\/wp-content\/uploads\/2025\/02\/Le-Plateau-condo-deux-etages-a-louer-a-mont-tremblant-24-488x326.jpg"},"property-detail-video-image":{"file":"Le-Plateau-condo-deux-etages-a-louer-a-mont-tremblant-24-818x417.jpg","width":818,"height":417,"mime-type":"image\/jpeg","filesize":51027,"url":"https:\/\/lesversants.com\/wp-content\/uploads\/2025\/02\/Le-Plateau-condo-deux-etages-a-louer-a-mont-tremblant-24-818x417.jpg"},"agent-image":{"file":"Le-Plateau-condo-deux-etages-a-louer-a-mont-tremblant-24-210x210.jpg","width":210,"height":210,"mime-type":"image\/jpeg","filesize":9930,"url":"https:\/\/lesversants.com\/wp-content\/uploads\/2025\/02\/Le-Plateau-condo-deux-etages-a-louer-a-mont-tremblant-24-210x210.jpg"},"partners-logo":{"file":"Le-Plateau-condo-deux-etages-a-louer-a-mont-tremblant-24-600x1600.jpg","width":600,"height":1600,"mime-type":"image\/jpeg","filesize":83700,"url":"https:\/\/lesversants.com\/wp-content\/uploads\/2025\/02\/Le-Plateau-condo-deux-etages-a-louer-a-mont-tremblant-24-600x1600.jpg"},"post-featured-image":{"file":"Le-Plateau-condo-deux-etages-a-louer-a-mont-tremblant-24-1240x720.jpg","width":1240,"height":720,"mime-type":"image\/jpeg","filesize":111396,"url":"https:\/\/lesversants.com\/wp-content\/uploads\/2025\/02\/Le-Plateau-condo-deux-etages-a-louer-a-mont-tremblant-24-1240x720.jpg"}},"image_meta":{"aperture":"5","credit":"","camera":"NIKON D7200","caption":"","created_timestamp":"1740155611","copyright":"","focal_length":"10","iso":"400","shutter_speed":"0.066666666666667","title":"","orientation":"1","keywords":[]},"ID":"53736","name":"Le-Plateau-condo-deux-etages-a-louer-a-mont-tremblant-24.jpg","path":"\/home\/lesversa\/public_html\/wp-content\/uploads\/2025\/02\/Le-Plateau-condo-deux-etages-a-louer-a-mont-tremblant-24.jpg","url":"https:\/\/lesversants.com\/wp-content\/uploads\/2025\/02\/Le-Plateau-condo-deux-etages-a-louer-a-mont-tremblant-24-150x150.jpg","full_url":"https:\/\/lesversants.com\/wp-content\/uploads\/2025\/02\/Le-Plateau-condo-deux-etages-a-louer-a-mont-tremblant-24.jpg","title":"Le Plateau condo deux etages a louer a mont tremblant 24","caption":"","description":"","alt":"Le Plateau condo deux etages a louer a mont tremblant 24","srcset":"https:\/\/lesversants.com\/wp-content\/uploads\/2025\/02\/Le-Plateau-condo-deux-etages-a-louer-a-mont-tremblant-24-150x150.jpg 150w, https:\/\/lesversants.com\/wp-content\/uploads\/2025\/02\/Le-Plateau-condo-deux-etages-a-louer-a-mont-tremblant-24-120x120.jpg 120w, https:\/\/lesversants.com\/wp-content\/uploads\/2025\/02\/Le-Plateau-condo-deux-etages-a-louer-a-mont-tremblant-24-210x210.jpg 210w"},{"width":150,"height":150,"file":"2025\/02\/Le-Plateau-condo-deux-etages-a-louer-a-mont-tremblant-25.jpg","filesize":162600,"sizes":{"medium":{"file":"Le-Plateau-condo-deux-etages-a-louer-a-mont-tremblant-25-300x201.jpg","width":300,"height":201,"mime-type":"image\/jpeg","filesize":12318,"url":"https:\/\/lesversants.com\/wp-content\/uploads\/2025\/02\/Le-Plateau-condo-deux-etages-a-louer-a-mont-tremblant-25-300x201.jpg"},"large":{"file":"Le-Plateau-condo-deux-etages-a-louer-a-mont-tremblant-25-1024x685.jpg","width":1024,"height":685,"mime-type":"image\/jpeg","filesize":98182,"url":"https:\/\/lesversants.com\/wp-content\/uploads\/2025\/02\/Le-Plateau-condo-deux-etages-a-louer-a-mont-tremblant-25-1024x685.jpg"},"thumbnail":{"file":"Le-Plateau-condo-deux-etages-a-louer-a-mont-tremblant-25-150x150.jpg","width":150,"height":150,"mime-type":"image\/jpeg","filesize":5748,"url":"https:\/\/lesversants.com\/wp-content\/uploads\/2025\/02\/Le-Plateau-condo-deux-etages-a-louer-a-mont-tremblant-25-150x150.jpg"},"medium_large":{"file":"Le-Plateau-condo-deux-etages-a-louer-a-mont-tremblant-25-768x513.jpg","width":768,"height":513,"mime-type":"image\/jpeg","filesize":60353,"url":"https:\/\/lesversants.com\/wp-content\/uploads\/2025\/02\/Le-Plateau-condo-deux-etages-a-louer-a-mont-tremblant-25-768x513.jpg"},"tf-client-image-size":{"file":"Le-Plateau-condo-deux-etages-a-louer-a-mont-tremblant-25-120x120.jpg","width":120,"height":120,"mime-type":"image\/jpeg","filesize":3955,"url":"https:\/\/lesversants.com\/wp-content\/uploads\/2025\/02\/Le-Plateau-condo-deux-etages-a-louer-a-mont-tremblant-25-120x120.jpg"},"1536x1536":{"file":"Le-Plateau-condo-deux-etages-a-louer-a-mont-tremblant-25-1536x1027.jpg","width":1536,"height":1027,"mime-type":"image\/jpeg","filesize":190970,"url":"https:\/\/lesversants.com\/wp-content\/uploads\/2025\/02\/Le-Plateau-condo-deux-etages-a-louer-a-mont-tremblant-25-1536x1027.jpg"},"2048x2048":{"file":"Le-Plateau-condo-deux-etages-a-louer-a-mont-tremblant-25-2048x1369.jpg","width":2048,"height":1369,"mime-type":"image\/jpeg","filesize":295155,"url":"https:\/\/lesversants.com\/wp-content\/uploads\/2025\/02\/Le-Plateau-condo-deux-etages-a-louer-a-mont-tremblant-25-2048x1369.jpg"},"post-thumbnail":{"file":"Le-Plateau-condo-deux-etages-a-louer-a-mont-tremblant-25-150x100.jpg","width":150,"height":100,"mime-type":"image\/jpeg","filesize":4054,"url":"https:\/\/lesversants.com\/wp-content\/uploads\/2025\/02\/Le-Plateau-condo-deux-etages-a-louer-a-mont-tremblant-25-150x100.jpg"},"modern-property-child-slider":{"file":"Le-Plateau-condo-deux-etages-a-louer-a-mont-tremblant-25-680x510.jpg","width":680,"height":510,"mime-type":"image\/jpeg","filesize":54342,"url":"https:\/\/lesversants.com\/wp-content\/uploads\/2025\/02\/Le-Plateau-condo-deux-etages-a-louer-a-mont-tremblant-25-680x510.jpg"},"property-thumb-image":{"file":"Le-Plateau-condo-deux-etages-a-louer-a-mont-tremblant-25-488x326.jpg","width":488,"height":326,"mime-type":"image\/jpeg","filesize":27624,"url":"https:\/\/lesversants.com\/wp-content\/uploads\/2025\/02\/Le-Plateau-condo-deux-etages-a-louer-a-mont-tremblant-25-488x326.jpg"},"property-detail-video-image":{"file":"Le-Plateau-condo-deux-etages-a-louer-a-mont-tremblant-25-818x417.jpg","width":818,"height":417,"mime-type":"image\/jpeg","filesize":54298,"url":"https:\/\/lesversants.com\/wp-content\/uploads\/2025\/02\/Le-Plateau-condo-deux-etages-a-louer-a-mont-tremblant-25-818x417.jpg"},"agent-image":{"file":"Le-Plateau-condo-deux-etages-a-louer-a-mont-tremblant-25-210x210.jpg","width":210,"height":210,"mime-type":"image\/jpeg","filesize":10190,"url":"https:\/\/lesversants.com\/wp-content\/uploads\/2025\/02\/Le-Plateau-condo-deux-etages-a-louer-a-mont-tremblant-25-210x210.jpg"},"partners-logo":{"file":"Le-Plateau-condo-deux-etages-a-louer-a-mont-tremblant-25-600x1600.jpg","width":600,"height":1600,"mime-type":"image\/jpeg","filesize":54669,"url":"https:\/\/lesversants.com\/wp-content\/uploads\/2025\/02\/Le-Plateau-condo-deux-etages-a-louer-a-mont-tremblant-25-600x1600.jpg"},"post-featured-image":{"file":"Le-Plateau-condo-deux-etages-a-louer-a-mont-tremblant-25-1240x720.jpg","width":1240,"height":720,"mime-type":"image\/jpeg","filesize":119878,"url":"https:\/\/lesversants.com\/wp-content\/uploads\/2025\/02\/Le-Plateau-condo-deux-etages-a-louer-a-mont-tremblant-25-1240x720.jpg"}},"image_meta":{"aperture":"5","credit":"","camera":"NIKON D7200","caption":"","created_timestamp":"1740155627","copyright":"","focal_length":"10","iso":"400","shutter_speed":"0.05","title":"","orientation":"1","keywords":[]},"ID":"53738","name":"Le-Plateau-condo-deux-etages-a-louer-a-mont-tremblant-25.jpg","path":"\/home\/lesversa\/public_html\/wp-content\/uploads\/2025\/02\/Le-Plateau-condo-deux-etages-a-louer-a-mont-tremblant-25.jpg","url":"https:\/\/lesversants.com\/wp-content\/uploads\/2025\/02\/Le-Plateau-condo-deux-etages-a-louer-a-mont-tremblant-25-150x150.jpg","full_url":"https:\/\/lesversants.com\/wp-content\/uploads\/2025\/02\/Le-Plateau-condo-deux-etages-a-louer-a-mont-tremblant-25.jpg","title":"Le Plateau condo deux etages a louer a mont tremblant 25","caption":"","description":"","alt":"Le Plateau condo deux etages a louer a mont tremblant 25","srcset":"https:\/\/lesversants.com\/wp-content\/uploads\/2025\/02\/Le-Plateau-condo-deux-etages-a-louer-a-mont-tremblant-25-150x150.jpg 150w, https:\/\/lesversants.com\/wp-content\/uploads\/2025\/02\/Le-Plateau-condo-deux-etages-a-louer-a-mont-tremblant-25-120x120.jpg 120w, https:\/\/lesversants.com\/wp-content\/uploads\/2025\/02\/Le-Plateau-condo-deux-etages-a-louer-a-mont-tremblant-25-210x210.jpg 210w"},{"width":150,"height":150,"file":"2025\/02\/Le-Plateau-condo-deux-etages-a-louer-a-mont-tremblant-26.jpg","filesize":211192,"sizes":{"medium":{"file":"Le-Plateau-condo-deux-etages-a-louer-a-mont-tremblant-26-300x201.jpg","width":300,"height":201,"mime-type":"image\/jpeg","filesize":12920,"url":"https:\/\/lesversants.com\/wp-content\/uploads\/2025\/02\/Le-Plateau-condo-deux-etages-a-louer-a-mont-tremblant-26-300x201.jpg"},"large":{"file":"Le-Plateau-condo-deux-etages-a-louer-a-mont-tremblant-26-1024x685.jpg","width":1024,"height":685,"mime-type":"image\/jpeg","filesize":127000,"url":"https:\/\/lesversants.com\/wp-content\/uploads\/2025\/02\/Le-Plateau-condo-deux-etages-a-louer-a-mont-tremblant-26-1024x685.jpg"},"thumbnail":{"file":"Le-Plateau-condo-deux-etages-a-louer-a-mont-tremblant-26-150x150.jpg","width":150,"height":150,"mime-type":"image\/jpeg","filesize":4891,"url":"https:\/\/lesversants.com\/wp-content\/uploads\/2025\/02\/Le-Plateau-condo-deux-etages-a-louer-a-mont-tremblant-26-150x150.jpg"},"medium_large":{"file":"Le-Plateau-condo-deux-etages-a-louer-a-mont-tremblant-26-768x513.jpg","width":768,"height":513,"mime-type":"image\/jpeg","filesize":76319,"url":"https:\/\/lesversants.com\/wp-content\/uploads\/2025\/02\/Le-Plateau-condo-deux-etages-a-louer-a-mont-tremblant-26-768x513.jpg"},"tf-client-image-size":{"file":"Le-Plateau-condo-deux-etages-a-louer-a-mont-tremblant-26-120x120.jpg","width":120,"height":120,"mime-type":"image\/jpeg","filesize":3188,"url":"https:\/\/lesversants.com\/wp-content\/uploads\/2025\/02\/Le-Plateau-condo-deux-etages-a-louer-a-mont-tremblant-26-120x120.jpg"},"1536x1536":{"file":"Le-Plateau-condo-deux-etages-a-louer-a-mont-tremblant-26-1536x1027.jpg","width":1536,"height":1027,"mime-type":"image\/jpeg","filesize":247462,"url":"https:\/\/lesversants.com\/wp-content\/uploads\/2025\/02\/Le-Plateau-condo-deux-etages-a-louer-a-mont-tremblant-26-1536x1027.jpg"},"2048x2048":{"file":"Le-Plateau-condo-deux-etages-a-louer-a-mont-tremblant-26-2048x1369.jpg","width":2048,"height":1369,"mime-type":"image\/jpeg","filesize":383426,"url":"https:\/\/lesversants.com\/wp-content\/uploads\/2025\/02\/Le-Plateau-condo-deux-etages-a-louer-a-mont-tremblant-26-2048x1369.jpg"},"post-thumbnail":{"file":"Le-Plateau-condo-deux-etages-a-louer-a-mont-tremblant-26-150x100.jpg","width":150,"height":100,"mime-type":"image\/jpeg","filesize":3634,"url":"https:\/\/lesversants.com\/wp-content\/uploads\/2025\/02\/Le-Plateau-condo-deux-etages-a-louer-a-mont-tremblant-26-150x100.jpg"},"modern-property-child-slider":{"file":"Le-Plateau-condo-deux-etages-a-louer-a-mont-tremblant-26-680x510.jpg","width":680,"height":510,"mime-type":"image\/jpeg","filesize":67798,"url":"https:\/\/lesversants.com\/wp-content\/uploads\/2025\/02\/Le-Plateau-condo-deux-etages-a-louer-a-mont-tremblant-26-680x510.jpg"},"property-thumb-image":{"file":"Le-Plateau-condo-deux-etages-a-louer-a-mont-tremblant-26-488x326.jpg","width":488,"height":326,"mime-type":"image\/jpeg","filesize":32350,"url":"https:\/\/lesversants.com\/wp-content\/uploads\/2025\/02\/Le-Plateau-condo-deux-etages-a-louer-a-mont-tremblant-26-488x326.jpg"},"property-detail-video-image":{"file":"Le-Plateau-condo-deux-etages-a-louer-a-mont-tremblant-26-818x417.jpg","width":818,"height":417,"mime-type":"image\/jpeg","filesize":66698,"url":"https:\/\/lesversants.com\/wp-content\/uploads\/2025\/02\/Le-Plateau-condo-deux-etages-a-louer-a-mont-tremblant-26-818x417.jpg"},"agent-image":{"file":"Le-Plateau-condo-deux-etages-a-louer-a-mont-tremblant-26-210x210.jpg","width":210,"height":210,"mime-type":"image\/jpeg","filesize":9411,"url":"https:\/\/lesversants.com\/wp-content\/uploads\/2025\/02\/Le-Plateau-condo-deux-etages-a-louer-a-mont-tremblant-26-210x210.jpg"},"partners-logo":{"file":"Le-Plateau-condo-deux-etages-a-louer-a-mont-tremblant-26-600x1600.jpg","width":600,"height":1600,"mime-type":"image\/jpeg","filesize":83216,"url":"https:\/\/lesversants.com\/wp-content\/uploads\/2025\/02\/Le-Plateau-condo-deux-etages-a-louer-a-mont-tremblant-26-600x1600.jpg"},"post-featured-image":{"file":"Le-Plateau-condo-deux-etages-a-louer-a-mont-tremblant-26-1240x720.jpg","width":1240,"height":720,"mime-type":"image\/jpeg","filesize":153774,"url":"https:\/\/lesversants.com\/wp-content\/uploads\/2025\/02\/Le-Plateau-condo-deux-etages-a-louer-a-mont-tremblant-26-1240x720.jpg"}},"image_meta":{"aperture":"5","credit":"","camera":"NIKON D7200","caption":"","created_timestamp":"1740155643","copyright":"","focal_length":"10","iso":"400","shutter_speed":"0.00625","title":"","orientation":"1","keywords":[]},"ID":"53740","name":"Le-Plateau-condo-deux-etages-a-louer-a-mont-tremblant-26.jpg","path":"\/home\/lesversa\/public_html\/wp-content\/uploads\/2025\/02\/Le-Plateau-condo-deux-etages-a-louer-a-mont-tremblant-26.jpg","url":"https:\/\/lesversants.com\/wp-content\/uploads\/2025\/02\/Le-Plateau-condo-deux-etages-a-louer-a-mont-tremblant-26-150x150.jpg","full_url":"https:\/\/lesversants.com\/wp-content\/uploads\/2025\/02\/Le-Plateau-condo-deux-etages-a-louer-a-mont-tremblant-26.jpg","title":"Le Plateau condo deux etages a louer a mont tremblant 26","caption":"","description":"","alt":"Le Plateau condo deux etages a louer a mont tremblant 26","srcset":"https:\/\/lesversants.com\/wp-content\/uploads\/2025\/02\/Le-Plateau-condo-deux-etages-a-louer-a-mont-tremblant-26-150x150.jpg 150w, https:\/\/lesversants.com\/wp-content\/uploads\/2025\/02\/Le-Plateau-condo-deux-etages-a-louer-a-mont-tremblant-26-120x120.jpg 120w, https:\/\/lesversants.com\/wp-content\/uploads\/2025\/02\/Le-Plateau-condo-deux-etages-a-louer-a-mont-tremblant-26-210x210.jpg 210w"},{"width":150,"height":150,"file":"2025\/02\/Le-Plateau-condo-deux-etages-a-louer-a-mont-tremblant-18.jpg","filesize":177203,"sizes":{"medium":{"file":"Le-Plateau-condo-deux-etages-a-louer-a-mont-tremblant-18-300x201.jpg","width":300,"height":201,"mime-type":"image\/jpeg","filesize":12144,"url":"https:\/\/lesversants.com\/wp-content\/uploads\/2025\/02\/Le-Plateau-condo-deux-etages-a-louer-a-mont-tremblant-18-300x201.jpg"},"large":{"file":"Le-Plateau-condo-deux-etages-a-louer-a-mont-tremblant-18-1024x684.jpg","width":1024,"height":684,"mime-type":"image\/jpeg","filesize":101471,"url":"https:\/\/lesversants.com\/wp-content\/uploads\/2025\/02\/Le-Plateau-condo-deux-etages-a-louer-a-mont-tremblant-18-1024x684.jpg"},"thumbnail":{"file":"Le-Plateau-condo-deux-etages-a-louer-a-mont-tremblant-18-150x150.jpg","width":150,"height":150,"mime-type":"image\/jpeg","filesize":5580,"url":"https:\/\/lesversants.com\/wp-content\/uploads\/2025\/02\/Le-Plateau-condo-deux-etages-a-louer-a-mont-tremblant-18-150x150.jpg"},"medium_large":{"file":"Le-Plateau-condo-deux-etages-a-louer-a-mont-tremblant-18-768x513.jpg","width":768,"height":513,"mime-type":"image\/jpeg","filesize":61593,"url":"https:\/\/lesversants.com\/wp-content\/uploads\/2025\/02\/Le-Plateau-condo-deux-etages-a-louer-a-mont-tremblant-18-768x513.jpg"},"tf-client-image-size":{"file":"Le-Plateau-condo-deux-etages-a-louer-a-mont-tremblant-18-120x120.jpg","width":120,"height":120,"mime-type":"image\/jpeg","filesize":3808,"url":"https:\/\/lesversants.com\/wp-content\/uploads\/2025\/02\/Le-Plateau-condo-deux-etages-a-louer-a-mont-tremblant-18-120x120.jpg"},"1536x1536":{"file":"Le-Plateau-condo-deux-etages-a-louer-a-mont-tremblant-18-1536x1027.jpg","width":1536,"height":1027,"mime-type":"image\/jpeg","filesize":199519,"url":"https:\/\/lesversants.com\/wp-content\/uploads\/2025\/02\/Le-Plateau-condo-deux-etages-a-louer-a-mont-tremblant-18-1536x1027.jpg"},"2048x2048":{"file":"Le-Plateau-condo-deux-etages-a-louer-a-mont-tremblant-18-2048x1369.jpg","width":2048,"height":1369,"mime-type":"image\/jpeg","filesize":311518,"url":"https:\/\/lesversants.com\/wp-content\/uploads\/2025\/02\/Le-Plateau-condo-deux-etages-a-louer-a-mont-tremblant-18-2048x1369.jpg"},"post-thumbnail":{"file":"Le-Plateau-condo-deux-etages-a-louer-a-mont-tremblant-18-150x100.jpg","width":150,"height":100,"mime-type":"image\/jpeg","filesize":3879,"url":"https:\/\/lesversants.com\/wp-content\/uploads\/2025\/02\/Le-Plateau-condo-deux-etages-a-louer-a-mont-tremblant-18-150x100.jpg"},"modern-property-child-slider":{"file":"Le-Plateau-condo-deux-etages-a-louer-a-mont-tremblant-18-680x510.jpg","width":680,"height":510,"mime-type":"image\/jpeg","filesize":56049,"url":"https:\/\/lesversants.com\/wp-content\/uploads\/2025\/02\/Le-Plateau-condo-deux-etages-a-louer-a-mont-tremblant-18-680x510.jpg"},"property-thumb-image":{"file":"Le-Plateau-condo-deux-etages-a-louer-a-mont-tremblant-18-488x326.jpg","width":488,"height":326,"mime-type":"image\/jpeg","filesize":27608,"url":"https:\/\/lesversants.com\/wp-content\/uploads\/2025\/02\/Le-Plateau-condo-deux-etages-a-louer-a-mont-tremblant-18-488x326.jpg"},"property-detail-video-image":{"file":"Le-Plateau-condo-deux-etages-a-louer-a-mont-tremblant-18-818x417.jpg","width":818,"height":417,"mime-type":"image\/jpeg","filesize":54279,"url":"https:\/\/lesversants.com\/wp-content\/uploads\/2025\/02\/Le-Plateau-condo-deux-etages-a-louer-a-mont-tremblant-18-818x417.jpg"},"agent-image":{"file":"Le-Plateau-condo-deux-etages-a-louer-a-mont-tremblant-18-210x210.jpg","width":210,"height":210,"mime-type":"image\/jpeg","filesize":10220,"url":"https:\/\/lesversants.com\/wp-content\/uploads\/2025\/02\/Le-Plateau-condo-deux-etages-a-louer-a-mont-tremblant-18-210x210.jpg"},"partners-logo":{"file":"Le-Plateau-condo-deux-etages-a-louer-a-mont-tremblant-18-600x1600.jpg","width":600,"height":1600,"mime-type":"image\/jpeg","filesize":118245,"url":"https:\/\/lesversants.com\/wp-content\/uploads\/2025\/02\/Le-Plateau-condo-deux-etages-a-louer-a-mont-tremblant-18-600x1600.jpg"},"post-featured-image":{"file":"Le-Plateau-condo-deux-etages-a-louer-a-mont-tremblant-18-1240x720.jpg","width":1240,"height":720,"mime-type":"image\/jpeg","filesize":122512,"url":"https:\/\/lesversants.com\/wp-content\/uploads\/2025\/02\/Le-Plateau-condo-deux-etages-a-louer-a-mont-tremblant-18-1240x720.jpg"}},"image_meta":{"aperture":"5.6","credit":"","camera":"NIKON D7200","caption":"","created_timestamp":"1740155436","copyright":"","focal_length":"10","iso":"400","shutter_speed":"0.003125","title":"","orientation":"1","keywords":[]},"ID":"53784","name":"Le-Plateau-condo-deux-etages-a-louer-a-mont-tremblant-18.jpg","path":"\/home\/lesversa\/public_html\/wp-content\/uploads\/2025\/02\/Le-Plateau-condo-deux-etages-a-louer-a-mont-tremblant-18.jpg","url":"https:\/\/lesversants.com\/wp-content\/uploads\/2025\/02\/Le-Plateau-condo-deux-etages-a-louer-a-mont-tremblant-18-150x150.jpg","full_url":"https:\/\/lesversants.com\/wp-content\/uploads\/2025\/02\/Le-Plateau-condo-deux-etages-a-louer-a-mont-tremblant-18.jpg","title":"Le Plateau condo deux etages a louer a mont tremblant 18","caption":"","description":"","alt":"Le Plateau condo deux etages a louer a mont tremblant 18","srcset":"https:\/\/lesversants.com\/wp-content\/uploads\/2025\/02\/Le-Plateau-condo-deux-etages-a-louer-a-mont-tremblant-18-150x150.jpg 150w, https:\/\/lesversants.com\/wp-content\/uploads\/2025\/02\/Le-Plateau-condo-deux-etages-a-louer-a-mont-tremblant-18-120x120.jpg 120w, https:\/\/lesversants.com\/wp-content\/uploads\/2025\/02\/Le-Plateau-condo-deux-etages-a-louer-a-mont-tremblant-18-210x210.jpg 210w"},{"width":150,"height":150,"file":"2025\/02\/Le-Plateau-condo-deux-etages-a-louer-a-mont-tremblant-19.jpg","filesize":136922,"sizes":{"medium":{"file":"Le-Plateau-condo-deux-etages-a-louer-a-mont-tremblant-19-300x201.jpg","width":300,"height":201,"mime-type":"image\/jpeg","filesize":10688,"url":"https:\/\/lesversants.com\/wp-content\/uploads\/2025\/02\/Le-Plateau-condo-deux-etages-a-louer-a-mont-tremblant-19-300x201.jpg"},"large":{"file":"Le-Plateau-condo-deux-etages-a-louer-a-mont-tremblant-19-1024x684.jpg","width":1024,"height":684,"mime-type":"image\/jpeg","filesize":83003,"url":"https:\/\/lesversants.com\/wp-content\/uploads\/2025\/02\/Le-Plateau-condo-deux-etages-a-louer-a-mont-tremblant-19-1024x684.jpg"},"thumbnail":{"file":"Le-Plateau-condo-deux-etages-a-louer-a-mont-tremblant-19-150x150.jpg","width":150,"height":150,"mime-type":"image\/jpeg","filesize":5300,"url":"https:\/\/lesversants.com\/wp-content\/uploads\/2025\/02\/Le-Plateau-condo-deux-etages-a-louer-a-mont-tremblant-19-150x150.jpg"},"medium_large":{"file":"Le-Plateau-condo-deux-etages-a-louer-a-mont-tremblant-19-768x513.jpg","width":768,"height":513,"mime-type":"image\/jpeg","filesize":51216,"url":"https:\/\/lesversants.com\/wp-content\/uploads\/2025\/02\/Le-Plateau-condo-deux-etages-a-louer-a-mont-tremblant-19-768x513.jpg"},"tf-client-image-size":{"file":"Le-Plateau-condo-deux-etages-a-louer-a-mont-tremblant-19-120x120.jpg","width":120,"height":120,"mime-type":"image\/jpeg","filesize":3590,"url":"https:\/\/lesversants.com\/wp-content\/uploads\/2025\/02\/Le-Plateau-condo-deux-etages-a-louer-a-mont-tremblant-19-120x120.jpg"},"1536x1536":{"file":"Le-Plateau-condo-deux-etages-a-louer-a-mont-tremblant-19-1536x1027.jpg","width":1536,"height":1027,"mime-type":"image\/jpeg","filesize":160966,"url":"https:\/\/lesversants.com\/wp-content\/uploads\/2025\/02\/Le-Plateau-condo-deux-etages-a-louer-a-mont-tremblant-19-1536x1027.jpg"},"2048x2048":{"file":"Le-Plateau-condo-deux-etages-a-louer-a-mont-tremblant-19-2048x1369.jpg","width":2048,"height":1369,"mime-type":"image\/jpeg","filesize":248293,"url":"https:\/\/lesversants.com\/wp-content\/uploads\/2025\/02\/Le-Plateau-condo-deux-etages-a-louer-a-mont-tremblant-19-2048x1369.jpg"},"post-thumbnail":{"file":"Le-Plateau-condo-deux-etages-a-louer-a-mont-tremblant-19-150x100.jpg","width":150,"height":100,"mime-type":"image\/jpeg","filesize":3613,"url":"https:\/\/lesversants.com\/wp-content\/uploads\/2025\/02\/Le-Plateau-condo-deux-etages-a-louer-a-mont-tremblant-19-150x100.jpg"},"modern-property-child-slider":{"file":"Le-Plateau-condo-deux-etages-a-louer-a-mont-tremblant-19-680x510.jpg","width":680,"height":510,"mime-type":"image\/jpeg","filesize":46654,"url":"https:\/\/lesversants.com\/wp-content\/uploads\/2025\/02\/Le-Plateau-condo-deux-etages-a-louer-a-mont-tremblant-19-680x510.jpg"},"property-thumb-image":{"file":"Le-Plateau-condo-deux-etages-a-louer-a-mont-tremblant-19-488x326.jpg","width":488,"height":326,"mime-type":"image\/jpeg","filesize":23583,"url":"https:\/\/lesversants.com\/wp-content\/uploads\/2025\/02\/Le-Plateau-condo-deux-etages-a-louer-a-mont-tremblant-19-488x326.jpg"},"property-detail-video-image":{"file":"Le-Plateau-condo-deux-etages-a-louer-a-mont-tremblant-19-818x417.jpg","width":818,"height":417,"mime-type":"image\/jpeg","filesize":43884,"url":"https:\/\/lesversants.com\/wp-content\/uploads\/2025\/02\/Le-Plateau-condo-deux-etages-a-louer-a-mont-tremblant-19-818x417.jpg"},"agent-image":{"file":"Le-Plateau-condo-deux-etages-a-louer-a-mont-tremblant-19-210x210.jpg","width":210,"height":210,"mime-type":"image\/jpeg","filesize":8952,"url":"https:\/\/lesversants.com\/wp-content\/uploads\/2025\/02\/Le-Plateau-condo-deux-etages-a-louer-a-mont-tremblant-19-210x210.jpg"},"partners-logo":{"file":"Le-Plateau-condo-deux-etages-a-louer-a-mont-tremblant-19-600x1600.jpg","width":600,"height":1600,"mime-type":"image\/jpeg","filesize":77708,"url":"https:\/\/lesversants.com\/wp-content\/uploads\/2025\/02\/Le-Plateau-condo-deux-etages-a-louer-a-mont-tremblant-19-600x1600.jpg"},"post-featured-image":{"file":"Le-Plateau-condo-deux-etages-a-louer-a-mont-tremblant-19-1240x720.jpg","width":1240,"height":720,"mime-type":"image\/jpeg","filesize":98574,"url":"https:\/\/lesversants.com\/wp-content\/uploads\/2025\/02\/Le-Plateau-condo-deux-etages-a-louer-a-mont-tremblant-19-1240x720.jpg"}},"image_meta":{"aperture":"5.6","credit":"","camera":"NIKON D7200","caption":"","created_timestamp":"1740155447","copyright":"","focal_length":"10","iso":"800","shutter_speed":"0.066666666666667","title":"","orientation":"1","keywords":[]},"ID":"53786","name":"Le-Plateau-condo-deux-etages-a-louer-a-mont-tremblant-19.jpg","path":"\/home\/lesversa\/public_html\/wp-content\/uploads\/2025\/02\/Le-Plateau-condo-deux-etages-a-louer-a-mont-tremblant-19.jpg","url":"https:\/\/lesversants.com\/wp-content\/uploads\/2025\/02\/Le-Plateau-condo-deux-etages-a-louer-a-mont-tremblant-19-150x150.jpg","full_url":"https:\/\/lesversants.com\/wp-content\/uploads\/2025\/02\/Le-Plateau-condo-deux-etages-a-louer-a-mont-tremblant-19.jpg","title":"Le Plateau condo deux etages a louer a mont tremblant 19","caption":"","description":"","alt":"Le Plateau condo deux etages a louer a mont tremblant 19","srcset":"https:\/\/lesversants.com\/wp-content\/uploads\/2025\/02\/Le-Plateau-condo-deux-etages-a-louer-a-mont-tremblant-19-150x150.jpg 150w, https:\/\/lesversants.com\/wp-content\/uploads\/2025\/02\/Le-Plateau-condo-deux-etages-a-louer-a-mont-tremblant-19-120x120.jpg 120w, https:\/\/lesversants.com\/wp-content\/uploads\/2025\/02\/Le-Plateau-condo-deux-etages-a-louer-a-mont-tremblant-19-210x210.jpg 210w"},{"width":150,"height":150,"file":"2025\/02\/Le-Plateau-condo-deux-etages-a-louer-a-mont-tremblant-16.jpg","filesize":257118,"sizes":{"medium":{"file":"Le-Plateau-condo-deux-etages-a-louer-a-mont-tremblant-16-300x201.jpg","width":300,"height":201,"mime-type":"image\/jpeg","filesize":14911,"url":"https:\/\/lesversants.com\/wp-content\/uploads\/2025\/02\/Le-Plateau-condo-deux-etages-a-louer-a-mont-tremblant-16-300x201.jpg"},"large":{"file":"Le-Plateau-condo-deux-etages-a-louer-a-mont-tremblant-16-1024x685.jpg","width":1024,"height":685,"mime-type":"image\/jpeg","filesize":133798,"url":"https:\/\/lesversants.com\/wp-content\/uploads\/2025\/02\/Le-Plateau-condo-deux-etages-a-louer-a-mont-tremblant-16-1024x685.jpg"},"thumbnail":{"file":"Le-Plateau-condo-deux-etages-a-louer-a-mont-tremblant-16-150x150.jpg","width":150,"height":150,"mime-type":"image\/jpeg","filesize":6599,"url":"https:\/\/lesversants.com\/wp-content\/uploads\/2025\/02\/Le-Plateau-condo-deux-etages-a-louer-a-mont-tremblant-16-150x150.jpg"},"medium_large":{"file":"Le-Plateau-condo-deux-etages-a-louer-a-mont-tremblant-16-768x513.jpg","width":768,"height":513,"mime-type":"image\/jpeg","filesize":80256,"url":"https:\/\/lesversants.com\/wp-content\/uploads\/2025\/02\/Le-Plateau-condo-deux-etages-a-louer-a-mont-tremblant-16-768x513.jpg"},"tf-client-image-size":{"file":"Le-Plateau-condo-deux-etages-a-louer-a-mont-tremblant-16-120x120.jpg","width":120,"height":120,"mime-type":"image\/jpeg","filesize":4445,"url":"https:\/\/lesversants.com\/wp-content\/uploads\/2025\/02\/Le-Plateau-condo-deux-etages-a-louer-a-mont-tremblant-16-120x120.jpg"},"1536x1536":{"file":"Le-Plateau-condo-deux-etages-a-louer-a-mont-tremblant-16-1536x1027.jpg","width":1536,"height":1027,"mime-type":"image\/jpeg","filesize":266793,"url":"https:\/\/lesversants.com\/wp-content\/uploads\/2025\/02\/Le-Plateau-condo-deux-etages-a-louer-a-mont-tremblant-16-1536x1027.jpg"},"2048x2048":{"file":"Le-Plateau-condo-deux-etages-a-louer-a-mont-tremblant-16-2048x1369.jpg","width":2048,"height":1369,"mime-type":"image\/jpeg","filesize":417926,"url":"https:\/\/lesversants.com\/wp-content\/uploads\/2025\/02\/Le-Plateau-condo-deux-etages-a-louer-a-mont-tremblant-16-2048x1369.jpg"},"post-thumbnail":{"file":"Le-Plateau-condo-deux-etages-a-louer-a-mont-tremblant-16-150x100.jpg","width":150,"height":100,"mime-type":"image\/jpeg","filesize":4777,"url":"https:\/\/lesversants.com\/wp-content\/uploads\/2025\/02\/Le-Plateau-condo-deux-etages-a-louer-a-mont-tremblant-16-150x100.jpg"},"modern-property-child-slider":{"file":"Le-Plateau-condo-deux-etages-a-louer-a-mont-tremblant-16-680x510.jpg","width":680,"height":510,"mime-type":"image\/jpeg","filesize":74241,"url":"https:\/\/lesversants.com\/wp-content\/uploads\/2025\/02\/Le-Plateau-condo-deux-etages-a-louer-a-mont-tremblant-16-680x510.jpg"},"property-thumb-image":{"file":"Le-Plateau-condo-deux-etages-a-louer-a-mont-tremblant-16-488x326.jpg","width":488,"height":326,"mime-type":"image\/jpeg","filesize":35037,"url":"https:\/\/lesversants.com\/wp-content\/uploads\/2025\/02\/Le-Plateau-condo-deux-etages-a-louer-a-mont-tremblant-16-488x326.jpg"},"property-detail-video-image":{"file":"Le-Plateau-condo-deux-etages-a-louer-a-mont-tremblant-16-818x417.jpg","width":818,"height":417,"mime-type":"image\/jpeg","filesize":68048,"url":"https:\/\/lesversants.com\/wp-content\/uploads\/2025\/02\/Le-Plateau-condo-deux-etages-a-louer-a-mont-tremblant-16-818x417.jpg"},"agent-image":{"file":"Le-Plateau-condo-deux-etages-a-louer-a-mont-tremblant-16-210x210.jpg","width":210,"height":210,"mime-type":"image\/jpeg","filesize":12057,"url":"https:\/\/lesversants.com\/wp-content\/uploads\/2025\/02\/Le-Plateau-condo-deux-etages-a-louer-a-mont-tremblant-16-210x210.jpg"},"partners-logo":{"file":"Le-Plateau-condo-deux-etages-a-louer-a-mont-tremblant-16-600x1600.jpg","width":600,"height":1600,"mime-type":"image\/jpeg","filesize":110368,"url":"https:\/\/lesversants.com\/wp-content\/uploads\/2025\/02\/Le-Plateau-condo-deux-etages-a-louer-a-mont-tremblant-16-600x1600.jpg"},"post-featured-image":{"file":"Le-Plateau-condo-deux-etages-a-louer-a-mont-tremblant-16-1240x720.jpg","width":1240,"height":720,"mime-type":"image\/jpeg","filesize":159439,"url":"https:\/\/lesversants.com\/wp-content\/uploads\/2025\/02\/Le-Plateau-condo-deux-etages-a-louer-a-mont-tremblant-16-1240x720.jpg"}},"image_meta":{"aperture":"5.6","credit":"","camera":"NIKON D7200","caption":"","created_timestamp":"1740155386","copyright":"","focal_length":"10","iso":"400","shutter_speed":"0.002","title":"","orientation":"1","keywords":[]},"ID":"53780","name":"Le-Plateau-condo-deux-etages-a-louer-a-mont-tremblant-16.jpg","path":"\/home\/lesversa\/public_html\/wp-content\/uploads\/2025\/02\/Le-Plateau-condo-deux-etages-a-louer-a-mont-tremblant-16.jpg","url":"https:\/\/lesversants.com\/wp-content\/uploads\/2025\/02\/Le-Plateau-condo-deux-etages-a-louer-a-mont-tremblant-16-150x150.jpg","full_url":"https:\/\/lesversants.com\/wp-content\/uploads\/2025\/02\/Le-Plateau-condo-deux-etages-a-louer-a-mont-tremblant-16.jpg","title":"Le Plateau condo deux etages a louer a mont tremblant 16","caption":"","description":"","alt":"Le Plateau condo deux etages a louer a mont tremblant 16","srcset":"https:\/\/lesversants.com\/wp-content\/uploads\/2025\/02\/Le-Plateau-condo-deux-etages-a-louer-a-mont-tremblant-16-150x150.jpg 150w, https:\/\/lesversants.com\/wp-content\/uploads\/2025\/02\/Le-Plateau-condo-deux-etages-a-louer-a-mont-tremblant-16-120x120.jpg 120w, https:\/\/lesversants.com\/wp-content\/uploads\/2025\/02\/Le-Plateau-condo-deux-etages-a-louer-a-mont-tremblant-16-210x210.jpg 210w"},{"width":150,"height":150,"file":"2025\/02\/Le-Plateau-condo-deux-etages-a-louer-a-mont-tremblant-17.jpg","filesize":270662,"sizes":{"medium":{"file":"Le-Plateau-condo-deux-etages-a-louer-a-mont-tremblant-17-300x201.jpg","width":300,"height":201,"mime-type":"image\/jpeg","filesize":15483,"url":"https:\/\/lesversants.com\/wp-content\/uploads\/2025\/02\/Le-Plateau-condo-deux-etages-a-louer-a-mont-tremblant-17-300x201.jpg"},"large":{"file":"Le-Plateau-condo-deux-etages-a-louer-a-mont-tremblant-17-1024x685.jpg","width":1024,"height":685,"mime-type":"image\/jpeg","filesize":140851,"url":"https:\/\/lesversants.com\/wp-content\/uploads\/2025\/02\/Le-Plateau-condo-deux-etages-a-louer-a-mont-tremblant-17-1024x685.jpg"},"thumbnail":{"file":"Le-Plateau-condo-deux-etages-a-louer-a-mont-tremblant-17-150x150.jpg","width":150,"height":150,"mime-type":"image\/jpeg","filesize":6458,"url":"https:\/\/lesversants.com\/wp-content\/uploads\/2025\/02\/Le-Plateau-condo-deux-etages-a-louer-a-mont-tremblant-17-150x150.jpg"},"medium_large":{"file":"Le-Plateau-condo-deux-etages-a-louer-a-mont-tremblant-17-768x513.jpg","width":768,"height":513,"mime-type":"image\/jpeg","filesize":84179,"url":"https:\/\/lesversants.com\/wp-content\/uploads\/2025\/02\/Le-Plateau-condo-deux-etages-a-louer-a-mont-tremblant-17-768x513.jpg"},"tf-client-image-size":{"file":"Le-Plateau-condo-deux-etages-a-louer-a-mont-tremblant-17-120x120.jpg","width":120,"height":120,"mime-type":"image\/jpeg","filesize":4354,"url":"https:\/\/lesversants.com\/wp-content\/uploads\/2025\/02\/Le-Plateau-condo-deux-etages-a-louer-a-mont-tremblant-17-120x120.jpg"},"1536x1536":{"file":"Le-Plateau-condo-deux-etages-a-louer-a-mont-tremblant-17-1536x1027.jpg","width":1536,"height":1027,"mime-type":"image\/jpeg","filesize":280357,"url":"https:\/\/lesversants.com\/wp-content\/uploads\/2025\/02\/Le-Plateau-condo-deux-etages-a-louer-a-mont-tremblant-17-1536x1027.jpg"},"2048x2048":{"file":"Le-Plateau-condo-deux-etages-a-louer-a-mont-tremblant-17-2048x1369.jpg","width":2048,"height":1369,"mime-type":"image\/jpeg","filesize":437359,"url":"https:\/\/lesversants.com\/wp-content\/uploads\/2025\/02\/Le-Plateau-condo-deux-etages-a-louer-a-mont-tremblant-17-2048x1369.jpg"},"post-thumbnail":{"file":"Le-Plateau-condo-deux-etages-a-louer-a-mont-tremblant-17-150x100.jpg","width":150,"height":100,"mime-type":"image\/jpeg","filesize":4789,"url":"https:\/\/lesversants.com\/wp-content\/uploads\/2025\/02\/Le-Plateau-condo-deux-etages-a-louer-a-mont-tremblant-17-150x100.jpg"},"modern-property-child-slider":{"file":"Le-Plateau-condo-deux-etages-a-louer-a-mont-tremblant-17-680x510.jpg","width":680,"height":510,"mime-type":"image\/jpeg","filesize":73646,"url":"https:\/\/lesversants.com\/wp-content\/uploads\/2025\/02\/Le-Plateau-condo-deux-etages-a-louer-a-mont-tremblant-17-680x510.jpg"},"property-thumb-image":{"file":"Le-Plateau-condo-deux-etages-a-louer-a-mont-tremblant-17-488x326.jpg","width":488,"height":326,"mime-type":"image\/jpeg","filesize":36739,"url":"https:\/\/lesversants.com\/wp-content\/uploads\/2025\/02\/Le-Plateau-condo-deux-etages-a-louer-a-mont-tremblant-17-488x326.jpg"},"property-detail-video-image":{"file":"Le-Plateau-condo-deux-etages-a-louer-a-mont-tremblant-17-818x417.jpg","width":818,"height":417,"mime-type":"image\/jpeg","filesize":72931,"url":"https:\/\/lesversants.com\/wp-content\/uploads\/2025\/02\/Le-Plateau-condo-deux-etages-a-louer-a-mont-tremblant-17-818x417.jpg"},"agent-image":{"file":"Le-Plateau-condo-deux-etages-a-louer-a-mont-tremblant-17-210x210.jpg","width":210,"height":210,"mime-type":"image\/jpeg","filesize":11577,"url":"https:\/\/lesversants.com\/wp-content\/uploads\/2025\/02\/Le-Plateau-condo-deux-etages-a-louer-a-mont-tremblant-17-210x210.jpg"},"partners-logo":{"file":"Le-Plateau-condo-deux-etages-a-louer-a-mont-tremblant-17-600x1600.jpg","width":600,"height":1600,"mime-type":"image\/jpeg","filesize":89309,"url":"https:\/\/lesversants.com\/wp-content\/uploads\/2025\/02\/Le-Plateau-condo-deux-etages-a-louer-a-mont-tremblant-17-600x1600.jpg"},"post-featured-image":{"file":"Le-Plateau-condo-deux-etages-a-louer-a-mont-tremblant-17-1240x720.jpg","width":1240,"height":720,"mime-type":"image\/jpeg","filesize":168603,"url":"https:\/\/lesversants.com\/wp-content\/uploads\/2025\/02\/Le-Plateau-condo-deux-etages-a-louer-a-mont-tremblant-17-1240x720.jpg"}},"image_meta":{"aperture":"5.6","credit":"","camera":"NIKON D7200","caption":"","created_timestamp":"1740155399","copyright":"","focal_length":"10","iso":"400","shutter_speed":"0.0025","title":"","orientation":"1","keywords":[]},"ID":"53782","name":"Le-Plateau-condo-deux-etages-a-louer-a-mont-tremblant-17.jpg","path":"\/home\/lesversa\/public_html\/wp-content\/uploads\/2025\/02\/Le-Plateau-condo-deux-etages-a-louer-a-mont-tremblant-17.jpg","url":"https:\/\/lesversants.com\/wp-content\/uploads\/2025\/02\/Le-Plateau-condo-deux-etages-a-louer-a-mont-tremblant-17-150x150.jpg","full_url":"https:\/\/lesversants.com\/wp-content\/uploads\/2025\/02\/Le-Plateau-condo-deux-etages-a-louer-a-mont-tremblant-17.jpg","title":"Le Plateau condo deux etages a louer a mont tremblant 17","caption":"","description":"","alt":"Le Plateau condo deux etages a louer a mont tremblant 17","srcset":"https:\/\/lesversants.com\/wp-content\/uploads\/2025\/02\/Le-Plateau-condo-deux-etages-a-louer-a-mont-tremblant-17-150x150.jpg 150w, https:\/\/lesversants.com\/wp-content\/uploads\/2025\/02\/Le-Plateau-condo-deux-etages-a-louer-a-mont-tremblant-17-120x120.jpg 120w, https:\/\/lesversants.com\/wp-content\/uploads\/2025\/02\/Le-Plateau-condo-deux-etages-a-louer-a-mont-tremblant-17-210x210.jpg 210w"},{"width":150,"height":150,"file":"2025\/02\/Le-Plateau-condo-deux-etages-a-louer-a-mont-tremblant-15.jpg","filesize":178162,"sizes":{"medium":{"file":"Le-Plateau-condo-deux-etages-a-louer-a-mont-tremblant-15-300x201.jpg","width":300,"height":201,"mime-type":"image\/jpeg","filesize":12714,"url":"https:\/\/lesversants.com\/wp-content\/uploads\/2025\/02\/Le-Plateau-condo-deux-etages-a-louer-a-mont-tremblant-15-300x201.jpg"},"large":{"file":"Le-Plateau-condo-deux-etages-a-louer-a-mont-tremblant-15-1024x684.jpg","width":1024,"height":684,"mime-type":"image\/jpeg","filesize":102373,"url":"https:\/\/lesversants.com\/wp-content\/uploads\/2025\/02\/Le-Plateau-condo-deux-etages-a-louer-a-mont-tremblant-15-1024x684.jpg"},"thumbnail":{"file":"Le-Plateau-condo-deux-etages-a-louer-a-mont-tremblant-15-150x150.jpg","width":150,"height":150,"mime-type":"image\/jpeg","filesize":5210,"url":"https:\/\/lesversants.com\/wp-content\/uploads\/2025\/02\/Le-Plateau-condo-deux-etages-a-louer-a-mont-tremblant-15-150x150.jpg"},"medium_large":{"file":"Le-Plateau-condo-deux-etages-a-louer-a-mont-tremblant-15-768x513.jpg","width":768,"height":513,"mime-type":"image\/jpeg","filesize":62563,"url":"https:\/\/lesversants.com\/wp-content\/uploads\/2025\/02\/Le-Plateau-condo-deux-etages-a-louer-a-mont-tremblant-15-768x513.jpg"},"tf-client-image-size":{"file":"Le-Plateau-condo-deux-etages-a-louer-a-mont-tremblant-15-120x120.jpg","width":120,"height":120,"mime-type":"image\/jpeg","filesize":3600,"url":"https:\/\/lesversants.com\/wp-content\/uploads\/2025\/02\/Le-Plateau-condo-deux-etages-a-louer-a-mont-tremblant-15-120x120.jpg"},"1536x1536":{"file":"Le-Plateau-condo-deux-etages-a-louer-a-mont-tremblant-15-1536x1027.jpg","width":1536,"height":1027,"mime-type":"image\/jpeg","filesize":199988,"url":"https:\/\/lesversants.com\/wp-content\/uploads\/2025\/02\/Le-Plateau-condo-deux-etages-a-louer-a-mont-tremblant-15-1536x1027.jpg"},"2048x2048":{"file":"Le-Plateau-condo-deux-etages-a-louer-a-mont-tremblant-15-2048x1369.jpg","width":2048,"height":1369,"mime-type":"image\/jpeg","filesize":310089,"url":"https:\/\/lesversants.com\/wp-content\/uploads\/2025\/02\/Le-Plateau-condo-deux-etages-a-louer-a-mont-tremblant-15-2048x1369.jpg"},"post-thumbnail":{"file":"Le-Plateau-condo-deux-etages-a-louer-a-mont-tremblant-15-150x100.jpg","width":150,"height":100,"mime-type":"image\/jpeg","filesize":4170,"url":"https:\/\/lesversants.com\/wp-content\/uploads\/2025\/02\/Le-Plateau-condo-deux-etages-a-louer-a-mont-tremblant-15-150x100.jpg"},"modern-property-child-slider":{"file":"Le-Plateau-condo-deux-etages-a-louer-a-mont-tremblant-15-680x510.jpg","width":680,"height":510,"mime-type":"image\/jpeg","filesize":54997,"url":"https:\/\/lesversants.com\/wp-content\/uploads\/2025\/02\/Le-Plateau-condo-deux-etages-a-louer-a-mont-tremblant-15-680x510.jpg"},"property-thumb-image":{"file":"Le-Plateau-condo-deux-etages-a-louer-a-mont-tremblant-15-488x326.jpg","width":488,"height":326,"mime-type":"image\/jpeg","filesize":28167,"url":"https:\/\/lesversants.com\/wp-content\/uploads\/2025\/02\/Le-Plateau-condo-deux-etages-a-louer-a-mont-tremblant-15-488x326.jpg"},"property-detail-video-image":{"file":"Le-Plateau-condo-deux-etages-a-louer-a-mont-tremblant-15-818x417.jpg","width":818,"height":417,"mime-type":"image\/jpeg","filesize":55320,"url":"https:\/\/lesversants.com\/wp-content\/uploads\/2025\/02\/Le-Plateau-condo-deux-etages-a-louer-a-mont-tremblant-15-818x417.jpg"},"agent-image":{"file":"Le-Plateau-condo-deux-etages-a-louer-a-mont-tremblant-15-210x210.jpg","width":210,"height":210,"mime-type":"image\/jpeg","filesize":9358,"url":"https:\/\/lesversants.com\/wp-content\/uploads\/2025\/02\/Le-Plateau-condo-deux-etages-a-louer-a-mont-tremblant-15-210x210.jpg"},"partners-logo":{"file":"Le-Plateau-condo-deux-etages-a-louer-a-mont-tremblant-15-600x1600.jpg","width":600,"height":1600,"mime-type":"image\/jpeg","filesize":87113,"url":"https:\/\/lesversants.com\/wp-content\/uploads\/2025\/02\/Le-Plateau-condo-deux-etages-a-louer-a-mont-tremblant-15-600x1600.jpg"},"post-featured-image":{"file":"Le-Plateau-condo-deux-etages-a-louer-a-mont-tremblant-15-1240x720.jpg","width":1240,"height":720,"mime-type":"image\/jpeg","filesize":124266,"url":"https:\/\/lesversants.com\/wp-content\/uploads\/2025\/02\/Le-Plateau-condo-deux-etages-a-louer-a-mont-tremblant-15-1240x720.jpg"}},"image_meta":{"aperture":"5.6","credit":"","camera":"NIKON D7200","caption":"","created_timestamp":"1740155368","copyright":"","focal_length":"10","iso":"400","shutter_speed":"0.008","title":"","orientation":"1","keywords":[]},"ID":"53778","name":"Le-Plateau-condo-deux-etages-a-louer-a-mont-tremblant-15.jpg","path":"\/home\/lesversa\/public_html\/wp-content\/uploads\/2025\/02\/Le-Plateau-condo-deux-etages-a-louer-a-mont-tremblant-15.jpg","url":"https:\/\/lesversants.com\/wp-content\/uploads\/2025\/02\/Le-Plateau-condo-deux-etages-a-louer-a-mont-tremblant-15-150x150.jpg","full_url":"https:\/\/lesversants.com\/wp-content\/uploads\/2025\/02\/Le-Plateau-condo-deux-etages-a-louer-a-mont-tremblant-15.jpg","title":"Le Plateau condo deux etages a louer a mont tremblant 15","caption":"","description":"","alt":"Le Plateau condo deux etages a louer a mont tremblant 15","srcset":"https:\/\/lesversants.com\/wp-content\/uploads\/2025\/02\/Le-Plateau-condo-deux-etages-a-louer-a-mont-tremblant-15-150x150.jpg 150w, https:\/\/lesversants.com\/wp-content\/uploads\/2025\/02\/Le-Plateau-condo-deux-etages-a-louer-a-mont-tremblant-15-120x120.jpg 120w, https:\/\/lesversants.com\/wp-content\/uploads\/2025\/02\/Le-Plateau-condo-deux-etages-a-louer-a-mont-tremblant-15-210x210.jpg 210w"},{"width":150,"height":150,"file":"2025\/02\/Le-Plateau-condo-deux-etages-a-louer-a-mont-tremblant-14.jpg","filesize":190565,"sizes":{"medium":{"file":"Le-Plateau-condo-deux-etages-a-louer-a-mont-tremblant-14-300x201.jpg","width":300,"height":201,"mime-type":"image\/jpeg","filesize":13468,"url":"https:\/\/lesversants.com\/wp-content\/uploads\/2025\/02\/Le-Plateau-condo-deux-etages-a-louer-a-mont-tremblant-14-300x201.jpg"},"large":{"file":"Le-Plateau-condo-deux-etages-a-louer-a-mont-tremblant-14-1024x684.jpg","width":1024,"height":684,"mime-type":"image\/jpeg","filesize":108459,"url":"https:\/\/lesversants.com\/wp-content\/uploads\/2025\/02\/Le-Plateau-condo-deux-etages-a-louer-a-mont-tremblant-14-1024x684.jpg"},"thumbnail":{"file":"Le-Plateau-condo-deux-etages-a-louer-a-mont-tremblant-14-150x150.jpg","width":150,"height":150,"mime-type":"image\/jpeg","filesize":5793,"url":"https:\/\/lesversants.com\/wp-content\/uploads\/2025\/02\/Le-Plateau-condo-deux-etages-a-louer-a-mont-tremblant-14-150x150.jpg"},"medium_large":{"file":"Le-Plateau-condo-deux-etages-a-louer-a-mont-tremblant-14-768x513.jpg","width":768,"height":513,"mime-type":"image\/jpeg","filesize":65927,"url":"https:\/\/lesversants.com\/wp-content\/uploads\/2025\/02\/Le-Plateau-condo-deux-etages-a-louer-a-mont-tremblant-14-768x513.jpg"},"tf-client-image-size":{"file":"Le-Plateau-condo-deux-etages-a-louer-a-mont-tremblant-14-120x120.jpg","width":120,"height":120,"mime-type":"image\/jpeg","filesize":3897,"url":"https:\/\/lesversants.com\/wp-content\/uploads\/2025\/02\/Le-Plateau-condo-deux-etages-a-louer-a-mont-tremblant-14-120x120.jpg"},"1536x1536":{"file":"Le-Plateau-condo-deux-etages-a-louer-a-mont-tremblant-14-1536x1027.jpg","width":1536,"height":1027,"mime-type":"image\/jpeg","filesize":210600,"url":"https:\/\/lesversants.com\/wp-content\/uploads\/2025\/02\/Le-Plateau-condo-deux-etages-a-louer-a-mont-tremblant-14-1536x1027.jpg"},"2048x2048":{"file":"Le-Plateau-condo-deux-etages-a-louer-a-mont-tremblant-14-2048x1369.jpg","width":2048,"height":1369,"mime-type":"image\/jpeg","filesize":326517,"url":"https:\/\/lesversants.com\/wp-content\/uploads\/2025\/02\/Le-Plateau-condo-deux-etages-a-louer-a-mont-tremblant-14-2048x1369.jpg"},"post-thumbnail":{"file":"Le-Plateau-condo-deux-etages-a-louer-a-mont-tremblant-14-150x100.jpg","width":150,"height":100,"mime-type":"image\/jpeg","filesize":4412,"url":"https:\/\/lesversants.com\/wp-content\/uploads\/2025\/02\/Le-Plateau-condo-deux-etages-a-louer-a-mont-tremblant-14-150x100.jpg"},"modern-property-child-slider":{"file":"Le-Plateau-condo-deux-etages-a-louer-a-mont-tremblant-14-680x510.jpg","width":680,"height":510,"mime-type":"image\/jpeg","filesize":57759,"url":"https:\/\/lesversants.com\/wp-content\/uploads\/2025\/02\/Le-Plateau-condo-deux-etages-a-louer-a-mont-tremblant-14-680x510.jpg"},"property-thumb-image":{"file":"Le-Plateau-condo-deux-etages-a-louer-a-mont-tremblant-14-488x326.jpg","width":488,"height":326,"mime-type":"image\/jpeg","filesize":30238,"url":"https:\/\/lesversants.com\/wp-content\/uploads\/2025\/02\/Le-Plateau-condo-deux-etages-a-louer-a-mont-tremblant-14-488x326.jpg"},"property-detail-video-image":{"file":"Le-Plateau-condo-deux-etages-a-louer-a-mont-tremblant-14-818x417.jpg","width":818,"height":417,"mime-type":"image\/jpeg","filesize":57748,"url":"https:\/\/lesversants.com\/wp-content\/uploads\/2025\/02\/Le-Plateau-condo-deux-etages-a-louer-a-mont-tremblant-14-818x417.jpg"},"agent-image":{"file":"Le-Plateau-condo-deux-etages-a-louer-a-mont-tremblant-14-210x210.jpg","width":210,"height":210,"mime-type":"image\/jpeg","filesize":10106,"url":"https:\/\/lesversants.com\/wp-content\/uploads\/2025\/02\/Le-Plateau-condo-deux-etages-a-louer-a-mont-tremblant-14-210x210.jpg"},"partners-logo":{"file":"Le-Plateau-condo-deux-etages-a-louer-a-mont-tremblant-14-600x1600.jpg","width":600,"height":1600,"mime-type":"image\/jpeg","filesize":95135,"url":"https:\/\/lesversants.com\/wp-content\/uploads\/2025\/02\/Le-Plateau-condo-deux-etages-a-louer-a-mont-tremblant-14-600x1600.jpg"},"post-featured-image":{"file":"Le-Plateau-condo-deux-etages-a-louer-a-mont-tremblant-14-1240x720.jpg","width":1240,"height":720,"mime-type":"image\/jpeg","filesize":129621,"url":"https:\/\/lesversants.com\/wp-content\/uploads\/2025\/02\/Le-Plateau-condo-deux-etages-a-louer-a-mont-tremblant-14-1240x720.jpg"}},"image_meta":{"aperture":"5.6","credit":"","camera":"NIKON D7200","caption":"","created_timestamp":"1740155348","copyright":"","focal_length":"10","iso":"400","shutter_speed":"0.004","title":"","orientation":"1","keywords":[]},"ID":"53776","name":"Le-Plateau-condo-deux-etages-a-louer-a-mont-tremblant-14.jpg","path":"\/home\/lesversa\/public_html\/wp-content\/uploads\/2025\/02\/Le-Plateau-condo-deux-etages-a-louer-a-mont-tremblant-14.jpg","url":"https:\/\/lesversants.com\/wp-content\/uploads\/2025\/02\/Le-Plateau-condo-deux-etages-a-louer-a-mont-tremblant-14-150x150.jpg","full_url":"https:\/\/lesversants.com\/wp-content\/uploads\/2025\/02\/Le-Plateau-condo-deux-etages-a-louer-a-mont-tremblant-14.jpg","title":"Le Plateau condo deux etages a louer a mont tremblant 14","caption":"","description":"","alt":"Le Plateau condo deux etages a louer a mont tremblant 14","srcset":"https:\/\/lesversants.com\/wp-content\/uploads\/2025\/02\/Le-Plateau-condo-deux-etages-a-louer-a-mont-tremblant-14-150x150.jpg 150w, https:\/\/lesversants.com\/wp-content\/uploads\/2025\/02\/Le-Plateau-condo-deux-etages-a-louer-a-mont-tremblant-14-120x120.jpg 120w, https:\/\/lesversants.com\/wp-content\/uploads\/2025\/02\/Le-Plateau-condo-deux-etages-a-louer-a-mont-tremblant-14-210x210.jpg 210w"},{"width":150,"height":150,"file":"2020\/01\/image22-1.jpg","filesize":619251,"sizes":{"medium":{"file":"image22-1-300x187.jpg","width":300,"height":187,"mime-type":"image\/jpeg","filesize":18758,"url":"https:\/\/lesversants.com\/wp-content\/uploads\/2020\/01\/image22-1-300x187.jpg"},"large":{"file":"image22-1-1024x638.jpg","width":1024,"height":638,"mime-type":"image\/jpeg","filesize":176874,"url":"https:\/\/lesversants.com\/wp-content\/uploads\/2020\/01\/image22-1-1024x638.jpg"},"thumbnail":{"file":"image22-1-150x150.jpg","width":150,"height":150,"mime-type":"image\/jpeg","filesize":8903,"url":"https:\/\/lesversants.com\/wp-content\/uploads\/2020\/01\/image22-1-150x150.jpg"},"medium_large":{"file":"image22-1-768x478.jpg","width":768,"height":478,"mime-type":"image\/jpeg","filesize":104016,"url":"https:\/\/lesversants.com\/wp-content\/uploads\/2020\/01\/image22-1-768x478.jpg"},"tf-client-image-size":{"file":"image22-1-120x120.jpg","width":120,"height":120,"mime-type":"image\/jpeg","filesize":6003,"url":"https:\/\/lesversants.com\/wp-content\/uploads\/2020\/01\/image22-1-120x120.jpg"},"1536x1536":{"file":"image22-1-1536x957.jpg","width":1536,"height":957,"mime-type":"image\/jpeg","filesize":371453,"url":"https:\/\/lesversants.com\/wp-content\/uploads\/2020\/01\/image22-1-1536x957.jpg"},"post-thumbnail":{"file":"image22-1-150x93.jpg","width":150,"height":93,"mime-type":"image\/jpeg","filesize":5828,"url":"https:\/\/lesversants.com\/wp-content\/uploads\/2020\/01\/image22-1-150x93.jpg"},"modern-property-child-slider":{"file":"image22-1-680x510.jpg","width":680,"height":510,"mime-type":"image\/jpeg","filesize":100510,"url":"https:\/\/lesversants.com\/wp-content\/uploads\/2020\/01\/image22-1-680x510.jpg"},"property-thumb-image":{"file":"image22-1-488x326.jpg","width":488,"height":326,"mime-type":"image\/jpeg","filesize":48088,"url":"https:\/\/lesversants.com\/wp-content\/uploads\/2020\/01\/image22-1-488x326.jpg"},"property-detail-video-image":{"file":"image22-1-818x417.jpg","width":818,"height":417,"mime-type":"image\/jpeg","filesize":95945,"url":"https:\/\/lesversants.com\/wp-content\/uploads\/2020\/01\/image22-1-818x417.jpg"},"agent-image":{"file":"image22-1-210x210.jpg","width":210,"height":210,"mime-type":"image\/jpeg","filesize":15718,"url":"https:\/\/lesversants.com\/wp-content\/uploads\/2020\/01\/image22-1-210x210.jpg"},"partners-logo":{"file":"image22-1-600x1196.jpg","width":600,"height":1196,"mime-type":"image\/jpeg","filesize":221669,"url":"https:\/\/lesversants.com\/wp-content\/uploads\/2020\/01\/image22-1-600x1196.jpg"},"post-featured-image":{"file":"image22-1-1240x720.jpg","width":1240,"height":720,"mime-type":"image\/jpeg","filesize":234825,"url":"https:\/\/lesversants.com\/wp-content\/uploads\/2020\/01\/image22-1-1240x720.jpg"},"cmplz_banner_image":{"file":"image22-1-350x100.jpg","width":350,"height":100,"mime-type":"image\/jpeg","filesize":11541,"url":"https:\/\/lesversants.com\/wp-content\/uploads\/2020\/01\/image22-1-350x100.jpg"}},"image_meta":{"aperture":"0","credit":"","camera":"","caption":"","created_timestamp":"0","copyright":"","focal_length":"0","iso":"0","shutter_speed":"0","title":"","orientation":"0","keywords":[]},"ID":"69056","name":"image22-1.jpg","path":"\/home\/lesversa\/public_html\/wp-content\/uploads\/2020\/01\/image22-1.jpg","url":"https:\/\/lesversants.com\/wp-content\/uploads\/2020\/01\/image22-1-150x150.jpg","full_url":"https:\/\/lesversants.com\/wp-content\/uploads\/2020\/01\/image22-1.jpg","title":"image22 (1)","caption":"","description":"","alt":"image22 (1)","srcset":"https:\/\/lesversants.com\/wp-content\/uploads\/2020\/01\/image22-1-150x150.jpg 150w, https:\/\/lesversants.com\/wp-content\/uploads\/2020\/01\/image22-1-120x120.jpg 120w, https:\/\/lesversants.com\/wp-content\/uploads\/2020\/01\/image22-1-210x210.jpg 210w"},{"width":150,"height":150,"file":"2020\/01\/image1.jpg","filesize":393719,"sizes":{"medium":{"file":"image1-235x300.jpg","width":235,"height":300,"mime-type":"image\/jpeg","filesize":21295,"url":"https:\/\/lesversants.com\/wp-content\/uploads\/2020\/01\/image1-235x300.jpg"},"large":{"file":"image1-801x1024.jpg","width":801,"height":1024,"mime-type":"image\/jpeg","filesize":145053,"url":"https:\/\/lesversants.com\/wp-content\/uploads\/2020\/01\/image1-801x1024.jpg"},"thumbnail":{"file":"image1-150x150.jpg","width":150,"height":150,"mime-type":"image\/jpeg","filesize":8409,"url":"https:\/\/lesversants.com\/wp-content\/uploads\/2020\/01\/image1-150x150.jpg"},"medium_large":{"file":"image1-768x982.jpg","width":768,"height":982,"mime-type":"image\/jpeg","filesize":135618,"url":"https:\/\/lesversants.com\/wp-content\/uploads\/2020\/01\/image1-768x982.jpg"},"tf-client-image-size":{"file":"image1-120x120.jpg","width":120,"height":120,"mime-type":"image\/jpeg","filesize":5738,"url":"https:\/\/lesversants.com\/wp-content\/uploads\/2020\/01\/image1-120x120.jpg"},"1536x1536":{"file":"image1-1201x1536.jpg","width":1201,"height":1536,"mime-type":"image\/jpeg","filesize":266786,"url":"https:\/\/lesversants.com\/wp-content\/uploads\/2020\/01\/image1-1201x1536.jpg"},"post-thumbnail":{"file":"image1-117x150.jpg","width":117,"height":150,"mime-type":"image\/jpeg","filesize":7139,"url":"https:\/\/lesversants.com\/wp-content\/uploads\/2020\/01\/image1-117x150.jpg"},"modern-property-child-slider":{"file":"image1-680x510.jpg","width":680,"height":510,"mime-type":"image\/jpeg","filesize":69707,"url":"https:\/\/lesversants.com\/wp-content\/uploads\/2020\/01\/image1-680x510.jpg"},"property-thumb-image":{"file":"image1-488x326.jpg","width":488,"height":326,"mime-type":"image\/jpeg","filesize":37537,"url":"https:\/\/lesversants.com\/wp-content\/uploads\/2020\/01\/image1-488x326.jpg"},"property-detail-video-image":{"file":"image1-818x417.jpg","width":818,"height":417,"mime-type":"image\/jpeg","filesize":65701,"url":"https:\/\/lesversants.com\/wp-content\/uploads\/2020\/01\/image1-818x417.jpg"},"agent-image":{"file":"image1-210x210.jpg","width":210,"height":210,"mime-type":"image\/jpeg","filesize":14253,"url":"https:\/\/lesversants.com\/wp-content\/uploads\/2020\/01\/image1-210x210.jpg"},"partners-logo":{"file":"image1-600x1920.jpg","width":600,"height":1920,"mime-type":"image\/jpeg","filesize":181506,"url":"https:\/\/lesversants.com\/wp-content\/uploads\/2020\/01\/image1-600x1920.jpg"},"post-featured-image":{"file":"image1-1240x720.jpg","width":1240,"height":720,"mime-type":"image\/jpeg","filesize":144223,"url":"https:\/\/lesversants.com\/wp-content\/uploads\/2020\/01\/image1-1240x720.jpg"},"cmplz_banner_image":{"file":"image1-350x100.jpg","width":350,"height":100,"mime-type":"image\/jpeg","filesize":9148,"url":"https:\/\/lesversants.com\/wp-content\/uploads\/2020\/01\/image1-350x100.jpg"}},"image_meta":{"aperture":"0","credit":"","camera":"","caption":"","created_timestamp":"0","copyright":"","focal_length":"0","iso":"0","shutter_speed":"0","title":"","orientation":"0","keywords":[]},"ID":"69058","name":"image1.jpg","path":"\/home\/lesversa\/public_html\/wp-content\/uploads\/2020\/01\/image1.jpg","url":"https:\/\/lesversants.com\/wp-content\/uploads\/2020\/01\/image1-150x150.jpg","full_url":"https:\/\/lesversants.com\/wp-content\/uploads\/2020\/01\/image1.jpg","title":"image1","caption":"","description":"","alt":"image1","srcset":"https:\/\/lesversants.com\/wp-content\/uploads\/2020\/01\/image1-150x150.jpg 150w, https:\/\/lesversants.com\/wp-content\/uploads\/2020\/01\/image1-120x120.jpg 120w, https:\/\/lesversants.com\/wp-content\/uploads\/2020\/01\/image1-210x210.jpg 210w"},{"width":150,"height":150,"file":"2020\/01\/image2.jpg","filesize":779140,"sizes":{"medium":{"file":"image2-212x300.jpg","width":212,"height":300,"mime-type":"image\/jpeg","filesize":22331,"url":"https:\/\/lesversants.com\/wp-content\/uploads\/2020\/01\/image2-212x300.jpg"},"large":{"file":"image2-723x1024.jpg","width":723,"height":1024,"mime-type":"image\/jpeg","filesize":236892,"url":"https:\/\/lesversants.com\/wp-content\/uploads\/2020\/01\/image2-723x1024.jpg"},"thumbnail":{"file":"image2-150x150.jpg","width":150,"height":150,"mime-type":"image\/jpeg","filesize":8915,"url":"https:\/\/lesversants.com\/wp-content\/uploads\/2020\/01\/image2-150x150.jpg"},"medium_large":{"file":"image2-768x1087.jpg","width":768,"height":1087,"mime-type":"image\/jpeg","filesize":264720,"url":"https:\/\/lesversants.com\/wp-content\/uploads\/2020\/01\/image2-768x1087.jpg"},"tf-client-image-size":{"file":"image2-120x120.jpg","width":120,"height":120,"mime-type":"image\/jpeg","filesize":5819,"url":"https:\/\/lesversants.com\/wp-content\/uploads\/2020\/01\/image2-120x120.jpg"},"1536x1536":{"file":"image2-1085x1536.jpg","width":1085,"height":1536,"mime-type":"image\/jpeg","filesize":480313,"url":"https:\/\/lesversants.com\/wp-content\/uploads\/2020\/01\/image2-1085x1536.jpg"},"post-thumbnail":{"file":"image2-106x150.jpg","width":106,"height":150,"mime-type":"image\/jpeg","filesize":6550,"url":"https:\/\/lesversants.com\/wp-content\/uploads\/2020\/01\/image2-106x150.jpg"},"modern-property-child-slider":{"file":"image2-680x510.jpg","width":680,"height":510,"mime-type":"image\/jpeg","filesize":113488,"url":"https:\/\/lesversants.com\/wp-content\/uploads\/2020\/01\/image2-680x510.jpg"},"property-thumb-image":{"file":"image2-488x326.jpg","width":488,"height":326,"mime-type":"image\/jpeg","filesize":54616,"url":"https:\/\/lesversants.com\/wp-content\/uploads\/2020\/01\/image2-488x326.jpg"},"property-detail-video-image":{"file":"image2-818x417.jpg","width":818,"height":417,"mime-type":"image\/jpeg","filesize":110990,"url":"https:\/\/lesversants.com\/wp-content\/uploads\/2020\/01\/image2-818x417.jpg"},"agent-image":{"file":"image2-210x210.jpg","width":210,"height":210,"mime-type":"image\/jpeg","filesize":16216,"url":"https:\/\/lesversants.com\/wp-content\/uploads\/2020\/01\/image2-210x210.jpg"},"partners-logo":{"file":"image2-600x1920.jpg","width":600,"height":1920,"mime-type":"image\/jpeg","filesize":352645,"url":"https:\/\/lesversants.com\/wp-content\/uploads\/2020\/01\/image2-600x1920.jpg"},"post-featured-image":{"file":"image2-1240x720.jpg","width":1240,"height":720,"mime-type":"image\/jpeg","filesize":250728,"url":"https:\/\/lesversants.com\/wp-content\/uploads\/2020\/01\/image2-1240x720.jpg"},"cmplz_banner_image":{"file":"image2-350x100.jpg","width":350,"height":100,"mime-type":"image\/jpeg","filesize":13808,"url":"https:\/\/lesversants.com\/wp-content\/uploads\/2020\/01\/image2-350x100.jpg"}},"image_meta":{"aperture":"0","credit":"","camera":"","caption":"","created_timestamp":"0","copyright":"","focal_length":"0","iso":"0","shutter_speed":"0","title":"","orientation":"0","keywords":[]},"ID":"69060","name":"image2.jpg","path":"\/home\/lesversa\/public_html\/wp-content\/uploads\/2020\/01\/image2.jpg","url":"https:\/\/lesversants.com\/wp-content\/uploads\/2020\/01\/image2-150x150.jpg","full_url":"https:\/\/lesversants.com\/wp-content\/uploads\/2020\/01\/image2.jpg","title":"image2","caption":"","description":"","alt":"image2","srcset":"https:\/\/lesversants.com\/wp-content\/uploads\/2020\/01\/image2-150x150.jpg 150w, https:\/\/lesversants.com\/wp-content\/uploads\/2020\/01\/image2-120x120.jpg 120w, https:\/\/lesversants.com\/wp-content\/uploads\/2020\/01\/image2-210x210.jpg 210w"},{"width":150,"height":150,"file":"2021\/04\/2023-09_maison-chalet-condo-mont-tremblant-style-de-vie-course-en-sentier-Kevin-Lemaire-110.jpg","filesize":1304066,"sizes":{"medium":{"file":"2023-09_maison-chalet-condo-mont-tremblant-style-de-vie-course-en-sentier-Kevin-Lemaire-110-300x200.jpg","width":300,"height":200,"mime-type":"image\/jpeg","filesize":24432,"url":"https:\/\/lesversants.com\/wp-content\/uploads\/2021\/04\/2023-09_maison-chalet-condo-mont-tremblant-style-de-vie-course-en-sentier-Kevin-Lemaire-110-300x200.jpg"},"large":{"file":"2023-09_maison-chalet-condo-mont-tremblant-style-de-vie-course-en-sentier-Kevin-Lemaire-110-1024x683.jpg","width":1024,"height":683,"mime-type":"image\/jpeg","filesize":262073,"url":"https:\/\/lesversants.com\/wp-content\/uploads\/2021\/04\/2023-09_maison-chalet-condo-mont-tremblant-style-de-vie-course-en-sentier-Kevin-Lemaire-110-1024x683.jpg"},"thumbnail":{"file":"2023-09_maison-chalet-condo-mont-tremblant-style-de-vie-course-en-sentier-Kevin-Lemaire-110-150x150.jpg","width":150,"height":150,"mime-type":"image\/jpeg","filesize":9968,"url":"https:\/\/lesversants.com\/wp-content\/uploads\/2021\/04\/2023-09_maison-chalet-condo-mont-tremblant-style-de-vie-course-en-sentier-Kevin-Lemaire-110-150x150.jpg"},"medium_large":{"file":"2023-09_maison-chalet-condo-mont-tremblant-style-de-vie-course-en-sentier-Kevin-Lemaire-110-768x512.jpg","width":768,"height":512,"mime-type":"image\/jpeg","filesize":152528,"url":"https:\/\/lesversants.com\/wp-content\/uploads\/2021\/04\/2023-09_maison-chalet-condo-mont-tremblant-style-de-vie-course-en-sentier-Kevin-Lemaire-110-768x512.jpg"},"tf-client-image-size":{"file":"2023-09_maison-chalet-condo-mont-tremblant-style-de-vie-course-en-sentier-Kevin-Lemaire-110-120x120.jpg","width":120,"height":120,"mime-type":"image\/jpeg","filesize":6703,"url":"https:\/\/lesversants.com\/wp-content\/uploads\/2021\/04\/2023-09_maison-chalet-condo-mont-tremblant-style-de-vie-course-en-sentier-Kevin-Lemaire-110-120x120.jpg"},"1536x1536":{"file":"2023-09_maison-chalet-condo-mont-tremblant-style-de-vie-course-en-sentier-Kevin-Lemaire-110-1536x1024.jpg","width":1536,"height":1024,"mime-type":"image\/jpeg","filesize":545157,"url":"https:\/\/lesversants.com\/wp-content\/uploads\/2021\/04\/2023-09_maison-chalet-condo-mont-tremblant-style-de-vie-course-en-sentier-Kevin-Lemaire-110-1536x1024.jpg"},"post-thumbnail":{"file":"2023-09_maison-chalet-condo-mont-tremblant-style-de-vie-course-en-sentier-Kevin-Lemaire-110-150x100.jpg","width":150,"height":100,"mime-type":"image\/jpeg","filesize":6880,"url":"https:\/\/lesversants.com\/wp-content\/uploads\/2021\/04\/2023-09_maison-chalet-condo-mont-tremblant-style-de-vie-course-en-sentier-Kevin-Lemaire-110-150x100.jpg"},"modern-property-child-slider":{"file":"2023-09_maison-chalet-condo-mont-tremblant-style-de-vie-course-en-sentier-Kevin-Lemaire-110-680x510.jpg","width":680,"height":510,"mime-type":"image\/jpeg","filesize":136228,"url":"https:\/\/lesversants.com\/wp-content\/uploads\/2021\/04\/2023-09_maison-chalet-condo-mont-tremblant-style-de-vie-course-en-sentier-Kevin-Lemaire-110-680x510.jpg"},"property-thumb-image":{"file":"2023-09_maison-chalet-condo-mont-tremblant-style-de-vie-course-en-sentier-Kevin-Lemaire-110-488x326.jpg","width":488,"height":326,"mime-type":"image\/jpeg","filesize":63298,"url":"https:\/\/lesversants.com\/wp-content\/uploads\/2021\/04\/2023-09_maison-chalet-condo-mont-tremblant-style-de-vie-course-en-sentier-Kevin-Lemaire-110-488x326.jpg"},"property-detail-video-image":{"file":"2023-09_maison-chalet-condo-mont-tremblant-style-de-vie-course-en-sentier-Kevin-Lemaire-110-818x417.jpg","width":818,"height":417,"mime-type":"image\/jpeg","filesize":134025,"url":"https:\/\/lesversants.com\/wp-content\/uploads\/2021\/04\/2023-09_maison-chalet-condo-mont-tremblant-style-de-vie-course-en-sentier-Kevin-Lemaire-110-818x417.jpg"},"agent-image":{"file":"2023-09_maison-chalet-condo-mont-tremblant-style-de-vie-course-en-sentier-Kevin-Lemaire-110-210x210.jpg","width":210,"height":210,"mime-type":"image\/jpeg","filesize":19211,"url":"https:\/\/lesversants.com\/wp-content\/uploads\/2021\/04\/2023-09_maison-chalet-condo-mont-tremblant-style-de-vie-course-en-sentier-Kevin-Lemaire-110-210x210.jpg"},"partners-logo":{"file":"2023-09_maison-chalet-condo-mont-tremblant-style-de-vie-course-en-sentier-Kevin-Lemaire-110-600x1280.jpg","width":600,"height":1280,"mime-type":"image\/jpeg","filesize":306322,"url":"https:\/\/lesversants.com\/wp-content\/uploads\/2021\/04\/2023-09_maison-chalet-condo-mont-tremblant-style-de-vie-course-en-sentier-Kevin-Lemaire-110-600x1280.jpg"},"post-featured-image":{"file":"2023-09_maison-chalet-condo-mont-tremblant-style-de-vie-course-en-sentier-Kevin-Lemaire-110-1240x720.jpg","width":1240,"height":720,"mime-type":"image\/jpeg","filesize":329101,"url":"https:\/\/lesversants.com\/wp-content\/uploads\/2021\/04\/2023-09_maison-chalet-condo-mont-tremblant-style-de-vie-course-en-sentier-Kevin-Lemaire-110-1240x720.jpg"}},"image_meta":{"aperture":"2.8","credit":"kevin lemaire","camera":"Canon EOS R","caption":"","created_timestamp":"1693886678","copyright":"kevin lemaire\nklmotionmedia","focal_length":"16","iso":"320","shutter_speed":"0.001","title":"","orientation":"1","keywords":[]},"ID":"32183","name":"2023-09_maison-chalet-condo-mont-tremblant-style-de-vie-course-en-sentier-Kevin-Lemaire-110.jpg","path":"\/home\/lesversa\/public_html\/wp-content\/uploads\/2021\/04\/2023-09_maison-chalet-condo-mont-tremblant-style-de-vie-course-en-sentier-Kevin-Lemaire-110.jpg","url":"https:\/\/lesversants.com\/wp-content\/uploads\/2021\/04\/2023-09_maison-chalet-condo-mont-tremblant-style-de-vie-course-en-sentier-Kevin-Lemaire-110-150x150.jpg","full_url":"https:\/\/lesversants.com\/wp-content\/uploads\/2021\/04\/2023-09_maison-chalet-condo-mont-tremblant-style-de-vie-course-en-sentier-Kevin-Lemaire-110.jpg","title":"2023 09 maison chalet condo mont tremblant style de vie course en sentier (Kevin Lemaire 110)","caption":"","description":"","alt":"2023 09 maison chalet condo mont tremblant style de vie course en sentier (Kevin Lemaire 110)","srcset":"https:\/\/lesversants.com\/wp-content\/uploads\/2021\/04\/2023-09_maison-chalet-condo-mont-tremblant-style-de-vie-course-en-sentier-Kevin-Lemaire-110-150x150.jpg 150w, https:\/\/lesversants.com\/wp-content\/uploads\/2021\/04\/2023-09_maison-chalet-condo-mont-tremblant-style-de-vie-course-en-sentier-Kevin-Lemaire-110-120x120.jpg 120w, https:\/\/lesversants.com\/wp-content\/uploads\/2021\/04\/2023-09_maison-chalet-condo-mont-tremblant-style-de-vie-course-en-sentier-Kevin-Lemaire-110-210x210.jpg 210w"},{"width":150,"height":150,"file":"2021\/04\/2023-09_maison-chalet-condo-mont-tremblant-style-de-vie-randonnee-pedestre-Kevin-Lemaire-79.jpg","filesize":605997,"sizes":{"medium":{"file":"2023-09_maison-chalet-condo-mont-tremblant-style-de-vie-randonnee-pedestre-Kevin-Lemaire-79-300x200.jpg","width":300,"height":200,"mime-type":"image\/jpeg","filesize":18811,"url":"https:\/\/lesversants.com\/wp-content\/uploads\/2021\/04\/2023-09_maison-chalet-condo-mont-tremblant-style-de-vie-randonnee-pedestre-Kevin-Lemaire-79-300x200.jpg"},"large":{"file":"2023-09_maison-chalet-condo-mont-tremblant-style-de-vie-randonnee-pedestre-Kevin-Lemaire-79-1024x683.jpg","width":1024,"height":683,"mime-type":"image\/jpeg","filesize":119776,"url":"https:\/\/lesversants.com\/wp-content\/uploads\/2021\/04\/2023-09_maison-chalet-condo-mont-tremblant-style-de-vie-randonnee-pedestre-Kevin-Lemaire-79-1024x683.jpg"},"thumbnail":{"file":"2023-09_maison-chalet-condo-mont-tremblant-style-de-vie-randonnee-pedestre-Kevin-Lemaire-79-150x150.jpg","width":150,"height":150,"mime-type":"image\/jpeg","filesize":8793,"url":"https:\/\/lesversants.com\/wp-content\/uploads\/2021\/04\/2023-09_maison-chalet-condo-mont-tremblant-style-de-vie-randonnee-pedestre-Kevin-Lemaire-79-150x150.jpg"},"medium_large":{"file":"2023-09_maison-chalet-condo-mont-tremblant-style-de-vie-randonnee-pedestre-Kevin-Lemaire-79-768x512.jpg","width":768,"height":512,"mime-type":"image\/jpeg","filesize":77623,"url":"https:\/\/lesversants.com\/wp-content\/uploads\/2021\/04\/2023-09_maison-chalet-condo-mont-tremblant-style-de-vie-randonnee-pedestre-Kevin-Lemaire-79-768x512.jpg"},"tf-client-image-size":{"file":"2023-09_maison-chalet-condo-mont-tremblant-style-de-vie-randonnee-pedestre-Kevin-Lemaire-79-120x120.jpg","width":120,"height":120,"mime-type":"image\/jpeg","filesize":6124,"url":"https:\/\/lesversants.com\/wp-content\/uploads\/2021\/04\/2023-09_maison-chalet-condo-mont-tremblant-style-de-vie-randonnee-pedestre-Kevin-Lemaire-79-120x120.jpg"},"1536x1536":{"file":"2023-09_maison-chalet-condo-mont-tremblant-style-de-vie-randonnee-pedestre-Kevin-Lemaire-79-1536x1024.jpg","width":1536,"height":1024,"mime-type":"image\/jpeg","filesize":214275,"url":"https:\/\/lesversants.com\/wp-content\/uploads\/2021\/04\/2023-09_maison-chalet-condo-mont-tremblant-style-de-vie-randonnee-pedestre-Kevin-Lemaire-79-1536x1024.jpg"},"post-thumbnail":{"file":"2023-09_maison-chalet-condo-mont-tremblant-style-de-vie-randonnee-pedestre-Kevin-Lemaire-79-150x100.jpg","width":150,"height":100,"mime-type":"image\/jpeg","filesize":6826,"url":"https:\/\/lesversants.com\/wp-content\/uploads\/2021\/04\/2023-09_maison-chalet-condo-mont-tremblant-style-de-vie-randonnee-pedestre-Kevin-Lemaire-79-150x100.jpg"},"modern-property-child-slider":{"file":"2023-09_maison-chalet-condo-mont-tremblant-style-de-vie-randonnee-pedestre-Kevin-Lemaire-79-680x510.jpg","width":680,"height":510,"mime-type":"image\/jpeg","filesize":69394,"url":"https:\/\/lesversants.com\/wp-content\/uploads\/2021\/04\/2023-09_maison-chalet-condo-mont-tremblant-style-de-vie-randonnee-pedestre-Kevin-Lemaire-79-680x510.jpg"},"property-thumb-image":{"file":"2023-09_maison-chalet-condo-mont-tremblant-style-de-vie-randonnee-pedestre-Kevin-Lemaire-79-488x326.jpg","width":488,"height":326,"mime-type":"image\/jpeg","filesize":39720,"url":"https:\/\/lesversants.com\/wp-content\/uploads\/2021\/04\/2023-09_maison-chalet-condo-mont-tremblant-style-de-vie-randonnee-pedestre-Kevin-Lemaire-79-488x326.jpg"},"property-detail-video-image":{"file":"2023-09_maison-chalet-condo-mont-tremblant-style-de-vie-randonnee-pedestre-Kevin-Lemaire-79-818x417.jpg","width":818,"height":417,"mime-type":"image\/jpeg","filesize":65772,"url":"https:\/\/lesversants.com\/wp-content\/uploads\/2021\/04\/2023-09_maison-chalet-condo-mont-tremblant-style-de-vie-randonnee-pedestre-Kevin-Lemaire-79-818x417.jpg"},"agent-image":{"file":"2023-09_maison-chalet-condo-mont-tremblant-style-de-vie-randonnee-pedestre-Kevin-Lemaire-79-210x210.jpg","width":210,"height":210,"mime-type":"image\/jpeg","filesize":14206,"url":"https:\/\/lesversants.com\/wp-content\/uploads\/2021\/04\/2023-09_maison-chalet-condo-mont-tremblant-style-de-vie-randonnee-pedestre-Kevin-Lemaire-79-210x210.jpg"},"partners-logo":{"file":"2023-09_maison-chalet-condo-mont-tremblant-style-de-vie-randonnee-pedestre-Kevin-Lemaire-79-600x1280.jpg","width":600,"height":1280,"mime-type":"image\/jpeg","filesize":115683,"url":"https:\/\/lesversants.com\/wp-content\/uploads\/2021\/04\/2023-09_maison-chalet-condo-mont-tremblant-style-de-vie-randonnee-pedestre-Kevin-Lemaire-79-600x1280.jpg"},"post-featured-image":{"file":"2023-09_maison-chalet-condo-mont-tremblant-style-de-vie-randonnee-pedestre-Kevin-Lemaire-79-1240x720.jpg","width":1240,"height":720,"mime-type":"image\/jpeg","filesize":137534,"url":"https:\/\/lesversants.com\/wp-content\/uploads\/2021\/04\/2023-09_maison-chalet-condo-mont-tremblant-style-de-vie-randonnee-pedestre-Kevin-Lemaire-79-1240x720.jpg"}},"image_meta":{"aperture":"1.6","credit":"kevin lemaire @klmotionmedia","camera":"Canon EOS R","caption":"","created_timestamp":"1693934292","copyright":"Kevin Lemaire","focal_length":"85","iso":"320","shutter_speed":"0.0003125","title":"","orientation":"1","keywords":[]},"ID":"31880","name":"2023-09_maison-chalet-condo-mont-tremblant-style-de-vie-randonnee-pedestre-Kevin-Lemaire-79.jpg","path":"\/home\/lesversa\/public_html\/wp-content\/uploads\/2021\/04\/2023-09_maison-chalet-condo-mont-tremblant-style-de-vie-randonnee-pedestre-Kevin-Lemaire-79.jpg","url":"https:\/\/lesversants.com\/wp-content\/uploads\/2021\/04\/2023-09_maison-chalet-condo-mont-tremblant-style-de-vie-randonnee-pedestre-Kevin-Lemaire-79-150x150.jpg","full_url":"https:\/\/lesversants.com\/wp-content\/uploads\/2021\/04\/2023-09_maison-chalet-condo-mont-tremblant-style-de-vie-randonnee-pedestre-Kevin-Lemaire-79.jpg","title":"2023 09 maison chalet condo mont tremblant style de vie randonne\u0301e pe\u0301destre (Kevin Lemaire 79)","caption":"","description":"","alt":"2023 09 maison chalet condo mont tremblant style de vie randonne\u0301e pe\u0301destre (Kevin Lemaire 79)","srcset":"https:\/\/lesversants.com\/wp-content\/uploads\/2021\/04\/2023-09_maison-chalet-condo-mont-tremblant-style-de-vie-randonnee-pedestre-Kevin-Lemaire-79-150x150.jpg 150w, https:\/\/lesversants.com\/wp-content\/uploads\/2021\/04\/2023-09_maison-chalet-condo-mont-tremblant-style-de-vie-randonnee-pedestre-Kevin-Lemaire-79-120x120.jpg 120w, https:\/\/lesversants.com\/wp-content\/uploads\/2021\/04\/2023-09_maison-chalet-condo-mont-tremblant-style-de-vie-randonnee-pedestre-Kevin-Lemaire-79-210x210.jpg 210w"},{"width":150,"height":150,"file":"2025\/02\/Le-Plateau-condo-deux-etages-a-louer-a-mont-tremblant-1.jpg","filesize":271709,"sizes":{"medium":{"file":"Le-Plateau-condo-deux-etages-a-louer-a-mont-tremblant-1-300x201.jpg","width":300,"height":201,"mime-type":"image\/jpeg","filesize":17447,"url":"https:\/\/lesversants.com\/wp-content\/uploads\/2025\/02\/Le-Plateau-condo-deux-etages-a-louer-a-mont-tremblant-1-300x201.jpg"},"large":{"file":"Le-Plateau-condo-deux-etages-a-louer-a-mont-tremblant-1-1024x685.jpg","width":1024,"height":685,"mime-type":"image\/jpeg","filesize":148028,"url":"https:\/\/lesversants.com\/wp-content\/uploads\/2025\/02\/Le-Plateau-condo-deux-etages-a-louer-a-mont-tremblant-1-1024x685.jpg"},"thumbnail":{"file":"Le-Plateau-condo-deux-etages-a-louer-a-mont-tremblant-1-150x150.jpg","width":150,"height":150,"mime-type":"image\/jpeg","filesize":7441,"url":"https:\/\/lesversants.com\/wp-content\/uploads\/2025\/02\/Le-Plateau-condo-deux-etages-a-louer-a-mont-tremblant-1-150x150.jpg"},"medium_large":{"file":"Le-Plateau-condo-deux-etages-a-louer-a-mont-tremblant-1-768x513.jpg","width":768,"height":513,"mime-type":"image\/jpeg","filesize":90705,"url":"https:\/\/lesversants.com\/wp-content\/uploads\/2025\/02\/Le-Plateau-condo-deux-etages-a-louer-a-mont-tremblant-1-768x513.jpg"},"tf-client-image-size":{"file":"Le-Plateau-condo-deux-etages-a-louer-a-mont-tremblant-1-120x120.jpg","width":120,"height":120,"mime-type":"image\/jpeg","filesize":5052,"url":"https:\/\/lesversants.com\/wp-content\/uploads\/2025\/02\/Le-Plateau-condo-deux-etages-a-louer-a-mont-tremblant-1-120x120.jpg"},"1536x1536":{"file":"Le-Plateau-condo-deux-etages-a-louer-a-mont-tremblant-1-1536x1027.jpg","width":1536,"height":1027,"mime-type":"image\/jpeg","filesize":286095,"url":"https:\/\/lesversants.com\/wp-content\/uploads\/2025\/02\/Le-Plateau-condo-deux-etages-a-louer-a-mont-tremblant-1-1536x1027.jpg"},"2048x2048":{"file":"Le-Plateau-condo-deux-etages-a-louer-a-mont-tremblant-1-2048x1369.jpg","width":2048,"height":1369,"mime-type":"image\/jpeg","filesize":441294,"url":"https:\/\/lesversants.com\/wp-content\/uploads\/2025\/02\/Le-Plateau-condo-deux-etages-a-louer-a-mont-tremblant-1-2048x1369.jpg"},"post-thumbnail":{"file":"Le-Plateau-condo-deux-etages-a-louer-a-mont-tremblant-1-150x100.jpg","width":150,"height":100,"mime-type":"image\/jpeg","filesize":5547,"url":"https:\/\/lesversants.com\/wp-content\/uploads\/2025\/02\/Le-Plateau-condo-deux-etages-a-louer-a-mont-tremblant-1-150x100.jpg"},"modern-property-child-slider":{"file":"Le-Plateau-condo-deux-etages-a-louer-a-mont-tremblant-1-680x510.jpg","width":680,"height":510,"mime-type":"image\/jpeg","filesize":79401,"url":"https:\/\/lesversants.com\/wp-content\/uploads\/2025\/02\/Le-Plateau-condo-deux-etages-a-louer-a-mont-tremblant-1-680x510.jpg"},"property-thumb-image":{"file":"Le-Plateau-condo-deux-etages-a-louer-a-mont-tremblant-1-488x326.jpg","width":488,"height":326,"mime-type":"image\/jpeg","filesize":40930,"url":"https:\/\/lesversants.com\/wp-content\/uploads\/2025\/02\/Le-Plateau-condo-deux-etages-a-louer-a-mont-tremblant-1-488x326.jpg"},"property-detail-video-image":{"file":"Le-Plateau-condo-deux-etages-a-louer-a-mont-tremblant-1-818x417.jpg","width":818,"height":417,"mime-type":"image\/jpeg","filesize":86049,"url":"https:\/\/lesversants.com\/wp-content\/uploads\/2025\/02\/Le-Plateau-condo-deux-etages-a-louer-a-mont-tremblant-1-818x417.jpg"},"agent-image":{"file":"Le-Plateau-condo-deux-etages-a-louer-a-mont-tremblant-1-210x210.jpg","width":210,"height":210,"mime-type":"image\/jpeg","filesize":13102,"url":"https:\/\/lesversants.com\/wp-content\/uploads\/2025\/02\/Le-Plateau-condo-deux-etages-a-louer-a-mont-tremblant-1-210x210.jpg"},"partners-logo":{"file":"Le-Plateau-condo-deux-etages-a-louer-a-mont-tremblant-1-600x1600.jpg","width":600,"height":1600,"mime-type":"image\/jpeg","filesize":85171,"url":"https:\/\/lesversants.com\/wp-content\/uploads\/2025\/02\/Le-Plateau-condo-deux-etages-a-louer-a-mont-tremblant-1-600x1600.jpg"},"post-featured-image":{"file":"Le-Plateau-condo-deux-etages-a-louer-a-mont-tremblant-1-1240x720.jpg","width":1240,"height":720,"mime-type":"image\/jpeg","filesize":187161,"url":"https:\/\/lesversants.com\/wp-content\/uploads\/2025\/02\/Le-Plateau-condo-deux-etages-a-louer-a-mont-tremblant-1-1240x720.jpg"}},"image_meta":{"aperture":"6.3","credit":"","camera":"NIKON D7200","caption":"","created_timestamp":"1740154918","copyright":"","focal_length":"17","iso":"500","shutter_speed":"0.04","title":"","orientation":"1","keywords":[]},"ID":"53750","name":"Le-Plateau-condo-deux-etages-a-louer-a-mont-tremblant-1.jpg","path":"\/home\/lesversa\/public_html\/wp-content\/uploads\/2025\/02\/Le-Plateau-condo-deux-etages-a-louer-a-mont-tremblant-1.jpg","url":"https:\/\/lesversants.com\/wp-content\/uploads\/2025\/02\/Le-Plateau-condo-deux-etages-a-louer-a-mont-tremblant-1-150x150.jpg","full_url":"https:\/\/lesversants.com\/wp-content\/uploads\/2025\/02\/Le-Plateau-condo-deux-etages-a-louer-a-mont-tremblant-1.jpg","title":"Le Plateau condo deux etages a louer a mont tremblant 1","caption":"","description":"","alt":"Le Plateau condo deux etages a louer a mont tremblant 1","srcset":"https:\/\/lesversants.com\/wp-content\/uploads\/2025\/02\/Le-Plateau-condo-deux-etages-a-louer-a-mont-tremblant-1-150x150.jpg 150w, https:\/\/lesversants.com\/wp-content\/uploads\/2025\/02\/Le-Plateau-condo-deux-etages-a-louer-a-mont-tremblant-1-120x120.jpg 120w, https:\/\/lesversants.com\/wp-content\/uploads\/2025\/02\/Le-Plateau-condo-deux-etages-a-louer-a-mont-tremblant-1-210x210.jpg 210w"},{"width":150,"height":150,"file":"2025\/02\/Le-Plateau-condo-deux-etages-a-louer-a-mont-tremblant-29.jpg","filesize":294979,"sizes":{"medium":{"file":"Le-Plateau-condo-deux-etages-a-louer-a-mont-tremblant-29-300x201.jpg","width":300,"height":201,"mime-type":"image\/jpeg","filesize":17640,"url":"https:\/\/lesversants.com\/wp-content\/uploads\/2025\/02\/Le-Plateau-condo-deux-etages-a-louer-a-mont-tremblant-29-300x201.jpg"},"large":{"file":"Le-Plateau-condo-deux-etages-a-louer-a-mont-tremblant-29-1024x684.jpg","width":1024,"height":684,"mime-type":"image\/jpeg","filesize":154883,"url":"https:\/\/lesversants.com\/wp-content\/uploads\/2025\/02\/Le-Plateau-condo-deux-etages-a-louer-a-mont-tremblant-29-1024x684.jpg"},"thumbnail":{"file":"Le-Plateau-condo-deux-etages-a-louer-a-mont-tremblant-29-150x150.jpg","width":150,"height":150,"mime-type":"image\/jpeg","filesize":7823,"url":"https:\/\/lesversants.com\/wp-content\/uploads\/2025\/02\/Le-Plateau-condo-deux-etages-a-louer-a-mont-tremblant-29-150x150.jpg"},"medium_large":{"file":"Le-Plateau-condo-deux-etages-a-louer-a-mont-tremblant-29-768x513.jpg","width":768,"height":513,"mime-type":"image\/jpeg","filesize":93557,"url":"https:\/\/lesversants.com\/wp-content\/uploads\/2025\/02\/Le-Plateau-condo-deux-etages-a-louer-a-mont-tremblant-29-768x513.jpg"},"tf-client-image-size":{"file":"Le-Plateau-condo-deux-etages-a-louer-a-mont-tremblant-29-120x120.jpg","width":120,"height":120,"mime-type":"image\/jpeg","filesize":5228,"url":"https:\/\/lesversants.com\/wp-content\/uploads\/2025\/02\/Le-Plateau-condo-deux-etages-a-louer-a-mont-tremblant-29-120x120.jpg"},"1536x1536":{"file":"Le-Plateau-condo-deux-etages-a-louer-a-mont-tremblant-29-1536x1027.jpg","width":1536,"height":1027,"mime-type":"image\/jpeg","filesize":302210,"url":"https:\/\/lesversants.com\/wp-content\/uploads\/2025\/02\/Le-Plateau-condo-deux-etages-a-louer-a-mont-tremblant-29-1536x1027.jpg"},"2048x2048":{"file":"Le-Plateau-condo-deux-etages-a-louer-a-mont-tremblant-29-2048x1369.jpg","width":2048,"height":1369,"mime-type":"image\/jpeg","filesize":469001,"url":"https:\/\/lesversants.com\/wp-content\/uploads\/2025\/02\/Le-Plateau-condo-deux-etages-a-louer-a-mont-tremblant-29-2048x1369.jpg"},"post-thumbnail":{"file":"Le-Plateau-condo-deux-etages-a-louer-a-mont-tremblant-29-150x100.jpg","width":150,"height":100,"mime-type":"image\/jpeg","filesize":5531,"url":"https:\/\/lesversants.com\/wp-content\/uploads\/2025\/02\/Le-Plateau-condo-deux-etages-a-louer-a-mont-tremblant-29-150x100.jpg"},"modern-property-child-slider":{"file":"Le-Plateau-condo-deux-etages-a-louer-a-mont-tremblant-29-680x510.jpg","width":680,"height":510,"mime-type":"image\/jpeg","filesize":83869,"url":"https:\/\/lesversants.com\/wp-content\/uploads\/2025\/02\/Le-Plateau-condo-deux-etages-a-louer-a-mont-tremblant-29-680x510.jpg"},"property-thumb-image":{"file":"Le-Plateau-condo-deux-etages-a-louer-a-mont-tremblant-29-488x326.jpg","width":488,"height":326,"mime-type":"image\/jpeg","filesize":41166,"url":"https:\/\/lesversants.com\/wp-content\/uploads\/2025\/02\/Le-Plateau-condo-deux-etages-a-louer-a-mont-tremblant-29-488x326.jpg"},"property-detail-video-image":{"file":"Le-Plateau-condo-deux-etages-a-louer-a-mont-tremblant-29-818x417.jpg","width":818,"height":417,"mime-type":"image\/jpeg","filesize":83572,"url":"https:\/\/lesversants.com\/wp-content\/uploads\/2025\/02\/Le-Plateau-condo-deux-etages-a-louer-a-mont-tremblant-29-818x417.jpg"},"agent-image":{"file":"Le-Plateau-condo-deux-etages-a-louer-a-mont-tremblant-29-210x210.jpg","width":210,"height":210,"mime-type":"image\/jpeg","filesize":13960,"url":"https:\/\/lesversants.com\/wp-content\/uploads\/2025\/02\/Le-Plateau-condo-deux-etages-a-louer-a-mont-tremblant-29-210x210.jpg"},"partners-logo":{"file":"Le-Plateau-condo-deux-etages-a-louer-a-mont-tremblant-29-600x1600.jpg","width":600,"height":1600,"mime-type":"image\/jpeg","filesize":178324,"url":"https:\/\/lesversants.com\/wp-content\/uploads\/2025\/02\/Le-Plateau-condo-deux-etages-a-louer-a-mont-tremblant-29-600x1600.jpg"},"post-featured-image":{"file":"Le-Plateau-condo-deux-etages-a-louer-a-mont-tremblant-29-1240x720.jpg","width":1240,"height":720,"mime-type":"image\/jpeg","filesize":189755,"url":"https:\/\/lesversants.com\/wp-content\/uploads\/2025\/02\/Le-Plateau-condo-deux-etages-a-louer-a-mont-tremblant-29-1240x720.jpg"}},"image_meta":{"aperture":"5","credit":"","camera":"NIKON D7200","caption":"","created_timestamp":"1740155809","copyright":"","focal_length":"15","iso":"400","shutter_speed":"0.0125","title":"","orientation":"1","keywords":[]},"ID":"53746","name":"Le-Plateau-condo-deux-etages-a-louer-a-mont-tremblant-29.jpg","path":"\/home\/lesversa\/public_html\/wp-content\/uploads\/2025\/02\/Le-Plateau-condo-deux-etages-a-louer-a-mont-tremblant-29.jpg","url":"https:\/\/lesversants.com\/wp-content\/uploads\/2025\/02\/Le-Plateau-condo-deux-etages-a-louer-a-mont-tremblant-29-150x150.jpg","full_url":"https:\/\/lesversants.com\/wp-content\/uploads\/2025\/02\/Le-Plateau-condo-deux-etages-a-louer-a-mont-tremblant-29.jpg","title":"Le Plateau condo deux etages a louer a mont tremblant 29","caption":"","description":"","alt":"Le Plateau condo deux etages a louer a mont tremblant 29","srcset":"https:\/\/lesversants.com\/wp-content\/uploads\/2025\/02\/Le-Plateau-condo-deux-etages-a-louer-a-mont-tremblant-29-150x150.jpg 150w, https:\/\/lesversants.com\/wp-content\/uploads\/2025\/02\/Le-Plateau-condo-deux-etages-a-louer-a-mont-tremblant-29-120x120.jpg 120w, https:\/\/lesversants.com\/wp-content\/uploads\/2025\/02\/Le-Plateau-condo-deux-etages-a-louer-a-mont-tremblant-29-210x210.jpg 210w"},{"width":150,"height":150,"file":"2025\/02\/Le-Plateau-condo-deux-etages-a-louer-a-mont-tremblant-12.jpg","filesize":352940,"sizes":{"medium":{"file":"Le-Plateau-condo-deux-etages-a-louer-a-mont-tremblant-12-300x201.jpg","width":300,"height":201,"mime-type":"image\/jpeg","filesize":18311,"url":"https:\/\/lesversants.com\/wp-content\/uploads\/2025\/02\/Le-Plateau-condo-deux-etages-a-louer-a-mont-tremblant-12-300x201.jpg"},"large":{"file":"Le-Plateau-condo-deux-etages-a-louer-a-mont-tremblant-12-1024x684.jpg","width":1024,"height":684,"mime-type":"image\/jpeg","filesize":176413,"url":"https:\/\/lesversants.com\/wp-content\/uploads\/2025\/02\/Le-Plateau-condo-deux-etages-a-louer-a-mont-tremblant-12-1024x684.jpg"},"thumbnail":{"file":"Le-Plateau-condo-deux-etages-a-louer-a-mont-tremblant-12-150x150.jpg","width":150,"height":150,"mime-type":"image\/jpeg","filesize":7703,"url":"https:\/\/lesversants.com\/wp-content\/uploads\/2025\/02\/Le-Plateau-condo-deux-etages-a-louer-a-mont-tremblant-12-150x150.jpg"},"medium_large":{"file":"Le-Plateau-condo-deux-etages-a-louer-a-mont-tremblant-12-768x513.jpg","width":768,"height":513,"mime-type":"image\/jpeg","filesize":104888,"url":"https:\/\/lesversants.com\/wp-content\/uploads\/2025\/02\/Le-Plateau-condo-deux-etages-a-louer-a-mont-tremblant-12-768x513.jpg"},"tf-client-image-size":{"file":"Le-Plateau-condo-deux-etages-a-louer-a-mont-tremblant-12-120x120.jpg","width":120,"height":120,"mime-type":"image\/jpeg","filesize":5134,"url":"https:\/\/lesversants.com\/wp-content\/uploads\/2025\/02\/Le-Plateau-condo-deux-etages-a-louer-a-mont-tremblant-12-120x120.jpg"},"1536x1536":{"file":"Le-Plateau-condo-deux-etages-a-louer-a-mont-tremblant-12-1536x1027.jpg","width":1536,"height":1027,"mime-type":"image\/jpeg","filesize":347435,"url":"https:\/\/lesversants.com\/wp-content\/uploads\/2025\/02\/Le-Plateau-condo-deux-etages-a-louer-a-mont-tremblant-12-1536x1027.jpg"},"2048x2048":{"file":"Le-Plateau-condo-deux-etages-a-louer-a-mont-tremblant-12-2048x1369.jpg","width":2048,"height":1369,"mime-type":"image\/jpeg","filesize":538765,"url":"https:\/\/lesversants.com\/wp-content\/uploads\/2025\/02\/Le-Plateau-condo-deux-etages-a-louer-a-mont-tremblant-12-2048x1369.jpg"},"post-thumbnail":{"file":"Le-Plateau-condo-deux-etages-a-louer-a-mont-tremblant-12-150x100.jpg","width":150,"height":100,"mime-type":"image\/jpeg","filesize":5541,"url":"https:\/\/lesversants.com\/wp-content\/uploads\/2025\/02\/Le-Plateau-condo-deux-etages-a-louer-a-mont-tremblant-12-150x100.jpg"},"modern-property-child-slider":{"file":"Le-Plateau-condo-deux-etages-a-louer-a-mont-tremblant-12-680x510.jpg","width":680,"height":510,"mime-type":"image\/jpeg","filesize":93345,"url":"https:\/\/lesversants.com\/wp-content\/uploads\/2025\/02\/Le-Plateau-condo-deux-etages-a-louer-a-mont-tremblant-12-680x510.jpg"},"property-thumb-image":{"file":"Le-Plateau-condo-deux-etages-a-louer-a-mont-tremblant-12-488x326.jpg","width":488,"height":326,"mime-type":"image\/jpeg","filesize":44865,"url":"https:\/\/lesversants.com\/wp-content\/uploads\/2025\/02\/Le-Plateau-condo-deux-etages-a-louer-a-mont-tremblant-12-488x326.jpg"},"property-detail-video-image":{"file":"Le-Plateau-condo-deux-etages-a-louer-a-mont-tremblant-12-818x417.jpg","width":818,"height":417,"mime-type":"image\/jpeg","filesize":103821,"url":"https:\/\/lesversants.com\/wp-content\/uploads\/2025\/02\/Le-Plateau-condo-deux-etages-a-louer-a-mont-tremblant-12-818x417.jpg"},"agent-image":{"file":"Le-Plateau-condo-deux-etages-a-louer-a-mont-tremblant-12-210x210.jpg","width":210,"height":210,"mime-type":"image\/jpeg","filesize":13736,"url":"https:\/\/lesversants.com\/wp-content\/uploads\/2025\/02\/Le-Plateau-condo-deux-etages-a-louer-a-mont-tremblant-12-210x210.jpg"},"partners-logo":{"file":"Le-Plateau-condo-deux-etages-a-louer-a-mont-tremblant-12-600x1600.jpg","width":600,"height":1600,"mime-type":"image\/jpeg","filesize":159787,"url":"https:\/\/lesversants.com\/wp-content\/uploads\/2025\/02\/Le-Plateau-condo-deux-etages-a-louer-a-mont-tremblant-12-600x1600.jpg"},"post-featured-image":{"file":"Le-Plateau-condo-deux-etages-a-louer-a-mont-tremblant-12-1240x720.jpg","width":1240,"height":720,"mime-type":"image\/jpeg","filesize":231560,"url":"https:\/\/lesversants.com\/wp-content\/uploads\/2025\/02\/Le-Plateau-condo-deux-etages-a-louer-a-mont-tremblant-12-1240x720.jpg"}},"image_meta":{"aperture":"6.3","credit":"","camera":"NIKON D7200","caption":"","created_timestamp":"1740155317","copyright":"","focal_length":"10","iso":"400","shutter_speed":"0.0025","title":"","orientation":"1","keywords":[]},"ID":"53772","name":"Le-Plateau-condo-deux-etages-a-louer-a-mont-tremblant-12.jpg","path":"\/home\/lesversa\/public_html\/wp-content\/uploads\/2025\/02\/Le-Plateau-condo-deux-etages-a-louer-a-mont-tremblant-12.jpg","url":"https:\/\/lesversants.com\/wp-content\/uploads\/2025\/02\/Le-Plateau-condo-deux-etages-a-louer-a-mont-tremblant-12-150x150.jpg","full_url":"https:\/\/lesversants.com\/wp-content\/uploads\/2025\/02\/Le-Plateau-condo-deux-etages-a-louer-a-mont-tremblant-12.jpg","title":"Le Plateau condo deux etages a louer a mont tremblant 12","caption":"","description":"","alt":"Le Plateau condo deux etages a louer a mont tremblant 12","srcset":"https:\/\/lesversants.com\/wp-content\/uploads\/2025\/02\/Le-Plateau-condo-deux-etages-a-louer-a-mont-tremblant-12-150x150.jpg 150w, https:\/\/lesversants.com\/wp-content\/uploads\/2025\/02\/Le-Plateau-condo-deux-etages-a-louer-a-mont-tremblant-12-120x120.jpg 120w, https:\/\/lesversants.com\/wp-content\/uploads\/2025\/02\/Le-Plateau-condo-deux-etages-a-louer-a-mont-tremblant-12-210x210.jpg 210w"},{"width":150,"height":150,"file":"2025\/02\/Le-Plateau-condo-deux-etages-a-louer-a-mont-tremblant-28.jpg","filesize":317918,"sizes":{"medium":{"file":"Le-Plateau-condo-deux-etages-a-louer-a-mont-tremblant-28-300x201.jpg","width":300,"height":201,"mime-type":"image\/jpeg","filesize":18969,"url":"https:\/\/lesversants.com\/wp-content\/uploads\/2025\/02\/Le-Plateau-condo-deux-etages-a-louer-a-mont-tremblant-28-300x201.jpg"},"large":{"file":"Le-Plateau-condo-deux-etages-a-louer-a-mont-tremblant-28-1024x684.jpg","width":1024,"height":684,"mime-type":"image\/jpeg","filesize":165897,"url":"https:\/\/lesversants.com\/wp-content\/uploads\/2025\/02\/Le-Plateau-condo-deux-etages-a-louer-a-mont-tremblant-28-1024x684.jpg"},"thumbnail":{"file":"Le-Plateau-condo-deux-etages-a-louer-a-mont-tremblant-28-150x150.jpg","width":150,"height":150,"mime-type":"image\/jpeg","filesize":7814,"url":"https:\/\/lesversants.com\/wp-content\/uploads\/2025\/02\/Le-Plateau-condo-deux-etages-a-louer-a-mont-tremblant-28-150x150.jpg"},"medium_large":{"file":"Le-Plateau-condo-deux-etages-a-louer-a-mont-tremblant-28-768x513.jpg","width":768,"height":513,"mime-type":"image\/jpeg","filesize":101098,"url":"https:\/\/lesversants.com\/wp-content\/uploads\/2025\/02\/Le-Plateau-condo-deux-etages-a-louer-a-mont-tremblant-28-768x513.jpg"},"tf-client-image-size":{"file":"Le-Plateau-condo-deux-etages-a-louer-a-mont-tremblant-28-120x120.jpg","width":120,"height":120,"mime-type":"image\/jpeg","filesize":5257,"url":"https:\/\/lesversants.com\/wp-content\/uploads\/2025\/02\/Le-Plateau-condo-deux-etages-a-louer-a-mont-tremblant-28-120x120.jpg"},"1536x1536":{"file":"Le-Plateau-condo-deux-etages-a-louer-a-mont-tremblant-28-1536x1027.jpg","width":1536,"height":1027,"mime-type":"image\/jpeg","filesize":321929,"url":"https:\/\/lesversants.com\/wp-content\/uploads\/2025\/02\/Le-Plateau-condo-deux-etages-a-louer-a-mont-tremblant-28-1536x1027.jpg"},"2048x2048":{"file":"Le-Plateau-condo-deux-etages-a-louer-a-mont-tremblant-28-2048x1369.jpg","width":2048,"height":1369,"mime-type":"image\/jpeg","filesize":497332,"url":"https:\/\/lesversants.com\/wp-content\/uploads\/2025\/02\/Le-Plateau-condo-deux-etages-a-louer-a-mont-tremblant-28-2048x1369.jpg"},"post-thumbnail":{"file":"Le-Plateau-condo-deux-etages-a-louer-a-mont-tremblant-28-150x100.jpg","width":150,"height":100,"mime-type":"image\/jpeg","filesize":5861,"url":"https:\/\/lesversants.com\/wp-content\/uploads\/2025\/02\/Le-Plateau-condo-deux-etages-a-louer-a-mont-tremblant-28-150x100.jpg"},"modern-property-child-slider":{"file":"Le-Plateau-condo-deux-etages-a-louer-a-mont-tremblant-28-680x510.jpg","width":680,"height":510,"mime-type":"image\/jpeg","filesize":88604,"url":"https:\/\/lesversants.com\/wp-content\/uploads\/2025\/02\/Le-Plateau-condo-deux-etages-a-louer-a-mont-tremblant-28-680x510.jpg"},"property-thumb-image":{"file":"Le-Plateau-condo-deux-etages-a-louer-a-mont-tremblant-28-488x326.jpg","width":488,"height":326,"mime-type":"image\/jpeg","filesize":44533,"url":"https:\/\/lesversants.com\/wp-content\/uploads\/2025\/02\/Le-Plateau-condo-deux-etages-a-louer-a-mont-tremblant-28-488x326.jpg"},"property-detail-video-image":{"file":"Le-Plateau-condo-deux-etages-a-louer-a-mont-tremblant-28-818x417.jpg","width":818,"height":417,"mime-type":"image\/jpeg","filesize":96471,"url":"https:\/\/lesversants.com\/wp-content\/uploads\/2025\/02\/Le-Plateau-condo-deux-etages-a-louer-a-mont-tremblant-28-818x417.jpg"},"agent-image":{"file":"Le-Plateau-condo-deux-etages-a-louer-a-mont-tremblant-28-210x210.jpg","width":210,"height":210,"mime-type":"image\/jpeg","filesize":14041,"url":"https:\/\/lesversants.com\/wp-content\/uploads\/2025\/02\/Le-Plateau-condo-deux-etages-a-louer-a-mont-tremblant-28-210x210.jpg"},"partners-logo":{"file":"Le-Plateau-condo-deux-etages-a-louer-a-mont-tremblant-28-600x1600.jpg","width":600,"height":1600,"mime-type":"image\/jpeg","filesize":137617,"url":"https:\/\/lesversants.com\/wp-content\/uploads\/2025\/02\/Le-Plateau-condo-deux-etages-a-louer-a-mont-tremblant-28-600x1600.jpg"},"post-featured-image":{"file":"Le-Plateau-condo-deux-etages-a-louer-a-mont-tremblant-28-1240x720.jpg","width":1240,"height":720,"mime-type":"image\/jpeg","filesize":209602,"url":"https:\/\/lesversants.com\/wp-content\/uploads\/2025\/02\/Le-Plateau-condo-deux-etages-a-louer-a-mont-tremblant-28-1240x720.jpg"}},"image_meta":{"aperture":"5","credit":"","camera":"NIKON D7200","caption":"","created_timestamp":"1740155785","copyright":"","focal_length":"10","iso":"400","shutter_speed":"0.0004","title":"","orientation":"1","keywords":[]},"ID":"53744","name":"Le-Plateau-condo-deux-etages-a-louer-a-mont-tremblant-28.jpg","path":"\/home\/lesversa\/public_html\/wp-content\/uploads\/2025\/02\/Le-Plateau-condo-deux-etages-a-louer-a-mont-tremblant-28.jpg","url":"https:\/\/lesversants.com\/wp-content\/uploads\/2025\/02\/Le-Plateau-condo-deux-etages-a-louer-a-mont-tremblant-28-150x150.jpg","full_url":"https:\/\/lesversants.com\/wp-content\/uploads\/2025\/02\/Le-Plateau-condo-deux-etages-a-louer-a-mont-tremblant-28.jpg","title":"Le Plateau condo deux etages a louer a mont tremblant 28","caption":"","description":"","alt":"Le Plateau condo deux etages a louer a mont tremblant 28","srcset":"https:\/\/lesversants.com\/wp-content\/uploads\/2025\/02\/Le-Plateau-condo-deux-etages-a-louer-a-mont-tremblant-28-150x150.jpg 150w, https:\/\/lesversants.com\/wp-content\/uploads\/2025\/02\/Le-Plateau-condo-deux-etages-a-louer-a-mont-tremblant-28-120x120.jpg 120w, https:\/\/lesversants.com\/wp-content\/uploads\/2025\/02\/Le-Plateau-condo-deux-etages-a-louer-a-mont-tremblant-28-210x210.jpg 210w"},{"width":150,"height":150,"file":"2025\/02\/Le-Plateau-condo-deux-etages-a-louer-a-mont-tremblant-30.jpg","filesize":397354,"sizes":{"medium":{"file":"Le-Plateau-condo-deux-etages-a-louer-a-mont-tremblant-30-300x201.jpg","width":300,"height":201,"mime-type":"image\/jpeg","filesize":18704,"url":"https:\/\/lesversants.com\/wp-content\/uploads\/2025\/02\/Le-Plateau-condo-deux-etages-a-louer-a-mont-tremblant-30-300x201.jpg"},"large":{"file":"Le-Plateau-condo-deux-etages-a-louer-a-mont-tremblant-30-1024x685.jpg","width":1024,"height":685,"mime-type":"image\/jpeg","filesize":192977,"url":"https:\/\/lesversants.com\/wp-content\/uploads\/2025\/02\/Le-Plateau-condo-deux-etages-a-louer-a-mont-tremblant-30-1024x685.jpg"},"thumbnail":{"file":"Le-Plateau-condo-deux-etages-a-louer-a-mont-tremblant-30-150x150.jpg","width":150,"height":150,"mime-type":"image\/jpeg","filesize":7838,"url":"https:\/\/lesversants.com\/wp-content\/uploads\/2025\/02\/Le-Plateau-condo-deux-etages-a-louer-a-mont-tremblant-30-150x150.jpg"},"medium_large":{"file":"Le-Plateau-condo-deux-etages-a-louer-a-mont-tremblant-30-768x513.jpg","width":768,"height":513,"mime-type":"image\/jpeg","filesize":113861,"url":"https:\/\/lesversants.com\/wp-content\/uploads\/2025\/02\/Le-Plateau-condo-deux-etages-a-louer-a-mont-tremblant-30-768x513.jpg"},"tf-client-image-size":{"file":"Le-Plateau-condo-deux-etages-a-louer-a-mont-tremblant-30-120x120.jpg","width":120,"height":120,"mime-type":"image\/jpeg","filesize":5050,"url":"https:\/\/lesversants.com\/wp-content\/uploads\/2025\/02\/Le-Plateau-condo-deux-etages-a-louer-a-mont-tremblant-30-120x120.jpg"},"1536x1536":{"file":"Le-Plateau-condo-deux-etages-a-louer-a-mont-tremblant-30-1536x1027.jpg","width":1536,"height":1027,"mime-type":"image\/jpeg","filesize":385938,"url":"https:\/\/lesversants.com\/wp-content\/uploads\/2025\/02\/Le-Plateau-condo-deux-etages-a-louer-a-mont-tremblant-30-1536x1027.jpg"},"2048x2048":{"file":"Le-Plateau-condo-deux-etages-a-louer-a-mont-tremblant-30-2048x1369.jpg","width":2048,"height":1369,"mime-type":"image\/jpeg","filesize":601978,"url":"https:\/\/lesversants.com\/wp-content\/uploads\/2025\/02\/Le-Plateau-condo-deux-etages-a-louer-a-mont-tremblant-30-2048x1369.jpg"},"post-thumbnail":{"file":"Le-Plateau-condo-deux-etages-a-louer-a-mont-tremblant-30-150x100.jpg","width":150,"height":100,"mime-type":"image\/jpeg","filesize":5374,"url":"https:\/\/lesversants.com\/wp-content\/uploads\/2025\/02\/Le-Plateau-condo-deux-etages-a-louer-a-mont-tremblant-30-150x100.jpg"},"modern-property-child-slider":{"file":"Le-Plateau-condo-deux-etages-a-louer-a-mont-tremblant-30-680x510.jpg","width":680,"height":510,"mime-type":"image\/jpeg","filesize":101474,"url":"https:\/\/lesversants.com\/wp-content\/uploads\/2025\/02\/Le-Plateau-condo-deux-etages-a-louer-a-mont-tremblant-30-680x510.jpg"},"property-thumb-image":{"file":"Le-Plateau-condo-deux-etages-a-louer-a-mont-tremblant-30-488x326.jpg","width":488,"height":326,"mime-type":"image\/jpeg","filesize":47286,"url":"https:\/\/lesversants.com\/wp-content\/uploads\/2025\/02\/Le-Plateau-condo-deux-etages-a-louer-a-mont-tremblant-30-488x326.jpg"},"property-detail-video-image":{"file":"Le-Plateau-condo-deux-etages-a-louer-a-mont-tremblant-30-818x417.jpg","width":818,"height":417,"mime-type":"image\/jpeg","filesize":99356,"url":"https:\/\/lesversants.com\/wp-content\/uploads\/2025\/02\/Le-Plateau-condo-deux-etages-a-louer-a-mont-tremblant-30-818x417.jpg"},"agent-image":{"file":"Le-Plateau-condo-deux-etages-a-louer-a-mont-tremblant-30-210x210.jpg","width":210,"height":210,"mime-type":"image\/jpeg","filesize":14706,"url":"https:\/\/lesversants.com\/wp-content\/uploads\/2025\/02\/Le-Plateau-condo-deux-etages-a-louer-a-mont-tremblant-30-210x210.jpg"},"partners-logo":{"file":"Le-Plateau-condo-deux-etages-a-louer-a-mont-tremblant-30-600x1600.jpg","width":600,"height":1600,"mime-type":"image\/jpeg","filesize":180001,"url":"https:\/\/lesversants.com\/wp-content\/uploads\/2025\/02\/Le-Plateau-condo-deux-etages-a-louer-a-mont-tremblant-30-600x1600.jpg"},"post-featured-image":{"file":"Le-Plateau-condo-deux-etages-a-louer-a-mont-tremblant-30-1240x720.jpg","width":1240,"height":720,"mime-type":"image\/jpeg","filesize":237035,"url":"https:\/\/lesversants.com\/wp-content\/uploads\/2025\/02\/Le-Plateau-condo-deux-etages-a-louer-a-mont-tremblant-30-1240x720.jpg"}},"image_meta":{"aperture":"5","credit":"","camera":"NIKON D7200","caption":"","created_timestamp":"1740155852","copyright":"","focal_length":"10","iso":"400","shutter_speed":"0.00125","title":"","orientation":"1","keywords":[]},"ID":"53748","name":"Le-Plateau-condo-deux-etages-a-louer-a-mont-tremblant-30.jpg","path":"\/home\/lesversa\/public_html\/wp-content\/uploads\/2025\/02\/Le-Plateau-condo-deux-etages-a-louer-a-mont-tremblant-30.jpg","url":"https:\/\/lesversants.com\/wp-content\/uploads\/2025\/02\/Le-Plateau-condo-deux-etages-a-louer-a-mont-tremblant-30-150x150.jpg","full_url":"https:\/\/lesversants.com\/wp-content\/uploads\/2025\/02\/Le-Plateau-condo-deux-etages-a-louer-a-mont-tremblant-30.jpg","title":"Le Plateau condo deux etages a louer a mont tremblant 30","caption":"","description":"","alt":"Le Plateau condo deux etages a louer a mont tremblant 30","srcset":"https:\/\/lesversants.com\/wp-content\/uploads\/2025\/02\/Le-Plateau-condo-deux-etages-a-louer-a-mont-tremblant-30-150x150.jpg 150w, https:\/\/lesversants.com\/wp-content\/uploads\/2025\/02\/Le-Plateau-condo-deux-etages-a-louer-a-mont-tremblant-30-120x120.jpg 120w, https:\/\/lesversants.com\/wp-content\/uploads\/2025\/02\/Le-Plateau-condo-deux-etages-a-louer-a-mont-tremblant-30-210x210.jpg 210w"},{"width":150,"height":150,"file":"2025\/08\/Le-Plateau-projet-drone-ete-2025-5-1.jpg","filesize":807789,"sizes":{"medium":{"file":"Le-Plateau-projet-drone-ete-2025-5-1-300x225.jpg","width":300,"height":225,"mime-type":"image\/jpeg","filesize":24530,"url":"https:\/\/lesversants.com\/wp-content\/uploads\/2025\/08\/Le-Plateau-projet-drone-ete-2025-5-1-300x225.jpg"},"large":{"file":"Le-Plateau-projet-drone-ete-2025-5-1-1024x768.jpg","width":1024,"height":768,"mime-type":"image\/jpeg","filesize":238475,"url":"https:\/\/lesversants.com\/wp-content\/uploads\/2025\/08\/Le-Plateau-projet-drone-ete-2025-5-1-1024x768.jpg"},"thumbnail":{"file":"Le-Plateau-projet-drone-ete-2025-5-1-150x150.jpg","width":150,"height":150,"mime-type":"image\/jpeg","filesize":9112,"url":"https:\/\/lesversants.com\/wp-content\/uploads\/2025\/08\/Le-Plateau-projet-drone-ete-2025-5-1-150x150.jpg"},"medium_large":{"file":"Le-Plateau-projet-drone-ete-2025-5-1-768x576.jpg","width":768,"height":576,"mime-type":"image\/jpeg","filesize":142801,"url":"https:\/\/lesversants.com\/wp-content\/uploads\/2025\/08\/Le-Plateau-projet-drone-ete-2025-5-1-768x576.jpg"},"tf-client-image-size":{"file":"Le-Plateau-projet-drone-ete-2025-5-1-120x120.jpg","width":120,"height":120,"mime-type":"image\/jpeg","filesize":6071,"url":"https:\/\/lesversants.com\/wp-content\/uploads\/2025\/08\/Le-Plateau-projet-drone-ete-2025-5-1-120x120.jpg"},"1536x1536":{"file":"Le-Plateau-projet-drone-ete-2025-5-1-1536x1152.jpg","width":1536,"height":1152,"mime-type":"image\/jpeg","filesize":486810,"url":"https:\/\/lesversants.com\/wp-content\/uploads\/2025\/08\/Le-Plateau-projet-drone-ete-2025-5-1-1536x1152.jpg"},"post-thumbnail":{"file":"Le-Plateau-projet-drone-ete-2025-5-1-150x113.jpg","width":150,"height":113,"mime-type":"image\/jpeg","filesize":7269,"url":"https:\/\/lesversants.com\/wp-content\/uploads\/2025\/08\/Le-Plateau-projet-drone-ete-2025-5-1-150x113.jpg"},"modern-property-child-slider":{"file":"Le-Plateau-projet-drone-ete-2025-5-1-680x510.jpg","width":680,"height":510,"mime-type":"image\/jpeg","filesize":113291,"url":"https:\/\/lesversants.com\/wp-content\/uploads\/2025\/08\/Le-Plateau-projet-drone-ete-2025-5-1-680x510.jpg"},"property-thumb-image":{"file":"Le-Plateau-projet-drone-ete-2025-5-1-488x326.jpg","width":488,"height":326,"mime-type":"image\/jpeg","filesize":55808,"url":"https:\/\/lesversants.com\/wp-content\/uploads\/2025\/08\/Le-Plateau-projet-drone-ete-2025-5-1-488x326.jpg"},"property-detail-video-image":{"file":"Le-Plateau-projet-drone-ete-2025-5-1-818x417.jpg","width":818,"height":417,"mime-type":"image\/jpeg","filesize":114210,"url":"https:\/\/lesversants.com\/wp-content\/uploads\/2025\/08\/Le-Plateau-projet-drone-ete-2025-5-1-818x417.jpg"},"agent-image":{"file":"Le-Plateau-projet-drone-ete-2025-5-1-210x210.jpg","width":210,"height":210,"mime-type":"image\/jpeg","filesize":16292,"url":"https:\/\/lesversants.com\/wp-content\/uploads\/2025\/08\/Le-Plateau-projet-drone-ete-2025-5-1-210x210.jpg"},"partners-logo":{"file":"Le-Plateau-projet-drone-ete-2025-5-1-600x1440.jpg","width":600,"height":1440,"mime-type":"image\/jpeg","filesize":240596,"url":"https:\/\/lesversants.com\/wp-content\/uploads\/2025\/08\/Le-Plateau-projet-drone-ete-2025-5-1-600x1440.jpg"},"post-featured-image":{"file":"Le-Plateau-projet-drone-ete-2025-5-1-1240x720.jpg","width":1240,"height":720,"mime-type":"image\/jpeg","filesize":272797,"url":"https:\/\/lesversants.com\/wp-content\/uploads\/2025\/08\/Le-Plateau-projet-drone-ete-2025-5-1-1240x720.jpg"}},"image_meta":{"aperture":"0","credit":"","camera":"","caption":"","created_timestamp":"0","copyright":"","focal_length":"0","iso":"0","shutter_speed":"0","title":"","orientation":"0","keywords":[]},"ID":"60762","name":"Le-Plateau-projet-drone-ete-2025-5-1.jpg","path":"\/home\/lesversa\/public_html\/wp-content\/uploads\/2025\/08\/Le-Plateau-projet-drone-ete-2025-5-1.jpg","url":"https:\/\/lesversants.com\/wp-content\/uploads\/2025\/08\/Le-Plateau-projet-drone-ete-2025-5-1-150x150.jpg","full_url":"https:\/\/lesversants.com\/wp-content\/uploads\/2025\/08\/Le-Plateau-projet-drone-ete-2025-5-1.jpg","title":"Le Plateau projet drone \u00e9t\u00e9 2025 5","caption":"","description":"","alt":"Le Plateau projet drone \u00e9t\u00e9 2025 5","srcset":"https:\/\/lesversants.com\/wp-content\/uploads\/2025\/08\/Le-Plateau-projet-drone-ete-2025-5-1-150x150.jpg 150w, https:\/\/lesversants.com\/wp-content\/uploads\/2025\/08\/Le-Plateau-projet-drone-ete-2025-5-1-120x120.jpg 120w, https:\/\/lesversants.com\/wp-content\/uploads\/2025\/08\/Le-Plateau-projet-drone-ete-2025-5-1-210x210.jpg 210w"},{"width":150,"height":150,"file":"2025\/08\/214-2-le-plateau-condo-ski-in-out-a-vendre-mont-tremblant-3.jpg","filesize":355893,"sizes":{"medium":{"file":"214-2-le-plateau-condo-ski-in-out-a-vendre-mont-tremblant-3-300x225.jpg","width":300,"height":225,"mime-type":"image\/jpeg","filesize":21253,"url":"https:\/\/lesversants.com\/wp-content\/uploads\/2025\/08\/214-2-le-plateau-condo-ski-in-out-a-vendre-mont-tremblant-3-300x225.jpg"},"large":{"file":"214-2-le-plateau-condo-ski-in-out-a-vendre-mont-tremblant-3-1024x768.jpg","width":1024,"height":768,"mime-type":"image\/jpeg","filesize":208853,"url":"https:\/\/lesversants.com\/wp-content\/uploads\/2025\/08\/214-2-le-plateau-condo-ski-in-out-a-vendre-mont-tremblant-3-1024x768.jpg"},"thumbnail":{"file":"214-2-le-plateau-condo-ski-in-out-a-vendre-mont-tremblant-3-150x150.jpg","width":150,"height":150,"mime-type":"image\/jpeg","filesize":8050,"url":"https:\/\/lesversants.com\/wp-content\/uploads\/2025\/08\/214-2-le-plateau-condo-ski-in-out-a-vendre-mont-tremblant-3-150x150.jpg"},"medium_large":{"file":"214-2-le-plateau-condo-ski-in-out-a-vendre-mont-tremblant-3-768x576.jpg","width":768,"height":576,"mime-type":"image\/jpeg","filesize":122202,"url":"https:\/\/lesversants.com\/wp-content\/uploads\/2025\/08\/214-2-le-plateau-condo-ski-in-out-a-vendre-mont-tremblant-3-768x576.jpg"},"tf-client-image-size":{"file":"214-2-le-plateau-condo-ski-in-out-a-vendre-mont-tremblant-3-120x120.jpg","width":120,"height":120,"mime-type":"image\/jpeg","filesize":5277,"url":"https:\/\/lesversants.com\/wp-content\/uploads\/2025\/08\/214-2-le-plateau-condo-ski-in-out-a-vendre-mont-tremblant-3-120x120.jpg"},"1536x1536":{"file":"214-2-le-plateau-condo-ski-in-out-a-vendre-mont-tremblant-3-1536x1152.jpg","width":1536,"height":1152,"mime-type":"image\/jpeg","filesize":426993,"url":"https:\/\/lesversants.com\/wp-content\/uploads\/2025\/08\/214-2-le-plateau-condo-ski-in-out-a-vendre-mont-tremblant-3-1536x1152.jpg"},"2048x2048":{"file":"214-2-le-plateau-condo-ski-in-out-a-vendre-mont-tremblant-3-2048x1536.jpg","width":2048,"height":1536,"mime-type":"image\/jpeg","filesize":685019,"url":"https:\/\/lesversants.com\/wp-content\/uploads\/2025\/08\/214-2-le-plateau-condo-ski-in-out-a-vendre-mont-tremblant-3-2048x1536.jpg"},"post-thumbnail":{"file":"214-2-le-plateau-condo-ski-in-out-a-vendre-mont-tremblant-3-150x113.jpg","width":150,"height":113,"mime-type":"image\/jpeg","filesize":6233,"url":"https:\/\/lesversants.com\/wp-content\/uploads\/2025\/08\/214-2-le-plateau-condo-ski-in-out-a-vendre-mont-tremblant-3-150x113.jpg"},"modern-property-child-slider":{"file":"214-2-le-plateau-condo-ski-in-out-a-vendre-mont-tremblant-3-680x510.jpg","width":680,"height":510,"mime-type":"image\/jpeg","filesize":97486,"url":"https:\/\/lesversants.com\/wp-content\/uploads\/2025\/08\/214-2-le-plateau-condo-ski-in-out-a-vendre-mont-tremblant-3-680x510.jpg"},"property-thumb-image":{"file":"214-2-le-plateau-condo-ski-in-out-a-vendre-mont-tremblant-3-488x326.jpg","width":488,"height":326,"mime-type":"image\/jpeg","filesize":47380,"url":"https:\/\/lesversants.com\/wp-content\/uploads\/2025\/08\/214-2-le-plateau-condo-ski-in-out-a-vendre-mont-tremblant-3-488x326.jpg"},"property-detail-video-image":{"file":"214-2-le-plateau-condo-ski-in-out-a-vendre-mont-tremblant-3-818x417.jpg","width":818,"height":417,"mime-type":"image\/jpeg","filesize":103925,"url":"https:\/\/lesversants.com\/wp-content\/uploads\/2025\/08\/214-2-le-plateau-condo-ski-in-out-a-vendre-mont-tremblant-3-818x417.jpg"},"agent-image":{"file":"214-2-le-plateau-condo-ski-in-out-a-vendre-mont-tremblant-3-210x210.jpg","width":210,"height":210,"mime-type":"image\/jpeg","filesize":14387,"url":"https:\/\/lesversants.com\/wp-content\/uploads\/2025\/08\/214-2-le-plateau-condo-ski-in-out-a-vendre-mont-tremblant-3-210x210.jpg"},"partners-logo":{"file":"214-2-le-plateau-condo-ski-in-out-a-vendre-mont-tremblant-3-600x1800.jpg","width":600,"height":1800,"mime-type":"image\/jpeg","filesize":204221,"url":"https:\/\/lesversants.com\/wp-content\/uploads\/2025\/08\/214-2-le-plateau-condo-ski-in-out-a-vendre-mont-tremblant-3-600x1800.jpg"},"post-featured-image":{"file":"214-2-le-plateau-condo-ski-in-out-a-vendre-mont-tremblant-3-1240x720.jpg","width":1240,"height":720,"mime-type":"image\/jpeg","filesize":245555,"url":"https:\/\/lesversants.com\/wp-content\/uploads\/2025\/08\/214-2-le-plateau-condo-ski-in-out-a-vendre-mont-tremblant-3-1240x720.jpg"}},"image_meta":{"aperture":"1.7","credit":"","camera":"FC8482","caption":"default","created_timestamp":"1755594179","copyright":"","focal_length":"6.72","iso":"170","shutter_speed":"0.0008","title":"default","orientation":"0","keywords":[]},"ID":"60893","name":"214-2-le-plateau-condo-ski-in-out-a-vendre-mont-tremblant-3.jpg","path":"\/home\/lesversa\/public_html\/wp-content\/uploads\/2025\/08\/214-2-le-plateau-condo-ski-in-out-a-vendre-mont-tremblant-3.jpg","url":"https:\/\/lesversants.com\/wp-content\/uploads\/2025\/08\/214-2-le-plateau-condo-ski-in-out-a-vendre-mont-tremblant-3-150x150.jpg","full_url":"https:\/\/lesversants.com\/wp-content\/uploads\/2025\/08\/214-2-le-plateau-condo-ski-in-out-a-vendre-mont-tremblant-3.jpg","title":"default","caption":"default","description":"","alt":"default","srcset":"https:\/\/lesversants.com\/wp-content\/uploads\/2025\/08\/214-2-le-plateau-condo-ski-in-out-a-vendre-mont-tremblant-3-150x150.jpg 150w, https:\/\/lesversants.com\/wp-content\/uploads\/2025\/08\/214-2-le-plateau-condo-ski-in-out-a-vendre-mont-tremblant-3-120x120.jpg 120w, https:\/\/lesversants.com\/wp-content\/uploads\/2025\/08\/214-2-le-plateau-condo-ski-in-out-a-vendre-mont-tremblant-3-210x210.jpg 210w"}],"REAL_HOMES_change_gallery_slider_type":"0","REAL_HOMES_gallery_slider_type":"thumb-on-right","inspiry_floor_plans":[],"inspiry_video_group":[],"REAL_HOMES_360_virtual_tour":"","REAL_HOMES_tour_video_url":"","REAL_HOMES_tour_video_image":[],"REAL_HOMES_agent_display_option":"none","REAL_HOMES_agents":[],"REAL_HOMES_energy_class":"none","REAL_HOMES_energy_performance":"","REAL_HOMES_epc_current_rating":"","REAL_HOMES_epc_potential_rating":"","REAL_HOMES_sticky":"0","inspiry_property_label":"","inspiry_property_label_color":"","inspiry_property_tax":"0","inspiry_additional_fee":"0","REAL_HOMES_attachments":[],"inspiry_property_owner_name":"","inspiry_property_owner_contact":"","inspiry_property_owner_address":"","REAL_HOMES_property_private_note":"","inspiry_message_to_reviewer":"","REAL_HOMES_add_in_slider":"no","REAL_HOMES_slider_image":[],"REAL_HOMES_page_banner_image":[],"REAL_HOMES_hide_property_advance_search":"0","inspiry_near":""},"_links":{"self":[{"href":"https:\/\/lesversants.com\/fr\/wp-json\/wp\/v2\/property\/53793"}],"collection":[{"href":"https:\/\/lesversants.com\/fr\/wp-json\/wp\/v2\/property"}],"about":[{"href":"https:\/\/lesversants.com\/fr\/wp-json\/wp\/v2\/types\/property"}],"author":[{"embeddable":true,"href":"https:\/\/lesversants.com\/fr\/wp-json\/wp\/v2\/users\/16"}],"version-history":[{"count":6,"href":"https:\/\/lesversants.com\/fr\/wp-json\/wp\/v2\/property\/53793\/revisions"}],"predecessor-version":[{"id":63078,"href":"https:\/\/lesversants.com\/fr\/wp-json\/wp\/v2\/property\/53793\/revisions\/63078"}],"wp:featuredmedia":[{"embeddable":true,"href":"https:\/\/lesversants.com\/fr\/wp-json\/wp\/v2\/media\/53763"}],"wp:attachment":[{"href":"https:\/\/lesversants.com\/fr\/wp-json\/wp\/v2\/media?parent=53793"}],"wp:term":[{"taxonomy":"property-feature","embeddable":true,"href":"https:\/\/lesversants.com\/fr\/wp-json\/wp\/v2\/property-feature?post=53793"},{"taxonomy":"property-type","embeddable":true,"href":"https:\/\/lesversants.com\/fr\/wp-json\/wp\/v2\/property-type?post=53793"},{"taxonomy":"property-city","embeddable":true,"href":"https:\/\/lesversants.com\/fr\/wp-json\/wp\/v2\/property-location?post=53793"},{"taxonomy":"property-status","embeddable":true,"href":"https:\/\/lesversants.com\/fr\/wp-json\/wp\/v2\/property-status?post=53793"},{"taxonomy":"projects","embeddable":true,"href":"https:\/\/lesversants.com\/fr\/wp-json\/wp\/v2\/projects?post=53793"},{"taxonomy":"lifestyle","embeddable":true,"href":"https:\/\/lesversants.com\/fr\/wp-json\/wp\/v2\/lifestyle?post=53793"},{"taxonomy":"short_term_rental","embeddable":true,"href":"https:\/\/lesversants.com\/fr\/wp-json\/wp\/v2\/short_term_rental?post=53793"},{"taxonomy":"city","embeddable":true,"href":"https:\/\/lesversants.com\/fr\/wp-json\/wp\/v2\/city?post=53793"},{"taxonomy":"mont_tremblant_sector","embeddable":true,"href":"https:\/\/lesversants.com\/fr\/wp-json\/wp\/v2\/mont_tremblant_sector?post=53793"},{"taxonomy":"domaine","embeddable":true,"href":"https:\/\/lesversants.com\/fr\/wp-json\/wp\/v2\/domaine?post=53793"},{"taxonomy":"property_type","embeddable":true,"href":"https:\/\/lesversants.com\/fr\/wp-json\/wp\/v2\/property_type?post=53793"},{"taxonomy":"active_inactive","embeddable":true,"href":"https:\/\/lesversants.com\/fr\/wp-json\/wp\/v2\/active_inactive?post=53793"},{"taxonomy":"rental","embeddable":true,"href":"https:\/\/lesversants.com\/fr\/wp-json\/wp\/v2\/rental?post=53793"}],"curies":[{"name":"wp","href":"https:\/\/api.w.org\/{rel}","templated":true}]}}