{"id":56906,"date":"2025-06-12T10:45:34","date_gmt":"2025-06-12T14:45:34","guid":{"rendered":"https:\/\/lesversants.com\/property\/old-village-commercial-duplex-in-a-prime-tourist-location-for-sale-in-mont-tremblant\/"},"modified":"2026-01-02T11:30:05","modified_gmt":"2026-01-02T16:30:05","slug":"vieux-village-duplex-commercial-a-vendre-a-mont-tremblant","status":"publish","type":"property","link":"https:\/\/lesversants.com\/fr\/propriete\/vieux-village-duplex-commercial-a-vendre-a-mont-tremblant\/","title":{"rendered":"VIEUX-VILLAGE | Duplex commercial dans un emplacement touristique de choix \u00e0 vendre \u00e0 Mont-Tremblant"},"content":{"rendered":"<p>Duplex commercial pr\u00e9sentement d\u00e9tenu par la ville de Mont-Tremblant. (Dernier commerce : Baril Roulant). Usage commercial seulement. Au coeur du secteur Village, directement sur le ch. du Village, en face du lac Mercier et visible du P&#8217;tit train du Nord. Une localisation id\u00e9ale pour offrir un service aux nombreux locaux et touristes qu&#8217;attire ce secteur!<\/p>\n<h4>Styles de vie<\/h4>\n<p>Plage in\/out, v\u00e9lo in\/out, ski de fond in\/out, randonn\u00e9e p\u00e9destre in\/out, sur le trajet de la navette (arr\u00eats \u00e0 qq m\u00e8tres). Zonage VA-132 soumis \u00e0 un PIIA. Vente faite sans garantie l\u00e9gale de qualit\u00e9, aux risques et p\u00e9rils de l&#8217;acheteur. Voir addenda pour d\u00e9tails.<\/p>\n","protected":false},"excerpt":{"rendered":"<p>Duplex commercial pr\u00e9sentement d\u00e9tenu par la ville de Mont-Tremblant. (Dernier commerce : Baril Roulant). Usage commercial seulement. Au coeur du secteur Village, directement sur le ch. du Village, en face du lac Mercier et visible du P&#8217;tit train du Nord. Une localisation id\u00e9ale pour offrir un service aux nombreux locaux et touristes qu&#8217;attire ce secteur!&#8230;<\/p>\n","protected":false},"author":16,"featured_media":56901,"parent":0,"menu_order":0,"template":"","property-feature":[306,308,228,225],"property-type":[317],"property-location":[],"property-status":[80],"projects":[],"lifestyle":[475],"short_term_rental":[118],"city":[165],"mont_tremblant_sector":[172],"domaine":[],"property_type":[193],"active_inactive":[201],"rental":[],"yoast_head":"<!-- This site is optimized with the Yoast SEO plugin v22.0 - https:\/\/yoast.com\/wordpress\/plugins\/seo\/ -->\n<title>Vieux-Village - duplex commercial | Versants Mont-Tremblant<\/title>\n<meta name=\"description\" content=\"Au coeur du secteur Village, directement sur le ch. du Village, en face du lac Mercier et visible du P&#039;tit train du Nord.\" \/>\n<meta name=\"robots\" content=\"index, follow, max-snippet:-1, max-image-preview:large, max-video-preview:-1\" \/>\n<link rel=\"canonical\" href=\"https:\/\/lesversants.com\/fr\/propriete\/vieux-village-duplex-commercial-a-vendre-a-mont-tremblant\/\" \/>\n<meta property=\"og:locale\" content=\"fr_FR\" \/>\n<meta property=\"og:type\" content=\"article\" \/>\n<meta property=\"og:title\" content=\"Vieux-Village - duplex commercial | Versants Mont-Tremblant\" \/>\n<meta property=\"og:description\" content=\"Au coeur du secteur Village, directement sur le ch. du Village, en face du lac Mercier et visible du P&#039;tit train du Nord.\" \/>\n<meta property=\"og:url\" content=\"https:\/\/lesversants.com\/fr\/propriete\/vieux-village-duplex-commercial-a-vendre-a-mont-tremblant\/\" \/>\n<meta property=\"og:site_name\" content=\"Versants Mont-Tremblant\" \/>\n<meta property=\"article:modified_time\" content=\"2026-01-02T16:30:05+00:00\" \/>\n<meta property=\"og:image\" content=\"https:\/\/lesversants.com\/wp-content\/uploads\/2025\/05\/DJI_0484.jpg\" \/>\n\t<meta property=\"og:image:width\" content=\"1920\" \/>\n\t<meta property=\"og:image:height\" content=\"1080\" \/>\n\t<meta property=\"og:image:type\" content=\"image\/jpeg\" \/>\n<meta name=\"twitter:card\" content=\"summary_large_image\" \/>\n<meta name=\"twitter:label1\" content=\"Dur\u00e9e de lecture estim\u00e9e\" \/>\n\t<meta name=\"twitter:data1\" content=\"1 minute\" \/>\n<script type=\"application\/ld+json\" class=\"yoast-schema-graph\">{\"@context\":\"https:\/\/schema.org\",\"@graph\":[{\"@type\":\"WebPage\",\"@id\":\"https:\/\/lesversants.com\/fr\/propriete\/vieux-village-duplex-commercial-a-vendre-a-mont-tremblant\/\",\"url\":\"https:\/\/lesversants.com\/fr\/propriete\/vieux-village-duplex-commercial-a-vendre-a-mont-tremblant\/\",\"name\":\"Vieux-Village - duplex commercial | Versants Mont-Tremblant\",\"isPartOf\":{\"@id\":\"https:\/\/lesversants.com\/#website\"},\"datePublished\":\"2025-06-12T14:45:34+00:00\",\"dateModified\":\"2026-01-02T16:30:05+00:00\",\"description\":\"Au coeur du secteur Village, directement sur le ch. du Village, en face du lac Mercier et visible du P'tit train du Nord.\",\"breadcrumb\":{\"@id\":\"https:\/\/lesversants.com\/fr\/propriete\/vieux-village-duplex-commercial-a-vendre-a-mont-tremblant\/#breadcrumb\"},\"inLanguage\":\"fr-FR\",\"potentialAction\":[{\"@type\":\"ReadAction\",\"target\":[\"https:\/\/lesversants.com\/fr\/propriete\/vieux-village-duplex-commercial-a-vendre-a-mont-tremblant\/\"]}]},{\"@type\":\"BreadcrumbList\",\"@id\":\"https:\/\/lesversants.com\/fr\/propriete\/vieux-village-duplex-commercial-a-vendre-a-mont-tremblant\/#breadcrumb\",\"itemListElement\":[{\"@type\":\"ListItem\",\"position\":1,\"name\":\"Home\",\"item\":\"https:\/\/lesversants.com\/fr\/\"},{\"@type\":\"ListItem\",\"position\":2,\"name\":\"Properties\",\"item\":\"https:\/\/lesversants.com\/property\/\"},{\"@type\":\"ListItem\",\"position\":3,\"name\":\"VIEUX-VILLAGE | Duplex commercial dans un emplacement touristique de choix \u00e0 vendre \u00e0 Mont-Tremblant\"}]},{\"@type\":\"WebSite\",\"@id\":\"https:\/\/lesversants.com\/#website\",\"url\":\"https:\/\/lesversants.com\/\",\"name\":\"Versants Mont-Tremblant\",\"description\":\"Agence immobili\u00e8re\",\"publisher\":{\"@id\":\"https:\/\/lesversants.com\/#organization\"},\"potentialAction\":[{\"@type\":\"SearchAction\",\"target\":{\"@type\":\"EntryPoint\",\"urlTemplate\":\"https:\/\/lesversants.com\/?s={search_term_string}\"},\"query-input\":\"required name=search_term_string\"}],\"inLanguage\":\"fr-FR\"},{\"@type\":\"Organization\",\"@id\":\"https:\/\/lesversants.com\/#organization\",\"name\":\"Les Versants Mont-Tremblant\",\"url\":\"https:\/\/lesversants.com\/\",\"logo\":{\"@type\":\"ImageObject\",\"inLanguage\":\"fr-FR\",\"@id\":\"https:\/\/lesversants.com\/#\/schema\/logo\/image\/\",\"url\":\"https:\/\/lesversants.com\/wp-content\/uploads\/2022\/01\/logo-versants.svg\",\"contentUrl\":\"https:\/\/lesversants.com\/wp-content\/uploads\/2022\/01\/logo-versants.svg\",\"width\":1,\"height\":1,\"caption\":\"Les Versants Mont-Tremblant\"},\"image\":{\"@id\":\"https:\/\/lesversants.com\/#\/schema\/logo\/image\/\"}}]}<\/script>\n<!-- \/ Yoast SEO plugin. -->","yoast_head_json":{"title":"Vieux-Village - duplex commercial | Versants Mont-Tremblant","description":"Au coeur du secteur Village, directement sur le ch. du Village, en face du lac Mercier et visible du P'tit train du Nord.","robots":{"index":"index","follow":"follow","max-snippet":"max-snippet:-1","max-image-preview":"max-image-preview:large","max-video-preview":"max-video-preview:-1"},"canonical":"https:\/\/lesversants.com\/fr\/propriete\/vieux-village-duplex-commercial-a-vendre-a-mont-tremblant\/","og_locale":"fr_FR","og_type":"article","og_title":"Vieux-Village - duplex commercial | Versants Mont-Tremblant","og_description":"Au coeur du secteur Village, directement sur le ch. du Village, en face du lac Mercier et visible du P'tit train du Nord.","og_url":"https:\/\/lesversants.com\/fr\/propriete\/vieux-village-duplex-commercial-a-vendre-a-mont-tremblant\/","og_site_name":"Versants Mont-Tremblant","article_modified_time":"2026-01-02T16:30:05+00:00","og_image":[{"width":1920,"height":1080,"url":"https:\/\/lesversants.com\/wp-content\/uploads\/2025\/05\/DJI_0484.jpg","type":"image\/jpeg"}],"twitter_card":"summary_large_image","twitter_misc":{"Dur\u00e9e de lecture estim\u00e9e":"1 minute"},"schema":{"@context":"https:\/\/schema.org","@graph":[{"@type":"WebPage","@id":"https:\/\/lesversants.com\/fr\/propriete\/vieux-village-duplex-commercial-a-vendre-a-mont-tremblant\/","url":"https:\/\/lesversants.com\/fr\/propriete\/vieux-village-duplex-commercial-a-vendre-a-mont-tremblant\/","name":"Vieux-Village - duplex commercial | Versants Mont-Tremblant","isPartOf":{"@id":"https:\/\/lesversants.com\/#website"},"datePublished":"2025-06-12T14:45:34+00:00","dateModified":"2026-01-02T16:30:05+00:00","description":"Au coeur du secteur Village, directement sur le ch. du Village, en face du lac Mercier et visible du P'tit train du Nord.","breadcrumb":{"@id":"https:\/\/lesversants.com\/fr\/propriete\/vieux-village-duplex-commercial-a-vendre-a-mont-tremblant\/#breadcrumb"},"inLanguage":"fr-FR","potentialAction":[{"@type":"ReadAction","target":["https:\/\/lesversants.com\/fr\/propriete\/vieux-village-duplex-commercial-a-vendre-a-mont-tremblant\/"]}]},{"@type":"BreadcrumbList","@id":"https:\/\/lesversants.com\/fr\/propriete\/vieux-village-duplex-commercial-a-vendre-a-mont-tremblant\/#breadcrumb","itemListElement":[{"@type":"ListItem","position":1,"name":"Home","item":"https:\/\/lesversants.com\/fr\/"},{"@type":"ListItem","position":2,"name":"Properties","item":"https:\/\/lesversants.com\/property\/"},{"@type":"ListItem","position":3,"name":"VIEUX-VILLAGE | Duplex commercial dans un emplacement touristique de choix \u00e0 vendre \u00e0 Mont-Tremblant"}]},{"@type":"WebSite","@id":"https:\/\/lesversants.com\/#website","url":"https:\/\/lesversants.com\/","name":"Versants Mont-Tremblant","description":"Agence immobili\u00e8re","publisher":{"@id":"https:\/\/lesversants.com\/#organization"},"potentialAction":[{"@type":"SearchAction","target":{"@type":"EntryPoint","urlTemplate":"https:\/\/lesversants.com\/?s={search_term_string}"},"query-input":"required name=search_term_string"}],"inLanguage":"fr-FR"},{"@type":"Organization","@id":"https:\/\/lesversants.com\/#organization","name":"Les Versants Mont-Tremblant","url":"https:\/\/lesversants.com\/","logo":{"@type":"ImageObject","inLanguage":"fr-FR","@id":"https:\/\/lesversants.com\/#\/schema\/logo\/image\/","url":"https:\/\/lesversants.com\/wp-content\/uploads\/2022\/01\/logo-versants.svg","contentUrl":"https:\/\/lesversants.com\/wp-content\/uploads\/2022\/01\/logo-versants.svg","width":1,"height":1,"caption":"Les Versants Mont-Tremblant"},"image":{"@id":"https:\/\/lesversants.com\/#\/schema\/logo\/image\/"}}]}},"property_meta":{"REAL_HOMES_property_price":"639000","REAL_HOMES_property_old_price":"","REAL_HOMES_property_price_prefix":"","REAL_HOMES_property_price_postfix":"+ TPS\/TVQ","REAL_HOMES_property_size":"1 338","REAL_HOMES_property_size_postfix":"pi2","REAL_HOMES_property_lot_size":"13 994","REAL_HOMES_property_lot_size_postfix":"pi2","REAL_HOMES_property_bedrooms":"","REAL_HOMES_property_bathrooms":"","REAL_HOMES_property_garage":"1","REAL_HOMES_property_id":"27764528","REAL_HOMES_property_year_built":"1950","REAL_HOMES_featured":"0","REAL_HOMES_additional_details_list":[],"REAL_HOMES_property_location":{"latitude":"46.1752628","longitude":"-74.6047366","zoom":"14"},"REAL_HOMES_property_address":"1885-1887, ch. du Village, Mont-Tremblant","REAL_HOMES_property_map":"0","REAL_HOMES_property_images":[{"width":150,"height":150,"file":"2025\/05\/Photo-avec-pointeur.jpg","filesize":517823,"sizes":{"medium":{"file":"Photo-avec-pointeur-300x169.jpg","width":300,"height":169,"mime-type":"image\/jpeg","filesize":16615,"url":"https:\/\/lesversants.com\/wp-content\/uploads\/2025\/05\/Photo-avec-pointeur-300x169.jpg"},"large":{"file":"Photo-avec-pointeur-1024x577.jpg","width":1024,"height":577,"mime-type":"image\/jpeg","filesize":159074,"url":"https:\/\/lesversants.com\/wp-content\/uploads\/2025\/05\/Photo-avec-pointeur-1024x577.jpg"},"thumbnail":{"file":"Photo-avec-pointeur-150x150.jpg","width":150,"height":150,"mime-type":"image\/jpeg","filesize":8293,"url":"https:\/\/lesversants.com\/wp-content\/uploads\/2025\/05\/Photo-avec-pointeur-150x150.jpg"},"medium_large":{"file":"Photo-avec-pointeur-768x432.jpg","width":768,"height":432,"mime-type":"image\/jpeg","filesize":93456,"url":"https:\/\/lesversants.com\/wp-content\/uploads\/2025\/05\/Photo-avec-pointeur-768x432.jpg"},"tf-client-image-size":{"file":"Photo-avec-pointeur-120x120.jpg","width":120,"height":120,"mime-type":"image\/jpeg","filesize":5520,"url":"https:\/\/lesversants.com\/wp-content\/uploads\/2025\/05\/Photo-avec-pointeur-120x120.jpg"},"1536x1536":{"file":"Photo-avec-pointeur-1536x865.jpg","width":1536,"height":865,"mime-type":"image\/jpeg","filesize":322324,"url":"https:\/\/lesversants.com\/wp-content\/uploads\/2025\/05\/Photo-avec-pointeur-1536x865.jpg"},"post-thumbnail":{"file":"Photo-avec-pointeur-150x84.jpg","width":150,"height":84,"mime-type":"image\/jpeg","filesize":4997,"url":"https:\/\/lesversants.com\/wp-content\/uploads\/2025\/05\/Photo-avec-pointeur-150x84.jpg"},"modern-property-child-slider":{"file":"Photo-avec-pointeur-680x510.jpg","width":680,"height":510,"mime-type":"image\/jpeg","filesize":97135,"url":"https:\/\/lesversants.com\/wp-content\/uploads\/2025\/05\/Photo-avec-pointeur-680x510.jpg"},"property-thumb-image":{"file":"Photo-avec-pointeur-488x326.jpg","width":488,"height":326,"mime-type":"image\/jpeg","filesize":47325,"url":"https:\/\/lesversants.com\/wp-content\/uploads\/2025\/05\/Photo-avec-pointeur-488x326.jpg"},"property-detail-video-image":{"file":"Photo-avec-pointeur-818x417.jpg","width":818,"height":417,"mime-type":"image\/jpeg","filesize":99242,"url":"https:\/\/lesversants.com\/wp-content\/uploads\/2025\/05\/Photo-avec-pointeur-818x417.jpg"},"agent-image":{"file":"Photo-avec-pointeur-210x210.jpg","width":210,"height":210,"mime-type":"image\/jpeg","filesize":14956,"url":"https:\/\/lesversants.com\/wp-content\/uploads\/2025\/05\/Photo-avec-pointeur-210x210.jpg"},"partners-logo":{"file":"Photo-avec-pointeur-600x1081.jpg","width":600,"height":1081,"mime-type":"image\/jpeg","filesize":165935,"url":"https:\/\/lesversants.com\/wp-content\/uploads\/2025\/05\/Photo-avec-pointeur-600x1081.jpg"},"post-featured-image":{"file":"Photo-avec-pointeur-1240x720.jpg","width":1240,"height":720,"mime-type":"image\/jpeg","filesize":228148,"url":"https:\/\/lesversants.com\/wp-content\/uploads\/2025\/05\/Photo-avec-pointeur-1240x720.jpg"}},"image_meta":{"aperture":"0","credit":"","camera":"","caption":"","created_timestamp":"0","copyright":"","focal_length":"0","iso":"0","shutter_speed":"0","title":"","orientation":"0","keywords":[]},"ID":"56902","name":"Photo-avec-pointeur.jpg","path":"\/home\/lesversa\/public_html\/wp-content\/uploads\/2025\/05\/Photo-avec-pointeur.jpg","url":"https:\/\/lesversants.com\/wp-content\/uploads\/2025\/05\/Photo-avec-pointeur-150x150.jpg","full_url":"https:\/\/lesversants.com\/wp-content\/uploads\/2025\/05\/Photo-avec-pointeur.jpg","title":"Photo avec pointeur","caption":"","description":"","alt":"Photo avec pointeur","srcset":"https:\/\/lesversants.com\/wp-content\/uploads\/2025\/05\/Photo-avec-pointeur-150x150.jpg 150w, https:\/\/lesversants.com\/wp-content\/uploads\/2025\/05\/Photo-avec-pointeur-120x120.jpg 120w, https:\/\/lesversants.com\/wp-content\/uploads\/2025\/05\/Photo-avec-pointeur-210x210.jpg 210w"},{"width":150,"height":150,"file":"2025\/05\/Photo-aerienne-avec-delimitation-terrain-2.jpg","filesize":336255,"sizes":{"medium":{"file":"Photo-aerienne-avec-delimitation-terrain-2-300x169.jpg","width":300,"height":169,"mime-type":"image\/jpeg","filesize":19911,"url":"https:\/\/lesversants.com\/wp-content\/uploads\/2025\/05\/Photo-aerienne-avec-delimitation-terrain-2-300x169.jpg"},"large":{"file":"Photo-aerienne-avec-delimitation-terrain-2-1024x575.jpg","width":1024,"height":575,"mime-type":"image\/jpeg","filesize":161817,"url":"https:\/\/lesversants.com\/wp-content\/uploads\/2025\/05\/Photo-aerienne-avec-delimitation-terrain-2-1024x575.jpg"},"thumbnail":{"file":"Photo-aerienne-avec-delimitation-terrain-2-150x150.jpg","width":150,"height":150,"mime-type":"image\/jpeg","filesize":9405,"url":"https:\/\/lesversants.com\/wp-content\/uploads\/2025\/05\/Photo-aerienne-avec-delimitation-terrain-2-150x150.jpg"},"medium_large":{"file":"Photo-aerienne-avec-delimitation-terrain-2-768x431.jpg","width":768,"height":431,"mime-type":"image\/jpeg","filesize":99158,"url":"https:\/\/lesversants.com\/wp-content\/uploads\/2025\/05\/Photo-aerienne-avec-delimitation-terrain-2-768x431.jpg"},"tf-client-image-size":{"file":"Photo-aerienne-avec-delimitation-terrain-2-120x120.jpg","width":120,"height":120,"mime-type":"image\/jpeg","filesize":6608,"url":"https:\/\/lesversants.com\/wp-content\/uploads\/2025\/05\/Photo-aerienne-avec-delimitation-terrain-2-120x120.jpg"},"post-thumbnail":{"file":"Photo-aerienne-avec-delimitation-terrain-2-150x84.jpg","width":150,"height":84,"mime-type":"image\/jpeg","filesize":6380,"url":"https:\/\/lesversants.com\/wp-content\/uploads\/2025\/05\/Photo-aerienne-avec-delimitation-terrain-2-150x84.jpg"},"modern-property-child-slider":{"file":"Photo-aerienne-avec-delimitation-terrain-2-680x510.jpg","width":680,"height":510,"mime-type":"image\/jpeg","filesize":98103,"url":"https:\/\/lesversants.com\/wp-content\/uploads\/2025\/05\/Photo-aerienne-avec-delimitation-terrain-2-680x510.jpg"},"property-thumb-image":{"file":"Photo-aerienne-avec-delimitation-terrain-2-488x326.jpg","width":488,"height":326,"mime-type":"image\/jpeg","filesize":51496,"url":"https:\/\/lesversants.com\/wp-content\/uploads\/2025\/05\/Photo-aerienne-avec-delimitation-terrain-2-488x326.jpg"},"property-detail-video-image":{"file":"Photo-aerienne-avec-delimitation-terrain-2-818x417.jpg","width":818,"height":417,"mime-type":"image\/jpeg","filesize":101328,"url":"https:\/\/lesversants.com\/wp-content\/uploads\/2025\/05\/Photo-aerienne-avec-delimitation-terrain-2-818x417.jpg"},"agent-image":{"file":"Photo-aerienne-avec-delimitation-terrain-2-210x210.jpg","width":210,"height":210,"mime-type":"image\/jpeg","filesize":16861,"url":"https:\/\/lesversants.com\/wp-content\/uploads\/2025\/05\/Photo-aerienne-avec-delimitation-terrain-2-210x210.jpg"},"partners-logo":{"file":"Photo-aerienne-avec-delimitation-terrain-2-600x686.jpg","width":600,"height":686,"mime-type":"image\/jpeg","filesize":123582,"url":"https:\/\/lesversants.com\/wp-content\/uploads\/2025\/05\/Photo-aerienne-avec-delimitation-terrain-2-600x686.jpg"}},"image_meta":{"aperture":"0","credit":"","camera":"","caption":"","created_timestamp":"0","copyright":"","focal_length":"0","iso":"0","shutter_speed":"0","title":"","orientation":"0","keywords":[]},"ID":"58722","name":"Photo-aerienne-avec-delimitation-terrain-2.jpg","path":"\/home\/lesversa\/public_html\/wp-content\/uploads\/2025\/05\/Photo-aerienne-avec-delimitation-terrain-2.jpg","url":"https:\/\/lesversants.com\/wp-content\/uploads\/2025\/05\/Photo-aerienne-avec-delimitation-terrain-2-150x150.jpg","full_url":"https:\/\/lesversants.com\/wp-content\/uploads\/2025\/05\/Photo-aerienne-avec-delimitation-terrain-2.jpg","title":"Photo a\u00e9rienne avec d\u00e9limitation terrain (2)","caption":"","description":"","alt":"Photo a\u00e9rienne avec d\u00e9limitation terrain (2)","srcset":"https:\/\/lesversants.com\/wp-content\/uploads\/2025\/05\/Photo-aerienne-avec-delimitation-terrain-2-150x150.jpg 150w, https:\/\/lesversants.com\/wp-content\/uploads\/2025\/05\/Photo-aerienne-avec-delimitation-terrain-2-120x120.jpg 120w, https:\/\/lesversants.com\/wp-content\/uploads\/2025\/05\/Photo-aerienne-avec-delimitation-terrain-2-210x210.jpg 210w"},{"width":150,"height":150,"file":"2025\/05\/media-48.jpg","filesize":67502,"sizes":{"medium":{"file":"media-48-300x225.jpg","width":300,"height":225,"mime-type":"image\/jpeg","filesize":20452,"url":"https:\/\/lesversants.com\/wp-content\/uploads\/2025\/05\/media-48-300x225.jpg"},"thumbnail":{"file":"media-48-150x150.jpg","width":150,"height":150,"mime-type":"image\/jpeg","filesize":8140,"url":"https:\/\/lesversants.com\/wp-content\/uploads\/2025\/05\/media-48-150x150.jpg"},"tf-client-image-size":{"file":"media-48-120x120.jpg","width":120,"height":120,"mime-type":"image\/jpeg","filesize":5508,"url":"https:\/\/lesversants.com\/wp-content\/uploads\/2025\/05\/media-48-120x120.jpg"},"post-thumbnail":{"file":"media-48-150x113.jpg","width":150,"height":113,"mime-type":"image\/jpeg","filesize":6493,"url":"https:\/\/lesversants.com\/wp-content\/uploads\/2025\/05\/media-48-150x113.jpg"},"property-thumb-image":{"file":"media-48-488x326.jpg","width":488,"height":326,"mime-type":"image\/jpeg","filesize":42034,"url":"https:\/\/lesversants.com\/wp-content\/uploads\/2025\/05\/media-48-488x326.jpg"},"property-detail-video-image":{"file":"media-48-640x417.jpg","width":640,"height":417,"mime-type":"image\/jpeg","filesize":71372,"url":"https:\/\/lesversants.com\/wp-content\/uploads\/2025\/05\/media-48-640x417.jpg"},"agent-image":{"file":"media-48-210x210.jpg","width":210,"height":210,"mime-type":"image\/jpeg","filesize":14228,"url":"https:\/\/lesversants.com\/wp-content\/uploads\/2025\/05\/media-48-210x210.jpg"},"partners-logo":{"file":"media-48-600x480.jpg","width":600,"height":480,"mime-type":"image\/jpeg","filesize":76848,"url":"https:\/\/lesversants.com\/wp-content\/uploads\/2025\/05\/media-48-600x480.jpg"}},"image_meta":{"aperture":"0","credit":"","camera":"","caption":"","created_timestamp":"0","copyright":"","focal_length":"0","iso":"0","shutter_speed":"0","title":"","orientation":"0","keywords":[]},"ID":"58719","name":"media-48.jpg","path":"\/home\/lesversa\/public_html\/wp-content\/uploads\/2025\/05\/media-48.jpg","url":"https:\/\/lesversants.com\/wp-content\/uploads\/2025\/05\/media-48-150x150.jpg","full_url":"https:\/\/lesversants.com\/wp-content\/uploads\/2025\/05\/media-48.jpg","title":"media (48)","caption":"","description":"","alt":"media (48)","srcset":"https:\/\/lesversants.com\/wp-content\/uploads\/2025\/05\/media-48-150x150.jpg 150w, https:\/\/lesversants.com\/wp-content\/uploads\/2025\/05\/media-48-120x120.jpg 120w, https:\/\/lesversants.com\/wp-content\/uploads\/2025\/05\/media-48-210x210.jpg 210w"},{"width":150,"height":150,"file":"2025\/05\/DJI_0484.jpg","filesize":502666,"sizes":{"medium":{"file":"DJI_0484-300x169.jpg","width":300,"height":169,"mime-type":"image\/jpeg","filesize":15959,"url":"https:\/\/lesversants.com\/wp-content\/uploads\/2025\/05\/DJI_0484-300x169.jpg"},"large":{"file":"DJI_0484-1024x576.jpg","width":1024,"height":576,"mime-type":"image\/jpeg","filesize":149243,"url":"https:\/\/lesversants.com\/wp-content\/uploads\/2025\/05\/DJI_0484-1024x576.jpg"},"thumbnail":{"file":"DJI_0484-150x150.jpg","width":150,"height":150,"mime-type":"image\/jpeg","filesize":7751,"url":"https:\/\/lesversants.com\/wp-content\/uploads\/2025\/05\/DJI_0484-150x150.jpg"},"medium_large":{"file":"DJI_0484-768x432.jpg","width":768,"height":432,"mime-type":"image\/jpeg","filesize":88613,"url":"https:\/\/lesversants.com\/wp-content\/uploads\/2025\/05\/DJI_0484-768x432.jpg"},"tf-client-image-size":{"file":"DJI_0484-120x120.jpg","width":120,"height":120,"mime-type":"image\/jpeg","filesize":5202,"url":"https:\/\/lesversants.com\/wp-content\/uploads\/2025\/05\/DJI_0484-120x120.jpg"},"1536x1536":{"file":"DJI_0484-1536x864.jpg","width":1536,"height":864,"mime-type":"image\/jpeg","filesize":307112,"url":"https:\/\/lesversants.com\/wp-content\/uploads\/2025\/05\/DJI_0484-1536x864.jpg"},"post-thumbnail":{"file":"DJI_0484-150x84.jpg","width":150,"height":84,"mime-type":"image\/jpeg","filesize":4968,"url":"https:\/\/lesversants.com\/wp-content\/uploads\/2025\/05\/DJI_0484-150x84.jpg"},"modern-property-child-slider":{"file":"DJI_0484-680x510.jpg","width":680,"height":510,"mime-type":"image\/jpeg","filesize":89006,"url":"https:\/\/lesversants.com\/wp-content\/uploads\/2025\/05\/DJI_0484-680x510.jpg"},"property-thumb-image":{"file":"DJI_0484-488x326.jpg","width":488,"height":326,"mime-type":"image\/jpeg","filesize":43194,"url":"https:\/\/lesversants.com\/wp-content\/uploads\/2025\/05\/DJI_0484-488x326.jpg"},"property-detail-video-image":{"file":"DJI_0484-818x417.jpg","width":818,"height":417,"mime-type":"image\/jpeg","filesize":94141,"url":"https:\/\/lesversants.com\/wp-content\/uploads\/2025\/05\/DJI_0484-818x417.jpg"},"agent-image":{"file":"DJI_0484-210x210.jpg","width":210,"height":210,"mime-type":"image\/jpeg","filesize":13874,"url":"https:\/\/lesversants.com\/wp-content\/uploads\/2025\/05\/DJI_0484-210x210.jpg"},"partners-logo":{"file":"DJI_0484-600x1080.jpg","width":600,"height":1080,"mime-type":"image\/jpeg","filesize":170537,"url":"https:\/\/lesversants.com\/wp-content\/uploads\/2025\/05\/DJI_0484-600x1080.jpg"},"post-featured-image":{"file":"DJI_0484-1240x720.jpg","width":1240,"height":720,"mime-type":"image\/jpeg","filesize":219384,"url":"https:\/\/lesversants.com\/wp-content\/uploads\/2025\/05\/DJI_0484-1240x720.jpg"}},"image_meta":{"aperture":"0","credit":"","camera":"","caption":"","created_timestamp":"0","copyright":"","focal_length":"0","iso":"0","shutter_speed":"0","title":"","orientation":"0","keywords":[]},"ID":"56900","name":"DJI_0484.jpg","path":"\/home\/lesversa\/public_html\/wp-content\/uploads\/2025\/05\/DJI_0484.jpg","url":"https:\/\/lesversants.com\/wp-content\/uploads\/2025\/05\/DJI_0484-150x150.jpg","full_url":"https:\/\/lesversants.com\/wp-content\/uploads\/2025\/05\/DJI_0484.jpg","title":"DJI 0484","caption":"","description":"","alt":"DJI 0484","srcset":"https:\/\/lesversants.com\/wp-content\/uploads\/2025\/05\/DJI_0484-150x150.jpg 150w, https:\/\/lesversants.com\/wp-content\/uploads\/2025\/05\/DJI_0484-120x120.jpg 120w, https:\/\/lesversants.com\/wp-content\/uploads\/2025\/05\/DJI_0484-210x210.jpg 210w"},{"width":150,"height":150,"file":"2024\/05\/2023-09_maison-chalet-condo-mont-tremblant-style-de-vie-velo-de-route-Kevin-Lemaire-112.jpg","filesize":626999,"sizes":{"medium":{"file":"2023-09_maison-chalet-condo-mont-tremblant-style-de-vie-velo-de-route-Kevin-Lemaire-112-300x200.jpg","width":300,"height":200,"mime-type":"image\/jpeg","filesize":17436,"url":"https:\/\/lesversants.com\/wp-content\/uploads\/2024\/05\/2023-09_maison-chalet-condo-mont-tremblant-style-de-vie-velo-de-route-Kevin-Lemaire-112-300x200.jpg"},"large":{"file":"2023-09_maison-chalet-condo-mont-tremblant-style-de-vie-velo-de-route-Kevin-Lemaire-112-1024x683.jpg","width":1024,"height":683,"mime-type":"image\/jpeg","filesize":118775,"url":"https:\/\/lesversants.com\/wp-content\/uploads\/2024\/05\/2023-09_maison-chalet-condo-mont-tremblant-style-de-vie-velo-de-route-Kevin-Lemaire-112-1024x683.jpg"},"thumbnail":{"file":"2023-09_maison-chalet-condo-mont-tremblant-style-de-vie-velo-de-route-Kevin-Lemaire-112-150x150.jpg","width":150,"height":150,"mime-type":"image\/jpeg","filesize":7425,"url":"https:\/\/lesversants.com\/wp-content\/uploads\/2024\/05\/2023-09_maison-chalet-condo-mont-tremblant-style-de-vie-velo-de-route-Kevin-Lemaire-112-150x150.jpg"},"medium_large":{"file":"2023-09_maison-chalet-condo-mont-tremblant-style-de-vie-velo-de-route-Kevin-Lemaire-112-768x512.jpg","width":768,"height":512,"mime-type":"image\/jpeg","filesize":76074,"url":"https:\/\/lesversants.com\/wp-content\/uploads\/2024\/05\/2023-09_maison-chalet-condo-mont-tremblant-style-de-vie-velo-de-route-Kevin-Lemaire-112-768x512.jpg"},"tf-client-image-size":{"file":"2023-09_maison-chalet-condo-mont-tremblant-style-de-vie-velo-de-route-Kevin-Lemaire-112-120x120.jpg","width":120,"height":120,"mime-type":"image\/jpeg","filesize":5013,"url":"https:\/\/lesversants.com\/wp-content\/uploads\/2024\/05\/2023-09_maison-chalet-condo-mont-tremblant-style-de-vie-velo-de-route-Kevin-Lemaire-112-120x120.jpg"},"1536x1536":{"file":"2023-09_maison-chalet-condo-mont-tremblant-style-de-vie-velo-de-route-Kevin-Lemaire-112-1536x1024.jpg","width":1536,"height":1024,"mime-type":"image\/jpeg","filesize":217333,"url":"https:\/\/lesversants.com\/wp-content\/uploads\/2024\/05\/2023-09_maison-chalet-condo-mont-tremblant-style-de-vie-velo-de-route-Kevin-Lemaire-112-1536x1024.jpg"},"post-thumbnail":{"file":"2023-09_maison-chalet-condo-mont-tremblant-style-de-vie-velo-de-route-Kevin-Lemaire-112-150x100.jpg","width":150,"height":100,"mime-type":"image\/jpeg","filesize":5797,"url":"https:\/\/lesversants.com\/wp-content\/uploads\/2024\/05\/2023-09_maison-chalet-condo-mont-tremblant-style-de-vie-velo-de-route-Kevin-Lemaire-112-150x100.jpg"},"modern-property-child-slider":{"file":"2023-09_maison-chalet-condo-mont-tremblant-style-de-vie-velo-de-route-Kevin-Lemaire-112-680x510.jpg","width":680,"height":510,"mime-type":"image\/jpeg","filesize":66636,"url":"https:\/\/lesversants.com\/wp-content\/uploads\/2024\/05\/2023-09_maison-chalet-condo-mont-tremblant-style-de-vie-velo-de-route-Kevin-Lemaire-112-680x510.jpg"},"property-thumb-image":{"file":"2023-09_maison-chalet-condo-mont-tremblant-style-de-vie-velo-de-route-Kevin-Lemaire-112-488x326.jpg","width":488,"height":326,"mime-type":"image\/jpeg","filesize":37636,"url":"https:\/\/lesversants.com\/wp-content\/uploads\/2024\/05\/2023-09_maison-chalet-condo-mont-tremblant-style-de-vie-velo-de-route-Kevin-Lemaire-112-488x326.jpg"},"property-detail-video-image":{"file":"2023-09_maison-chalet-condo-mont-tremblant-style-de-vie-velo-de-route-Kevin-Lemaire-112-818x417.jpg","width":818,"height":417,"mime-type":"image\/jpeg","filesize":65267,"url":"https:\/\/lesversants.com\/wp-content\/uploads\/2024\/05\/2023-09_maison-chalet-condo-mont-tremblant-style-de-vie-velo-de-route-Kevin-Lemaire-112-818x417.jpg"},"agent-image":{"file":"2023-09_maison-chalet-condo-mont-tremblant-style-de-vie-velo-de-route-Kevin-Lemaire-112-210x210.jpg","width":210,"height":210,"mime-type":"image\/jpeg","filesize":12723,"url":"https:\/\/lesversants.com\/wp-content\/uploads\/2024\/05\/2023-09_maison-chalet-condo-mont-tremblant-style-de-vie-velo-de-route-Kevin-Lemaire-112-210x210.jpg"},"partners-logo":{"file":"2023-09_maison-chalet-condo-mont-tremblant-style-de-vie-velo-de-route-Kevin-Lemaire-112-600x1280.jpg","width":600,"height":1280,"mime-type":"image\/jpeg","filesize":123259,"url":"https:\/\/lesversants.com\/wp-content\/uploads\/2024\/05\/2023-09_maison-chalet-condo-mont-tremblant-style-de-vie-velo-de-route-Kevin-Lemaire-112-600x1280.jpg"},"post-featured-image":{"file":"2023-09_maison-chalet-condo-mont-tremblant-style-de-vie-velo-de-route-Kevin-Lemaire-112-1240x720.jpg","width":1240,"height":720,"mime-type":"image\/jpeg","filesize":137325,"url":"https:\/\/lesversants.com\/wp-content\/uploads\/2024\/05\/2023-09_maison-chalet-condo-mont-tremblant-style-de-vie-velo-de-route-Kevin-Lemaire-112-1240x720.jpg"}},"image_meta":{"aperture":"0","credit":"","camera":"","caption":"","created_timestamp":"0","copyright":"Kevin Lemaire","focal_length":"0","iso":"0","shutter_speed":"0","title":"","orientation":"1","keywords":[]},"ID":"42417","name":"2023-09_maison-chalet-condo-mont-tremblant-style-de-vie-velo-de-route-Kevin-Lemaire-112.jpg","path":"\/home\/lesversa\/public_html\/wp-content\/uploads\/2024\/05\/2023-09_maison-chalet-condo-mont-tremblant-style-de-vie-velo-de-route-Kevin-Lemaire-112.jpg","url":"https:\/\/lesversants.com\/wp-content\/uploads\/2024\/05\/2023-09_maison-chalet-condo-mont-tremblant-style-de-vie-velo-de-route-Kevin-Lemaire-112-150x150.jpg","full_url":"https:\/\/lesversants.com\/wp-content\/uploads\/2024\/05\/2023-09_maison-chalet-condo-mont-tremblant-style-de-vie-velo-de-route-Kevin-Lemaire-112.jpg","title":"2023 09 maison chalet condo mont tremblant style de vie velo de route (Kevin Lemaire 112)","caption":"","description":"","alt":"2023 09 maison chalet condo mont tremblant style de vie velo de route (Kevin Lemaire 112)","srcset":"https:\/\/lesversants.com\/wp-content\/uploads\/2024\/05\/2023-09_maison-chalet-condo-mont-tremblant-style-de-vie-velo-de-route-Kevin-Lemaire-112-150x150.jpg 150w, https:\/\/lesversants.com\/wp-content\/uploads\/2024\/05\/2023-09_maison-chalet-condo-mont-tremblant-style-de-vie-velo-de-route-Kevin-Lemaire-112-120x120.jpg 120w, https:\/\/lesversants.com\/wp-content\/uploads\/2024\/05\/2023-09_maison-chalet-condo-mont-tremblant-style-de-vie-velo-de-route-Kevin-Lemaire-112-210x210.jpg 210w"},{"width":150,"height":150,"file":"2025\/05\/Versants-Mont-Tremblant-courtier-immobilier-maison-chalet.jpg","filesize":256835,"sizes":{"medium":{"file":"Versants-Mont-Tremblant-courtier-immobilier-maison-chalet-300x200.jpg","width":300,"height":200,"mime-type":"image\/jpeg","filesize":15154,"url":"https:\/\/lesversants.com\/wp-content\/uploads\/2025\/05\/Versants-Mont-Tremblant-courtier-immobilier-maison-chalet-300x200.jpg"},"large":{"file":"Versants-Mont-Tremblant-courtier-immobilier-maison-chalet-1024x683.jpg","width":1024,"height":683,"mime-type":"image\/jpeg","filesize":96404,"url":"https:\/\/lesversants.com\/wp-content\/uploads\/2025\/05\/Versants-Mont-Tremblant-courtier-immobilier-maison-chalet-1024x683.jpg"},"thumbnail":{"file":"Versants-Mont-Tremblant-courtier-immobilier-maison-chalet-150x150.jpg","width":150,"height":150,"mime-type":"image\/jpeg","filesize":7069,"url":"https:\/\/lesversants.com\/wp-content\/uploads\/2025\/05\/Versants-Mont-Tremblant-courtier-immobilier-maison-chalet-150x150.jpg"},"medium_large":{"file":"Versants-Mont-Tremblant-courtier-immobilier-maison-chalet-768x512.jpg","width":768,"height":512,"mime-type":"image\/jpeg","filesize":62577,"url":"https:\/\/lesversants.com\/wp-content\/uploads\/2025\/05\/Versants-Mont-Tremblant-courtier-immobilier-maison-chalet-768x512.jpg"},"tf-client-image-size":{"file":"Versants-Mont-Tremblant-courtier-immobilier-maison-chalet-120x120.jpg","width":120,"height":120,"mime-type":"image\/jpeg","filesize":4925,"url":"https:\/\/lesversants.com\/wp-content\/uploads\/2025\/05\/Versants-Mont-Tremblant-courtier-immobilier-maison-chalet-120x120.jpg"},"1536x1536":{"file":"Versants-Mont-Tremblant-courtier-immobilier-maison-chalet-1536x1025.jpg","width":1536,"height":1025,"mime-type":"image\/jpeg","filesize":176899,"url":"https:\/\/lesversants.com\/wp-content\/uploads\/2025\/05\/Versants-Mont-Tremblant-courtier-immobilier-maison-chalet-1536x1025.jpg"},"post-thumbnail":{"file":"Versants-Mont-Tremblant-courtier-immobilier-maison-chalet-150x100.jpg","width":150,"height":100,"mime-type":"image\/jpeg","filesize":5242,"url":"https:\/\/lesversants.com\/wp-content\/uploads\/2025\/05\/Versants-Mont-Tremblant-courtier-immobilier-maison-chalet-150x100.jpg"},"modern-property-child-slider":{"file":"Versants-Mont-Tremblant-courtier-immobilier-maison-chalet-680x510.jpg","width":680,"height":510,"mime-type":"image\/jpeg","filesize":56553,"url":"https:\/\/lesversants.com\/wp-content\/uploads\/2025\/05\/Versants-Mont-Tremblant-courtier-immobilier-maison-chalet-680x510.jpg"},"property-thumb-image":{"file":"Versants-Mont-Tremblant-courtier-immobilier-maison-chalet-488x326.jpg","width":488,"height":326,"mime-type":"image\/jpeg","filesize":31796,"url":"https:\/\/lesversants.com\/wp-content\/uploads\/2025\/05\/Versants-Mont-Tremblant-courtier-immobilier-maison-chalet-488x326.jpg"},"property-detail-video-image":{"file":"Versants-Mont-Tremblant-courtier-immobilier-maison-chalet-818x417.jpg","width":818,"height":417,"mime-type":"image\/jpeg","filesize":56956,"url":"https:\/\/lesversants.com\/wp-content\/uploads\/2025\/05\/Versants-Mont-Tremblant-courtier-immobilier-maison-chalet-818x417.jpg"},"agent-image":{"file":"Versants-Mont-Tremblant-courtier-immobilier-maison-chalet-210x210.jpg","width":210,"height":210,"mime-type":"image\/jpeg","filesize":11887,"url":"https:\/\/lesversants.com\/wp-content\/uploads\/2025\/05\/Versants-Mont-Tremblant-courtier-immobilier-maison-chalet-210x210.jpg"},"partners-logo":{"file":"Versants-Mont-Tremblant-courtier-immobilier-maison-chalet-600x1281.jpg","width":600,"height":1281,"mime-type":"image\/jpeg","filesize":84772,"url":"https:\/\/lesversants.com\/wp-content\/uploads\/2025\/05\/Versants-Mont-Tremblant-courtier-immobilier-maison-chalet-600x1281.jpg"},"post-featured-image":{"file":"Versants-Mont-Tremblant-courtier-immobilier-maison-chalet-1240x720.jpg","width":1240,"height":720,"mime-type":"image\/jpeg","filesize":117185,"url":"https:\/\/lesversants.com\/wp-content\/uploads\/2025\/05\/Versants-Mont-Tremblant-courtier-immobilier-maison-chalet-1240x720.jpg"}},"image_meta":{"aperture":"0","credit":"","camera":"","caption":"","created_timestamp":"0","copyright":"","focal_length":"0","iso":"0","shutter_speed":"0","title":"","orientation":"0","keywords":[]},"ID":"56845","name":"Versants-Mont-Tremblant-courtier-immobilier-maison-chalet.jpg","path":"\/home\/lesversa\/public_html\/wp-content\/uploads\/2025\/05\/Versants-Mont-Tremblant-courtier-immobilier-maison-chalet.jpg","url":"https:\/\/lesversants.com\/wp-content\/uploads\/2025\/05\/Versants-Mont-Tremblant-courtier-immobilier-maison-chalet-150x150.jpg","full_url":"https:\/\/lesversants.com\/wp-content\/uploads\/2025\/05\/Versants-Mont-Tremblant-courtier-immobilier-maison-chalet.jpg","title":"Versants Mont Tremblant courtier immobilier maison chalet","caption":"","description":"","alt":"Versants Mont Tremblant courtier immobilier maison chalet","srcset":"https:\/\/lesversants.com\/wp-content\/uploads\/2025\/05\/Versants-Mont-Tremblant-courtier-immobilier-maison-chalet-150x150.jpg 150w, https:\/\/lesversants.com\/wp-content\/uploads\/2025\/05\/Versants-Mont-Tremblant-courtier-immobilier-maison-chalet-120x120.jpg 120w, https:\/\/lesversants.com\/wp-content\/uploads\/2025\/05\/Versants-Mont-Tremblant-courtier-immobilier-maison-chalet-210x210.jpg 210w"},{"width":150,"height":150,"file":"2023\/12\/cafe-et-epicerie-fine-de-quartier-mont-tremblant-1.jpg","filesize":143613,"sizes":{"medium":{"file":"cafe-et-epicerie-fine-de-quartier-mont-tremblant-1-300x200.jpg","width":300,"height":200,"mime-type":"image\/jpeg","filesize":7254,"url":"https:\/\/lesversants.com\/wp-content\/uploads\/2023\/12\/cafe-et-epicerie-fine-de-quartier-mont-tremblant-1-300x200.jpg"},"large":{"file":"cafe-et-epicerie-fine-de-quartier-mont-tremblant-1-1024x683.jpg","width":1024,"height":683,"mime-type":"image\/jpeg","filesize":49766,"url":"https:\/\/lesversants.com\/wp-content\/uploads\/2023\/12\/cafe-et-epicerie-fine-de-quartier-mont-tremblant-1-1024x683.jpg"},"thumbnail":{"file":"cafe-et-epicerie-fine-de-quartier-mont-tremblant-1-150x150.jpg","width":150,"height":150,"mime-type":"image\/jpeg","filesize":3368,"url":"https:\/\/lesversants.com\/wp-content\/uploads\/2023\/12\/cafe-et-epicerie-fine-de-quartier-mont-tremblant-1-150x150.jpg"},"medium_large":{"file":"cafe-et-epicerie-fine-de-quartier-mont-tremblant-1-768x512.jpg","width":768,"height":512,"mime-type":"image\/jpeg","filesize":31372,"url":"https:\/\/lesversants.com\/wp-content\/uploads\/2023\/12\/cafe-et-epicerie-fine-de-quartier-mont-tremblant-1-768x512.jpg"},"tf-client-image-size":{"file":"cafe-et-epicerie-fine-de-quartier-mont-tremblant-1-120x120.jpg","width":120,"height":120,"mime-type":"image\/jpeg","filesize":2480,"url":"https:\/\/lesversants.com\/wp-content\/uploads\/2023\/12\/cafe-et-epicerie-fine-de-quartier-mont-tremblant-1-120x120.jpg"},"1536x1536":{"file":"cafe-et-epicerie-fine-de-quartier-mont-tremblant-1-1536x1024.jpg","width":1536,"height":1024,"mime-type":"image\/jpeg","filesize":95001,"url":"https:\/\/lesversants.com\/wp-content\/uploads\/2023\/12\/cafe-et-epicerie-fine-de-quartier-mont-tremblant-1-1536x1024.jpg"},"post-thumbnail":{"file":"cafe-et-epicerie-fine-de-quartier-mont-tremblant-1-150x100.jpg","width":150,"height":100,"mime-type":"image\/jpeg","filesize":2785,"url":"https:\/\/lesversants.com\/wp-content\/uploads\/2023\/12\/cafe-et-epicerie-fine-de-quartier-mont-tremblant-1-150x100.jpg"},"modern-property-child-slider":{"file":"cafe-et-epicerie-fine-de-quartier-mont-tremblant-1-680x510.jpg","width":680,"height":510,"mime-type":"image\/jpeg","filesize":28658,"url":"https:\/\/lesversants.com\/wp-content\/uploads\/2023\/12\/cafe-et-epicerie-fine-de-quartier-mont-tremblant-1-680x510.jpg"},"property-thumb-image":{"file":"cafe-et-epicerie-fine-de-quartier-mont-tremblant-1-488x326.jpg","width":488,"height":326,"mime-type":"image\/jpeg","filesize":15583,"url":"https:\/\/lesversants.com\/wp-content\/uploads\/2023\/12\/cafe-et-epicerie-fine-de-quartier-mont-tremblant-1-488x326.jpg"},"property-detail-video-image":{"file":"cafe-et-epicerie-fine-de-quartier-mont-tremblant-1-818x417.jpg","width":818,"height":417,"mime-type":"image\/jpeg","filesize":28943,"url":"https:\/\/lesversants.com\/wp-content\/uploads\/2023\/12\/cafe-et-epicerie-fine-de-quartier-mont-tremblant-1-818x417.jpg"},"agent-image":{"file":"cafe-et-epicerie-fine-de-quartier-mont-tremblant-1-210x210.jpg","width":210,"height":210,"mime-type":"image\/jpeg","filesize":5587,"url":"https:\/\/lesversants.com\/wp-content\/uploads\/2023\/12\/cafe-et-epicerie-fine-de-quartier-mont-tremblant-1-210x210.jpg"},"partners-logo":{"file":"cafe-et-epicerie-fine-de-quartier-mont-tremblant-1-600x1280.jpg","width":600,"height":1280,"mime-type":"image\/jpeg","filesize":42667,"url":"https:\/\/lesversants.com\/wp-content\/uploads\/2023\/12\/cafe-et-epicerie-fine-de-quartier-mont-tremblant-1-600x1280.jpg"},"post-featured-image":{"file":"cafe-et-epicerie-fine-de-quartier-mont-tremblant-1-1240x720.jpg","width":1240,"height":720,"mime-type":"image\/jpeg","filesize":61566,"url":"https:\/\/lesversants.com\/wp-content\/uploads\/2023\/12\/cafe-et-epicerie-fine-de-quartier-mont-tremblant-1-1240x720.jpg"}},"image_meta":{"aperture":"0","credit":"","camera":"","caption":"","created_timestamp":"0","copyright":"","focal_length":"0","iso":"0","shutter_speed":"0","title":"","orientation":"0","keywords":[]},"ID":"35988","name":"cafe-et-epicerie-fine-de-quartier-mont-tremblant-1.jpg","path":"\/home\/lesversa\/public_html\/wp-content\/uploads\/2023\/12\/cafe-et-epicerie-fine-de-quartier-mont-tremblant-1.jpg","url":"https:\/\/lesversants.com\/wp-content\/uploads\/2023\/12\/cafe-et-epicerie-fine-de-quartier-mont-tremblant-1-150x150.jpg","full_url":"https:\/\/lesversants.com\/wp-content\/uploads\/2023\/12\/cafe-et-epicerie-fine-de-quartier-mont-tremblant-1.jpg","title":"cafe et epicerie fine de quartier mont tremblant","caption":"","description":"","alt":"cafe et epicerie fine de quartier mont tremblant","srcset":"https:\/\/lesversants.com\/wp-content\/uploads\/2023\/12\/cafe-et-epicerie-fine-de-quartier-mont-tremblant-1-150x150.jpg 150w, https:\/\/lesversants.com\/wp-content\/uploads\/2023\/12\/cafe-et-epicerie-fine-de-quartier-mont-tremblant-1-120x120.jpg 120w, https:\/\/lesversants.com\/wp-content\/uploads\/2023\/12\/cafe-et-epicerie-fine-de-quartier-mont-tremblant-1-210x210.jpg 210w"}],"REAL_HOMES_change_gallery_slider_type":"0","REAL_HOMES_gallery_slider_type":"thumb-on-right","inspiry_floor_plans":[],"inspiry_video_group":[],"REAL_HOMES_360_virtual_tour":"","REAL_HOMES_tour_video_url":"","REAL_HOMES_tour_video_image":[],"REAL_HOMES_agent_display_option":"none","REAL_HOMES_agents":[],"REAL_HOMES_energy_class":"none","REAL_HOMES_energy_performance":"","REAL_HOMES_epc_current_rating":"","REAL_HOMES_epc_potential_rating":"","REAL_HOMES_sticky":"0","inspiry_property_label":"Commercial","inspiry_property_label_color":"#e4c77a","inspiry_property_tax":"0","inspiry_additional_fee":"0","REAL_HOMES_attachments":[],"inspiry_property_owner_name":"","inspiry_property_owner_contact":"","inspiry_property_owner_address":"","REAL_HOMES_property_private_note":"","inspiry_message_to_reviewer":"","REAL_HOMES_add_in_slider":"no","REAL_HOMES_slider_image":[],"REAL_HOMES_page_banner_image":[],"REAL_HOMES_hide_property_advance_search":"0","inspiry_near":""},"_links":{"self":[{"href":"https:\/\/lesversants.com\/fr\/wp-json\/wp\/v2\/property\/56906"}],"collection":[{"href":"https:\/\/lesversants.com\/fr\/wp-json\/wp\/v2\/property"}],"about":[{"href":"https:\/\/lesversants.com\/fr\/wp-json\/wp\/v2\/types\/property"}],"author":[{"embeddable":true,"href":"https:\/\/lesversants.com\/fr\/wp-json\/wp\/v2\/users\/16"}],"version-history":[{"count":3,"href":"https:\/\/lesversants.com\/fr\/wp-json\/wp\/v2\/property\/56906\/revisions"}],"predecessor-version":[{"id":58721,"href":"https:\/\/lesversants.com\/fr\/wp-json\/wp\/v2\/property\/56906\/revisions\/58721"}],"wp:featuredmedia":[{"embeddable":true,"href":"https:\/\/lesversants.com\/fr\/wp-json\/wp\/v2\/media\/56901"}],"wp:attachment":[{"href":"https:\/\/lesversants.com\/fr\/wp-json\/wp\/v2\/media?parent=56906"}],"wp:term":[{"taxonomy":"property-feature","embeddable":true,"href":"https:\/\/lesversants.com\/fr\/wp-json\/wp\/v2\/property-feature?post=56906"},{"taxonomy":"property-type","embeddable":true,"href":"https:\/\/lesversants.com\/fr\/wp-json\/wp\/v2\/property-type?post=56906"},{"taxonomy":"property-city","embeddable":true,"href":"https:\/\/lesversants.com\/fr\/wp-json\/wp\/v2\/property-location?post=56906"},{"taxonomy":"property-status","embeddable":true,"href":"https:\/\/lesversants.com\/fr\/wp-json\/wp\/v2\/property-status?post=56906"},{"taxonomy":"projects","embeddable":true,"href":"https:\/\/lesversants.com\/fr\/wp-json\/wp\/v2\/projects?post=56906"},{"taxonomy":"lifestyle","embeddable":true,"href":"https:\/\/lesversants.com\/fr\/wp-json\/wp\/v2\/lifestyle?post=56906"},{"taxonomy":"short_term_rental","embeddable":true,"href":"https:\/\/lesversants.com\/fr\/wp-json\/wp\/v2\/short_term_rental?post=56906"},{"taxonomy":"city","embeddable":true,"href":"https:\/\/lesversants.com\/fr\/wp-json\/wp\/v2\/city?post=56906"},{"taxonomy":"mont_tremblant_sector","embeddable":true,"href":"https:\/\/lesversants.com\/fr\/wp-json\/wp\/v2\/mont_tremblant_sector?post=56906"},{"taxonomy":"domaine","embeddable":true,"href":"https:\/\/lesversants.com\/fr\/wp-json\/wp\/v2\/domaine?post=56906"},{"taxonomy":"property_type","embeddable":true,"href":"https:\/\/lesversants.com\/fr\/wp-json\/wp\/v2\/property_type?post=56906"},{"taxonomy":"active_inactive","embeddable":true,"href":"https:\/\/lesversants.com\/fr\/wp-json\/wp\/v2\/active_inactive?post=56906"},{"taxonomy":"rental","embeddable":true,"href":"https:\/\/lesversants.com\/fr\/wp-json\/wp\/v2\/rental?post=56906"}],"curies":[{"name":"wp","href":"https:\/\/api.w.org\/{rel}","templated":true}]}}