{"id":66665,"date":"2026-03-04T14:27:24","date_gmt":"2026-03-04T19:27:24","guid":{"rendered":"https:\/\/lesversants.com\/property\/verbier-fully-equipped-condo-with-short-term-rental-allowed-for-sale-in-mont-tremblant\/"},"modified":"2026-04-08T10:13:15","modified_gmt":"2026-04-08T14:13:15","slug":"verbier-condo-entierement-equipe-court-terme-a-vendre-mont-tremblant","status":"publish","type":"property","link":"https:\/\/lesversants.com\/fr\/propriete\/verbier-condo-entierement-equipe-court-terme-a-vendre-mont-tremblant\/","title":{"rendered":"VERBIER | Condo enti\u00e8rement \u00e9quip\u00e9 avec location \u00e0 court terme permise \u00e0 vendre \u00e0 Mont-Tremblant"},"content":{"rendered":"<p>Condo superbement meubl\u00e9 et \u00e9quip\u00e9 avec vue panoramique sur la montagne avec location court terme permise de 3 chambres \u00e0 coucher, 2 salles de bains sur 1 648 pi2.<\/p>\n<h4>Localisation<\/h4>\n<p>Domaine du G\u00e9ant, \u00e0 1.5km des pistes, b\u00e2timent en premi\u00e8re rang\u00e9e avec vue sans obstruction!<\/p>\n<h4>Petits luxes de la vie<\/h4>\n<p>Tr\u00e8s grand condo, cuisine avec bar \u00e0 caf\u00e9\/cocktail, walk-in dans la ch., chauf. central, foyer et BBQ au gaz naturel, grand balcon priv\u00e9 couvert, planchers bois d&#8217;ing\u00e9nierie, plancher radiants dans salle de bain, A\/C, (2) stationnements couverts, rangement pour skis et v\u00e9lo.<\/p>\n<h4>Commodit\u00e9s<\/h4>\n<p>Spa nordique: piscine, sauna, spas, gym et navette. In\/out : Fatbike, v\u00e9lo de montagne, randonn\u00e9e, raquette.<\/p>\n","protected":false},"excerpt":{"rendered":"<p>Condo superbement meubl\u00e9 et \u00e9quip\u00e9 avec vue panoramique sur la montagne avec location court terme permise de 3 chambres \u00e0 coucher, 2 salles de bains sur 1 648 pi2. Localisation Domaine du G\u00e9ant, \u00e0 1.5km des pistes, b\u00e2timent en premi\u00e8re rang\u00e9e avec vue sans obstruction! Petits luxes de la vie Tr\u00e8s grand condo, cuisine avec&#8230;<\/p>\n","protected":false},"author":16,"featured_media":66644,"parent":0,"menu_order":0,"template":"","property-feature":[306,236,224,223,308,229,228,230,227,238,231,233,235],"property-type":[325],"property-location":[],"property-status":[80],"projects":[300],"lifestyle":[105,475,275,111,108,109],"short_term_rental":[116],"city":[165],"mont_tremblant_sector":[171],"domaine":[184],"property_type":[530,194],"active_inactive":[201],"rental":[],"yoast_head":"<!-- This site is optimized with the Yoast SEO plugin v22.0 - https:\/\/yoast.com\/wordpress\/plugins\/seo\/ -->\n<title>Verbier - condo location court terme | Versants Mont-Tremblant<\/title>\n<meta name=\"description\" content=\"Magnifique condo situ\u00e9 sur le Domaine du G\u00e9ant, \u00e0 1.5km des pistes, b\u00e2timent en premi\u00e8re rang\u00e9e avec vue sans obstruction!\" \/>\n<meta name=\"robots\" content=\"index, follow, max-snippet:-1, max-image-preview:large, max-video-preview:-1\" \/>\n<link rel=\"canonical\" href=\"https:\/\/lesversants.com\/fr\/propriete\/verbier-condo-entierement-equipe-court-terme-a-vendre-mont-tremblant\/\" \/>\n<meta property=\"og:locale\" content=\"fr_FR\" \/>\n<meta property=\"og:type\" content=\"article\" \/>\n<meta property=\"og:title\" content=\"Verbier - condo location court terme | Versants Mont-Tremblant\" \/>\n<meta property=\"og:description\" content=\"Magnifique condo situ\u00e9 sur le Domaine du G\u00e9ant, \u00e0 1.5km des pistes, b\u00e2timent en premi\u00e8re rang\u00e9e avec vue sans obstruction!\" \/>\n<meta property=\"og:url\" content=\"https:\/\/lesversants.com\/fr\/propriete\/verbier-condo-entierement-equipe-court-terme-a-vendre-mont-tremblant\/\" \/>\n<meta property=\"og:site_name\" content=\"Versants Mont-Tremblant\" \/>\n<meta property=\"article:modified_time\" content=\"2026-04-08T14:13:15+00:00\" \/>\n<meta property=\"og:image\" content=\"https:\/\/lesversants.com\/wp-content\/uploads\/2026\/03\/grand-condo-3-chambres-vue-panoramique-location-court-terme-1.jpg\" \/>\n\t<meta property=\"og:image:width\" content=\"1920\" \/>\n\t<meta property=\"og:image:height\" content=\"1440\" \/>\n\t<meta property=\"og:image:type\" content=\"image\/jpeg\" \/>\n<meta name=\"twitter:card\" content=\"summary_large_image\" \/>\n<meta name=\"twitter:label1\" content=\"Dur\u00e9e de lecture estim\u00e9e\" \/>\n\t<meta name=\"twitter:data1\" content=\"1 minute\" \/>\n<script type=\"application\/ld+json\" class=\"yoast-schema-graph\">{\"@context\":\"https:\/\/schema.org\",\"@graph\":[{\"@type\":\"WebPage\",\"@id\":\"https:\/\/lesversants.com\/fr\/propriete\/verbier-condo-entierement-equipe-court-terme-a-vendre-mont-tremblant\/\",\"url\":\"https:\/\/lesversants.com\/fr\/propriete\/verbier-condo-entierement-equipe-court-terme-a-vendre-mont-tremblant\/\",\"name\":\"Verbier - condo location court terme | Versants Mont-Tremblant\",\"isPartOf\":{\"@id\":\"https:\/\/lesversants.com\/#website\"},\"datePublished\":\"2026-03-04T19:27:24+00:00\",\"dateModified\":\"2026-04-08T14:13:15+00:00\",\"description\":\"Magnifique condo situ\u00e9 sur le Domaine du G\u00e9ant, \u00e0 1.5km des pistes, b\u00e2timent en premi\u00e8re rang\u00e9e avec vue sans obstruction!\",\"breadcrumb\":{\"@id\":\"https:\/\/lesversants.com\/fr\/propriete\/verbier-condo-entierement-equipe-court-terme-a-vendre-mont-tremblant\/#breadcrumb\"},\"inLanguage\":\"fr-FR\",\"potentialAction\":[{\"@type\":\"ReadAction\",\"target\":[\"https:\/\/lesversants.com\/fr\/propriete\/verbier-condo-entierement-equipe-court-terme-a-vendre-mont-tremblant\/\"]}]},{\"@type\":\"BreadcrumbList\",\"@id\":\"https:\/\/lesversants.com\/fr\/propriete\/verbier-condo-entierement-equipe-court-terme-a-vendre-mont-tremblant\/#breadcrumb\",\"itemListElement\":[{\"@type\":\"ListItem\",\"position\":1,\"name\":\"Home\",\"item\":\"https:\/\/lesversants.com\/fr\/\"},{\"@type\":\"ListItem\",\"position\":2,\"name\":\"Properties\",\"item\":\"https:\/\/lesversants.com\/property\/\"},{\"@type\":\"ListItem\",\"position\":3,\"name\":\"VERBIER | Condo enti\u00e8rement \u00e9quip\u00e9 avec location \u00e0 court terme permise \u00e0 vendre \u00e0 Mont-Tremblant\"}]},{\"@type\":\"WebSite\",\"@id\":\"https:\/\/lesversants.com\/#website\",\"url\":\"https:\/\/lesversants.com\/\",\"name\":\"Versants Mont-Tremblant\",\"description\":\"Agence immobili\u00e8re\",\"publisher\":{\"@id\":\"https:\/\/lesversants.com\/#organization\"},\"potentialAction\":[{\"@type\":\"SearchAction\",\"target\":{\"@type\":\"EntryPoint\",\"urlTemplate\":\"https:\/\/lesversants.com\/?s={search_term_string}\"},\"query-input\":\"required name=search_term_string\"}],\"inLanguage\":\"fr-FR\"},{\"@type\":\"Organization\",\"@id\":\"https:\/\/lesversants.com\/#organization\",\"name\":\"Les Versants Mont-Tremblant\",\"url\":\"https:\/\/lesversants.com\/\",\"logo\":{\"@type\":\"ImageObject\",\"inLanguage\":\"fr-FR\",\"@id\":\"https:\/\/lesversants.com\/#\/schema\/logo\/image\/\",\"url\":\"https:\/\/lesversants.com\/wp-content\/uploads\/2022\/01\/logo-versants.svg\",\"contentUrl\":\"https:\/\/lesversants.com\/wp-content\/uploads\/2022\/01\/logo-versants.svg\",\"width\":1,\"height\":1,\"caption\":\"Les Versants Mont-Tremblant\"},\"image\":{\"@id\":\"https:\/\/lesversants.com\/#\/schema\/logo\/image\/\"}}]}<\/script>\n<!-- \/ Yoast SEO plugin. -->","yoast_head_json":{"title":"Verbier - condo location court terme | Versants Mont-Tremblant","description":"Magnifique condo situ\u00e9 sur le Domaine du G\u00e9ant, \u00e0 1.5km des pistes, b\u00e2timent en premi\u00e8re rang\u00e9e avec vue sans obstruction!","robots":{"index":"index","follow":"follow","max-snippet":"max-snippet:-1","max-image-preview":"max-image-preview:large","max-video-preview":"max-video-preview:-1"},"canonical":"https:\/\/lesversants.com\/fr\/propriete\/verbier-condo-entierement-equipe-court-terme-a-vendre-mont-tremblant\/","og_locale":"fr_FR","og_type":"article","og_title":"Verbier - condo location court terme | Versants Mont-Tremblant","og_description":"Magnifique condo situ\u00e9 sur le Domaine du G\u00e9ant, \u00e0 1.5km des pistes, b\u00e2timent en premi\u00e8re rang\u00e9e avec vue sans obstruction!","og_url":"https:\/\/lesversants.com\/fr\/propriete\/verbier-condo-entierement-equipe-court-terme-a-vendre-mont-tremblant\/","og_site_name":"Versants Mont-Tremblant","article_modified_time":"2026-04-08T14:13:15+00:00","og_image":[{"width":1920,"height":1440,"url":"https:\/\/lesversants.com\/wp-content\/uploads\/2026\/03\/grand-condo-3-chambres-vue-panoramique-location-court-terme-1.jpg","type":"image\/jpeg"}],"twitter_card":"summary_large_image","twitter_misc":{"Dur\u00e9e de lecture estim\u00e9e":"1 minute"},"schema":{"@context":"https:\/\/schema.org","@graph":[{"@type":"WebPage","@id":"https:\/\/lesversants.com\/fr\/propriete\/verbier-condo-entierement-equipe-court-terme-a-vendre-mont-tremblant\/","url":"https:\/\/lesversants.com\/fr\/propriete\/verbier-condo-entierement-equipe-court-terme-a-vendre-mont-tremblant\/","name":"Verbier - condo location court terme | Versants Mont-Tremblant","isPartOf":{"@id":"https:\/\/lesversants.com\/#website"},"datePublished":"2026-03-04T19:27:24+00:00","dateModified":"2026-04-08T14:13:15+00:00","description":"Magnifique condo situ\u00e9 sur le Domaine du G\u00e9ant, \u00e0 1.5km des pistes, b\u00e2timent en premi\u00e8re rang\u00e9e avec vue sans obstruction!","breadcrumb":{"@id":"https:\/\/lesversants.com\/fr\/propriete\/verbier-condo-entierement-equipe-court-terme-a-vendre-mont-tremblant\/#breadcrumb"},"inLanguage":"fr-FR","potentialAction":[{"@type":"ReadAction","target":["https:\/\/lesversants.com\/fr\/propriete\/verbier-condo-entierement-equipe-court-terme-a-vendre-mont-tremblant\/"]}]},{"@type":"BreadcrumbList","@id":"https:\/\/lesversants.com\/fr\/propriete\/verbier-condo-entierement-equipe-court-terme-a-vendre-mont-tremblant\/#breadcrumb","itemListElement":[{"@type":"ListItem","position":1,"name":"Home","item":"https:\/\/lesversants.com\/fr\/"},{"@type":"ListItem","position":2,"name":"Properties","item":"https:\/\/lesversants.com\/property\/"},{"@type":"ListItem","position":3,"name":"VERBIER | Condo enti\u00e8rement \u00e9quip\u00e9 avec location \u00e0 court terme permise \u00e0 vendre \u00e0 Mont-Tremblant"}]},{"@type":"WebSite","@id":"https:\/\/lesversants.com\/#website","url":"https:\/\/lesversants.com\/","name":"Versants Mont-Tremblant","description":"Agence immobili\u00e8re","publisher":{"@id":"https:\/\/lesversants.com\/#organization"},"potentialAction":[{"@type":"SearchAction","target":{"@type":"EntryPoint","urlTemplate":"https:\/\/lesversants.com\/?s={search_term_string}"},"query-input":"required name=search_term_string"}],"inLanguage":"fr-FR"},{"@type":"Organization","@id":"https:\/\/lesversants.com\/#organization","name":"Les Versants Mont-Tremblant","url":"https:\/\/lesversants.com\/","logo":{"@type":"ImageObject","inLanguage":"fr-FR","@id":"https:\/\/lesversants.com\/#\/schema\/logo\/image\/","url":"https:\/\/lesversants.com\/wp-content\/uploads\/2022\/01\/logo-versants.svg","contentUrl":"https:\/\/lesversants.com\/wp-content\/uploads\/2022\/01\/logo-versants.svg","width":1,"height":1,"caption":"Les Versants Mont-Tremblant"},"image":{"@id":"https:\/\/lesversants.com\/#\/schema\/logo\/image\/"}}]}},"property_meta":{"REAL_HOMES_property_price":"1149000","REAL_HOMES_property_old_price":"","REAL_HOMES_property_price_prefix":"","REAL_HOMES_property_price_postfix":"","REAL_HOMES_property_size":"1 648","REAL_HOMES_property_size_postfix":"pi2","REAL_HOMES_property_lot_size":"","REAL_HOMES_property_lot_size_postfix":"","REAL_HOMES_property_bedrooms":"3","REAL_HOMES_property_bathrooms":"2","REAL_HOMES_property_garage":"1","REAL_HOMES_property_id":"17570547","REAL_HOMES_property_year_built":"2023","REAL_HOMES_featured":"0","REAL_HOMES_additional_details_list":[["Type de copropri\u00e9t\u00e9","Vertical"],["Styles de vie \u00e0 proximit\u00e9s","Parcours de v\u00e9lo Ironman, SUR le golf le G\u00e9ant"],["Privil\u00e8ges aux propri\u00e9taires","Club des Montagnards (conditions applicables)"]],"REAL_HOMES_property_location":{"latitude":"46.201651350182","longitude":"-74.590194225311","zoom":"16"},"REAL_HOMES_property_address":"2010-103, all\u00e9e du Val-de-Bagnes, Mont-Tremblant","REAL_HOMES_property_map":"0","REAL_HOMES_property_images":[{"width":150,"height":150,"file":"2026\/03\/grand-condo-3-chambres-vue-panoramique-location-court-terme-1.jpg","filesize":545276,"sizes":{"medium":{"file":"grand-condo-3-chambres-vue-panoramique-location-court-terme-1-300x225.jpg","width":300,"height":225,"mime-type":"image\/jpeg","filesize":19547,"url":"https:\/\/lesversants.com\/wp-content\/uploads\/2026\/03\/grand-condo-3-chambres-vue-panoramique-location-court-terme-1-300x225.jpg"},"large":{"file":"grand-condo-3-chambres-vue-panoramique-location-court-terme-1-1024x768.jpg","width":1024,"height":768,"mime-type":"image\/jpeg","filesize":164160,"url":"https:\/\/lesversants.com\/wp-content\/uploads\/2026\/03\/grand-condo-3-chambres-vue-panoramique-location-court-terme-1-1024x768.jpg"},"thumbnail":{"file":"grand-condo-3-chambres-vue-panoramique-location-court-terme-1-150x150.jpg","width":150,"height":150,"mime-type":"image\/jpeg","filesize":7766,"url":"https:\/\/lesversants.com\/wp-content\/uploads\/2026\/03\/grand-condo-3-chambres-vue-panoramique-location-court-terme-1-150x150.jpg"},"medium_large":{"file":"grand-condo-3-chambres-vue-panoramique-location-court-terme-1-768x576.jpg","width":768,"height":576,"mime-type":"image\/jpeg","filesize":100430,"url":"https:\/\/lesversants.com\/wp-content\/uploads\/2026\/03\/grand-condo-3-chambres-vue-panoramique-location-court-terme-1-768x576.jpg"},"tf-client-image-size":{"file":"grand-condo-3-chambres-vue-panoramique-location-court-terme-1-120x120.jpg","width":120,"height":120,"mime-type":"image\/jpeg","filesize":5178,"url":"https:\/\/lesversants.com\/wp-content\/uploads\/2026\/03\/grand-condo-3-chambres-vue-panoramique-location-court-terme-1-120x120.jpg"},"1536x1536":{"file":"grand-condo-3-chambres-vue-panoramique-location-court-terme-1-1536x1152.jpg","width":1536,"height":1152,"mime-type":"image\/jpeg","filesize":332542,"url":"https:\/\/lesversants.com\/wp-content\/uploads\/2026\/03\/grand-condo-3-chambres-vue-panoramique-location-court-terme-1-1536x1152.jpg"},"post-thumbnail":{"file":"grand-condo-3-chambres-vue-panoramique-location-court-terme-1-150x113.jpg","width":150,"height":113,"mime-type":"image\/jpeg","filesize":6114,"url":"https:\/\/lesversants.com\/wp-content\/uploads\/2026\/03\/grand-condo-3-chambres-vue-panoramique-location-court-terme-1-150x113.jpg"},"modern-property-child-slider":{"file":"grand-condo-3-chambres-vue-panoramique-location-court-terme-1-680x510.jpg","width":680,"height":510,"mime-type":"image\/jpeg","filesize":80631,"url":"https:\/\/lesversants.com\/wp-content\/uploads\/2026\/03\/grand-condo-3-chambres-vue-panoramique-location-court-terme-1-680x510.jpg"},"property-thumb-image":{"file":"grand-condo-3-chambres-vue-panoramique-location-court-terme-1-488x326.jpg","width":488,"height":326,"mime-type":"image\/jpeg","filesize":41901,"url":"https:\/\/lesversants.com\/wp-content\/uploads\/2026\/03\/grand-condo-3-chambres-vue-panoramique-location-court-terme-1-488x326.jpg"},"property-detail-video-image":{"file":"grand-condo-3-chambres-vue-panoramique-location-court-terme-1-818x417.jpg","width":818,"height":417,"mime-type":"image\/jpeg","filesize":91461,"url":"https:\/\/lesversants.com\/wp-content\/uploads\/2026\/03\/grand-condo-3-chambres-vue-panoramique-location-court-terme-1-818x417.jpg"},"agent-image":{"file":"grand-condo-3-chambres-vue-panoramique-location-court-terme-1-210x210.jpg","width":210,"height":210,"mime-type":"image\/jpeg","filesize":13423,"url":"https:\/\/lesversants.com\/wp-content\/uploads\/2026\/03\/grand-condo-3-chambres-vue-panoramique-location-court-terme-1-210x210.jpg"},"partners-logo":{"file":"grand-condo-3-chambres-vue-panoramique-location-court-terme-1-600x1440.jpg","width":600,"height":1440,"mime-type":"image\/jpeg","filesize":181075,"url":"https:\/\/lesversants.com\/wp-content\/uploads\/2026\/03\/grand-condo-3-chambres-vue-panoramique-location-court-terme-1-600x1440.jpg"},"post-featured-image":{"file":"grand-condo-3-chambres-vue-panoramique-location-court-terme-1-1240x720.jpg","width":1240,"height":720,"mime-type":"image\/jpeg","filesize":201348,"url":"https:\/\/lesversants.com\/wp-content\/uploads\/2026\/03\/grand-condo-3-chambres-vue-panoramique-location-court-terme-1-1240x720.jpg"},"cmplz_banner_image":{"file":"grand-condo-3-chambres-vue-panoramique-location-court-terme-1-350x100.jpg","width":350,"height":100,"mime-type":"image\/jpeg","filesize":12914,"url":"https:\/\/lesversants.com\/wp-content\/uploads\/2026\/03\/grand-condo-3-chambres-vue-panoramique-location-court-terme-1-350x100.jpg"}},"image_meta":{"aperture":"0","credit":"","camera":"","caption":"","created_timestamp":"0","copyright":"","focal_length":"0","iso":"0","shutter_speed":"0","title":"","orientation":"0","keywords":[]},"ID":"66643","name":"grand-condo-3-chambres-vue-panoramique-location-court-terme-1.jpg","path":"\/home\/lesversa\/public_html\/wp-content\/uploads\/2026\/03\/grand-condo-3-chambres-vue-panoramique-location-court-terme-1.jpg","url":"https:\/\/lesversants.com\/wp-content\/uploads\/2026\/03\/grand-condo-3-chambres-vue-panoramique-location-court-terme-1-150x150.jpg","full_url":"https:\/\/lesversants.com\/wp-content\/uploads\/2026\/03\/grand-condo-3-chambres-vue-panoramique-location-court-terme-1.jpg","title":"grand condo 3 chambres vue panoramique location court terme 1","caption":"","description":"","alt":"grand condo 3 chambres vue panoramique location court terme 1","srcset":"https:\/\/lesversants.com\/wp-content\/uploads\/2026\/03\/grand-condo-3-chambres-vue-panoramique-location-court-terme-1-150x150.jpg 150w, https:\/\/lesversants.com\/wp-content\/uploads\/2026\/03\/grand-condo-3-chambres-vue-panoramique-location-court-terme-1-120x120.jpg 120w, https:\/\/lesversants.com\/wp-content\/uploads\/2026\/03\/grand-condo-3-chambres-vue-panoramique-location-court-terme-1-210x210.jpg 210w"},{"width":150,"height":150,"file":"2026\/03\/grand-condo-3-chambres-vue-panoramique-location-court-terme-32.jpg","filesize":368334,"sizes":{"medium":{"file":"grand-condo-3-chambres-vue-panoramique-location-court-terme-32-300x200.jpg","width":300,"height":200,"mime-type":"image\/jpeg","filesize":14073,"url":"https:\/\/lesversants.com\/wp-content\/uploads\/2026\/03\/grand-condo-3-chambres-vue-panoramique-location-court-terme-32-300x200.jpg"},"large":{"file":"grand-condo-3-chambres-vue-panoramique-location-court-terme-32-1024x684.jpg","width":1024,"height":684,"mime-type":"image\/jpeg","filesize":119991,"url":"https:\/\/lesversants.com\/wp-content\/uploads\/2026\/03\/grand-condo-3-chambres-vue-panoramique-location-court-terme-32-1024x684.jpg"},"thumbnail":{"file":"grand-condo-3-chambres-vue-panoramique-location-court-terme-32-150x150.jpg","width":150,"height":150,"mime-type":"image\/jpeg","filesize":6779,"url":"https:\/\/lesversants.com\/wp-content\/uploads\/2026\/03\/grand-condo-3-chambres-vue-panoramique-location-court-terme-32-150x150.jpg"},"medium_large":{"file":"grand-condo-3-chambres-vue-panoramique-location-court-terme-32-768x513.jpg","width":768,"height":513,"mime-type":"image\/jpeg","filesize":72874,"url":"https:\/\/lesversants.com\/wp-content\/uploads\/2026\/03\/grand-condo-3-chambres-vue-panoramique-location-court-terme-32-768x513.jpg"},"tf-client-image-size":{"file":"grand-condo-3-chambres-vue-panoramique-location-court-terme-32-120x120.jpg","width":120,"height":120,"mime-type":"image\/jpeg","filesize":4676,"url":"https:\/\/lesversants.com\/wp-content\/uploads\/2026\/03\/grand-condo-3-chambres-vue-panoramique-location-court-terme-32-120x120.jpg"},"1536x1536":{"file":"grand-condo-3-chambres-vue-panoramique-location-court-terme-32-1536x1026.jpg","width":1536,"height":1026,"mime-type":"image\/jpeg","filesize":237786,"url":"https:\/\/lesversants.com\/wp-content\/uploads\/2026\/03\/grand-condo-3-chambres-vue-panoramique-location-court-terme-32-1536x1026.jpg"},"post-thumbnail":{"file":"grand-condo-3-chambres-vue-panoramique-location-court-terme-32-150x100.jpg","width":150,"height":100,"mime-type":"image\/jpeg","filesize":4736,"url":"https:\/\/lesversants.com\/wp-content\/uploads\/2026\/03\/grand-condo-3-chambres-vue-panoramique-location-court-terme-32-150x100.jpg"},"modern-property-child-slider":{"file":"grand-condo-3-chambres-vue-panoramique-location-court-terme-32-680x510.jpg","width":680,"height":510,"mime-type":"image\/jpeg","filesize":67282,"url":"https:\/\/lesversants.com\/wp-content\/uploads\/2026\/03\/grand-condo-3-chambres-vue-panoramique-location-court-terme-32-680x510.jpg"},"property-thumb-image":{"file":"grand-condo-3-chambres-vue-panoramique-location-court-terme-32-488x326.jpg","width":488,"height":326,"mime-type":"image\/jpeg","filesize":32485,"url":"https:\/\/lesversants.com\/wp-content\/uploads\/2026\/03\/grand-condo-3-chambres-vue-panoramique-location-court-terme-32-488x326.jpg"},"property-detail-video-image":{"file":"grand-condo-3-chambres-vue-panoramique-location-court-terme-32-818x417.jpg","width":818,"height":417,"mime-type":"image\/jpeg","filesize":63602,"url":"https:\/\/lesversants.com\/wp-content\/uploads\/2026\/03\/grand-condo-3-chambres-vue-panoramique-location-court-terme-32-818x417.jpg"},"agent-image":{"file":"grand-condo-3-chambres-vue-panoramique-location-court-terme-32-210x210.jpg","width":210,"height":210,"mime-type":"image\/jpeg","filesize":11976,"url":"https:\/\/lesversants.com\/wp-content\/uploads\/2026\/03\/grand-condo-3-chambres-vue-panoramique-location-court-terme-32-210x210.jpg"},"partners-logo":{"file":"grand-condo-3-chambres-vue-panoramique-location-court-terme-32-600x1282.jpg","width":600,"height":1282,"mime-type":"image\/jpeg","filesize":157336,"url":"https:\/\/lesversants.com\/wp-content\/uploads\/2026\/03\/grand-condo-3-chambres-vue-panoramique-location-court-terme-32-600x1282.jpg"},"post-featured-image":{"file":"grand-condo-3-chambres-vue-panoramique-location-court-terme-32-1240x720.jpg","width":1240,"height":720,"mime-type":"image\/jpeg","filesize":145006,"url":"https:\/\/lesversants.com\/wp-content\/uploads\/2026\/03\/grand-condo-3-chambres-vue-panoramique-location-court-terme-32-1240x720.jpg"},"cmplz_banner_image":{"file":"grand-condo-3-chambres-vue-panoramique-location-court-terme-32-350x100.jpg","width":350,"height":100,"mime-type":"image\/jpeg","filesize":9770,"url":"https:\/\/lesversants.com\/wp-content\/uploads\/2026\/03\/grand-condo-3-chambres-vue-panoramique-location-court-terme-32-350x100.jpg"}},"image_meta":{"aperture":"0","credit":"","camera":"","caption":"","created_timestamp":"0","copyright":"","focal_length":"0","iso":"0","shutter_speed":"0","title":"","orientation":"0","keywords":[]},"ID":"66621","name":"grand-condo-3-chambres-vue-panoramique-location-court-terme-32.jpg","path":"\/home\/lesversa\/public_html\/wp-content\/uploads\/2026\/03\/grand-condo-3-chambres-vue-panoramique-location-court-terme-32.jpg","url":"https:\/\/lesversants.com\/wp-content\/uploads\/2026\/03\/grand-condo-3-chambres-vue-panoramique-location-court-terme-32-150x150.jpg","full_url":"https:\/\/lesversants.com\/wp-content\/uploads\/2026\/03\/grand-condo-3-chambres-vue-panoramique-location-court-terme-32.jpg","title":"grand condo 3 chambres vue panoramique location court terme 32","caption":"","description":"","alt":"grand condo 3 chambres vue panoramique location court terme 32","srcset":"https:\/\/lesversants.com\/wp-content\/uploads\/2026\/03\/grand-condo-3-chambres-vue-panoramique-location-court-terme-32-150x150.jpg 150w, https:\/\/lesversants.com\/wp-content\/uploads\/2026\/03\/grand-condo-3-chambres-vue-panoramique-location-court-terme-32-120x120.jpg 120w, https:\/\/lesversants.com\/wp-content\/uploads\/2026\/03\/grand-condo-3-chambres-vue-panoramique-location-court-terme-32-210x210.jpg 210w"},{"width":150,"height":150,"file":"2026\/03\/grand-condo-3-chambres-vue-panoramique-location-court-terme-19.jpg","filesize":248428,"sizes":{"medium":{"file":"grand-condo-3-chambres-vue-panoramique-location-court-terme-19-300x200.jpg","width":300,"height":200,"mime-type":"image\/jpeg","filesize":10970,"url":"https:\/\/lesversants.com\/wp-content\/uploads\/2026\/03\/grand-condo-3-chambres-vue-panoramique-location-court-terme-19-300x200.jpg"},"large":{"file":"grand-condo-3-chambres-vue-panoramique-location-court-terme-19-1024x684.jpg","width":1024,"height":684,"mime-type":"image\/jpeg","filesize":82654,"url":"https:\/\/lesversants.com\/wp-content\/uploads\/2026\/03\/grand-condo-3-chambres-vue-panoramique-location-court-terme-19-1024x684.jpg"},"thumbnail":{"file":"grand-condo-3-chambres-vue-panoramique-location-court-terme-19-150x150.jpg","width":150,"height":150,"mime-type":"image\/jpeg","filesize":5748,"url":"https:\/\/lesversants.com\/wp-content\/uploads\/2026\/03\/grand-condo-3-chambres-vue-panoramique-location-court-terme-19-150x150.jpg"},"medium_large":{"file":"grand-condo-3-chambres-vue-panoramique-location-court-terme-19-768x513.jpg","width":768,"height":513,"mime-type":"image\/jpeg","filesize":51250,"url":"https:\/\/lesversants.com\/wp-content\/uploads\/2026\/03\/grand-condo-3-chambres-vue-panoramique-location-court-terme-19-768x513.jpg"},"tf-client-image-size":{"file":"grand-condo-3-chambres-vue-panoramique-location-court-terme-19-120x120.jpg","width":120,"height":120,"mime-type":"image\/jpeg","filesize":4005,"url":"https:\/\/lesversants.com\/wp-content\/uploads\/2026\/03\/grand-condo-3-chambres-vue-panoramique-location-court-terme-19-120x120.jpg"},"1536x1536":{"file":"grand-condo-3-chambres-vue-panoramique-location-court-terme-19-1536x1026.jpg","width":1536,"height":1026,"mime-type":"image\/jpeg","filesize":161635,"url":"https:\/\/lesversants.com\/wp-content\/uploads\/2026\/03\/grand-condo-3-chambres-vue-panoramique-location-court-terme-19-1536x1026.jpg"},"post-thumbnail":{"file":"grand-condo-3-chambres-vue-panoramique-location-court-terme-19-150x100.jpg","width":150,"height":100,"mime-type":"image\/jpeg","filesize":3941,"url":"https:\/\/lesversants.com\/wp-content\/uploads\/2026\/03\/grand-condo-3-chambres-vue-panoramique-location-court-terme-19-150x100.jpg"},"modern-property-child-slider":{"file":"grand-condo-3-chambres-vue-panoramique-location-court-terme-19-680x510.jpg","width":680,"height":510,"mime-type":"image\/jpeg","filesize":46585,"url":"https:\/\/lesversants.com\/wp-content\/uploads\/2026\/03\/grand-condo-3-chambres-vue-panoramique-location-court-terme-19-680x510.jpg"},"property-thumb-image":{"file":"grand-condo-3-chambres-vue-panoramique-location-court-terme-19-488x326.jpg","width":488,"height":326,"mime-type":"image\/jpeg","filesize":23853,"url":"https:\/\/lesversants.com\/wp-content\/uploads\/2026\/03\/grand-condo-3-chambres-vue-panoramique-location-court-terme-19-488x326.jpg"},"property-detail-video-image":{"file":"grand-condo-3-chambres-vue-panoramique-location-court-terme-19-818x417.jpg","width":818,"height":417,"mime-type":"image\/jpeg","filesize":45105,"url":"https:\/\/lesversants.com\/wp-content\/uploads\/2026\/03\/grand-condo-3-chambres-vue-panoramique-location-court-terme-19-818x417.jpg"},"agent-image":{"file":"grand-condo-3-chambres-vue-panoramique-location-court-terme-19-210x210.jpg","width":210,"height":210,"mime-type":"image\/jpeg","filesize":9547,"url":"https:\/\/lesversants.com\/wp-content\/uploads\/2026\/03\/grand-condo-3-chambres-vue-panoramique-location-court-terme-19-210x210.jpg"},"partners-logo":{"file":"grand-condo-3-chambres-vue-panoramique-location-court-terme-19-600x1282.jpg","width":600,"height":1282,"mime-type":"image\/jpeg","filesize":104017,"url":"https:\/\/lesversants.com\/wp-content\/uploads\/2026\/03\/grand-condo-3-chambres-vue-panoramique-location-court-terme-19-600x1282.jpg"},"post-featured-image":{"file":"grand-condo-3-chambres-vue-panoramique-location-court-terme-19-1240x720.jpg","width":1240,"height":720,"mime-type":"image\/jpeg","filesize":99928,"url":"https:\/\/lesversants.com\/wp-content\/uploads\/2026\/03\/grand-condo-3-chambres-vue-panoramique-location-court-terme-19-1240x720.jpg"},"cmplz_banner_image":{"file":"grand-condo-3-chambres-vue-panoramique-location-court-terme-19-350x100.jpg","width":350,"height":100,"mime-type":"image\/jpeg","filesize":7430,"url":"https:\/\/lesversants.com\/wp-content\/uploads\/2026\/03\/grand-condo-3-chambres-vue-panoramique-location-court-terme-19-350x100.jpg"}},"image_meta":{"aperture":"0","credit":"","camera":"","caption":"","created_timestamp":"0","copyright":"","focal_length":"0","iso":"0","shutter_speed":"0","title":"","orientation":"0","keywords":[]},"ID":"66595","name":"grand-condo-3-chambres-vue-panoramique-location-court-terme-19.jpg","path":"\/home\/lesversa\/public_html\/wp-content\/uploads\/2026\/03\/grand-condo-3-chambres-vue-panoramique-location-court-terme-19.jpg","url":"https:\/\/lesversants.com\/wp-content\/uploads\/2026\/03\/grand-condo-3-chambres-vue-panoramique-location-court-terme-19-150x150.jpg","full_url":"https:\/\/lesversants.com\/wp-content\/uploads\/2026\/03\/grand-condo-3-chambres-vue-panoramique-location-court-terme-19.jpg","title":"grand condo 3 chambres vue panoramique location court terme 19","caption":"","description":"","alt":"grand condo 3 chambres vue panoramique location court terme 19","srcset":"https:\/\/lesversants.com\/wp-content\/uploads\/2026\/03\/grand-condo-3-chambres-vue-panoramique-location-court-terme-19-150x150.jpg 150w, https:\/\/lesversants.com\/wp-content\/uploads\/2026\/03\/grand-condo-3-chambres-vue-panoramique-location-court-terme-19-120x120.jpg 120w, https:\/\/lesversants.com\/wp-content\/uploads\/2026\/03\/grand-condo-3-chambres-vue-panoramique-location-court-terme-19-210x210.jpg 210w"},{"width":150,"height":150,"file":"2026\/03\/grand-condo-3-chambres-vue-panoramique-location-court-terme-34.jpg","filesize":390035,"sizes":{"medium":{"file":"grand-condo-3-chambres-vue-panoramique-location-court-terme-34-300x200.jpg","width":300,"height":200,"mime-type":"image\/jpeg","filesize":14806,"url":"https:\/\/lesversants.com\/wp-content\/uploads\/2026\/03\/grand-condo-3-chambres-vue-panoramique-location-court-terme-34-300x200.jpg"},"large":{"file":"grand-condo-3-chambres-vue-panoramique-location-court-terme-34-1024x683.jpg","width":1024,"height":683,"mime-type":"image\/jpeg","filesize":125940,"url":"https:\/\/lesversants.com\/wp-content\/uploads\/2026\/03\/grand-condo-3-chambres-vue-panoramique-location-court-terme-34-1024x683.jpg"},"thumbnail":{"file":"grand-condo-3-chambres-vue-panoramique-location-court-terme-34-150x150.jpg","width":150,"height":150,"mime-type":"image\/jpeg","filesize":6266,"url":"https:\/\/lesversants.com\/wp-content\/uploads\/2026\/03\/grand-condo-3-chambres-vue-panoramique-location-court-terme-34-150x150.jpg"},"medium_large":{"file":"grand-condo-3-chambres-vue-panoramique-location-court-terme-34-768x512.jpg","width":768,"height":512,"mime-type":"image\/jpeg","filesize":76480,"url":"https:\/\/lesversants.com\/wp-content\/uploads\/2026\/03\/grand-condo-3-chambres-vue-panoramique-location-court-terme-34-768x512.jpg"},"tf-client-image-size":{"file":"grand-condo-3-chambres-vue-panoramique-location-court-terme-34-120x120.jpg","width":120,"height":120,"mime-type":"image\/jpeg","filesize":4504,"url":"https:\/\/lesversants.com\/wp-content\/uploads\/2026\/03\/grand-condo-3-chambres-vue-panoramique-location-court-terme-34-120x120.jpg"},"1536x1536":{"file":"grand-condo-3-chambres-vue-panoramique-location-court-terme-34-1536x1024.jpg","width":1536,"height":1024,"mime-type":"image\/jpeg","filesize":250602,"url":"https:\/\/lesversants.com\/wp-content\/uploads\/2026\/03\/grand-condo-3-chambres-vue-panoramique-location-court-terme-34-1536x1024.jpg"},"post-thumbnail":{"file":"grand-condo-3-chambres-vue-panoramique-location-court-terme-34-150x100.jpg","width":150,"height":100,"mime-type":"image\/jpeg","filesize":5038,"url":"https:\/\/lesversants.com\/wp-content\/uploads\/2026\/03\/grand-condo-3-chambres-vue-panoramique-location-court-terme-34-150x100.jpg"},"modern-property-child-slider":{"file":"grand-condo-3-chambres-vue-panoramique-location-court-terme-34-680x510.jpg","width":680,"height":510,"mime-type":"image\/jpeg","filesize":69543,"url":"https:\/\/lesversants.com\/wp-content\/uploads\/2026\/03\/grand-condo-3-chambres-vue-panoramique-location-court-terme-34-680x510.jpg"},"property-thumb-image":{"file":"grand-condo-3-chambres-vue-panoramique-location-court-terme-34-488x326.jpg","width":488,"height":326,"mime-type":"image\/jpeg","filesize":34648,"url":"https:\/\/lesversants.com\/wp-content\/uploads\/2026\/03\/grand-condo-3-chambres-vue-panoramique-location-court-terme-34-488x326.jpg"},"property-detail-video-image":{"file":"grand-condo-3-chambres-vue-panoramique-location-court-terme-34-818x417.jpg","width":818,"height":417,"mime-type":"image\/jpeg","filesize":73319,"url":"https:\/\/lesversants.com\/wp-content\/uploads\/2026\/03\/grand-condo-3-chambres-vue-panoramique-location-court-terme-34-818x417.jpg"},"agent-image":{"file":"grand-condo-3-chambres-vue-panoramique-location-court-terme-34-210x210.jpg","width":210,"height":210,"mime-type":"image\/jpeg","filesize":11205,"url":"https:\/\/lesversants.com\/wp-content\/uploads\/2026\/03\/grand-condo-3-chambres-vue-panoramique-location-court-terme-34-210x210.jpg"},"partners-logo":{"file":"grand-condo-3-chambres-vue-panoramique-location-court-terme-34-600x1280.jpg","width":600,"height":1280,"mime-type":"image\/jpeg","filesize":110712,"url":"https:\/\/lesversants.com\/wp-content\/uploads\/2026\/03\/grand-condo-3-chambres-vue-panoramique-location-court-terme-34-600x1280.jpg"},"post-featured-image":{"file":"grand-condo-3-chambres-vue-panoramique-location-court-terme-34-1240x720.jpg","width":1240,"height":720,"mime-type":"image\/jpeg","filesize":164164,"url":"https:\/\/lesversants.com\/wp-content\/uploads\/2026\/03\/grand-condo-3-chambres-vue-panoramique-location-court-terme-34-1240x720.jpg"},"cmplz_banner_image":{"file":"grand-condo-3-chambres-vue-panoramique-location-court-terme-34-350x100.jpg","width":350,"height":100,"mime-type":"image\/jpeg","filesize":9939,"url":"https:\/\/lesversants.com\/wp-content\/uploads\/2026\/03\/grand-condo-3-chambres-vue-panoramique-location-court-terme-34-350x100.jpg"}},"image_meta":{"aperture":"0","credit":"","camera":"","caption":"","created_timestamp":"0","copyright":"","focal_length":"0","iso":"0","shutter_speed":"0","title":"","orientation":"0","keywords":[]},"ID":"66625","name":"grand-condo-3-chambres-vue-panoramique-location-court-terme-34.jpg","path":"\/home\/lesversa\/public_html\/wp-content\/uploads\/2026\/03\/grand-condo-3-chambres-vue-panoramique-location-court-terme-34.jpg","url":"https:\/\/lesversants.com\/wp-content\/uploads\/2026\/03\/grand-condo-3-chambres-vue-panoramique-location-court-terme-34-150x150.jpg","full_url":"https:\/\/lesversants.com\/wp-content\/uploads\/2026\/03\/grand-condo-3-chambres-vue-panoramique-location-court-terme-34.jpg","title":"grand condo 3 chambres vue panoramique location court terme 34","caption":"","description":"","alt":"grand condo 3 chambres vue panoramique location court terme 34","srcset":"https:\/\/lesversants.com\/wp-content\/uploads\/2026\/03\/grand-condo-3-chambres-vue-panoramique-location-court-terme-34-150x150.jpg 150w, https:\/\/lesversants.com\/wp-content\/uploads\/2026\/03\/grand-condo-3-chambres-vue-panoramique-location-court-terme-34-120x120.jpg 120w, https:\/\/lesversants.com\/wp-content\/uploads\/2026\/03\/grand-condo-3-chambres-vue-panoramique-location-court-terme-34-210x210.jpg 210w"},{"width":150,"height":150,"file":"2026\/03\/grand-condo-3-chambres-vue-panoramique-location-court-terme-31.jpg","filesize":329401,"sizes":{"medium":{"file":"grand-condo-3-chambres-vue-panoramique-location-court-terme-31-300x200.jpg","width":300,"height":200,"mime-type":"image\/jpeg","filesize":13840,"url":"https:\/\/lesversants.com\/wp-content\/uploads\/2026\/03\/grand-condo-3-chambres-vue-panoramique-location-court-terme-31-300x200.jpg"},"large":{"file":"grand-condo-3-chambres-vue-panoramique-location-court-terme-31-1024x683.jpg","width":1024,"height":683,"mime-type":"image\/jpeg","filesize":109108,"url":"https:\/\/lesversants.com\/wp-content\/uploads\/2026\/03\/grand-condo-3-chambres-vue-panoramique-location-court-terme-31-1024x683.jpg"},"thumbnail":{"file":"grand-condo-3-chambres-vue-panoramique-location-court-terme-31-150x150.jpg","width":150,"height":150,"mime-type":"image\/jpeg","filesize":6466,"url":"https:\/\/lesversants.com\/wp-content\/uploads\/2026\/03\/grand-condo-3-chambres-vue-panoramique-location-court-terme-31-150x150.jpg"},"medium_large":{"file":"grand-condo-3-chambres-vue-panoramique-location-court-terme-31-768x512.jpg","width":768,"height":512,"mime-type":"image\/jpeg","filesize":66482,"url":"https:\/\/lesversants.com\/wp-content\/uploads\/2026\/03\/grand-condo-3-chambres-vue-panoramique-location-court-terme-31-768x512.jpg"},"tf-client-image-size":{"file":"grand-condo-3-chambres-vue-panoramique-location-court-terme-31-120x120.jpg","width":120,"height":120,"mime-type":"image\/jpeg","filesize":4428,"url":"https:\/\/lesversants.com\/wp-content\/uploads\/2026\/03\/grand-condo-3-chambres-vue-panoramique-location-court-terme-31-120x120.jpg"},"1536x1536":{"file":"grand-condo-3-chambres-vue-panoramique-location-court-terme-31-1536x1025.jpg","width":1536,"height":1025,"mime-type":"image\/jpeg","filesize":213120,"url":"https:\/\/lesversants.com\/wp-content\/uploads\/2026\/03\/grand-condo-3-chambres-vue-panoramique-location-court-terme-31-1536x1025.jpg"},"post-thumbnail":{"file":"grand-condo-3-chambres-vue-panoramique-location-court-terme-31-150x100.jpg","width":150,"height":100,"mime-type":"image\/jpeg","filesize":4718,"url":"https:\/\/lesversants.com\/wp-content\/uploads\/2026\/03\/grand-condo-3-chambres-vue-panoramique-location-court-terme-31-150x100.jpg"},"modern-property-child-slider":{"file":"grand-condo-3-chambres-vue-panoramique-location-court-terme-31-680x510.jpg","width":680,"height":510,"mime-type":"image\/jpeg","filesize":60655,"url":"https:\/\/lesversants.com\/wp-content\/uploads\/2026\/03\/grand-condo-3-chambres-vue-panoramique-location-court-terme-31-680x510.jpg"},"property-thumb-image":{"file":"grand-condo-3-chambres-vue-panoramique-location-court-terme-31-488x326.jpg","width":488,"height":326,"mime-type":"image\/jpeg","filesize":30962,"url":"https:\/\/lesversants.com\/wp-content\/uploads\/2026\/03\/grand-condo-3-chambres-vue-panoramique-location-court-terme-31-488x326.jpg"},"property-detail-video-image":{"file":"grand-condo-3-chambres-vue-panoramique-location-court-terme-31-818x417.jpg","width":818,"height":417,"mime-type":"image\/jpeg","filesize":63338,"url":"https:\/\/lesversants.com\/wp-content\/uploads\/2026\/03\/grand-condo-3-chambres-vue-panoramique-location-court-terme-31-818x417.jpg"},"agent-image":{"file":"grand-condo-3-chambres-vue-panoramique-location-court-terme-31-210x210.jpg","width":210,"height":210,"mime-type":"image\/jpeg","filesize":11144,"url":"https:\/\/lesversants.com\/wp-content\/uploads\/2026\/03\/grand-condo-3-chambres-vue-panoramique-location-court-terme-31-210x210.jpg"},"partners-logo":{"file":"grand-condo-3-chambres-vue-panoramique-location-court-terme-31-600x1281.jpg","width":600,"height":1281,"mime-type":"image\/jpeg","filesize":129048,"url":"https:\/\/lesversants.com\/wp-content\/uploads\/2026\/03\/grand-condo-3-chambres-vue-panoramique-location-court-terme-31-600x1281.jpg"},"post-featured-image":{"file":"grand-condo-3-chambres-vue-panoramique-location-court-terme-31-1240x720.jpg","width":1240,"height":720,"mime-type":"image\/jpeg","filesize":137464,"url":"https:\/\/lesversants.com\/wp-content\/uploads\/2026\/03\/grand-condo-3-chambres-vue-panoramique-location-court-terme-31-1240x720.jpg"},"cmplz_banner_image":{"file":"grand-condo-3-chambres-vue-panoramique-location-court-terme-31-350x100.jpg","width":350,"height":100,"mime-type":"image\/jpeg","filesize":9886,"url":"https:\/\/lesversants.com\/wp-content\/uploads\/2026\/03\/grand-condo-3-chambres-vue-panoramique-location-court-terme-31-350x100.jpg"}},"image_meta":{"aperture":"0","credit":"","camera":"","caption":"","created_timestamp":"0","copyright":"","focal_length":"0","iso":"0","shutter_speed":"0","title":"","orientation":"0","keywords":[]},"ID":"66619","name":"grand-condo-3-chambres-vue-panoramique-location-court-terme-31.jpg","path":"\/home\/lesversa\/public_html\/wp-content\/uploads\/2026\/03\/grand-condo-3-chambres-vue-panoramique-location-court-terme-31.jpg","url":"https:\/\/lesversants.com\/wp-content\/uploads\/2026\/03\/grand-condo-3-chambres-vue-panoramique-location-court-terme-31-150x150.jpg","full_url":"https:\/\/lesversants.com\/wp-content\/uploads\/2026\/03\/grand-condo-3-chambres-vue-panoramique-location-court-terme-31.jpg","title":"grand condo 3 chambres vue panoramique location court terme 31","caption":"","description":"","alt":"grand condo 3 chambres vue panoramique location court terme 31","srcset":"https:\/\/lesversants.com\/wp-content\/uploads\/2026\/03\/grand-condo-3-chambres-vue-panoramique-location-court-terme-31-150x150.jpg 150w, https:\/\/lesversants.com\/wp-content\/uploads\/2026\/03\/grand-condo-3-chambres-vue-panoramique-location-court-terme-31-120x120.jpg 120w, https:\/\/lesversants.com\/wp-content\/uploads\/2026\/03\/grand-condo-3-chambres-vue-panoramique-location-court-terme-31-210x210.jpg 210w"},{"width":150,"height":150,"file":"2026\/03\/grand-condo-3-chambres-vue-panoramique-location-court-terme-9.jpg","filesize":160782,"sizes":{"medium":{"file":"grand-condo-3-chambres-vue-panoramique-location-court-terme-9-300x200.jpg","width":300,"height":200,"mime-type":"image\/jpeg","filesize":7211,"url":"https:\/\/lesversants.com\/wp-content\/uploads\/2026\/03\/grand-condo-3-chambres-vue-panoramique-location-court-terme-9-300x200.jpg"},"large":{"file":"grand-condo-3-chambres-vue-panoramique-location-court-terme-9-1024x683.jpg","width":1024,"height":683,"mime-type":"image\/jpeg","filesize":53339,"url":"https:\/\/lesversants.com\/wp-content\/uploads\/2026\/03\/grand-condo-3-chambres-vue-panoramique-location-court-terme-9-1024x683.jpg"},"thumbnail":{"file":"grand-condo-3-chambres-vue-panoramique-location-court-terme-9-150x150.jpg","width":150,"height":150,"mime-type":"image\/jpeg","filesize":4165,"url":"https:\/\/lesversants.com\/wp-content\/uploads\/2026\/03\/grand-condo-3-chambres-vue-panoramique-location-court-terme-9-150x150.jpg"},"medium_large":{"file":"grand-condo-3-chambres-vue-panoramique-location-court-terme-9-768x512.jpg","width":768,"height":512,"mime-type":"image\/jpeg","filesize":31928,"url":"https:\/\/lesversants.com\/wp-content\/uploads\/2026\/03\/grand-condo-3-chambres-vue-panoramique-location-court-terme-9-768x512.jpg"},"tf-client-image-size":{"file":"grand-condo-3-chambres-vue-panoramique-location-court-terme-9-120x120.jpg","width":120,"height":120,"mime-type":"image\/jpeg","filesize":2967,"url":"https:\/\/lesversants.com\/wp-content\/uploads\/2026\/03\/grand-condo-3-chambres-vue-panoramique-location-court-terme-9-120x120.jpg"},"1536x1536":{"file":"grand-condo-3-chambres-vue-panoramique-location-court-terme-9-1536x1025.jpg","width":1536,"height":1025,"mime-type":"image\/jpeg","filesize":104372,"url":"https:\/\/lesversants.com\/wp-content\/uploads\/2026\/03\/grand-condo-3-chambres-vue-panoramique-location-court-terme-9-1536x1025.jpg"},"post-thumbnail":{"file":"grand-condo-3-chambres-vue-panoramique-location-court-terme-9-150x100.jpg","width":150,"height":100,"mime-type":"image\/jpeg","filesize":2762,"url":"https:\/\/lesversants.com\/wp-content\/uploads\/2026\/03\/grand-condo-3-chambres-vue-panoramique-location-court-terme-9-150x100.jpg"},"modern-property-child-slider":{"file":"grand-condo-3-chambres-vue-panoramique-location-court-terme-9-680x510.jpg","width":680,"height":510,"mime-type":"image\/jpeg","filesize":30965,"url":"https:\/\/lesversants.com\/wp-content\/uploads\/2026\/03\/grand-condo-3-chambres-vue-panoramique-location-court-terme-9-680x510.jpg"},"property-thumb-image":{"file":"grand-condo-3-chambres-vue-panoramique-location-court-terme-9-488x326.jpg","width":488,"height":326,"mime-type":"image\/jpeg","filesize":15529,"url":"https:\/\/lesversants.com\/wp-content\/uploads\/2026\/03\/grand-condo-3-chambres-vue-panoramique-location-court-terme-9-488x326.jpg"},"property-detail-video-image":{"file":"grand-condo-3-chambres-vue-panoramique-location-court-terme-9-818x417.jpg","width":818,"height":417,"mime-type":"image\/jpeg","filesize":26235,"url":"https:\/\/lesversants.com\/wp-content\/uploads\/2026\/03\/grand-condo-3-chambres-vue-panoramique-location-court-terme-9-818x417.jpg"},"agent-image":{"file":"grand-condo-3-chambres-vue-panoramique-location-court-terme-9-210x210.jpg","width":210,"height":210,"mime-type":"image\/jpeg","filesize":6848,"url":"https:\/\/lesversants.com\/wp-content\/uploads\/2026\/03\/grand-condo-3-chambres-vue-panoramique-location-court-terme-9-210x210.jpg"},"partners-logo":{"file":"grand-condo-3-chambres-vue-panoramique-location-court-terme-9-600x1281.jpg","width":600,"height":1281,"mime-type":"image\/jpeg","filesize":88865,"url":"https:\/\/lesversants.com\/wp-content\/uploads\/2026\/03\/grand-condo-3-chambres-vue-panoramique-location-court-terme-9-600x1281.jpg"},"post-featured-image":{"file":"grand-condo-3-chambres-vue-panoramique-location-court-terme-9-1240x720.jpg","width":1240,"height":720,"mime-type":"image\/jpeg","filesize":61468,"url":"https:\/\/lesversants.com\/wp-content\/uploads\/2026\/03\/grand-condo-3-chambres-vue-panoramique-location-court-terme-9-1240x720.jpg"},"cmplz_banner_image":{"file":"grand-condo-3-chambres-vue-panoramique-location-court-terme-9-350x100.jpg","width":350,"height":100,"mime-type":"image\/jpeg","filesize":4384,"url":"https:\/\/lesversants.com\/wp-content\/uploads\/2026\/03\/grand-condo-3-chambres-vue-panoramique-location-court-terme-9-350x100.jpg"}},"image_meta":{"aperture":"0","credit":"","camera":"","caption":"","created_timestamp":"0","copyright":"","focal_length":"0","iso":"0","shutter_speed":"0","title":"","orientation":"0","keywords":[]},"ID":"66655","name":"grand-condo-3-chambres-vue-panoramique-location-court-terme-9.jpg","path":"\/home\/lesversa\/public_html\/wp-content\/uploads\/2026\/03\/grand-condo-3-chambres-vue-panoramique-location-court-terme-9.jpg","url":"https:\/\/lesversants.com\/wp-content\/uploads\/2026\/03\/grand-condo-3-chambres-vue-panoramique-location-court-terme-9-150x150.jpg","full_url":"https:\/\/lesversants.com\/wp-content\/uploads\/2026\/03\/grand-condo-3-chambres-vue-panoramique-location-court-terme-9.jpg","title":"grand condo 3 chambres vue panoramique location court terme 9","caption":"","description":"","alt":"grand condo 3 chambres vue panoramique location court terme 9","srcset":"https:\/\/lesversants.com\/wp-content\/uploads\/2026\/03\/grand-condo-3-chambres-vue-panoramique-location-court-terme-9-150x150.jpg 150w, https:\/\/lesversants.com\/wp-content\/uploads\/2026\/03\/grand-condo-3-chambres-vue-panoramique-location-court-terme-9-120x120.jpg 120w, https:\/\/lesversants.com\/wp-content\/uploads\/2026\/03\/grand-condo-3-chambres-vue-panoramique-location-court-terme-9-210x210.jpg 210w"},{"width":150,"height":150,"file":"2026\/03\/grand-condo-3-chambres-vue-panoramique-location-court-terme-35.jpg","filesize":321594,"sizes":{"medium":{"file":"grand-condo-3-chambres-vue-panoramique-location-court-terme-35-300x200.jpg","width":300,"height":200,"mime-type":"image\/jpeg","filesize":14128,"url":"https:\/\/lesversants.com\/wp-content\/uploads\/2026\/03\/grand-condo-3-chambres-vue-panoramique-location-court-terme-35-300x200.jpg"},"large":{"file":"grand-condo-3-chambres-vue-panoramique-location-court-terme-35-1024x683.jpg","width":1024,"height":683,"mime-type":"image\/jpeg","filesize":107018,"url":"https:\/\/lesversants.com\/wp-content\/uploads\/2026\/03\/grand-condo-3-chambres-vue-panoramique-location-court-terme-35-1024x683.jpg"},"thumbnail":{"file":"grand-condo-3-chambres-vue-panoramique-location-court-terme-35-150x150.jpg","width":150,"height":150,"mime-type":"image\/jpeg","filesize":6206,"url":"https:\/\/lesversants.com\/wp-content\/uploads\/2026\/03\/grand-condo-3-chambres-vue-panoramique-location-court-terme-35-150x150.jpg"},"medium_large":{"file":"grand-condo-3-chambres-vue-panoramique-location-court-terme-35-768x512.jpg","width":768,"height":512,"mime-type":"image\/jpeg","filesize":65976,"url":"https:\/\/lesversants.com\/wp-content\/uploads\/2026\/03\/grand-condo-3-chambres-vue-panoramique-location-court-terme-35-768x512.jpg"},"tf-client-image-size":{"file":"grand-condo-3-chambres-vue-panoramique-location-court-terme-35-120x120.jpg","width":120,"height":120,"mime-type":"image\/jpeg","filesize":4271,"url":"https:\/\/lesversants.com\/wp-content\/uploads\/2026\/03\/grand-condo-3-chambres-vue-panoramique-location-court-terme-35-120x120.jpg"},"1536x1536":{"file":"grand-condo-3-chambres-vue-panoramique-location-court-terme-35-1536x1025.jpg","width":1536,"height":1025,"mime-type":"image\/jpeg","filesize":208479,"url":"https:\/\/lesversants.com\/wp-content\/uploads\/2026\/03\/grand-condo-3-chambres-vue-panoramique-location-court-terme-35-1536x1025.jpg"},"post-thumbnail":{"file":"grand-condo-3-chambres-vue-panoramique-location-court-terme-35-150x100.jpg","width":150,"height":100,"mime-type":"image\/jpeg","filesize":4994,"url":"https:\/\/lesversants.com\/wp-content\/uploads\/2026\/03\/grand-condo-3-chambres-vue-panoramique-location-court-terme-35-150x100.jpg"},"modern-property-child-slider":{"file":"grand-condo-3-chambres-vue-panoramique-location-court-terme-35-680x510.jpg","width":680,"height":510,"mime-type":"image\/jpeg","filesize":56989,"url":"https:\/\/lesversants.com\/wp-content\/uploads\/2026\/03\/grand-condo-3-chambres-vue-panoramique-location-court-terme-35-680x510.jpg"},"property-thumb-image":{"file":"grand-condo-3-chambres-vue-panoramique-location-court-terme-35-488x326.jpg","width":488,"height":326,"mime-type":"image\/jpeg","filesize":31137,"url":"https:\/\/lesversants.com\/wp-content\/uploads\/2026\/03\/grand-condo-3-chambres-vue-panoramique-location-court-terme-35-488x326.jpg"},"property-detail-video-image":{"file":"grand-condo-3-chambres-vue-panoramique-location-court-terme-35-818x417.jpg","width":818,"height":417,"mime-type":"image\/jpeg","filesize":55177,"url":"https:\/\/lesversants.com\/wp-content\/uploads\/2026\/03\/grand-condo-3-chambres-vue-panoramique-location-court-terme-35-818x417.jpg"},"agent-image":{"file":"grand-condo-3-chambres-vue-panoramique-location-court-terme-35-210x210.jpg","width":210,"height":210,"mime-type":"image\/jpeg","filesize":10702,"url":"https:\/\/lesversants.com\/wp-content\/uploads\/2026\/03\/grand-condo-3-chambres-vue-panoramique-location-court-terme-35-210x210.jpg"},"partners-logo":{"file":"grand-condo-3-chambres-vue-panoramique-location-court-terme-35-600x1281.jpg","width":600,"height":1281,"mime-type":"image\/jpeg","filesize":117396,"url":"https:\/\/lesversants.com\/wp-content\/uploads\/2026\/03\/grand-condo-3-chambres-vue-panoramique-location-court-terme-35-600x1281.jpg"},"post-featured-image":{"file":"grand-condo-3-chambres-vue-panoramique-location-court-terme-35-1240x720.jpg","width":1240,"height":720,"mime-type":"image\/jpeg","filesize":126460,"url":"https:\/\/lesversants.com\/wp-content\/uploads\/2026\/03\/grand-condo-3-chambres-vue-panoramique-location-court-terme-35-1240x720.jpg"},"cmplz_banner_image":{"file":"grand-condo-3-chambres-vue-panoramique-location-court-terme-35-350x100.jpg","width":350,"height":100,"mime-type":"image\/jpeg","filesize":8338,"url":"https:\/\/lesversants.com\/wp-content\/uploads\/2026\/03\/grand-condo-3-chambres-vue-panoramique-location-court-terme-35-350x100.jpg"}},"image_meta":{"aperture":"0","credit":"","camera":"","caption":"","created_timestamp":"0","copyright":"","focal_length":"0","iso":"0","shutter_speed":"0","title":"","orientation":"0","keywords":[]},"ID":"66627","name":"grand-condo-3-chambres-vue-panoramique-location-court-terme-35.jpg","path":"\/home\/lesversa\/public_html\/wp-content\/uploads\/2026\/03\/grand-condo-3-chambres-vue-panoramique-location-court-terme-35.jpg","url":"https:\/\/lesversants.com\/wp-content\/uploads\/2026\/03\/grand-condo-3-chambres-vue-panoramique-location-court-terme-35-150x150.jpg","full_url":"https:\/\/lesversants.com\/wp-content\/uploads\/2026\/03\/grand-condo-3-chambres-vue-panoramique-location-court-terme-35.jpg","title":"grand condo 3 chambres vue panoramique location court terme 35","caption":"","description":"","alt":"grand condo 3 chambres vue panoramique location court terme 35","srcset":"https:\/\/lesversants.com\/wp-content\/uploads\/2026\/03\/grand-condo-3-chambres-vue-panoramique-location-court-terme-35-150x150.jpg 150w, https:\/\/lesversants.com\/wp-content\/uploads\/2026\/03\/grand-condo-3-chambres-vue-panoramique-location-court-terme-35-120x120.jpg 120w, https:\/\/lesversants.com\/wp-content\/uploads\/2026\/03\/grand-condo-3-chambres-vue-panoramique-location-court-terme-35-210x210.jpg 210w"},{"width":150,"height":150,"file":"2026\/03\/grand-condo-3-chambres-vue-panoramique-location-court-terme-33.jpg","filesize":314455,"sizes":{"medium":{"file":"grand-condo-3-chambres-vue-panoramique-location-court-terme-33-300x200.jpg","width":300,"height":200,"mime-type":"image\/jpeg","filesize":12681,"url":"https:\/\/lesversants.com\/wp-content\/uploads\/2026\/03\/grand-condo-3-chambres-vue-panoramique-location-court-terme-33-300x200.jpg"},"large":{"file":"grand-condo-3-chambres-vue-panoramique-location-court-terme-33-1024x683.jpg","width":1024,"height":683,"mime-type":"image\/jpeg","filesize":102252,"url":"https:\/\/lesversants.com\/wp-content\/uploads\/2026\/03\/grand-condo-3-chambres-vue-panoramique-location-court-terme-33-1024x683.jpg"},"thumbnail":{"file":"grand-condo-3-chambres-vue-panoramique-location-court-terme-33-150x150.jpg","width":150,"height":150,"mime-type":"image\/jpeg","filesize":5411,"url":"https:\/\/lesversants.com\/wp-content\/uploads\/2026\/03\/grand-condo-3-chambres-vue-panoramique-location-court-terme-33-150x150.jpg"},"medium_large":{"file":"grand-condo-3-chambres-vue-panoramique-location-court-terme-33-768x512.jpg","width":768,"height":512,"mime-type":"image\/jpeg","filesize":61517,"url":"https:\/\/lesversants.com\/wp-content\/uploads\/2026\/03\/grand-condo-3-chambres-vue-panoramique-location-court-terme-33-768x512.jpg"},"tf-client-image-size":{"file":"grand-condo-3-chambres-vue-panoramique-location-court-terme-33-120x120.jpg","width":120,"height":120,"mime-type":"image\/jpeg","filesize":3757,"url":"https:\/\/lesversants.com\/wp-content\/uploads\/2026\/03\/grand-condo-3-chambres-vue-panoramique-location-court-terme-33-120x120.jpg"},"1536x1536":{"file":"grand-condo-3-chambres-vue-panoramique-location-court-terme-33-1536x1025.jpg","width":1536,"height":1025,"mime-type":"image\/jpeg","filesize":200318,"url":"https:\/\/lesversants.com\/wp-content\/uploads\/2026\/03\/grand-condo-3-chambres-vue-panoramique-location-court-terme-33-1536x1025.jpg"},"post-thumbnail":{"file":"grand-condo-3-chambres-vue-panoramique-location-court-terme-33-150x100.jpg","width":150,"height":100,"mime-type":"image\/jpeg","filesize":4541,"url":"https:\/\/lesversants.com\/wp-content\/uploads\/2026\/03\/grand-condo-3-chambres-vue-panoramique-location-court-terme-33-150x100.jpg"},"modern-property-child-slider":{"file":"grand-condo-3-chambres-vue-panoramique-location-court-terme-33-680x510.jpg","width":680,"height":510,"mime-type":"image\/jpeg","filesize":55139,"url":"https:\/\/lesversants.com\/wp-content\/uploads\/2026\/03\/grand-condo-3-chambres-vue-panoramique-location-court-terme-33-680x510.jpg"},"property-thumb-image":{"file":"grand-condo-3-chambres-vue-panoramique-location-court-terme-33-488x326.jpg","width":488,"height":326,"mime-type":"image\/jpeg","filesize":28559,"url":"https:\/\/lesversants.com\/wp-content\/uploads\/2026\/03\/grand-condo-3-chambres-vue-panoramique-location-court-terme-33-488x326.jpg"},"property-detail-video-image":{"file":"grand-condo-3-chambres-vue-panoramique-location-court-terme-33-818x417.jpg","width":818,"height":417,"mime-type":"image\/jpeg","filesize":51083,"url":"https:\/\/lesversants.com\/wp-content\/uploads\/2026\/03\/grand-condo-3-chambres-vue-panoramique-location-court-terme-33-818x417.jpg"},"agent-image":{"file":"grand-condo-3-chambres-vue-panoramique-location-court-terme-33-210x210.jpg","width":210,"height":210,"mime-type":"image\/jpeg","filesize":9437,"url":"https:\/\/lesversants.com\/wp-content\/uploads\/2026\/03\/grand-condo-3-chambres-vue-panoramique-location-court-terme-33-210x210.jpg"},"partners-logo":{"file":"grand-condo-3-chambres-vue-panoramique-location-court-terme-33-600x1281.jpg","width":600,"height":1281,"mime-type":"image\/jpeg","filesize":79439,"url":"https:\/\/lesversants.com\/wp-content\/uploads\/2026\/03\/grand-condo-3-chambres-vue-panoramique-location-court-terme-33-600x1281.jpg"},"post-featured-image":{"file":"grand-condo-3-chambres-vue-panoramique-location-court-terme-33-1240x720.jpg","width":1240,"height":720,"mime-type":"image\/jpeg","filesize":114865,"url":"https:\/\/lesversants.com\/wp-content\/uploads\/2026\/03\/grand-condo-3-chambres-vue-panoramique-location-court-terme-33-1240x720.jpg"},"cmplz_banner_image":{"file":"grand-condo-3-chambres-vue-panoramique-location-court-terme-33-350x100.jpg","width":350,"height":100,"mime-type":"image\/jpeg","filesize":8264,"url":"https:\/\/lesversants.com\/wp-content\/uploads\/2026\/03\/grand-condo-3-chambres-vue-panoramique-location-court-terme-33-350x100.jpg"}},"image_meta":{"aperture":"0","credit":"","camera":"","caption":"","created_timestamp":"0","copyright":"","focal_length":"0","iso":"0","shutter_speed":"0","title":"","orientation":"0","keywords":[]},"ID":"66623","name":"grand-condo-3-chambres-vue-panoramique-location-court-terme-33.jpg","path":"\/home\/lesversa\/public_html\/wp-content\/uploads\/2026\/03\/grand-condo-3-chambres-vue-panoramique-location-court-terme-33.jpg","url":"https:\/\/lesversants.com\/wp-content\/uploads\/2026\/03\/grand-condo-3-chambres-vue-panoramique-location-court-terme-33-150x150.jpg","full_url":"https:\/\/lesversants.com\/wp-content\/uploads\/2026\/03\/grand-condo-3-chambres-vue-panoramique-location-court-terme-33.jpg","title":"grand condo 3 chambres vue panoramique location court terme 33","caption":"","description":"","alt":"grand condo 3 chambres vue panoramique location court terme 33","srcset":"https:\/\/lesversants.com\/wp-content\/uploads\/2026\/03\/grand-condo-3-chambres-vue-panoramique-location-court-terme-33-150x150.jpg 150w, https:\/\/lesversants.com\/wp-content\/uploads\/2026\/03\/grand-condo-3-chambres-vue-panoramique-location-court-terme-33-120x120.jpg 120w, https:\/\/lesversants.com\/wp-content\/uploads\/2026\/03\/grand-condo-3-chambres-vue-panoramique-location-court-terme-33-210x210.jpg 210w"},{"width":150,"height":150,"file":"2026\/03\/grand-condo-3-chambres-vue-panoramique-location-court-terme-30.jpg","filesize":241595,"sizes":{"medium":{"file":"grand-condo-3-chambres-vue-panoramique-location-court-terme-30-300x200.jpg","width":300,"height":200,"mime-type":"image\/jpeg","filesize":11077,"url":"https:\/\/lesversants.com\/wp-content\/uploads\/2026\/03\/grand-condo-3-chambres-vue-panoramique-location-court-terme-30-300x200.jpg"},"large":{"file":"grand-condo-3-chambres-vue-panoramique-location-court-terme-30-1024x683.jpg","width":1024,"height":683,"mime-type":"image\/jpeg","filesize":80904,"url":"https:\/\/lesversants.com\/wp-content\/uploads\/2026\/03\/grand-condo-3-chambres-vue-panoramique-location-court-terme-30-1024x683.jpg"},"thumbnail":{"file":"grand-condo-3-chambres-vue-panoramique-location-court-terme-30-150x150.jpg","width":150,"height":150,"mime-type":"image\/jpeg","filesize":5609,"url":"https:\/\/lesversants.com\/wp-content\/uploads\/2026\/03\/grand-condo-3-chambres-vue-panoramique-location-court-terme-30-150x150.jpg"},"medium_large":{"file":"grand-condo-3-chambres-vue-panoramique-location-court-terme-30-768x512.jpg","width":768,"height":512,"mime-type":"image\/jpeg","filesize":50041,"url":"https:\/\/lesversants.com\/wp-content\/uploads\/2026\/03\/grand-condo-3-chambres-vue-panoramique-location-court-terme-30-768x512.jpg"},"tf-client-image-size":{"file":"grand-condo-3-chambres-vue-panoramique-location-court-terme-30-120x120.jpg","width":120,"height":120,"mime-type":"image\/jpeg","filesize":3898,"url":"https:\/\/lesversants.com\/wp-content\/uploads\/2026\/03\/grand-condo-3-chambres-vue-panoramique-location-court-terme-30-120x120.jpg"},"1536x1536":{"file":"grand-condo-3-chambres-vue-panoramique-location-court-terme-30-1536x1025.jpg","width":1536,"height":1025,"mime-type":"image\/jpeg","filesize":157014,"url":"https:\/\/lesversants.com\/wp-content\/uploads\/2026\/03\/grand-condo-3-chambres-vue-panoramique-location-court-terme-30-1536x1025.jpg"},"post-thumbnail":{"file":"grand-condo-3-chambres-vue-panoramique-location-court-terme-30-150x100.jpg","width":150,"height":100,"mime-type":"image\/jpeg","filesize":3842,"url":"https:\/\/lesversants.com\/wp-content\/uploads\/2026\/03\/grand-condo-3-chambres-vue-panoramique-location-court-terme-30-150x100.jpg"},"modern-property-child-slider":{"file":"grand-condo-3-chambres-vue-panoramique-location-court-terme-30-680x510.jpg","width":680,"height":510,"mime-type":"image\/jpeg","filesize":47408,"url":"https:\/\/lesversants.com\/wp-content\/uploads\/2026\/03\/grand-condo-3-chambres-vue-panoramique-location-court-terme-30-680x510.jpg"},"property-thumb-image":{"file":"grand-condo-3-chambres-vue-panoramique-location-court-terme-30-488x326.jpg","width":488,"height":326,"mime-type":"image\/jpeg","filesize":24010,"url":"https:\/\/lesversants.com\/wp-content\/uploads\/2026\/03\/grand-condo-3-chambres-vue-panoramique-location-court-terme-30-488x326.jpg"},"property-detail-video-image":{"file":"grand-condo-3-chambres-vue-panoramique-location-court-terme-30-818x417.jpg","width":818,"height":417,"mime-type":"image\/jpeg","filesize":46310,"url":"https:\/\/lesversants.com\/wp-content\/uploads\/2026\/03\/grand-condo-3-chambres-vue-panoramique-location-court-terme-30-818x417.jpg"},"agent-image":{"file":"grand-condo-3-chambres-vue-panoramique-location-court-terme-30-210x210.jpg","width":210,"height":210,"mime-type":"image\/jpeg","filesize":9765,"url":"https:\/\/lesversants.com\/wp-content\/uploads\/2026\/03\/grand-condo-3-chambres-vue-panoramique-location-court-terme-30-210x210.jpg"},"partners-logo":{"file":"grand-condo-3-chambres-vue-panoramique-location-court-terme-30-600x1281.jpg","width":600,"height":1281,"mime-type":"image\/jpeg","filesize":108929,"url":"https:\/\/lesversants.com\/wp-content\/uploads\/2026\/03\/grand-condo-3-chambres-vue-panoramique-location-court-terme-30-600x1281.jpg"},"post-featured-image":{"file":"grand-condo-3-chambres-vue-panoramique-location-court-terme-30-1240x720.jpg","width":1240,"height":720,"mime-type":"image\/jpeg","filesize":98923,"url":"https:\/\/lesversants.com\/wp-content\/uploads\/2026\/03\/grand-condo-3-chambres-vue-panoramique-location-court-terme-30-1240x720.jpg"},"cmplz_banner_image":{"file":"grand-condo-3-chambres-vue-panoramique-location-court-terme-30-350x100.jpg","width":350,"height":100,"mime-type":"image\/jpeg","filesize":7812,"url":"https:\/\/lesversants.com\/wp-content\/uploads\/2026\/03\/grand-condo-3-chambres-vue-panoramique-location-court-terme-30-350x100.jpg"}},"image_meta":{"aperture":"0","credit":"","camera":"","caption":"","created_timestamp":"0","copyright":"","focal_length":"0","iso":"0","shutter_speed":"0","title":"","orientation":"0","keywords":[]},"ID":"66617","name":"grand-condo-3-chambres-vue-panoramique-location-court-terme-30.jpg","path":"\/home\/lesversa\/public_html\/wp-content\/uploads\/2026\/03\/grand-condo-3-chambres-vue-panoramique-location-court-terme-30.jpg","url":"https:\/\/lesversants.com\/wp-content\/uploads\/2026\/03\/grand-condo-3-chambres-vue-panoramique-location-court-terme-30-150x150.jpg","full_url":"https:\/\/lesversants.com\/wp-content\/uploads\/2026\/03\/grand-condo-3-chambres-vue-panoramique-location-court-terme-30.jpg","title":"grand condo 3 chambres vue panoramique location court terme 30","caption":"","description":"","alt":"grand condo 3 chambres vue panoramique location court terme 30","srcset":"https:\/\/lesversants.com\/wp-content\/uploads\/2026\/03\/grand-condo-3-chambres-vue-panoramique-location-court-terme-30-150x150.jpg 150w, https:\/\/lesversants.com\/wp-content\/uploads\/2026\/03\/grand-condo-3-chambres-vue-panoramique-location-court-terme-30-120x120.jpg 120w, https:\/\/lesversants.com\/wp-content\/uploads\/2026\/03\/grand-condo-3-chambres-vue-panoramique-location-court-terme-30-210x210.jpg 210w"},{"width":150,"height":150,"file":"2026\/03\/grand-condo-3-chambres-vue-panoramique-location-court-terme-16.jpg","filesize":249457,"sizes":{"medium":{"file":"grand-condo-3-chambres-vue-panoramique-location-court-terme-16-300x200.jpg","width":300,"height":200,"mime-type":"image\/jpeg","filesize":11423,"url":"https:\/\/lesversants.com\/wp-content\/uploads\/2026\/03\/grand-condo-3-chambres-vue-panoramique-location-court-terme-16-300x200.jpg"},"large":{"file":"grand-condo-3-chambres-vue-panoramique-location-court-terme-16-1024x684.jpg","width":1024,"height":684,"mime-type":"image\/jpeg","filesize":83364,"url":"https:\/\/lesversants.com\/wp-content\/uploads\/2026\/03\/grand-condo-3-chambres-vue-panoramique-location-court-terme-16-1024x684.jpg"},"thumbnail":{"file":"grand-condo-3-chambres-vue-panoramique-location-court-terme-16-150x150.jpg","width":150,"height":150,"mime-type":"image\/jpeg","filesize":5035,"url":"https:\/\/lesversants.com\/wp-content\/uploads\/2026\/03\/grand-condo-3-chambres-vue-panoramique-location-court-terme-16-150x150.jpg"},"medium_large":{"file":"grand-condo-3-chambres-vue-panoramique-location-court-terme-16-768x513.jpg","width":768,"height":513,"mime-type":"image\/jpeg","filesize":51903,"url":"https:\/\/lesversants.com\/wp-content\/uploads\/2026\/03\/grand-condo-3-chambres-vue-panoramique-location-court-terme-16-768x513.jpg"},"tf-client-image-size":{"file":"grand-condo-3-chambres-vue-panoramique-location-court-terme-16-120x120.jpg","width":120,"height":120,"mime-type":"image\/jpeg","filesize":3529,"url":"https:\/\/lesversants.com\/wp-content\/uploads\/2026\/03\/grand-condo-3-chambres-vue-panoramique-location-court-terme-16-120x120.jpg"},"1536x1536":{"file":"grand-condo-3-chambres-vue-panoramique-location-court-terme-16-1536x1026.jpg","width":1536,"height":1026,"mime-type":"image\/jpeg","filesize":161730,"url":"https:\/\/lesversants.com\/wp-content\/uploads\/2026\/03\/grand-condo-3-chambres-vue-panoramique-location-court-terme-16-1536x1026.jpg"},"post-thumbnail":{"file":"grand-condo-3-chambres-vue-panoramique-location-court-terme-16-150x100.jpg","width":150,"height":100,"mime-type":"image\/jpeg","filesize":3951,"url":"https:\/\/lesversants.com\/wp-content\/uploads\/2026\/03\/grand-condo-3-chambres-vue-panoramique-location-court-terme-16-150x100.jpg"},"modern-property-child-slider":{"file":"grand-condo-3-chambres-vue-panoramique-location-court-terme-16-680x510.jpg","width":680,"height":510,"mime-type":"image\/jpeg","filesize":46525,"url":"https:\/\/lesversants.com\/wp-content\/uploads\/2026\/03\/grand-condo-3-chambres-vue-panoramique-location-court-terme-16-680x510.jpg"},"property-thumb-image":{"file":"grand-condo-3-chambres-vue-panoramique-location-court-terme-16-488x326.jpg","width":488,"height":326,"mime-type":"image\/jpeg","filesize":24580,"url":"https:\/\/lesversants.com\/wp-content\/uploads\/2026\/03\/grand-condo-3-chambres-vue-panoramique-location-court-terme-16-488x326.jpg"},"property-detail-video-image":{"file":"grand-condo-3-chambres-vue-panoramique-location-court-terme-16-818x417.jpg","width":818,"height":417,"mime-type":"image\/jpeg","filesize":45949,"url":"https:\/\/lesversants.com\/wp-content\/uploads\/2026\/03\/grand-condo-3-chambres-vue-panoramique-location-court-terme-16-818x417.jpg"},"agent-image":{"file":"grand-condo-3-chambres-vue-panoramique-location-court-terme-16-210x210.jpg","width":210,"height":210,"mime-type":"image\/jpeg","filesize":8411,"url":"https:\/\/lesversants.com\/wp-content\/uploads\/2026\/03\/grand-condo-3-chambres-vue-panoramique-location-court-terme-16-210x210.jpg"},"partners-logo":{"file":"grand-condo-3-chambres-vue-panoramique-location-court-terme-16-600x1282.jpg","width":600,"height":1282,"mime-type":"image\/jpeg","filesize":58858,"url":"https:\/\/lesversants.com\/wp-content\/uploads\/2026\/03\/grand-condo-3-chambres-vue-panoramique-location-court-terme-16-600x1282.jpg"},"post-featured-image":{"file":"grand-condo-3-chambres-vue-panoramique-location-court-terme-16-1240x720.jpg","width":1240,"height":720,"mime-type":"image\/jpeg","filesize":99101,"url":"https:\/\/lesversants.com\/wp-content\/uploads\/2026\/03\/grand-condo-3-chambres-vue-panoramique-location-court-terme-16-1240x720.jpg"},"cmplz_banner_image":{"file":"grand-condo-3-chambres-vue-panoramique-location-court-terme-16-350x100.jpg","width":350,"height":100,"mime-type":"image\/jpeg","filesize":8806,"url":"https:\/\/lesversants.com\/wp-content\/uploads\/2026\/03\/grand-condo-3-chambres-vue-panoramique-location-court-terme-16-350x100.jpg"}},"image_meta":{"aperture":"0","credit":"","camera":"","caption":"","created_timestamp":"0","copyright":"","focal_length":"0","iso":"0","shutter_speed":"0","title":"","orientation":"0","keywords":[]},"ID":"66589","name":"grand-condo-3-chambres-vue-panoramique-location-court-terme-16.jpg","path":"\/home\/lesversa\/public_html\/wp-content\/uploads\/2026\/03\/grand-condo-3-chambres-vue-panoramique-location-court-terme-16.jpg","url":"https:\/\/lesversants.com\/wp-content\/uploads\/2026\/03\/grand-condo-3-chambres-vue-panoramique-location-court-terme-16-150x150.jpg","full_url":"https:\/\/lesversants.com\/wp-content\/uploads\/2026\/03\/grand-condo-3-chambres-vue-panoramique-location-court-terme-16.jpg","title":"grand condo 3 chambres vue panoramique location court terme 16","caption":"","description":"","alt":"grand condo 3 chambres vue panoramique location court terme 16","srcset":"https:\/\/lesversants.com\/wp-content\/uploads\/2026\/03\/grand-condo-3-chambres-vue-panoramique-location-court-terme-16-150x150.jpg 150w, https:\/\/lesversants.com\/wp-content\/uploads\/2026\/03\/grand-condo-3-chambres-vue-panoramique-location-court-terme-16-120x120.jpg 120w, https:\/\/lesversants.com\/wp-content\/uploads\/2026\/03\/grand-condo-3-chambres-vue-panoramique-location-court-terme-16-210x210.jpg 210w"},{"width":150,"height":150,"file":"2026\/03\/grand-condo-3-chambres-vue-panoramique-location-court-terme-18.jpg","filesize":232843,"sizes":{"medium":{"file":"grand-condo-3-chambres-vue-panoramique-location-court-terme-18-300x200.jpg","width":300,"height":200,"mime-type":"image\/jpeg","filesize":11327,"url":"https:\/\/lesversants.com\/wp-content\/uploads\/2026\/03\/grand-condo-3-chambres-vue-panoramique-location-court-terme-18-300x200.jpg"},"large":{"file":"grand-condo-3-chambres-vue-panoramique-location-court-terme-18-1024x683.jpg","width":1024,"height":683,"mime-type":"image\/jpeg","filesize":80815,"url":"https:\/\/lesversants.com\/wp-content\/uploads\/2026\/03\/grand-condo-3-chambres-vue-panoramique-location-court-terme-18-1024x683.jpg"},"thumbnail":{"file":"grand-condo-3-chambres-vue-panoramique-location-court-terme-18-150x150.jpg","width":150,"height":150,"mime-type":"image\/jpeg","filesize":5538,"url":"https:\/\/lesversants.com\/wp-content\/uploads\/2026\/03\/grand-condo-3-chambres-vue-panoramique-location-court-terme-18-150x150.jpg"},"medium_large":{"file":"grand-condo-3-chambres-vue-panoramique-location-court-terme-18-768x512.jpg","width":768,"height":512,"mime-type":"image\/jpeg","filesize":49604,"url":"https:\/\/lesversants.com\/wp-content\/uploads\/2026\/03\/grand-condo-3-chambres-vue-panoramique-location-court-terme-18-768x512.jpg"},"tf-client-image-size":{"file":"grand-condo-3-chambres-vue-panoramique-location-court-terme-18-120x120.jpg","width":120,"height":120,"mime-type":"image\/jpeg","filesize":3819,"url":"https:\/\/lesversants.com\/wp-content\/uploads\/2026\/03\/grand-condo-3-chambres-vue-panoramique-location-court-terme-18-120x120.jpg"},"1536x1536":{"file":"grand-condo-3-chambres-vue-panoramique-location-court-terme-18-1536x1025.jpg","width":1536,"height":1025,"mime-type":"image\/jpeg","filesize":154689,"url":"https:\/\/lesversants.com\/wp-content\/uploads\/2026\/03\/grand-condo-3-chambres-vue-panoramique-location-court-terme-18-1536x1025.jpg"},"post-thumbnail":{"file":"grand-condo-3-chambres-vue-panoramique-location-court-terme-18-150x100.jpg","width":150,"height":100,"mime-type":"image\/jpeg","filesize":4116,"url":"https:\/\/lesversants.com\/wp-content\/uploads\/2026\/03\/grand-condo-3-chambres-vue-panoramique-location-court-terme-18-150x100.jpg"},"modern-property-child-slider":{"file":"grand-condo-3-chambres-vue-panoramique-location-court-terme-18-680x510.jpg","width":680,"height":510,"mime-type":"image\/jpeg","filesize":46570,"url":"https:\/\/lesversants.com\/wp-content\/uploads\/2026\/03\/grand-condo-3-chambres-vue-panoramique-location-court-terme-18-680x510.jpg"},"property-thumb-image":{"file":"grand-condo-3-chambres-vue-panoramique-location-court-terme-18-488x326.jpg","width":488,"height":326,"mime-type":"image\/jpeg","filesize":24350,"url":"https:\/\/lesversants.com\/wp-content\/uploads\/2026\/03\/grand-condo-3-chambres-vue-panoramique-location-court-terme-18-488x326.jpg"},"property-detail-video-image":{"file":"grand-condo-3-chambres-vue-panoramique-location-court-terme-18-818x417.jpg","width":818,"height":417,"mime-type":"image\/jpeg","filesize":44630,"url":"https:\/\/lesversants.com\/wp-content\/uploads\/2026\/03\/grand-condo-3-chambres-vue-panoramique-location-court-terme-18-818x417.jpg"},"agent-image":{"file":"grand-condo-3-chambres-vue-panoramique-location-court-terme-18-210x210.jpg","width":210,"height":210,"mime-type":"image\/jpeg","filesize":9374,"url":"https:\/\/lesversants.com\/wp-content\/uploads\/2026\/03\/grand-condo-3-chambres-vue-panoramique-location-court-terme-18-210x210.jpg"},"partners-logo":{"file":"grand-condo-3-chambres-vue-panoramique-location-court-terme-18-600x1281.jpg","width":600,"height":1281,"mime-type":"image\/jpeg","filesize":81592,"url":"https:\/\/lesversants.com\/wp-content\/uploads\/2026\/03\/grand-condo-3-chambres-vue-panoramique-location-court-terme-18-600x1281.jpg"},"post-featured-image":{"file":"grand-condo-3-chambres-vue-panoramique-location-court-terme-18-1240x720.jpg","width":1240,"height":720,"mime-type":"image\/jpeg","filesize":96426,"url":"https:\/\/lesversants.com\/wp-content\/uploads\/2026\/03\/grand-condo-3-chambres-vue-panoramique-location-court-terme-18-1240x720.jpg"},"cmplz_banner_image":{"file":"grand-condo-3-chambres-vue-panoramique-location-court-terme-18-350x100.jpg","width":350,"height":100,"mime-type":"image\/jpeg","filesize":7462,"url":"https:\/\/lesversants.com\/wp-content\/uploads\/2026\/03\/grand-condo-3-chambres-vue-panoramique-location-court-terme-18-350x100.jpg"}},"image_meta":{"aperture":"0","credit":"","camera":"","caption":"","created_timestamp":"0","copyright":"","focal_length":"0","iso":"0","shutter_speed":"0","title":"","orientation":"0","keywords":[]},"ID":"66593","name":"grand-condo-3-chambres-vue-panoramique-location-court-terme-18.jpg","path":"\/home\/lesversa\/public_html\/wp-content\/uploads\/2026\/03\/grand-condo-3-chambres-vue-panoramique-location-court-terme-18.jpg","url":"https:\/\/lesversants.com\/wp-content\/uploads\/2026\/03\/grand-condo-3-chambres-vue-panoramique-location-court-terme-18-150x150.jpg","full_url":"https:\/\/lesversants.com\/wp-content\/uploads\/2026\/03\/grand-condo-3-chambres-vue-panoramique-location-court-terme-18.jpg","title":"grand condo 3 chambres vue panoramique location court terme 18","caption":"","description":"","alt":"grand condo 3 chambres vue panoramique location court terme 18","srcset":"https:\/\/lesversants.com\/wp-content\/uploads\/2026\/03\/grand-condo-3-chambres-vue-panoramique-location-court-terme-18-150x150.jpg 150w, https:\/\/lesversants.com\/wp-content\/uploads\/2026\/03\/grand-condo-3-chambres-vue-panoramique-location-court-terme-18-120x120.jpg 120w, https:\/\/lesversants.com\/wp-content\/uploads\/2026\/03\/grand-condo-3-chambres-vue-panoramique-location-court-terme-18-210x210.jpg 210w"},{"width":150,"height":150,"file":"2026\/03\/grand-condo-3-chambres-vue-panoramique-location-court-terme-25.jpg","filesize":215560,"sizes":{"medium":{"file":"grand-condo-3-chambres-vue-panoramique-location-court-terme-25-300x200.jpg","width":300,"height":200,"mime-type":"image\/jpeg","filesize":10273,"url":"https:\/\/lesversants.com\/wp-content\/uploads\/2026\/03\/grand-condo-3-chambres-vue-panoramique-location-court-terme-25-300x200.jpg"},"large":{"file":"grand-condo-3-chambres-vue-panoramique-location-court-terme-25-1024x684.jpg","width":1024,"height":684,"mime-type":"image\/jpeg","filesize":72949,"url":"https:\/\/lesversants.com\/wp-content\/uploads\/2026\/03\/grand-condo-3-chambres-vue-panoramique-location-court-terme-25-1024x684.jpg"},"thumbnail":{"file":"grand-condo-3-chambres-vue-panoramique-location-court-terme-25-150x150.jpg","width":150,"height":150,"mime-type":"image\/jpeg","filesize":5316,"url":"https:\/\/lesversants.com\/wp-content\/uploads\/2026\/03\/grand-condo-3-chambres-vue-panoramique-location-court-terme-25-150x150.jpg"},"medium_large":{"file":"grand-condo-3-chambres-vue-panoramique-location-court-terme-25-768x513.jpg","width":768,"height":513,"mime-type":"image\/jpeg","filesize":45568,"url":"https:\/\/lesversants.com\/wp-content\/uploads\/2026\/03\/grand-condo-3-chambres-vue-panoramique-location-court-terme-25-768x513.jpg"},"tf-client-image-size":{"file":"grand-condo-3-chambres-vue-panoramique-location-court-terme-25-120x120.jpg","width":120,"height":120,"mime-type":"image\/jpeg","filesize":3591,"url":"https:\/\/lesversants.com\/wp-content\/uploads\/2026\/03\/grand-condo-3-chambres-vue-panoramique-location-court-terme-25-120x120.jpg"},"1536x1536":{"file":"grand-condo-3-chambres-vue-panoramique-location-court-terme-25-1536x1026.jpg","width":1536,"height":1026,"mime-type":"image\/jpeg","filesize":141247,"url":"https:\/\/lesversants.com\/wp-content\/uploads\/2026\/03\/grand-condo-3-chambres-vue-panoramique-location-court-terme-25-1536x1026.jpg"},"post-thumbnail":{"file":"grand-condo-3-chambres-vue-panoramique-location-court-terme-25-150x100.jpg","width":150,"height":100,"mime-type":"image\/jpeg","filesize":3715,"url":"https:\/\/lesversants.com\/wp-content\/uploads\/2026\/03\/grand-condo-3-chambres-vue-panoramique-location-court-terme-25-150x100.jpg"},"modern-property-child-slider":{"file":"grand-condo-3-chambres-vue-panoramique-location-court-terme-25-680x510.jpg","width":680,"height":510,"mime-type":"image\/jpeg","filesize":43107,"url":"https:\/\/lesversants.com\/wp-content\/uploads\/2026\/03\/grand-condo-3-chambres-vue-panoramique-location-court-terme-25-680x510.jpg"},"property-thumb-image":{"file":"grand-condo-3-chambres-vue-panoramique-location-court-terme-25-488x326.jpg","width":488,"height":326,"mime-type":"image\/jpeg","filesize":21768,"url":"https:\/\/lesversants.com\/wp-content\/uploads\/2026\/03\/grand-condo-3-chambres-vue-panoramique-location-court-terme-25-488x326.jpg"},"property-detail-video-image":{"file":"grand-condo-3-chambres-vue-panoramique-location-court-terme-25-818x417.jpg","width":818,"height":417,"mime-type":"image\/jpeg","filesize":38080,"url":"https:\/\/lesversants.com\/wp-content\/uploads\/2026\/03\/grand-condo-3-chambres-vue-panoramique-location-court-terme-25-818x417.jpg"},"agent-image":{"file":"grand-condo-3-chambres-vue-panoramique-location-court-terme-25-210x210.jpg","width":210,"height":210,"mime-type":"image\/jpeg","filesize":8921,"url":"https:\/\/lesversants.com\/wp-content\/uploads\/2026\/03\/grand-condo-3-chambres-vue-panoramique-location-court-terme-25-210x210.jpg"},"partners-logo":{"file":"grand-condo-3-chambres-vue-panoramique-location-court-terme-25-600x1282.jpg","width":600,"height":1282,"mime-type":"image\/jpeg","filesize":93507,"url":"https:\/\/lesversants.com\/wp-content\/uploads\/2026\/03\/grand-condo-3-chambres-vue-panoramique-location-court-terme-25-600x1282.jpg"},"post-featured-image":{"file":"grand-condo-3-chambres-vue-panoramique-location-court-terme-25-1240x720.jpg","width":1240,"height":720,"mime-type":"image\/jpeg","filesize":84365,"url":"https:\/\/lesversants.com\/wp-content\/uploads\/2026\/03\/grand-condo-3-chambres-vue-panoramique-location-court-terme-25-1240x720.jpg"},"cmplz_banner_image":{"file":"grand-condo-3-chambres-vue-panoramique-location-court-terme-25-350x100.jpg","width":350,"height":100,"mime-type":"image\/jpeg","filesize":6208,"url":"https:\/\/lesversants.com\/wp-content\/uploads\/2026\/03\/grand-condo-3-chambres-vue-panoramique-location-court-terme-25-350x100.jpg"}},"image_meta":{"aperture":"0","credit":"","camera":"","caption":"","created_timestamp":"0","copyright":"","focal_length":"0","iso":"0","shutter_speed":"0","title":"","orientation":"0","keywords":[]},"ID":"66607","name":"grand-condo-3-chambres-vue-panoramique-location-court-terme-25.jpg","path":"\/home\/lesversa\/public_html\/wp-content\/uploads\/2026\/03\/grand-condo-3-chambres-vue-panoramique-location-court-terme-25.jpg","url":"https:\/\/lesversants.com\/wp-content\/uploads\/2026\/03\/grand-condo-3-chambres-vue-panoramique-location-court-terme-25-150x150.jpg","full_url":"https:\/\/lesversants.com\/wp-content\/uploads\/2026\/03\/grand-condo-3-chambres-vue-panoramique-location-court-terme-25.jpg","title":"grand condo 3 chambres vue panoramique location court terme 25","caption":"","description":"","alt":"grand condo 3 chambres vue panoramique location court terme 25","srcset":"https:\/\/lesversants.com\/wp-content\/uploads\/2026\/03\/grand-condo-3-chambres-vue-panoramique-location-court-terme-25-150x150.jpg 150w, https:\/\/lesversants.com\/wp-content\/uploads\/2026\/03\/grand-condo-3-chambres-vue-panoramique-location-court-terme-25-120x120.jpg 120w, https:\/\/lesversants.com\/wp-content\/uploads\/2026\/03\/grand-condo-3-chambres-vue-panoramique-location-court-terme-25-210x210.jpg 210w"},{"width":150,"height":150,"file":"2026\/03\/grand-condo-3-chambres-vue-panoramique-location-court-terme-26.jpg","filesize":139600,"sizes":{"medium":{"file":"grand-condo-3-chambres-vue-panoramique-location-court-terme-26-300x200.jpg","width":300,"height":200,"mime-type":"image\/jpeg","filesize":7718,"url":"https:\/\/lesversants.com\/wp-content\/uploads\/2026\/03\/grand-condo-3-chambres-vue-panoramique-location-court-terme-26-300x200.jpg"},"large":{"file":"grand-condo-3-chambres-vue-panoramique-location-court-terme-26-1024x683.jpg","width":1024,"height":683,"mime-type":"image\/jpeg","filesize":50147,"url":"https:\/\/lesversants.com\/wp-content\/uploads\/2026\/03\/grand-condo-3-chambres-vue-panoramique-location-court-terme-26-1024x683.jpg"},"thumbnail":{"file":"grand-condo-3-chambres-vue-panoramique-location-court-terme-26-150x150.jpg","width":150,"height":150,"mime-type":"image\/jpeg","filesize":3949,"url":"https:\/\/lesversants.com\/wp-content\/uploads\/2026\/03\/grand-condo-3-chambres-vue-panoramique-location-court-terme-26-150x150.jpg"},"medium_large":{"file":"grand-condo-3-chambres-vue-panoramique-location-court-terme-26-768x512.jpg","width":768,"height":512,"mime-type":"image\/jpeg","filesize":32036,"url":"https:\/\/lesversants.com\/wp-content\/uploads\/2026\/03\/grand-condo-3-chambres-vue-panoramique-location-court-terme-26-768x512.jpg"},"tf-client-image-size":{"file":"grand-condo-3-chambres-vue-panoramique-location-court-terme-26-120x120.jpg","width":120,"height":120,"mime-type":"image\/jpeg","filesize":2981,"url":"https:\/\/lesversants.com\/wp-content\/uploads\/2026\/03\/grand-condo-3-chambres-vue-panoramique-location-court-terme-26-120x120.jpg"},"1536x1536":{"file":"grand-condo-3-chambres-vue-panoramique-location-court-terme-26-1536x1025.jpg","width":1536,"height":1025,"mime-type":"image\/jpeg","filesize":95830,"url":"https:\/\/lesversants.com\/wp-content\/uploads\/2026\/03\/grand-condo-3-chambres-vue-panoramique-location-court-terme-26-1536x1025.jpg"},"post-thumbnail":{"file":"grand-condo-3-chambres-vue-panoramique-location-court-terme-26-150x100.jpg","width":150,"height":100,"mime-type":"image\/jpeg","filesize":3060,"url":"https:\/\/lesversants.com\/wp-content\/uploads\/2026\/03\/grand-condo-3-chambres-vue-panoramique-location-court-terme-26-150x100.jpg"},"modern-property-child-slider":{"file":"grand-condo-3-chambres-vue-panoramique-location-court-terme-26-680x510.jpg","width":680,"height":510,"mime-type":"image\/jpeg","filesize":29746,"url":"https:\/\/lesversants.com\/wp-content\/uploads\/2026\/03\/grand-condo-3-chambres-vue-panoramique-location-court-terme-26-680x510.jpg"},"property-thumb-image":{"file":"grand-condo-3-chambres-vue-panoramique-location-court-terme-26-488x326.jpg","width":488,"height":326,"mime-type":"image\/jpeg","filesize":16105,"url":"https:\/\/lesversants.com\/wp-content\/uploads\/2026\/03\/grand-condo-3-chambres-vue-panoramique-location-court-terme-26-488x326.jpg"},"property-detail-video-image":{"file":"grand-condo-3-chambres-vue-panoramique-location-court-terme-26-818x417.jpg","width":818,"height":417,"mime-type":"image\/jpeg","filesize":29959,"url":"https:\/\/lesversants.com\/wp-content\/uploads\/2026\/03\/grand-condo-3-chambres-vue-panoramique-location-court-terme-26-818x417.jpg"},"agent-image":{"file":"grand-condo-3-chambres-vue-panoramique-location-court-terme-26-210x210.jpg","width":210,"height":210,"mime-type":"image\/jpeg","filesize":6579,"url":"https:\/\/lesversants.com\/wp-content\/uploads\/2026\/03\/grand-condo-3-chambres-vue-panoramique-location-court-terme-26-210x210.jpg"},"partners-logo":{"file":"grand-condo-3-chambres-vue-panoramique-location-court-terme-26-600x1281.jpg","width":600,"height":1281,"mime-type":"image\/jpeg","filesize":67389,"url":"https:\/\/lesversants.com\/wp-content\/uploads\/2026\/03\/grand-condo-3-chambres-vue-panoramique-location-court-terme-26-600x1281.jpg"},"post-featured-image":{"file":"grand-condo-3-chambres-vue-panoramique-location-court-terme-26-1240x720.jpg","width":1240,"height":720,"mime-type":"image\/jpeg","filesize":62354,"url":"https:\/\/lesversants.com\/wp-content\/uploads\/2026\/03\/grand-condo-3-chambres-vue-panoramique-location-court-terme-26-1240x720.jpg"},"cmplz_banner_image":{"file":"grand-condo-3-chambres-vue-panoramique-location-court-terme-26-350x100.jpg","width":350,"height":100,"mime-type":"image\/jpeg","filesize":5597,"url":"https:\/\/lesversants.com\/wp-content\/uploads\/2026\/03\/grand-condo-3-chambres-vue-panoramique-location-court-terme-26-350x100.jpg"}},"image_meta":{"aperture":"0","credit":"","camera":"","caption":"","created_timestamp":"0","copyright":"","focal_length":"0","iso":"0","shutter_speed":"0","title":"","orientation":"0","keywords":[]},"ID":"66609","name":"grand-condo-3-chambres-vue-panoramique-location-court-terme-26.jpg","path":"\/home\/lesversa\/public_html\/wp-content\/uploads\/2026\/03\/grand-condo-3-chambres-vue-panoramique-location-court-terme-26.jpg","url":"https:\/\/lesversants.com\/wp-content\/uploads\/2026\/03\/grand-condo-3-chambres-vue-panoramique-location-court-terme-26-150x150.jpg","full_url":"https:\/\/lesversants.com\/wp-content\/uploads\/2026\/03\/grand-condo-3-chambres-vue-panoramique-location-court-terme-26.jpg","title":"grand condo 3 chambres vue panoramique location court terme 26","caption":"","description":"","alt":"grand condo 3 chambres vue panoramique location court terme 26","srcset":"https:\/\/lesversants.com\/wp-content\/uploads\/2026\/03\/grand-condo-3-chambres-vue-panoramique-location-court-terme-26-150x150.jpg 150w, https:\/\/lesversants.com\/wp-content\/uploads\/2026\/03\/grand-condo-3-chambres-vue-panoramique-location-court-terme-26-120x120.jpg 120w, https:\/\/lesversants.com\/wp-content\/uploads\/2026\/03\/grand-condo-3-chambres-vue-panoramique-location-court-terme-26-210x210.jpg 210w"},{"width":150,"height":150,"file":"2026\/03\/grand-condo-3-chambres-vue-panoramique-location-court-terme-27.jpg","filesize":180602,"sizes":{"medium":{"file":"grand-condo-3-chambres-vue-panoramique-location-court-terme-27-300x200.jpg","width":300,"height":200,"mime-type":"image\/jpeg","filesize":9796,"url":"https:\/\/lesversants.com\/wp-content\/uploads\/2026\/03\/grand-condo-3-chambres-vue-panoramique-location-court-terme-27-300x200.jpg"},"large":{"file":"grand-condo-3-chambres-vue-panoramique-location-court-terme-27-1024x684.jpg","width":1024,"height":684,"mime-type":"image\/jpeg","filesize":64922,"url":"https:\/\/lesversants.com\/wp-content\/uploads\/2026\/03\/grand-condo-3-chambres-vue-panoramique-location-court-terme-27-1024x684.jpg"},"thumbnail":{"file":"grand-condo-3-chambres-vue-panoramique-location-court-terme-27-150x150.jpg","width":150,"height":150,"mime-type":"image\/jpeg","filesize":5340,"url":"https:\/\/lesversants.com\/wp-content\/uploads\/2026\/03\/grand-condo-3-chambres-vue-panoramique-location-court-terme-27-150x150.jpg"},"medium_large":{"file":"grand-condo-3-chambres-vue-panoramique-location-court-terme-27-768x513.jpg","width":768,"height":513,"mime-type":"image\/jpeg","filesize":41379,"url":"https:\/\/lesversants.com\/wp-content\/uploads\/2026\/03\/grand-condo-3-chambres-vue-panoramique-location-court-terme-27-768x513.jpg"},"tf-client-image-size":{"file":"grand-condo-3-chambres-vue-panoramique-location-court-terme-27-120x120.jpg","width":120,"height":120,"mime-type":"image\/jpeg","filesize":3619,"url":"https:\/\/lesversants.com\/wp-content\/uploads\/2026\/03\/grand-condo-3-chambres-vue-panoramique-location-court-terme-27-120x120.jpg"},"1536x1536":{"file":"grand-condo-3-chambres-vue-panoramique-location-court-terme-27-1536x1026.jpg","width":1536,"height":1026,"mime-type":"image\/jpeg","filesize":122077,"url":"https:\/\/lesversants.com\/wp-content\/uploads\/2026\/03\/grand-condo-3-chambres-vue-panoramique-location-court-terme-27-1536x1026.jpg"},"post-thumbnail":{"file":"grand-condo-3-chambres-vue-panoramique-location-court-terme-27-150x100.jpg","width":150,"height":100,"mime-type":"image\/jpeg","filesize":3466,"url":"https:\/\/lesversants.com\/wp-content\/uploads\/2026\/03\/grand-condo-3-chambres-vue-panoramique-location-court-terme-27-150x100.jpg"},"modern-property-child-slider":{"file":"grand-condo-3-chambres-vue-panoramique-location-court-terme-27-680x510.jpg","width":680,"height":510,"mime-type":"image\/jpeg","filesize":39367,"url":"https:\/\/lesversants.com\/wp-content\/uploads\/2026\/03\/grand-condo-3-chambres-vue-panoramique-location-court-terme-27-680x510.jpg"},"property-thumb-image":{"file":"grand-condo-3-chambres-vue-panoramique-location-court-terme-27-488x326.jpg","width":488,"height":326,"mime-type":"image\/jpeg","filesize":20677,"url":"https:\/\/lesversants.com\/wp-content\/uploads\/2026\/03\/grand-condo-3-chambres-vue-panoramique-location-court-terme-27-488x326.jpg"},"property-detail-video-image":{"file":"grand-condo-3-chambres-vue-panoramique-location-court-terme-27-818x417.jpg","width":818,"height":417,"mime-type":"image\/jpeg","filesize":40152,"url":"https:\/\/lesversants.com\/wp-content\/uploads\/2026\/03\/grand-condo-3-chambres-vue-panoramique-location-court-terme-27-818x417.jpg"},"agent-image":{"file":"grand-condo-3-chambres-vue-panoramique-location-court-terme-27-210x210.jpg","width":210,"height":210,"mime-type":"image\/jpeg","filesize":8691,"url":"https:\/\/lesversants.com\/wp-content\/uploads\/2026\/03\/grand-condo-3-chambres-vue-panoramique-location-court-terme-27-210x210.jpg"},"partners-logo":{"file":"grand-condo-3-chambres-vue-panoramique-location-court-terme-27-600x1283.jpg","width":600,"height":1283,"mime-type":"image\/jpeg","filesize":84146,"url":"https:\/\/lesversants.com\/wp-content\/uploads\/2026\/03\/grand-condo-3-chambres-vue-panoramique-location-court-terme-27-600x1283.jpg"},"post-featured-image":{"file":"grand-condo-3-chambres-vue-panoramique-location-court-terme-27-1240x720.jpg","width":1240,"height":720,"mime-type":"image\/jpeg","filesize":80761,"url":"https:\/\/lesversants.com\/wp-content\/uploads\/2026\/03\/grand-condo-3-chambres-vue-panoramique-location-court-terme-27-1240x720.jpg"},"cmplz_banner_image":{"file":"grand-condo-3-chambres-vue-panoramique-location-court-terme-27-350x100.jpg","width":350,"height":100,"mime-type":"image\/jpeg","filesize":7496,"url":"https:\/\/lesversants.com\/wp-content\/uploads\/2026\/03\/grand-condo-3-chambres-vue-panoramique-location-court-terme-27-350x100.jpg"}},"image_meta":{"aperture":"0","credit":"","camera":"","caption":"","created_timestamp":"0","copyright":"","focal_length":"0","iso":"0","shutter_speed":"0","title":"","orientation":"0","keywords":[]},"ID":"66611","name":"grand-condo-3-chambres-vue-panoramique-location-court-terme-27.jpg","path":"\/home\/lesversa\/public_html\/wp-content\/uploads\/2026\/03\/grand-condo-3-chambres-vue-panoramique-location-court-terme-27.jpg","url":"https:\/\/lesversants.com\/wp-content\/uploads\/2026\/03\/grand-condo-3-chambres-vue-panoramique-location-court-terme-27-150x150.jpg","full_url":"https:\/\/lesversants.com\/wp-content\/uploads\/2026\/03\/grand-condo-3-chambres-vue-panoramique-location-court-terme-27.jpg","title":"grand condo 3 chambres vue panoramique location court terme 27","caption":"","description":"","alt":"grand condo 3 chambres vue panoramique location court terme 27","srcset":"https:\/\/lesversants.com\/wp-content\/uploads\/2026\/03\/grand-condo-3-chambres-vue-panoramique-location-court-terme-27-150x150.jpg 150w, https:\/\/lesversants.com\/wp-content\/uploads\/2026\/03\/grand-condo-3-chambres-vue-panoramique-location-court-terme-27-120x120.jpg 120w, https:\/\/lesversants.com\/wp-content\/uploads\/2026\/03\/grand-condo-3-chambres-vue-panoramique-location-court-terme-27-210x210.jpg 210w"},{"width":150,"height":150,"file":"2026\/03\/grand-condo-3-chambres-vue-panoramique-location-court-terme-20.jpg","filesize":235698,"sizes":{"medium":{"file":"grand-condo-3-chambres-vue-panoramique-location-court-terme-20-300x200.jpg","width":300,"height":200,"mime-type":"image\/jpeg","filesize":11155,"url":"https:\/\/lesversants.com\/wp-content\/uploads\/2026\/03\/grand-condo-3-chambres-vue-panoramique-location-court-terme-20-300x200.jpg"},"large":{"file":"grand-condo-3-chambres-vue-panoramique-location-court-terme-20-1024x684.jpg","width":1024,"height":684,"mime-type":"image\/jpeg","filesize":78706,"url":"https:\/\/lesversants.com\/wp-content\/uploads\/2026\/03\/grand-condo-3-chambres-vue-panoramique-location-court-terme-20-1024x684.jpg"},"thumbnail":{"file":"grand-condo-3-chambres-vue-panoramique-location-court-terme-20-150x150.jpg","width":150,"height":150,"mime-type":"image\/jpeg","filesize":5220,"url":"https:\/\/lesversants.com\/wp-content\/uploads\/2026\/03\/grand-condo-3-chambres-vue-panoramique-location-court-terme-20-150x150.jpg"},"medium_large":{"file":"grand-condo-3-chambres-vue-panoramique-location-court-terme-20-768x513.jpg","width":768,"height":513,"mime-type":"image\/jpeg","filesize":49160,"url":"https:\/\/lesversants.com\/wp-content\/uploads\/2026\/03\/grand-condo-3-chambres-vue-panoramique-location-court-terme-20-768x513.jpg"},"tf-client-image-size":{"file":"grand-condo-3-chambres-vue-panoramique-location-court-terme-20-120x120.jpg","width":120,"height":120,"mime-type":"image\/jpeg","filesize":3701,"url":"https:\/\/lesversants.com\/wp-content\/uploads\/2026\/03\/grand-condo-3-chambres-vue-panoramique-location-court-terme-20-120x120.jpg"},"1536x1536":{"file":"grand-condo-3-chambres-vue-panoramique-location-court-terme-20-1536x1026.jpg","width":1536,"height":1026,"mime-type":"image\/jpeg","filesize":153171,"url":"https:\/\/lesversants.com\/wp-content\/uploads\/2026\/03\/grand-condo-3-chambres-vue-panoramique-location-court-terme-20-1536x1026.jpg"},"post-thumbnail":{"file":"grand-condo-3-chambres-vue-panoramique-location-court-terme-20-150x100.jpg","width":150,"height":100,"mime-type":"image\/jpeg","filesize":4070,"url":"https:\/\/lesversants.com\/wp-content\/uploads\/2026\/03\/grand-condo-3-chambres-vue-panoramique-location-court-terme-20-150x100.jpg"},"modern-property-child-slider":{"file":"grand-condo-3-chambres-vue-panoramique-location-court-terme-20-680x510.jpg","width":680,"height":510,"mime-type":"image\/jpeg","filesize":43288,"url":"https:\/\/lesversants.com\/wp-content\/uploads\/2026\/03\/grand-condo-3-chambres-vue-panoramique-location-court-terme-20-680x510.jpg"},"property-thumb-image":{"file":"grand-condo-3-chambres-vue-panoramique-location-court-terme-20-488x326.jpg","width":488,"height":326,"mime-type":"image\/jpeg","filesize":23799,"url":"https:\/\/lesversants.com\/wp-content\/uploads\/2026\/03\/grand-condo-3-chambres-vue-panoramique-location-court-terme-20-488x326.jpg"},"property-detail-video-image":{"file":"grand-condo-3-chambres-vue-panoramique-location-court-terme-20-818x417.jpg","width":818,"height":417,"mime-type":"image\/jpeg","filesize":46046,"url":"https:\/\/lesversants.com\/wp-content\/uploads\/2026\/03\/grand-condo-3-chambres-vue-panoramique-location-court-terme-20-818x417.jpg"},"agent-image":{"file":"grand-condo-3-chambres-vue-panoramique-location-court-terme-20-210x210.jpg","width":210,"height":210,"mime-type":"image\/jpeg","filesize":8772,"url":"https:\/\/lesversants.com\/wp-content\/uploads\/2026\/03\/grand-condo-3-chambres-vue-panoramique-location-court-terme-20-210x210.jpg"},"partners-logo":{"file":"grand-condo-3-chambres-vue-panoramique-location-court-terme-20-600x1282.jpg","width":600,"height":1282,"mime-type":"image\/jpeg","filesize":61585,"url":"https:\/\/lesversants.com\/wp-content\/uploads\/2026\/03\/grand-condo-3-chambres-vue-panoramique-location-court-terme-20-600x1282.jpg"},"post-featured-image":{"file":"grand-condo-3-chambres-vue-panoramique-location-court-terme-20-1240x720.jpg","width":1240,"height":720,"mime-type":"image\/jpeg","filesize":97532,"url":"https:\/\/lesversants.com\/wp-content\/uploads\/2026\/03\/grand-condo-3-chambres-vue-panoramique-location-court-terme-20-1240x720.jpg"},"cmplz_banner_image":{"file":"grand-condo-3-chambres-vue-panoramique-location-court-terme-20-350x100.jpg","width":350,"height":100,"mime-type":"image\/jpeg","filesize":8461,"url":"https:\/\/lesversants.com\/wp-content\/uploads\/2026\/03\/grand-condo-3-chambres-vue-panoramique-location-court-terme-20-350x100.jpg"}},"image_meta":{"aperture":"0","credit":"","camera":"","caption":"","created_timestamp":"0","copyright":"","focal_length":"0","iso":"0","shutter_speed":"0","title":"","orientation":"0","keywords":[]},"ID":"66597","name":"grand-condo-3-chambres-vue-panoramique-location-court-terme-20.jpg","path":"\/home\/lesversa\/public_html\/wp-content\/uploads\/2026\/03\/grand-condo-3-chambres-vue-panoramique-location-court-terme-20.jpg","url":"https:\/\/lesversants.com\/wp-content\/uploads\/2026\/03\/grand-condo-3-chambres-vue-panoramique-location-court-terme-20-150x150.jpg","full_url":"https:\/\/lesversants.com\/wp-content\/uploads\/2026\/03\/grand-condo-3-chambres-vue-panoramique-location-court-terme-20.jpg","title":"grand condo 3 chambres vue panoramique location court terme 20","caption":"","description":"","alt":"grand condo 3 chambres vue panoramique location court terme 20","srcset":"https:\/\/lesversants.com\/wp-content\/uploads\/2026\/03\/grand-condo-3-chambres-vue-panoramique-location-court-terme-20-150x150.jpg 150w, https:\/\/lesversants.com\/wp-content\/uploads\/2026\/03\/grand-condo-3-chambres-vue-panoramique-location-court-terme-20-120x120.jpg 120w, https:\/\/lesversants.com\/wp-content\/uploads\/2026\/03\/grand-condo-3-chambres-vue-panoramique-location-court-terme-20-210x210.jpg 210w"},{"width":150,"height":150,"file":"2026\/03\/grand-condo-3-chambres-vue-panoramique-location-court-terme-29.jpg","filesize":210186,"sizes":{"medium":{"file":"grand-condo-3-chambres-vue-panoramique-location-court-terme-29-300x200.jpg","width":300,"height":200,"mime-type":"image\/jpeg","filesize":10070,"url":"https:\/\/lesversants.com\/wp-content\/uploads\/2026\/03\/grand-condo-3-chambres-vue-panoramique-location-court-terme-29-300x200.jpg"},"large":{"file":"grand-condo-3-chambres-vue-panoramique-location-court-terme-29-1024x684.jpg","width":1024,"height":684,"mime-type":"image\/jpeg","filesize":70050,"url":"https:\/\/lesversants.com\/wp-content\/uploads\/2026\/03\/grand-condo-3-chambres-vue-panoramique-location-court-terme-29-1024x684.jpg"},"thumbnail":{"file":"grand-condo-3-chambres-vue-panoramique-location-court-terme-29-150x150.jpg","width":150,"height":150,"mime-type":"image\/jpeg","filesize":5149,"url":"https:\/\/lesversants.com\/wp-content\/uploads\/2026\/03\/grand-condo-3-chambres-vue-panoramique-location-court-terme-29-150x150.jpg"},"medium_large":{"file":"grand-condo-3-chambres-vue-panoramique-location-court-terme-29-768x513.jpg","width":768,"height":513,"mime-type":"image\/jpeg","filesize":44192,"url":"https:\/\/lesversants.com\/wp-content\/uploads\/2026\/03\/grand-condo-3-chambres-vue-panoramique-location-court-terme-29-768x513.jpg"},"tf-client-image-size":{"file":"grand-condo-3-chambres-vue-panoramique-location-court-terme-29-120x120.jpg","width":120,"height":120,"mime-type":"image\/jpeg","filesize":3561,"url":"https:\/\/lesversants.com\/wp-content\/uploads\/2026\/03\/grand-condo-3-chambres-vue-panoramique-location-court-terme-29-120x120.jpg"},"1536x1536":{"file":"grand-condo-3-chambres-vue-panoramique-location-court-terme-29-1536x1026.jpg","width":1536,"height":1026,"mime-type":"image\/jpeg","filesize":136700,"url":"https:\/\/lesversants.com\/wp-content\/uploads\/2026\/03\/grand-condo-3-chambres-vue-panoramique-location-court-terme-29-1536x1026.jpg"},"post-thumbnail":{"file":"grand-condo-3-chambres-vue-panoramique-location-court-terme-29-150x100.jpg","width":150,"height":100,"mime-type":"image\/jpeg","filesize":3628,"url":"https:\/\/lesversants.com\/wp-content\/uploads\/2026\/03\/grand-condo-3-chambres-vue-panoramique-location-court-terme-29-150x100.jpg"},"modern-property-child-slider":{"file":"grand-condo-3-chambres-vue-panoramique-location-court-terme-29-680x510.jpg","width":680,"height":510,"mime-type":"image\/jpeg","filesize":41559,"url":"https:\/\/lesversants.com\/wp-content\/uploads\/2026\/03\/grand-condo-3-chambres-vue-panoramique-location-court-terme-29-680x510.jpg"},"property-thumb-image":{"file":"grand-condo-3-chambres-vue-panoramique-location-court-terme-29-488x326.jpg","width":488,"height":326,"mime-type":"image\/jpeg","filesize":21386,"url":"https:\/\/lesversants.com\/wp-content\/uploads\/2026\/03\/grand-condo-3-chambres-vue-panoramique-location-court-terme-29-488x326.jpg"},"property-detail-video-image":{"file":"grand-condo-3-chambres-vue-panoramique-location-court-terme-29-818x417.jpg","width":818,"height":417,"mime-type":"image\/jpeg","filesize":39500,"url":"https:\/\/lesversants.com\/wp-content\/uploads\/2026\/03\/grand-condo-3-chambres-vue-panoramique-location-court-terme-29-818x417.jpg"},"agent-image":{"file":"grand-condo-3-chambres-vue-panoramique-location-court-terme-29-210x210.jpg","width":210,"height":210,"mime-type":"image\/jpeg","filesize":8790,"url":"https:\/\/lesversants.com\/wp-content\/uploads\/2026\/03\/grand-condo-3-chambres-vue-panoramique-location-court-terme-29-210x210.jpg"},"partners-logo":{"file":"grand-condo-3-chambres-vue-panoramique-location-court-terme-29-600x1282.jpg","width":600,"height":1282,"mime-type":"image\/jpeg","filesize":88792,"url":"https:\/\/lesversants.com\/wp-content\/uploads\/2026\/03\/grand-condo-3-chambres-vue-panoramique-location-court-terme-29-600x1282.jpg"},"post-featured-image":{"file":"grand-condo-3-chambres-vue-panoramique-location-court-terme-29-1240x720.jpg","width":1240,"height":720,"mime-type":"image\/jpeg","filesize":85066,"url":"https:\/\/lesversants.com\/wp-content\/uploads\/2026\/03\/grand-condo-3-chambres-vue-panoramique-location-court-terme-29-1240x720.jpg"},"cmplz_banner_image":{"file":"grand-condo-3-chambres-vue-panoramique-location-court-terme-29-350x100.jpg","width":350,"height":100,"mime-type":"image\/jpeg","filesize":6764,"url":"https:\/\/lesversants.com\/wp-content\/uploads\/2026\/03\/grand-condo-3-chambres-vue-panoramique-location-court-terme-29-350x100.jpg"}},"image_meta":{"aperture":"0","credit":"","camera":"","caption":"","created_timestamp":"0","copyright":"","focal_length":"0","iso":"0","shutter_speed":"0","title":"","orientation":"0","keywords":[]},"ID":"66615","name":"grand-condo-3-chambres-vue-panoramique-location-court-terme-29.jpg","path":"\/home\/lesversa\/public_html\/wp-content\/uploads\/2026\/03\/grand-condo-3-chambres-vue-panoramique-location-court-terme-29.jpg","url":"https:\/\/lesversants.com\/wp-content\/uploads\/2026\/03\/grand-condo-3-chambres-vue-panoramique-location-court-terme-29-150x150.jpg","full_url":"https:\/\/lesversants.com\/wp-content\/uploads\/2026\/03\/grand-condo-3-chambres-vue-panoramique-location-court-terme-29.jpg","title":"grand condo 3 chambres vue panoramique location court terme 29","caption":"","description":"","alt":"grand condo 3 chambres vue panoramique location court terme 29","srcset":"https:\/\/lesversants.com\/wp-content\/uploads\/2026\/03\/grand-condo-3-chambres-vue-panoramique-location-court-terme-29-150x150.jpg 150w, https:\/\/lesversants.com\/wp-content\/uploads\/2026\/03\/grand-condo-3-chambres-vue-panoramique-location-court-terme-29-120x120.jpg 120w, https:\/\/lesversants.com\/wp-content\/uploads\/2026\/03\/grand-condo-3-chambres-vue-panoramique-location-court-terme-29-210x210.jpg 210w"},{"width":150,"height":150,"file":"2026\/03\/grand-condo-3-chambres-vue-panoramique-location-court-terme-21.jpg","filesize":212994,"sizes":{"medium":{"file":"grand-condo-3-chambres-vue-panoramique-location-court-terme-21-300x200.jpg","width":300,"height":200,"mime-type":"image\/jpeg","filesize":10977,"url":"https:\/\/lesversants.com\/wp-content\/uploads\/2026\/03\/grand-condo-3-chambres-vue-panoramique-location-court-terme-21-300x200.jpg"},"large":{"file":"grand-condo-3-chambres-vue-panoramique-location-court-terme-21-1024x684.jpg","width":1024,"height":684,"mime-type":"image\/jpeg","filesize":73785,"url":"https:\/\/lesversants.com\/wp-content\/uploads\/2026\/03\/grand-condo-3-chambres-vue-panoramique-location-court-terme-21-1024x684.jpg"},"thumbnail":{"file":"grand-condo-3-chambres-vue-panoramique-location-court-terme-21-150x150.jpg","width":150,"height":150,"mime-type":"image\/jpeg","filesize":5190,"url":"https:\/\/lesversants.com\/wp-content\/uploads\/2026\/03\/grand-condo-3-chambres-vue-panoramique-location-court-terme-21-150x150.jpg"},"medium_large":{"file":"grand-condo-3-chambres-vue-panoramique-location-court-terme-21-768x513.jpg","width":768,"height":513,"mime-type":"image\/jpeg","filesize":46544,"url":"https:\/\/lesversants.com\/wp-content\/uploads\/2026\/03\/grand-condo-3-chambres-vue-panoramique-location-court-terme-21-768x513.jpg"},"tf-client-image-size":{"file":"grand-condo-3-chambres-vue-panoramique-location-court-terme-21-120x120.jpg","width":120,"height":120,"mime-type":"image\/jpeg","filesize":3721,"url":"https:\/\/lesversants.com\/wp-content\/uploads\/2026\/03\/grand-condo-3-chambres-vue-panoramique-location-court-terme-21-120x120.jpg"},"1536x1536":{"file":"grand-condo-3-chambres-vue-panoramique-location-court-terme-21-1536x1026.jpg","width":1536,"height":1026,"mime-type":"image\/jpeg","filesize":141259,"url":"https:\/\/lesversants.com\/wp-content\/uploads\/2026\/03\/grand-condo-3-chambres-vue-panoramique-location-court-terme-21-1536x1026.jpg"},"post-thumbnail":{"file":"grand-condo-3-chambres-vue-panoramique-location-court-terme-21-150x100.jpg","width":150,"height":100,"mime-type":"image\/jpeg","filesize":4012,"url":"https:\/\/lesversants.com\/wp-content\/uploads\/2026\/03\/grand-condo-3-chambres-vue-panoramique-location-court-terme-21-150x100.jpg"},"modern-property-child-slider":{"file":"grand-condo-3-chambres-vue-panoramique-location-court-terme-21-680x510.jpg","width":680,"height":510,"mime-type":"image\/jpeg","filesize":41532,"url":"https:\/\/lesversants.com\/wp-content\/uploads\/2026\/03\/grand-condo-3-chambres-vue-panoramique-location-court-terme-21-680x510.jpg"},"property-thumb-image":{"file":"grand-condo-3-chambres-vue-panoramique-location-court-terme-21-488x326.jpg","width":488,"height":326,"mime-type":"image\/jpeg","filesize":22369,"url":"https:\/\/lesversants.com\/wp-content\/uploads\/2026\/03\/grand-condo-3-chambres-vue-panoramique-location-court-terme-21-488x326.jpg"},"property-detail-video-image":{"file":"grand-condo-3-chambres-vue-panoramique-location-court-terme-21-818x417.jpg","width":818,"height":417,"mime-type":"image\/jpeg","filesize":40317,"url":"https:\/\/lesversants.com\/wp-content\/uploads\/2026\/03\/grand-condo-3-chambres-vue-panoramique-location-court-terme-21-818x417.jpg"},"agent-image":{"file":"grand-condo-3-chambres-vue-panoramique-location-court-terme-21-210x210.jpg","width":210,"height":210,"mime-type":"image\/jpeg","filesize":8779,"url":"https:\/\/lesversants.com\/wp-content\/uploads\/2026\/03\/grand-condo-3-chambres-vue-panoramique-location-court-terme-21-210x210.jpg"},"partners-logo":{"file":"grand-condo-3-chambres-vue-panoramique-location-court-terme-21-600x1282.jpg","width":600,"height":1282,"mime-type":"image\/jpeg","filesize":91771,"url":"https:\/\/lesversants.com\/wp-content\/uploads\/2026\/03\/grand-condo-3-chambres-vue-panoramique-location-court-terme-21-600x1282.jpg"},"post-featured-image":{"file":"grand-condo-3-chambres-vue-panoramique-location-court-terme-21-1240x720.jpg","width":1240,"height":720,"mime-type":"image\/jpeg","filesize":86712,"url":"https:\/\/lesversants.com\/wp-content\/uploads\/2026\/03\/grand-condo-3-chambres-vue-panoramique-location-court-terme-21-1240x720.jpg"},"cmplz_banner_image":{"file":"grand-condo-3-chambres-vue-panoramique-location-court-terme-21-350x100.jpg","width":350,"height":100,"mime-type":"image\/jpeg","filesize":6637,"url":"https:\/\/lesversants.com\/wp-content\/uploads\/2026\/03\/grand-condo-3-chambres-vue-panoramique-location-court-terme-21-350x100.jpg"}},"image_meta":{"aperture":"0","credit":"","camera":"","caption":"","created_timestamp":"0","copyright":"","focal_length":"0","iso":"0","shutter_speed":"0","title":"","orientation":"0","keywords":[]},"ID":"66599","name":"grand-condo-3-chambres-vue-panoramique-location-court-terme-21.jpg","path":"\/home\/lesversa\/public_html\/wp-content\/uploads\/2026\/03\/grand-condo-3-chambres-vue-panoramique-location-court-terme-21.jpg","url":"https:\/\/lesversants.com\/wp-content\/uploads\/2026\/03\/grand-condo-3-chambres-vue-panoramique-location-court-terme-21-150x150.jpg","full_url":"https:\/\/lesversants.com\/wp-content\/uploads\/2026\/03\/grand-condo-3-chambres-vue-panoramique-location-court-terme-21.jpg","title":"grand condo 3 chambres vue panoramique location court terme 21","caption":"","description":"","alt":"grand condo 3 chambres vue panoramique location court terme 21","srcset":"https:\/\/lesversants.com\/wp-content\/uploads\/2026\/03\/grand-condo-3-chambres-vue-panoramique-location-court-terme-21-150x150.jpg 150w, https:\/\/lesversants.com\/wp-content\/uploads\/2026\/03\/grand-condo-3-chambres-vue-panoramique-location-court-terme-21-120x120.jpg 120w, https:\/\/lesversants.com\/wp-content\/uploads\/2026\/03\/grand-condo-3-chambres-vue-panoramique-location-court-terme-21-210x210.jpg 210w"},{"width":150,"height":150,"file":"2026\/03\/grand-condo-3-chambres-vue-panoramique-location-court-terme-17.jpg","filesize":237146,"sizes":{"medium":{"file":"grand-condo-3-chambres-vue-panoramique-location-court-terme-17-300x200.jpg","width":300,"height":200,"mime-type":"image\/jpeg","filesize":11184,"url":"https:\/\/lesversants.com\/wp-content\/uploads\/2026\/03\/grand-condo-3-chambres-vue-panoramique-location-court-terme-17-300x200.jpg"},"large":{"file":"grand-condo-3-chambres-vue-panoramique-location-court-terme-17-1024x684.jpg","width":1024,"height":684,"mime-type":"image\/jpeg","filesize":79495,"url":"https:\/\/lesversants.com\/wp-content\/uploads\/2026\/03\/grand-condo-3-chambres-vue-panoramique-location-court-terme-17-1024x684.jpg"},"thumbnail":{"file":"grand-condo-3-chambres-vue-panoramique-location-court-terme-17-150x150.jpg","width":150,"height":150,"mime-type":"image\/jpeg","filesize":5224,"url":"https:\/\/lesversants.com\/wp-content\/uploads\/2026\/03\/grand-condo-3-chambres-vue-panoramique-location-court-terme-17-150x150.jpg"},"medium_large":{"file":"grand-condo-3-chambres-vue-panoramique-location-court-terme-17-768x513.jpg","width":768,"height":513,"mime-type":"image\/jpeg","filesize":49572,"url":"https:\/\/lesversants.com\/wp-content\/uploads\/2026\/03\/grand-condo-3-chambres-vue-panoramique-location-court-terme-17-768x513.jpg"},"tf-client-image-size":{"file":"grand-condo-3-chambres-vue-panoramique-location-court-terme-17-120x120.jpg","width":120,"height":120,"mime-type":"image\/jpeg","filesize":3875,"url":"https:\/\/lesversants.com\/wp-content\/uploads\/2026\/03\/grand-condo-3-chambres-vue-panoramique-location-court-terme-17-120x120.jpg"},"1536x1536":{"file":"grand-condo-3-chambres-vue-panoramique-location-court-terme-17-1536x1026.jpg","width":1536,"height":1026,"mime-type":"image\/jpeg","filesize":155159,"url":"https:\/\/lesversants.com\/wp-content\/uploads\/2026\/03\/grand-condo-3-chambres-vue-panoramique-location-court-terme-17-1536x1026.jpg"},"post-thumbnail":{"file":"grand-condo-3-chambres-vue-panoramique-location-court-terme-17-150x100.jpg","width":150,"height":100,"mime-type":"image\/jpeg","filesize":4037,"url":"https:\/\/lesversants.com\/wp-content\/uploads\/2026\/03\/grand-condo-3-chambres-vue-panoramique-location-court-terme-17-150x100.jpg"},"modern-property-child-slider":{"file":"grand-condo-3-chambres-vue-panoramique-location-court-terme-17-680x510.jpg","width":680,"height":510,"mime-type":"image\/jpeg","filesize":44370,"url":"https:\/\/lesversants.com\/wp-content\/uploads\/2026\/03\/grand-condo-3-chambres-vue-panoramique-location-court-terme-17-680x510.jpg"},"property-thumb-image":{"file":"grand-condo-3-chambres-vue-panoramique-location-court-terme-17-488x326.jpg","width":488,"height":326,"mime-type":"image\/jpeg","filesize":23696,"url":"https:\/\/lesversants.com\/wp-content\/uploads\/2026\/03\/grand-condo-3-chambres-vue-panoramique-location-court-terme-17-488x326.jpg"},"property-detail-video-image":{"file":"grand-condo-3-chambres-vue-panoramique-location-court-terme-17-818x417.jpg","width":818,"height":417,"mime-type":"image\/jpeg","filesize":45044,"url":"https:\/\/lesversants.com\/wp-content\/uploads\/2026\/03\/grand-condo-3-chambres-vue-panoramique-location-court-terme-17-818x417.jpg"},"agent-image":{"file":"grand-condo-3-chambres-vue-panoramique-location-court-terme-17-210x210.jpg","width":210,"height":210,"mime-type":"image\/jpeg","filesize":8980,"url":"https:\/\/lesversants.com\/wp-content\/uploads\/2026\/03\/grand-condo-3-chambres-vue-panoramique-location-court-terme-17-210x210.jpg"},"partners-logo":{"file":"grand-condo-3-chambres-vue-panoramique-location-court-terme-17-600x1282.jpg","width":600,"height":1282,"mime-type":"image\/jpeg","filesize":97310,"url":"https:\/\/lesversants.com\/wp-content\/uploads\/2026\/03\/grand-condo-3-chambres-vue-panoramique-location-court-terme-17-600x1282.jpg"},"post-featured-image":{"file":"grand-condo-3-chambres-vue-panoramique-location-court-terme-17-1240x720.jpg","width":1240,"height":720,"mime-type":"image\/jpeg","filesize":97931,"url":"https:\/\/lesversants.com\/wp-content\/uploads\/2026\/03\/grand-condo-3-chambres-vue-panoramique-location-court-terme-17-1240x720.jpg"},"cmplz_banner_image":{"file":"grand-condo-3-chambres-vue-panoramique-location-court-terme-17-350x100.jpg","width":350,"height":100,"mime-type":"image\/jpeg","filesize":7247,"url":"https:\/\/lesversants.com\/wp-content\/uploads\/2026\/03\/grand-condo-3-chambres-vue-panoramique-location-court-terme-17-350x100.jpg"}},"image_meta":{"aperture":"0","credit":"","camera":"","caption":"","created_timestamp":"0","copyright":"","focal_length":"0","iso":"0","shutter_speed":"0","title":"","orientation":"0","keywords":[]},"ID":"66591","name":"grand-condo-3-chambres-vue-panoramique-location-court-terme-17.jpg","path":"\/home\/lesversa\/public_html\/wp-content\/uploads\/2026\/03\/grand-condo-3-chambres-vue-panoramique-location-court-terme-17.jpg","url":"https:\/\/lesversants.com\/wp-content\/uploads\/2026\/03\/grand-condo-3-chambres-vue-panoramique-location-court-terme-17-150x150.jpg","full_url":"https:\/\/lesversants.com\/wp-content\/uploads\/2026\/03\/grand-condo-3-chambres-vue-panoramique-location-court-terme-17.jpg","title":"grand condo 3 chambres vue panoramique location court terme 17","caption":"","description":"","alt":"grand condo 3 chambres vue panoramique location court terme 17","srcset":"https:\/\/lesversants.com\/wp-content\/uploads\/2026\/03\/grand-condo-3-chambres-vue-panoramique-location-court-terme-17-150x150.jpg 150w, https:\/\/lesversants.com\/wp-content\/uploads\/2026\/03\/grand-condo-3-chambres-vue-panoramique-location-court-terme-17-120x120.jpg 120w, https:\/\/lesversants.com\/wp-content\/uploads\/2026\/03\/grand-condo-3-chambres-vue-panoramique-location-court-terme-17-210x210.jpg 210w"},{"width":150,"height":150,"file":"2026\/03\/grand-condo-3-chambres-vue-panoramique-location-court-terme-36.jpg","filesize":297039,"sizes":{"medium":{"file":"grand-condo-3-chambres-vue-panoramique-location-court-terme-36-300x200.jpg","width":300,"height":200,"mime-type":"image\/jpeg","filesize":11366,"url":"https:\/\/lesversants.com\/wp-content\/uploads\/2026\/03\/grand-condo-3-chambres-vue-panoramique-location-court-terme-36-300x200.jpg"},"large":{"file":"grand-condo-3-chambres-vue-panoramique-location-court-terme-36-1024x683.jpg","width":1024,"height":683,"mime-type":"image\/jpeg","filesize":93598,"url":"https:\/\/lesversants.com\/wp-content\/uploads\/2026\/03\/grand-condo-3-chambres-vue-panoramique-location-court-terme-36-1024x683.jpg"},"thumbnail":{"file":"grand-condo-3-chambres-vue-panoramique-location-court-terme-36-150x150.jpg","width":150,"height":150,"mime-type":"image\/jpeg","filesize":5797,"url":"https:\/\/lesversants.com\/wp-content\/uploads\/2026\/03\/grand-condo-3-chambres-vue-panoramique-location-court-terme-36-150x150.jpg"},"medium_large":{"file":"grand-condo-3-chambres-vue-panoramique-location-court-terme-36-768x512.jpg","width":768,"height":512,"mime-type":"image\/jpeg","filesize":55774,"url":"https:\/\/lesversants.com\/wp-content\/uploads\/2026\/03\/grand-condo-3-chambres-vue-panoramique-location-court-terme-36-768x512.jpg"},"tf-client-image-size":{"file":"grand-condo-3-chambres-vue-panoramique-location-court-terme-36-120x120.jpg","width":120,"height":120,"mime-type":"image\/jpeg","filesize":4061,"url":"https:\/\/lesversants.com\/wp-content\/uploads\/2026\/03\/grand-condo-3-chambres-vue-panoramique-location-court-terme-36-120x120.jpg"},"1536x1536":{"file":"grand-condo-3-chambres-vue-panoramique-location-court-terme-36-1536x1025.jpg","width":1536,"height":1025,"mime-type":"image\/jpeg","filesize":187662,"url":"https:\/\/lesversants.com\/wp-content\/uploads\/2026\/03\/grand-condo-3-chambres-vue-panoramique-location-court-terme-36-1536x1025.jpg"},"post-thumbnail":{"file":"grand-condo-3-chambres-vue-panoramique-location-court-terme-36-150x100.jpg","width":150,"height":100,"mime-type":"image\/jpeg","filesize":3963,"url":"https:\/\/lesversants.com\/wp-content\/uploads\/2026\/03\/grand-condo-3-chambres-vue-panoramique-location-court-terme-36-150x100.jpg"},"modern-property-child-slider":{"file":"grand-condo-3-chambres-vue-panoramique-location-court-terme-36-680x510.jpg","width":680,"height":510,"mime-type":"image\/jpeg","filesize":53699,"url":"https:\/\/lesversants.com\/wp-content\/uploads\/2026\/03\/grand-condo-3-chambres-vue-panoramique-location-court-terme-36-680x510.jpg"},"property-thumb-image":{"file":"grand-condo-3-chambres-vue-panoramique-location-court-terme-36-488x326.jpg","width":488,"height":326,"mime-type":"image\/jpeg","filesize":25304,"url":"https:\/\/lesversants.com\/wp-content\/uploads\/2026\/03\/grand-condo-3-chambres-vue-panoramique-location-court-terme-36-488x326.jpg"},"property-detail-video-image":{"file":"grand-condo-3-chambres-vue-panoramique-location-court-terme-36-818x417.jpg","width":818,"height":417,"mime-type":"image\/jpeg","filesize":49837,"url":"https:\/\/lesversants.com\/wp-content\/uploads\/2026\/03\/grand-condo-3-chambres-vue-panoramique-location-court-terme-36-818x417.jpg"},"agent-image":{"file":"grand-condo-3-chambres-vue-panoramique-location-court-terme-36-210x210.jpg","width":210,"height":210,"mime-type":"image\/jpeg","filesize":10148,"url":"https:\/\/lesversants.com\/wp-content\/uploads\/2026\/03\/grand-condo-3-chambres-vue-panoramique-location-court-terme-36-210x210.jpg"},"partners-logo":{"file":"grand-condo-3-chambres-vue-panoramique-location-court-terme-36-600x1281.jpg","width":600,"height":1281,"mime-type":"image\/jpeg","filesize":132719,"url":"https:\/\/lesversants.com\/wp-content\/uploads\/2026\/03\/grand-condo-3-chambres-vue-panoramique-location-court-terme-36-600x1281.jpg"},"post-featured-image":{"file":"grand-condo-3-chambres-vue-panoramique-location-court-terme-36-1240x720.jpg","width":1240,"height":720,"mime-type":"image\/jpeg","filesize":112432,"url":"https:\/\/lesversants.com\/wp-content\/uploads\/2026\/03\/grand-condo-3-chambres-vue-panoramique-location-court-terme-36-1240x720.jpg"},"cmplz_banner_image":{"file":"grand-condo-3-chambres-vue-panoramique-location-court-terme-36-350x100.jpg","width":350,"height":100,"mime-type":"image\/jpeg","filesize":7312,"url":"https:\/\/lesversants.com\/wp-content\/uploads\/2026\/03\/grand-condo-3-chambres-vue-panoramique-location-court-terme-36-350x100.jpg"}},"image_meta":{"aperture":"0","credit":"","camera":"","caption":"","created_timestamp":"0","copyright":"","focal_length":"0","iso":"0","shutter_speed":"0","title":"","orientation":"0","keywords":[]},"ID":"66629","name":"grand-condo-3-chambres-vue-panoramique-location-court-terme-36.jpg","path":"\/home\/lesversa\/public_html\/wp-content\/uploads\/2026\/03\/grand-condo-3-chambres-vue-panoramique-location-court-terme-36.jpg","url":"https:\/\/lesversants.com\/wp-content\/uploads\/2026\/03\/grand-condo-3-chambres-vue-panoramique-location-court-terme-36-150x150.jpg","full_url":"https:\/\/lesversants.com\/wp-content\/uploads\/2026\/03\/grand-condo-3-chambres-vue-panoramique-location-court-terme-36.jpg","title":"grand condo 3 chambres vue panoramique location court terme 36","caption":"","description":"","alt":"grand condo 3 chambres vue panoramique location court terme 36","srcset":"https:\/\/lesversants.com\/wp-content\/uploads\/2026\/03\/grand-condo-3-chambres-vue-panoramique-location-court-terme-36-150x150.jpg 150w, https:\/\/lesversants.com\/wp-content\/uploads\/2026\/03\/grand-condo-3-chambres-vue-panoramique-location-court-terme-36-120x120.jpg 120w, https:\/\/lesversants.com\/wp-content\/uploads\/2026\/03\/grand-condo-3-chambres-vue-panoramique-location-court-terme-36-210x210.jpg 210w"},{"width":150,"height":150,"file":"2026\/03\/grand-condo-3-chambres-vue-panoramique-location-court-terme-37.jpg","filesize":351904,"sizes":{"medium":{"file":"grand-condo-3-chambres-vue-panoramique-location-court-terme-37-300x200.jpg","width":300,"height":200,"mime-type":"image\/jpeg","filesize":12794,"url":"https:\/\/lesversants.com\/wp-content\/uploads\/2026\/03\/grand-condo-3-chambres-vue-panoramique-location-court-terme-37-300x200.jpg"},"large":{"file":"grand-condo-3-chambres-vue-panoramique-location-court-terme-37-1024x684.jpg","width":1024,"height":684,"mime-type":"image\/jpeg","filesize":110629,"url":"https:\/\/lesversants.com\/wp-content\/uploads\/2026\/03\/grand-condo-3-chambres-vue-panoramique-location-court-terme-37-1024x684.jpg"},"thumbnail":{"file":"grand-condo-3-chambres-vue-panoramique-location-court-terme-37-150x150.jpg","width":150,"height":150,"mime-type":"image\/jpeg","filesize":5816,"url":"https:\/\/lesversants.com\/wp-content\/uploads\/2026\/03\/grand-condo-3-chambres-vue-panoramique-location-court-terme-37-150x150.jpg"},"medium_large":{"file":"grand-condo-3-chambres-vue-panoramique-location-court-terme-37-768x513.jpg","width":768,"height":513,"mime-type":"image\/jpeg","filesize":66135,"url":"https:\/\/lesversants.com\/wp-content\/uploads\/2026\/03\/grand-condo-3-chambres-vue-panoramique-location-court-terme-37-768x513.jpg"},"tf-client-image-size":{"file":"grand-condo-3-chambres-vue-panoramique-location-court-terme-37-120x120.jpg","width":120,"height":120,"mime-type":"image\/jpeg","filesize":4077,"url":"https:\/\/lesversants.com\/wp-content\/uploads\/2026\/03\/grand-condo-3-chambres-vue-panoramique-location-court-terme-37-120x120.jpg"},"1536x1536":{"file":"grand-condo-3-chambres-vue-panoramique-location-court-terme-37-1536x1026.jpg","width":1536,"height":1026,"mime-type":"image\/jpeg","filesize":223332,"url":"https:\/\/lesversants.com\/wp-content\/uploads\/2026\/03\/grand-condo-3-chambres-vue-panoramique-location-court-terme-37-1536x1026.jpg"},"post-thumbnail":{"file":"grand-condo-3-chambres-vue-panoramique-location-court-terme-37-150x100.jpg","width":150,"height":100,"mime-type":"image\/jpeg","filesize":4353,"url":"https:\/\/lesversants.com\/wp-content\/uploads\/2026\/03\/grand-condo-3-chambres-vue-panoramique-location-court-terme-37-150x100.jpg"},"modern-property-child-slider":{"file":"grand-condo-3-chambres-vue-panoramique-location-court-terme-37-680x510.jpg","width":680,"height":510,"mime-type":"image\/jpeg","filesize":59617,"url":"https:\/\/lesversants.com\/wp-content\/uploads\/2026\/03\/grand-condo-3-chambres-vue-panoramique-location-court-terme-37-680x510.jpg"},"property-thumb-image":{"file":"grand-condo-3-chambres-vue-panoramique-location-court-terme-37-488x326.jpg","width":488,"height":326,"mime-type":"image\/jpeg","filesize":29323,"url":"https:\/\/lesversants.com\/wp-content\/uploads\/2026\/03\/grand-condo-3-chambres-vue-panoramique-location-court-terme-37-488x326.jpg"},"property-detail-video-image":{"file":"grand-condo-3-chambres-vue-panoramique-location-court-terme-37-818x417.jpg","width":818,"height":417,"mime-type":"image\/jpeg","filesize":61019,"url":"https:\/\/lesversants.com\/wp-content\/uploads\/2026\/03\/grand-condo-3-chambres-vue-panoramique-location-court-terme-37-818x417.jpg"},"agent-image":{"file":"grand-condo-3-chambres-vue-panoramique-location-court-terme-37-210x210.jpg","width":210,"height":210,"mime-type":"image\/jpeg","filesize":10208,"url":"https:\/\/lesversants.com\/wp-content\/uploads\/2026\/03\/grand-condo-3-chambres-vue-panoramique-location-court-terme-37-210x210.jpg"},"partners-logo":{"file":"grand-condo-3-chambres-vue-panoramique-location-court-terme-37-600x1282.jpg","width":600,"height":1282,"mime-type":"image\/jpeg","filesize":123339,"url":"https:\/\/lesversants.com\/wp-content\/uploads\/2026\/03\/grand-condo-3-chambres-vue-panoramique-location-court-terme-37-600x1282.jpg"},"post-featured-image":{"file":"grand-condo-3-chambres-vue-panoramique-location-court-terme-37-1240x720.jpg","width":1240,"height":720,"mime-type":"image\/jpeg","filesize":138586,"url":"https:\/\/lesversants.com\/wp-content\/uploads\/2026\/03\/grand-condo-3-chambres-vue-panoramique-location-court-terme-37-1240x720.jpg"},"cmplz_banner_image":{"file":"grand-condo-3-chambres-vue-panoramique-location-court-terme-37-350x100.jpg","width":350,"height":100,"mime-type":"image\/jpeg","filesize":8586,"url":"https:\/\/lesversants.com\/wp-content\/uploads\/2026\/03\/grand-condo-3-chambres-vue-panoramique-location-court-terme-37-350x100.jpg"}},"image_meta":{"aperture":"0","credit":"","camera":"","caption":"","created_timestamp":"0","copyright":"","focal_length":"0","iso":"0","shutter_speed":"0","title":"","orientation":"0","keywords":[]},"ID":"66631","name":"grand-condo-3-chambres-vue-panoramique-location-court-terme-37.jpg","path":"\/home\/lesversa\/public_html\/wp-content\/uploads\/2026\/03\/grand-condo-3-chambres-vue-panoramique-location-court-terme-37.jpg","url":"https:\/\/lesversants.com\/wp-content\/uploads\/2026\/03\/grand-condo-3-chambres-vue-panoramique-location-court-terme-37-150x150.jpg","full_url":"https:\/\/lesversants.com\/wp-content\/uploads\/2026\/03\/grand-condo-3-chambres-vue-panoramique-location-court-terme-37.jpg","title":"grand condo 3 chambres vue panoramique location court terme 37","caption":"","description":"","alt":"grand condo 3 chambres vue panoramique location court terme 37","srcset":"https:\/\/lesversants.com\/wp-content\/uploads\/2026\/03\/grand-condo-3-chambres-vue-panoramique-location-court-terme-37-150x150.jpg 150w, https:\/\/lesversants.com\/wp-content\/uploads\/2026\/03\/grand-condo-3-chambres-vue-panoramique-location-court-terme-37-120x120.jpg 120w, https:\/\/lesversants.com\/wp-content\/uploads\/2026\/03\/grand-condo-3-chambres-vue-panoramique-location-court-terme-37-210x210.jpg 210w"},{"width":150,"height":150,"file":"2026\/03\/grand-condo-3-chambres-vue-panoramique-location-court-terme-12.jpg","filesize":280809,"sizes":{"medium":{"file":"grand-condo-3-chambres-vue-panoramique-location-court-terme-12-300x200.jpg","width":300,"height":200,"mime-type":"image\/jpeg","filesize":12493,"url":"https:\/\/lesversants.com\/wp-content\/uploads\/2026\/03\/grand-condo-3-chambres-vue-panoramique-location-court-terme-12-300x200.jpg"},"large":{"file":"grand-condo-3-chambres-vue-panoramique-location-court-terme-12-1024x683.jpg","width":1024,"height":683,"mime-type":"image\/jpeg","filesize":94029,"url":"https:\/\/lesversants.com\/wp-content\/uploads\/2026\/03\/grand-condo-3-chambres-vue-panoramique-location-court-terme-12-1024x683.jpg"},"thumbnail":{"file":"grand-condo-3-chambres-vue-panoramique-location-court-terme-12-150x150.jpg","width":150,"height":150,"mime-type":"image\/jpeg","filesize":6096,"url":"https:\/\/lesversants.com\/wp-content\/uploads\/2026\/03\/grand-condo-3-chambres-vue-panoramique-location-court-terme-12-150x150.jpg"},"medium_large":{"file":"grand-condo-3-chambres-vue-panoramique-location-court-terme-12-768x512.jpg","width":768,"height":512,"mime-type":"image\/jpeg","filesize":58325,"url":"https:\/\/lesversants.com\/wp-content\/uploads\/2026\/03\/grand-condo-3-chambres-vue-panoramique-location-court-terme-12-768x512.jpg"},"tf-client-image-size":{"file":"grand-condo-3-chambres-vue-panoramique-location-court-terme-12-120x120.jpg","width":120,"height":120,"mime-type":"image\/jpeg","filesize":4248,"url":"https:\/\/lesversants.com\/wp-content\/uploads\/2026\/03\/grand-condo-3-chambres-vue-panoramique-location-court-terme-12-120x120.jpg"},"1536x1536":{"file":"grand-condo-3-chambres-vue-panoramique-location-court-terme-12-1536x1025.jpg","width":1536,"height":1025,"mime-type":"image\/jpeg","filesize":183576,"url":"https:\/\/lesversants.com\/wp-content\/uploads\/2026\/03\/grand-condo-3-chambres-vue-panoramique-location-court-terme-12-1536x1025.jpg"},"post-thumbnail":{"file":"grand-condo-3-chambres-vue-panoramique-location-court-terme-12-150x100.jpg","width":150,"height":100,"mime-type":"image\/jpeg","filesize":4415,"url":"https:\/\/lesversants.com\/wp-content\/uploads\/2026\/03\/grand-condo-3-chambres-vue-panoramique-location-court-terme-12-150x100.jpg"},"modern-property-child-slider":{"file":"grand-condo-3-chambres-vue-panoramique-location-court-terme-12-680x510.jpg","width":680,"height":510,"mime-type":"image\/jpeg","filesize":53102,"url":"https:\/\/lesversants.com\/wp-content\/uploads\/2026\/03\/grand-condo-3-chambres-vue-panoramique-location-court-terme-12-680x510.jpg"},"property-thumb-image":{"file":"grand-condo-3-chambres-vue-panoramique-location-court-terme-12-488x326.jpg","width":488,"height":326,"mime-type":"image\/jpeg","filesize":27558,"url":"https:\/\/lesversants.com\/wp-content\/uploads\/2026\/03\/grand-condo-3-chambres-vue-panoramique-location-court-terme-12-488x326.jpg"},"property-detail-video-image":{"file":"grand-condo-3-chambres-vue-panoramique-location-court-terme-12-818x417.jpg","width":818,"height":417,"mime-type":"image\/jpeg","filesize":51088,"url":"https:\/\/lesversants.com\/wp-content\/uploads\/2026\/03\/grand-condo-3-chambres-vue-panoramique-location-court-terme-12-818x417.jpg"},"agent-image":{"file":"grand-condo-3-chambres-vue-panoramique-location-court-terme-12-210x210.jpg","width":210,"height":210,"mime-type":"image\/jpeg","filesize":10476,"url":"https:\/\/lesversants.com\/wp-content\/uploads\/2026\/03\/grand-condo-3-chambres-vue-panoramique-location-court-terme-12-210x210.jpg"},"partners-logo":{"file":"grand-condo-3-chambres-vue-panoramique-location-court-terme-12-600x1281.jpg","width":600,"height":1281,"mime-type":"image\/jpeg","filesize":97463,"url":"https:\/\/lesversants.com\/wp-content\/uploads\/2026\/03\/grand-condo-3-chambres-vue-panoramique-location-court-terme-12-600x1281.jpg"},"post-featured-image":{"file":"grand-condo-3-chambres-vue-panoramique-location-court-terme-12-1240x720.jpg","width":1240,"height":720,"mime-type":"image\/jpeg","filesize":112933,"url":"https:\/\/lesversants.com\/wp-content\/uploads\/2026\/03\/grand-condo-3-chambres-vue-panoramique-location-court-terme-12-1240x720.jpg"},"cmplz_banner_image":{"file":"grand-condo-3-chambres-vue-panoramique-location-court-terme-12-350x100.jpg","width":350,"height":100,"mime-type":"image\/jpeg","filesize":8011,"url":"https:\/\/lesversants.com\/wp-content\/uploads\/2026\/03\/grand-condo-3-chambres-vue-panoramique-location-court-terme-12-350x100.jpg"}},"image_meta":{"aperture":"0","credit":"","camera":"","caption":"","created_timestamp":"0","copyright":"","focal_length":"0","iso":"0","shutter_speed":"0","title":"","orientation":"0","keywords":[]},"ID":"66641","name":"grand-condo-3-chambres-vue-panoramique-location-court-terme-12.jpg","path":"\/home\/lesversa\/public_html\/wp-content\/uploads\/2026\/03\/grand-condo-3-chambres-vue-panoramique-location-court-terme-12.jpg","url":"https:\/\/lesversants.com\/wp-content\/uploads\/2026\/03\/grand-condo-3-chambres-vue-panoramique-location-court-terme-12-150x150.jpg","full_url":"https:\/\/lesversants.com\/wp-content\/uploads\/2026\/03\/grand-condo-3-chambres-vue-panoramique-location-court-terme-12.jpg","title":"grand condo 3 chambres vue panoramique location court terme 12","caption":"","description":"","alt":"grand condo 3 chambres vue panoramique location court terme 12","srcset":"https:\/\/lesversants.com\/wp-content\/uploads\/2026\/03\/grand-condo-3-chambres-vue-panoramique-location-court-terme-12-150x150.jpg 150w, https:\/\/lesversants.com\/wp-content\/uploads\/2026\/03\/grand-condo-3-chambres-vue-panoramique-location-court-terme-12-120x120.jpg 120w, https:\/\/lesversants.com\/wp-content\/uploads\/2026\/03\/grand-condo-3-chambres-vue-panoramique-location-court-terme-12-210x210.jpg 210w"},{"width":150,"height":150,"file":"2026\/03\/grand-condo-3-chambres-vue-panoramique-location-court-terme-13.jpg","filesize":272057,"sizes":{"medium":{"file":"grand-condo-3-chambres-vue-panoramique-location-court-terme-13-300x200.jpg","width":300,"height":200,"mime-type":"image\/jpeg","filesize":11310,"url":"https:\/\/lesversants.com\/wp-content\/uploads\/2026\/03\/grand-condo-3-chambres-vue-panoramique-location-court-terme-13-300x200.jpg"},"large":{"file":"grand-condo-3-chambres-vue-panoramique-location-court-terme-13-1024x683.jpg","width":1024,"height":683,"mime-type":"image\/jpeg","filesize":87681,"url":"https:\/\/lesversants.com\/wp-content\/uploads\/2026\/03\/grand-condo-3-chambres-vue-panoramique-location-court-terme-13-1024x683.jpg"},"thumbnail":{"file":"grand-condo-3-chambres-vue-panoramique-location-court-terme-13-150x150.jpg","width":150,"height":150,"mime-type":"image\/jpeg","filesize":4963,"url":"https:\/\/lesversants.com\/wp-content\/uploads\/2026\/03\/grand-condo-3-chambres-vue-panoramique-location-court-terme-13-150x150.jpg"},"medium_large":{"file":"grand-condo-3-chambres-vue-panoramique-location-court-terme-13-768x512.jpg","width":768,"height":512,"mime-type":"image\/jpeg","filesize":53600,"url":"https:\/\/lesversants.com\/wp-content\/uploads\/2026\/03\/grand-condo-3-chambres-vue-panoramique-location-court-terme-13-768x512.jpg"},"tf-client-image-size":{"file":"grand-condo-3-chambres-vue-panoramique-location-court-terme-13-120x120.jpg","width":120,"height":120,"mime-type":"image\/jpeg","filesize":3443,"url":"https:\/\/lesversants.com\/wp-content\/uploads\/2026\/03\/grand-condo-3-chambres-vue-panoramique-location-court-terme-13-120x120.jpg"},"1536x1536":{"file":"grand-condo-3-chambres-vue-panoramique-location-court-terme-13-1536x1025.jpg","width":1536,"height":1025,"mime-type":"image\/jpeg","filesize":174236,"url":"https:\/\/lesversants.com\/wp-content\/uploads\/2026\/03\/grand-condo-3-chambres-vue-panoramique-location-court-terme-13-1536x1025.jpg"},"post-thumbnail":{"file":"grand-condo-3-chambres-vue-panoramique-location-court-terme-13-150x100.jpg","width":150,"height":100,"mime-type":"image\/jpeg","filesize":3917,"url":"https:\/\/lesversants.com\/wp-content\/uploads\/2026\/03\/grand-condo-3-chambres-vue-panoramique-location-court-terme-13-150x100.jpg"},"modern-property-child-slider":{"file":"grand-condo-3-chambres-vue-panoramique-location-court-terme-13-680x510.jpg","width":680,"height":510,"mime-type":"image\/jpeg","filesize":48509,"url":"https:\/\/lesversants.com\/wp-content\/uploads\/2026\/03\/grand-condo-3-chambres-vue-panoramique-location-court-terme-13-680x510.jpg"},"property-thumb-image":{"file":"grand-condo-3-chambres-vue-panoramique-location-court-terme-13-488x326.jpg","width":488,"height":326,"mime-type":"image\/jpeg","filesize":24941,"url":"https:\/\/lesversants.com\/wp-content\/uploads\/2026\/03\/grand-condo-3-chambres-vue-panoramique-location-court-terme-13-488x326.jpg"},"property-detail-video-image":{"file":"grand-condo-3-chambres-vue-panoramique-location-court-terme-13-818x417.jpg","width":818,"height":417,"mime-type":"image\/jpeg","filesize":48332,"url":"https:\/\/lesversants.com\/wp-content\/uploads\/2026\/03\/grand-condo-3-chambres-vue-panoramique-location-court-terme-13-818x417.jpg"},"agent-image":{"file":"grand-condo-3-chambres-vue-panoramique-location-court-terme-13-210x210.jpg","width":210,"height":210,"mime-type":"image\/jpeg","filesize":8487,"url":"https:\/\/lesversants.com\/wp-content\/uploads\/2026\/03\/grand-condo-3-chambres-vue-panoramique-location-court-terme-13-210x210.jpg"},"partners-logo":{"file":"grand-condo-3-chambres-vue-panoramique-location-court-terme-13-600x1281.jpg","width":600,"height":1281,"mime-type":"image\/jpeg","filesize":92370,"url":"https:\/\/lesversants.com\/wp-content\/uploads\/2026\/03\/grand-condo-3-chambres-vue-panoramique-location-court-terme-13-600x1281.jpg"},"post-featured-image":{"file":"grand-condo-3-chambres-vue-panoramique-location-court-terme-13-1240x720.jpg","width":1240,"height":720,"mime-type":"image\/jpeg","filesize":108441,"url":"https:\/\/lesversants.com\/wp-content\/uploads\/2026\/03\/grand-condo-3-chambres-vue-panoramique-location-court-terme-13-1240x720.jpg"},"cmplz_banner_image":{"file":"grand-condo-3-chambres-vue-panoramique-location-court-terme-13-350x100.jpg","width":350,"height":100,"mime-type":"image\/jpeg","filesize":6992,"url":"https:\/\/lesversants.com\/wp-content\/uploads\/2026\/03\/grand-condo-3-chambres-vue-panoramique-location-court-terme-13-350x100.jpg"}},"image_meta":{"aperture":"0","credit":"","camera":"","caption":"","created_timestamp":"0","copyright":"","focal_length":"0","iso":"0","shutter_speed":"0","title":"","orientation":"0","keywords":[]},"ID":"66583","name":"grand-condo-3-chambres-vue-panoramique-location-court-terme-13.jpg","path":"\/home\/lesversa\/public_html\/wp-content\/uploads\/2026\/03\/grand-condo-3-chambres-vue-panoramique-location-court-terme-13.jpg","url":"https:\/\/lesversants.com\/wp-content\/uploads\/2026\/03\/grand-condo-3-chambres-vue-panoramique-location-court-terme-13-150x150.jpg","full_url":"https:\/\/lesversants.com\/wp-content\/uploads\/2026\/03\/grand-condo-3-chambres-vue-panoramique-location-court-terme-13.jpg","title":"grand condo 3 chambres vue panoramique location court terme 13","caption":"","description":"","alt":"grand condo 3 chambres vue panoramique location court terme 13","srcset":"https:\/\/lesversants.com\/wp-content\/uploads\/2026\/03\/grand-condo-3-chambres-vue-panoramique-location-court-terme-13-150x150.jpg 150w, https:\/\/lesversants.com\/wp-content\/uploads\/2026\/03\/grand-condo-3-chambres-vue-panoramique-location-court-terme-13-120x120.jpg 120w, https:\/\/lesversants.com\/wp-content\/uploads\/2026\/03\/grand-condo-3-chambres-vue-panoramique-location-court-terme-13-210x210.jpg 210w"},{"width":150,"height":150,"file":"2026\/03\/grand-condo-3-chambres-vue-panoramique-location-court-terme-14.jpg","filesize":211841,"sizes":{"medium":{"file":"grand-condo-3-chambres-vue-panoramique-location-court-terme-14-300x200.jpg","width":300,"height":200,"mime-type":"image\/jpeg","filesize":8635,"url":"https:\/\/lesversants.com\/wp-content\/uploads\/2026\/03\/grand-condo-3-chambres-vue-panoramique-location-court-terme-14-300x200.jpg"},"large":{"file":"grand-condo-3-chambres-vue-panoramique-location-court-terme-14-1024x683.jpg","width":1024,"height":683,"mime-type":"image\/jpeg","filesize":67184,"url":"https:\/\/lesversants.com\/wp-content\/uploads\/2026\/03\/grand-condo-3-chambres-vue-panoramique-location-court-terme-14-1024x683.jpg"},"thumbnail":{"file":"grand-condo-3-chambres-vue-panoramique-location-court-terme-14-150x150.jpg","width":150,"height":150,"mime-type":"image\/jpeg","filesize":3925,"url":"https:\/\/lesversants.com\/wp-content\/uploads\/2026\/03\/grand-condo-3-chambres-vue-panoramique-location-court-terme-14-150x150.jpg"},"medium_large":{"file":"grand-condo-3-chambres-vue-panoramique-location-court-terme-14-768x512.jpg","width":768,"height":512,"mime-type":"image\/jpeg","filesize":40596,"url":"https:\/\/lesversants.com\/wp-content\/uploads\/2026\/03\/grand-condo-3-chambres-vue-panoramique-location-court-terme-14-768x512.jpg"},"tf-client-image-size":{"file":"grand-condo-3-chambres-vue-panoramique-location-court-terme-14-120x120.jpg","width":120,"height":120,"mime-type":"image\/jpeg","filesize":2747,"url":"https:\/\/lesversants.com\/wp-content\/uploads\/2026\/03\/grand-condo-3-chambres-vue-panoramique-location-court-terme-14-120x120.jpg"},"1536x1536":{"file":"grand-condo-3-chambres-vue-panoramique-location-court-terme-14-1536x1025.jpg","width":1536,"height":1025,"mime-type":"image\/jpeg","filesize":134495,"url":"https:\/\/lesversants.com\/wp-content\/uploads\/2026\/03\/grand-condo-3-chambres-vue-panoramique-location-court-terme-14-1536x1025.jpg"},"post-thumbnail":{"file":"grand-condo-3-chambres-vue-panoramique-location-court-terme-14-150x100.jpg","width":150,"height":100,"mime-type":"image\/jpeg","filesize":3163,"url":"https:\/\/lesversants.com\/wp-content\/uploads\/2026\/03\/grand-condo-3-chambres-vue-panoramique-location-court-terme-14-150x100.jpg"},"modern-property-child-slider":{"file":"grand-condo-3-chambres-vue-panoramique-location-court-terme-14-680x510.jpg","width":680,"height":510,"mime-type":"image\/jpeg","filesize":36818,"url":"https:\/\/lesversants.com\/wp-content\/uploads\/2026\/03\/grand-condo-3-chambres-vue-panoramique-location-court-terme-14-680x510.jpg"},"property-thumb-image":{"file":"grand-condo-3-chambres-vue-panoramique-location-court-terme-14-488x326.jpg","width":488,"height":326,"mime-type":"image\/jpeg","filesize":19066,"url":"https:\/\/lesversants.com\/wp-content\/uploads\/2026\/03\/grand-condo-3-chambres-vue-panoramique-location-court-terme-14-488x326.jpg"},"property-detail-video-image":{"file":"grand-condo-3-chambres-vue-panoramique-location-court-terme-14-818x417.jpg","width":818,"height":417,"mime-type":"image\/jpeg","filesize":33949,"url":"https:\/\/lesversants.com\/wp-content\/uploads\/2026\/03\/grand-condo-3-chambres-vue-panoramique-location-court-terme-14-818x417.jpg"},"agent-image":{"file":"grand-condo-3-chambres-vue-panoramique-location-court-terme-14-210x210.jpg","width":210,"height":210,"mime-type":"image\/jpeg","filesize":6705,"url":"https:\/\/lesversants.com\/wp-content\/uploads\/2026\/03\/grand-condo-3-chambres-vue-panoramique-location-court-terme-14-210x210.jpg"},"partners-logo":{"file":"grand-condo-3-chambres-vue-panoramique-location-court-terme-14-600x1281.jpg","width":600,"height":1281,"mime-type":"image\/jpeg","filesize":82772,"url":"https:\/\/lesversants.com\/wp-content\/uploads\/2026\/03\/grand-condo-3-chambres-vue-panoramique-location-court-terme-14-600x1281.jpg"},"post-featured-image":{"file":"grand-condo-3-chambres-vue-panoramique-location-court-terme-14-1240x720.jpg","width":1240,"height":720,"mime-type":"image\/jpeg","filesize":79066,"url":"https:\/\/lesversants.com\/wp-content\/uploads\/2026\/03\/grand-condo-3-chambres-vue-panoramique-location-court-terme-14-1240x720.jpg"},"cmplz_banner_image":{"file":"grand-condo-3-chambres-vue-panoramique-location-court-terme-14-350x100.jpg","width":350,"height":100,"mime-type":"image\/jpeg","filesize":4576,"url":"https:\/\/lesversants.com\/wp-content\/uploads\/2026\/03\/grand-condo-3-chambres-vue-panoramique-location-court-terme-14-350x100.jpg"}},"image_meta":{"aperture":"0","credit":"","camera":"","caption":"","created_timestamp":"0","copyright":"","focal_length":"0","iso":"0","shutter_speed":"0","title":"","orientation":"0","keywords":[]},"ID":"66585","name":"grand-condo-3-chambres-vue-panoramique-location-court-terme-14.jpg","path":"\/home\/lesversa\/public_html\/wp-content\/uploads\/2026\/03\/grand-condo-3-chambres-vue-panoramique-location-court-terme-14.jpg","url":"https:\/\/lesversants.com\/wp-content\/uploads\/2026\/03\/grand-condo-3-chambres-vue-panoramique-location-court-terme-14-150x150.jpg","full_url":"https:\/\/lesversants.com\/wp-content\/uploads\/2026\/03\/grand-condo-3-chambres-vue-panoramique-location-court-terme-14.jpg","title":"grand condo 3 chambres vue panoramique location court terme 14","caption":"","description":"","alt":"grand condo 3 chambres vue panoramique location court terme 14","srcset":"https:\/\/lesversants.com\/wp-content\/uploads\/2026\/03\/grand-condo-3-chambres-vue-panoramique-location-court-terme-14-150x150.jpg 150w, https:\/\/lesversants.com\/wp-content\/uploads\/2026\/03\/grand-condo-3-chambres-vue-panoramique-location-court-terme-14-120x120.jpg 120w, https:\/\/lesversants.com\/wp-content\/uploads\/2026\/03\/grand-condo-3-chambres-vue-panoramique-location-court-terme-14-210x210.jpg 210w"},{"width":150,"height":150,"file":"2026\/03\/grand-condo-3-chambres-vue-panoramique-location-court-terme-11.jpg","filesize":218583,"sizes":{"medium":{"file":"grand-condo-3-chambres-vue-panoramique-location-court-terme-11-300x200.jpg","width":300,"height":200,"mime-type":"image\/jpeg","filesize":9367,"url":"https:\/\/lesversants.com\/wp-content\/uploads\/2026\/03\/grand-condo-3-chambres-vue-panoramique-location-court-terme-11-300x200.jpg"},"large":{"file":"grand-condo-3-chambres-vue-panoramique-location-court-terme-11-1024x683.jpg","width":1024,"height":683,"mime-type":"image\/jpeg","filesize":69603,"url":"https:\/\/lesversants.com\/wp-content\/uploads\/2026\/03\/grand-condo-3-chambres-vue-panoramique-location-court-terme-11-1024x683.jpg"},"thumbnail":{"file":"grand-condo-3-chambres-vue-panoramique-location-court-terme-11-150x150.jpg","width":150,"height":150,"mime-type":"image\/jpeg","filesize":4156,"url":"https:\/\/lesversants.com\/wp-content\/uploads\/2026\/03\/grand-condo-3-chambres-vue-panoramique-location-court-terme-11-150x150.jpg"},"medium_large":{"file":"grand-condo-3-chambres-vue-panoramique-location-court-terme-11-768x512.jpg","width":768,"height":512,"mime-type":"image\/jpeg","filesize":42728,"url":"https:\/\/lesversants.com\/wp-content\/uploads\/2026\/03\/grand-condo-3-chambres-vue-panoramique-location-court-terme-11-768x512.jpg"},"tf-client-image-size":{"file":"grand-condo-3-chambres-vue-panoramique-location-court-terme-11-120x120.jpg","width":120,"height":120,"mime-type":"image\/jpeg","filesize":3021,"url":"https:\/\/lesversants.com\/wp-content\/uploads\/2026\/03\/grand-condo-3-chambres-vue-panoramique-location-court-terme-11-120x120.jpg"},"1536x1536":{"file":"grand-condo-3-chambres-vue-panoramique-location-court-terme-11-1536x1024.jpg","width":1536,"height":1024,"mime-type":"image\/jpeg","filesize":137680,"url":"https:\/\/lesversants.com\/wp-content\/uploads\/2026\/03\/grand-condo-3-chambres-vue-panoramique-location-court-terme-11-1536x1024.jpg"},"post-thumbnail":{"file":"grand-condo-3-chambres-vue-panoramique-location-court-terme-11-150x100.jpg","width":150,"height":100,"mime-type":"image\/jpeg","filesize":3467,"url":"https:\/\/lesversants.com\/wp-content\/uploads\/2026\/03\/grand-condo-3-chambres-vue-panoramique-location-court-terme-11-150x100.jpg"},"modern-property-child-slider":{"file":"grand-condo-3-chambres-vue-panoramique-location-court-terme-11-680x510.jpg","width":680,"height":510,"mime-type":"image\/jpeg","filesize":38125,"url":"https:\/\/lesversants.com\/wp-content\/uploads\/2026\/03\/grand-condo-3-chambres-vue-panoramique-location-court-terme-11-680x510.jpg"},"property-thumb-image":{"file":"grand-condo-3-chambres-vue-panoramique-location-court-terme-11-488x326.jpg","width":488,"height":326,"mime-type":"image\/jpeg","filesize":20061,"url":"https:\/\/lesversants.com\/wp-content\/uploads\/2026\/03\/grand-condo-3-chambres-vue-panoramique-location-court-terme-11-488x326.jpg"},"property-detail-video-image":{"file":"grand-condo-3-chambres-vue-panoramique-location-court-terme-11-818x417.jpg","width":818,"height":417,"mime-type":"image\/jpeg","filesize":36842,"url":"https:\/\/lesversants.com\/wp-content\/uploads\/2026\/03\/grand-condo-3-chambres-vue-panoramique-location-court-terme-11-818x417.jpg"},"agent-image":{"file":"grand-condo-3-chambres-vue-panoramique-location-court-terme-11-210x210.jpg","width":210,"height":210,"mime-type":"image\/jpeg","filesize":6763,"url":"https:\/\/lesversants.com\/wp-content\/uploads\/2026\/03\/grand-condo-3-chambres-vue-panoramique-location-court-terme-11-210x210.jpg"},"partners-logo":{"file":"grand-condo-3-chambres-vue-panoramique-location-court-terme-11-600x1280.jpg","width":600,"height":1280,"mime-type":"image\/jpeg","filesize":68898,"url":"https:\/\/lesversants.com\/wp-content\/uploads\/2026\/03\/grand-condo-3-chambres-vue-panoramique-location-court-terme-11-600x1280.jpg"},"post-featured-image":{"file":"grand-condo-3-chambres-vue-panoramique-location-court-terme-11-1240x720.jpg","width":1240,"height":720,"mime-type":"image\/jpeg","filesize":82731,"url":"https:\/\/lesversants.com\/wp-content\/uploads\/2026\/03\/grand-condo-3-chambres-vue-panoramique-location-court-terme-11-1240x720.jpg"},"cmplz_banner_image":{"file":"grand-condo-3-chambres-vue-panoramique-location-court-terme-11-350x100.jpg","width":350,"height":100,"mime-type":"image\/jpeg","filesize":5573,"url":"https:\/\/lesversants.com\/wp-content\/uploads\/2026\/03\/grand-condo-3-chambres-vue-panoramique-location-court-terme-11-350x100.jpg"}},"image_meta":{"aperture":"0","credit":"","camera":"","caption":"","created_timestamp":"0","copyright":"","focal_length":"0","iso":"0","shutter_speed":"0","title":"","orientation":"0","keywords":[]},"ID":"66639","name":"grand-condo-3-chambres-vue-panoramique-location-court-terme-11.jpg","path":"\/home\/lesversa\/public_html\/wp-content\/uploads\/2026\/03\/grand-condo-3-chambres-vue-panoramique-location-court-terme-11.jpg","url":"https:\/\/lesversants.com\/wp-content\/uploads\/2026\/03\/grand-condo-3-chambres-vue-panoramique-location-court-terme-11-150x150.jpg","full_url":"https:\/\/lesversants.com\/wp-content\/uploads\/2026\/03\/grand-condo-3-chambres-vue-panoramique-location-court-terme-11.jpg","title":"grand condo 3 chambres vue panoramique location court terme 11","caption":"","description":"","alt":"grand condo 3 chambres vue panoramique location court terme 11","srcset":"https:\/\/lesversants.com\/wp-content\/uploads\/2026\/03\/grand-condo-3-chambres-vue-panoramique-location-court-terme-11-150x150.jpg 150w, https:\/\/lesversants.com\/wp-content\/uploads\/2026\/03\/grand-condo-3-chambres-vue-panoramique-location-court-terme-11-120x120.jpg 120w, https:\/\/lesversants.com\/wp-content\/uploads\/2026\/03\/grand-condo-3-chambres-vue-panoramique-location-court-terme-11-210x210.jpg 210w"},{"width":150,"height":150,"file":"2026\/03\/grand-condo-3-chambres-vue-panoramique-location-court-terme-10.jpg","filesize":225491,"sizes":{"medium":{"file":"grand-condo-3-chambres-vue-panoramique-location-court-terme-10-300x200.jpg","width":300,"height":200,"mime-type":"image\/jpeg","filesize":11245,"url":"https:\/\/lesversants.com\/wp-content\/uploads\/2026\/03\/grand-condo-3-chambres-vue-panoramique-location-court-terme-10-300x200.jpg"},"large":{"file":"grand-condo-3-chambres-vue-panoramique-location-court-terme-10-1024x684.jpg","width":1024,"height":684,"mime-type":"image\/jpeg","filesize":77114,"url":"https:\/\/lesversants.com\/wp-content\/uploads\/2026\/03\/grand-condo-3-chambres-vue-panoramique-location-court-terme-10-1024x684.jpg"},"thumbnail":{"file":"grand-condo-3-chambres-vue-panoramique-location-court-terme-10-150x150.jpg","width":150,"height":150,"mime-type":"image\/jpeg","filesize":4984,"url":"https:\/\/lesversants.com\/wp-content\/uploads\/2026\/03\/grand-condo-3-chambres-vue-panoramique-location-court-terme-10-150x150.jpg"},"medium_large":{"file":"grand-condo-3-chambres-vue-panoramique-location-court-terme-10-768x513.jpg","width":768,"height":513,"mime-type":"image\/jpeg","filesize":48905,"url":"https:\/\/lesversants.com\/wp-content\/uploads\/2026\/03\/grand-condo-3-chambres-vue-panoramique-location-court-terme-10-768x513.jpg"},"tf-client-image-size":{"file":"grand-condo-3-chambres-vue-panoramique-location-court-terme-10-120x120.jpg","width":120,"height":120,"mime-type":"image\/jpeg","filesize":3581,"url":"https:\/\/lesversants.com\/wp-content\/uploads\/2026\/03\/grand-condo-3-chambres-vue-panoramique-location-court-terme-10-120x120.jpg"},"1536x1536":{"file":"grand-condo-3-chambres-vue-panoramique-location-court-terme-10-1536x1026.jpg","width":1536,"height":1026,"mime-type":"image\/jpeg","filesize":148731,"url":"https:\/\/lesversants.com\/wp-content\/uploads\/2026\/03\/grand-condo-3-chambres-vue-panoramique-location-court-terme-10-1536x1026.jpg"},"post-thumbnail":{"file":"grand-condo-3-chambres-vue-panoramique-location-court-terme-10-150x100.jpg","width":150,"height":100,"mime-type":"image\/jpeg","filesize":3999,"url":"https:\/\/lesversants.com\/wp-content\/uploads\/2026\/03\/grand-condo-3-chambres-vue-panoramique-location-court-terme-10-150x100.jpg"},"modern-property-child-slider":{"file":"grand-condo-3-chambres-vue-panoramique-location-court-terme-10-680x510.jpg","width":680,"height":510,"mime-type":"image\/jpeg","filesize":43114,"url":"https:\/\/lesversants.com\/wp-content\/uploads\/2026\/03\/grand-condo-3-chambres-vue-panoramique-location-court-terme-10-680x510.jpg"},"property-thumb-image":{"file":"grand-condo-3-chambres-vue-panoramique-location-court-terme-10-488x326.jpg","width":488,"height":326,"mime-type":"image\/jpeg","filesize":23697,"url":"https:\/\/lesversants.com\/wp-content\/uploads\/2026\/03\/grand-condo-3-chambres-vue-panoramique-location-court-terme-10-488x326.jpg"},"property-detail-video-image":{"file":"grand-condo-3-chambres-vue-panoramique-location-court-terme-10-818x417.jpg","width":818,"height":417,"mime-type":"image\/jpeg","filesize":45189,"url":"https:\/\/lesversants.com\/wp-content\/uploads\/2026\/03\/grand-condo-3-chambres-vue-panoramique-location-court-terme-10-818x417.jpg"},"agent-image":{"file":"grand-condo-3-chambres-vue-panoramique-location-court-terme-10-210x210.jpg","width":210,"height":210,"mime-type":"image\/jpeg","filesize":8476,"url":"https:\/\/lesversants.com\/wp-content\/uploads\/2026\/03\/grand-condo-3-chambres-vue-panoramique-location-court-terme-10-210x210.jpg"},"partners-logo":{"file":"grand-condo-3-chambres-vue-panoramique-location-court-terme-10-600x1282.jpg","width":600,"height":1282,"mime-type":"image\/jpeg","filesize":70416,"url":"https:\/\/lesversants.com\/wp-content\/uploads\/2026\/03\/grand-condo-3-chambres-vue-panoramique-location-court-terme-10-600x1282.jpg"},"post-featured-image":{"file":"grand-condo-3-chambres-vue-panoramique-location-court-terme-10-1240x720.jpg","width":1240,"height":720,"mime-type":"image\/jpeg","filesize":94546,"url":"https:\/\/lesversants.com\/wp-content\/uploads\/2026\/03\/grand-condo-3-chambres-vue-panoramique-location-court-terme-10-1240x720.jpg"},"cmplz_banner_image":{"file":"grand-condo-3-chambres-vue-panoramique-location-court-terme-10-350x100.jpg","width":350,"height":100,"mime-type":"image\/jpeg","filesize":8229,"url":"https:\/\/lesversants.com\/wp-content\/uploads\/2026\/03\/grand-condo-3-chambres-vue-panoramique-location-court-terme-10-350x100.jpg"}},"image_meta":{"aperture":"0","credit":"","camera":"","caption":"","created_timestamp":"0","copyright":"","focal_length":"0","iso":"0","shutter_speed":"0","title":"","orientation":"0","keywords":[]},"ID":"66637","name":"grand-condo-3-chambres-vue-panoramique-location-court-terme-10.jpg","path":"\/home\/lesversa\/public_html\/wp-content\/uploads\/2026\/03\/grand-condo-3-chambres-vue-panoramique-location-court-terme-10.jpg","url":"https:\/\/lesversants.com\/wp-content\/uploads\/2026\/03\/grand-condo-3-chambres-vue-panoramique-location-court-terme-10-150x150.jpg","full_url":"https:\/\/lesversants.com\/wp-content\/uploads\/2026\/03\/grand-condo-3-chambres-vue-panoramique-location-court-terme-10.jpg","title":"grand condo 3 chambres vue panoramique location court terme 10","caption":"","description":"","alt":"grand condo 3 chambres vue panoramique location court terme 10","srcset":"https:\/\/lesversants.com\/wp-content\/uploads\/2026\/03\/grand-condo-3-chambres-vue-panoramique-location-court-terme-10-150x150.jpg 150w, https:\/\/lesversants.com\/wp-content\/uploads\/2026\/03\/grand-condo-3-chambres-vue-panoramique-location-court-terme-10-120x120.jpg 120w, https:\/\/lesversants.com\/wp-content\/uploads\/2026\/03\/grand-condo-3-chambres-vue-panoramique-location-court-terme-10-210x210.jpg 210w"},{"width":150,"height":150,"file":"2026\/03\/grand-condo-3-chambres-vue-panoramique-location-court-terme-5.jpg","filesize":89813,"sizes":{"medium":{"file":"grand-condo-3-chambres-vue-panoramique-location-court-terme-5-300x203.jpg","width":300,"height":203,"mime-type":"image\/jpeg","filesize":4857,"url":"https:\/\/lesversants.com\/wp-content\/uploads\/2026\/03\/grand-condo-3-chambres-vue-panoramique-location-court-terme-5-300x203.jpg"},"large":{"file":"grand-condo-3-chambres-vue-panoramique-location-court-terme-5-1024x692.jpg","width":1024,"height":692,"mime-type":"image\/jpeg","filesize":30599,"url":"https:\/\/lesversants.com\/wp-content\/uploads\/2026\/03\/grand-condo-3-chambres-vue-panoramique-location-court-terme-5-1024x692.jpg"},"thumbnail":{"file":"grand-condo-3-chambres-vue-panoramique-location-court-terme-5-150x150.jpg","width":150,"height":150,"mime-type":"image\/jpeg","filesize":2406,"url":"https:\/\/lesversants.com\/wp-content\/uploads\/2026\/03\/grand-condo-3-chambres-vue-panoramique-location-court-terme-5-150x150.jpg"},"medium_large":{"file":"grand-condo-3-chambres-vue-panoramique-location-court-terme-5-768x519.jpg","width":768,"height":519,"mime-type":"image\/jpeg","filesize":19251,"url":"https:\/\/lesversants.com\/wp-content\/uploads\/2026\/03\/grand-condo-3-chambres-vue-panoramique-location-court-terme-5-768x519.jpg"},"tf-client-image-size":{"file":"grand-condo-3-chambres-vue-panoramique-location-court-terme-5-120x120.jpg","width":120,"height":120,"mime-type":"image\/jpeg","filesize":1819,"url":"https:\/\/lesversants.com\/wp-content\/uploads\/2026\/03\/grand-condo-3-chambres-vue-panoramique-location-court-terme-5-120x120.jpg"},"1536x1536":{"file":"grand-condo-3-chambres-vue-panoramique-location-court-terme-5-1536x1038.jpg","width":1536,"height":1038,"mime-type":"image\/jpeg","filesize":58994,"url":"https:\/\/lesversants.com\/wp-content\/uploads\/2026\/03\/grand-condo-3-chambres-vue-panoramique-location-court-terme-5-1536x1038.jpg"},"post-thumbnail":{"file":"grand-condo-3-chambres-vue-panoramique-location-court-terme-5-150x101.jpg","width":150,"height":101,"mime-type":"image\/jpeg","filesize":2002,"url":"https:\/\/lesversants.com\/wp-content\/uploads\/2026\/03\/grand-condo-3-chambres-vue-panoramique-location-court-terme-5-150x101.jpg"},"modern-property-child-slider":{"file":"grand-condo-3-chambres-vue-panoramique-location-court-terme-5-680x510.jpg","width":680,"height":510,"mime-type":"image\/jpeg","filesize":17664,"url":"https:\/\/lesversants.com\/wp-content\/uploads\/2026\/03\/grand-condo-3-chambres-vue-panoramique-location-court-terme-5-680x510.jpg"},"property-thumb-image":{"file":"grand-condo-3-chambres-vue-panoramique-location-court-terme-5-488x326.jpg","width":488,"height":326,"mime-type":"image\/jpeg","filesize":9659,"url":"https:\/\/lesversants.com\/wp-content\/uploads\/2026\/03\/grand-condo-3-chambres-vue-panoramique-location-court-terme-5-488x326.jpg"},"property-detail-video-image":{"file":"grand-condo-3-chambres-vue-panoramique-location-court-terme-5-818x417.jpg","width":818,"height":417,"mime-type":"image\/jpeg","filesize":13050,"url":"https:\/\/lesversants.com\/wp-content\/uploads\/2026\/03\/grand-condo-3-chambres-vue-panoramique-location-court-terme-5-818x417.jpg"},"agent-image":{"file":"grand-condo-3-chambres-vue-panoramique-location-court-terme-5-210x210.jpg","width":210,"height":210,"mime-type":"image\/jpeg","filesize":3886,"url":"https:\/\/lesversants.com\/wp-content\/uploads\/2026\/03\/grand-condo-3-chambres-vue-panoramique-location-court-terme-5-210x210.jpg"},"partners-logo":{"file":"grand-condo-3-chambres-vue-panoramique-location-court-terme-5-600x1298.jpg","width":600,"height":1298,"mime-type":"image\/jpeg","filesize":31014,"url":"https:\/\/lesversants.com\/wp-content\/uploads\/2026\/03\/grand-condo-3-chambres-vue-panoramique-location-court-terme-5-600x1298.jpg"},"post-featured-image":{"file":"grand-condo-3-chambres-vue-panoramique-location-court-terme-5-1240x720.jpg","width":1240,"height":720,"mime-type":"image\/jpeg","filesize":30761,"url":"https:\/\/lesversants.com\/wp-content\/uploads\/2026\/03\/grand-condo-3-chambres-vue-panoramique-location-court-terme-5-1240x720.jpg"},"cmplz_banner_image":{"file":"grand-condo-3-chambres-vue-panoramique-location-court-terme-5-350x100.jpg","width":350,"height":100,"mime-type":"image\/jpeg","filesize":2096,"url":"https:\/\/lesversants.com\/wp-content\/uploads\/2026\/03\/grand-condo-3-chambres-vue-panoramique-location-court-terme-5-350x100.jpg"}},"image_meta":{"aperture":"0","credit":"","camera":"","caption":"","created_timestamp":"0","copyright":"","focal_length":"0","iso":"0","shutter_speed":"0","title":"","orientation":"0","keywords":[]},"ID":"66649","name":"grand-condo-3-chambres-vue-panoramique-location-court-terme-5.jpg","path":"\/home\/lesversa\/public_html\/wp-content\/uploads\/2026\/03\/grand-condo-3-chambres-vue-panoramique-location-court-terme-5.jpg","url":"https:\/\/lesversants.com\/wp-content\/uploads\/2026\/03\/grand-condo-3-chambres-vue-panoramique-location-court-terme-5-150x150.jpg","full_url":"https:\/\/lesversants.com\/wp-content\/uploads\/2026\/03\/grand-condo-3-chambres-vue-panoramique-location-court-terme-5.jpg","title":"grand condo 3 chambres vue panoramique location court terme 5","caption":"","description":"","alt":"grand condo 3 chambres vue panoramique location court terme 5","srcset":"https:\/\/lesversants.com\/wp-content\/uploads\/2026\/03\/grand-condo-3-chambres-vue-panoramique-location-court-terme-5-150x150.jpg 150w, https:\/\/lesversants.com\/wp-content\/uploads\/2026\/03\/grand-condo-3-chambres-vue-panoramique-location-court-terme-5-120x120.jpg 120w, https:\/\/lesversants.com\/wp-content\/uploads\/2026\/03\/grand-condo-3-chambres-vue-panoramique-location-court-terme-5-210x210.jpg 210w"},{"width":150,"height":150,"file":"2026\/03\/grand-condo-3-chambres-vue-panoramique-location-court-terme-8.jpg","filesize":180340,"sizes":{"medium":{"file":"grand-condo-3-chambres-vue-panoramique-location-court-terme-8-300x200.jpg","width":300,"height":200,"mime-type":"image\/jpeg","filesize":8598,"url":"https:\/\/lesversants.com\/wp-content\/uploads\/2026\/03\/grand-condo-3-chambres-vue-panoramique-location-court-terme-8-300x200.jpg"},"large":{"file":"grand-condo-3-chambres-vue-panoramique-location-court-terme-8-1024x683.jpg","width":1024,"height":683,"mime-type":"image\/jpeg","filesize":60495,"url":"https:\/\/lesversants.com\/wp-content\/uploads\/2026\/03\/grand-condo-3-chambres-vue-panoramique-location-court-terme-8-1024x683.jpg"},"thumbnail":{"file":"grand-condo-3-chambres-vue-panoramique-location-court-terme-8-150x150.jpg","width":150,"height":150,"mime-type":"image\/jpeg","filesize":3662,"url":"https:\/\/lesversants.com\/wp-content\/uploads\/2026\/03\/grand-condo-3-chambres-vue-panoramique-location-court-terme-8-150x150.jpg"},"medium_large":{"file":"grand-condo-3-chambres-vue-panoramique-location-court-terme-8-768x512.jpg","width":768,"height":512,"mime-type":"image\/jpeg","filesize":37761,"url":"https:\/\/lesversants.com\/wp-content\/uploads\/2026\/03\/grand-condo-3-chambres-vue-panoramique-location-court-terme-8-768x512.jpg"},"tf-client-image-size":{"file":"grand-condo-3-chambres-vue-panoramique-location-court-terme-8-120x120.jpg","width":120,"height":120,"mime-type":"image\/jpeg","filesize":2718,"url":"https:\/\/lesversants.com\/wp-content\/uploads\/2026\/03\/grand-condo-3-chambres-vue-panoramique-location-court-terme-8-120x120.jpg"},"1536x1536":{"file":"grand-condo-3-chambres-vue-panoramique-location-court-terme-8-1536x1025.jpg","width":1536,"height":1025,"mime-type":"image\/jpeg","filesize":118040,"url":"https:\/\/lesversants.com\/wp-content\/uploads\/2026\/03\/grand-condo-3-chambres-vue-panoramique-location-court-terme-8-1536x1025.jpg"},"post-thumbnail":{"file":"grand-condo-3-chambres-vue-panoramique-location-court-terme-8-150x100.jpg","width":150,"height":100,"mime-type":"image\/jpeg","filesize":3100,"url":"https:\/\/lesversants.com\/wp-content\/uploads\/2026\/03\/grand-condo-3-chambres-vue-panoramique-location-court-terme-8-150x100.jpg"},"modern-property-child-slider":{"file":"grand-condo-3-chambres-vue-panoramique-location-court-terme-8-680x510.jpg","width":680,"height":510,"mime-type":"image\/jpeg","filesize":33265,"url":"https:\/\/lesversants.com\/wp-content\/uploads\/2026\/03\/grand-condo-3-chambres-vue-panoramique-location-court-terme-8-680x510.jpg"},"property-thumb-image":{"file":"grand-condo-3-chambres-vue-panoramique-location-court-terme-8-488x326.jpg","width":488,"height":326,"mime-type":"image\/jpeg","filesize":18593,"url":"https:\/\/lesversants.com\/wp-content\/uploads\/2026\/03\/grand-condo-3-chambres-vue-panoramique-location-court-terme-8-488x326.jpg"},"property-detail-video-image":{"file":"grand-condo-3-chambres-vue-panoramique-location-court-terme-8-818x417.jpg","width":818,"height":417,"mime-type":"image\/jpeg","filesize":34377,"url":"https:\/\/lesversants.com\/wp-content\/uploads\/2026\/03\/grand-condo-3-chambres-vue-panoramique-location-court-terme-8-818x417.jpg"},"agent-image":{"file":"grand-condo-3-chambres-vue-panoramique-location-court-terme-8-210x210.jpg","width":210,"height":210,"mime-type":"image\/jpeg","filesize":6235,"url":"https:\/\/lesversants.com\/wp-content\/uploads\/2026\/03\/grand-condo-3-chambres-vue-panoramique-location-court-terme-8-210x210.jpg"},"partners-logo":{"file":"grand-condo-3-chambres-vue-panoramique-location-court-terme-8-600x1281.jpg","width":600,"height":1281,"mime-type":"image\/jpeg","filesize":39381,"url":"https:\/\/lesversants.com\/wp-content\/uploads\/2026\/03\/grand-condo-3-chambres-vue-panoramique-location-court-terme-8-600x1281.jpg"},"post-featured-image":{"file":"grand-condo-3-chambres-vue-panoramique-location-court-terme-8-1240x720.jpg","width":1240,"height":720,"mime-type":"image\/jpeg","filesize":72836,"url":"https:\/\/lesversants.com\/wp-content\/uploads\/2026\/03\/grand-condo-3-chambres-vue-panoramique-location-court-terme-8-1240x720.jpg"},"cmplz_banner_image":{"file":"grand-condo-3-chambres-vue-panoramique-location-court-terme-8-350x100.jpg","width":350,"height":100,"mime-type":"image\/jpeg","filesize":5774,"url":"https:\/\/lesversants.com\/wp-content\/uploads\/2026\/03\/grand-condo-3-chambres-vue-panoramique-location-court-terme-8-350x100.jpg"}},"image_meta":{"aperture":"0","credit":"","camera":"","caption":"","created_timestamp":"0","copyright":"","focal_length":"0","iso":"0","shutter_speed":"0","title":"","orientation":"0","keywords":[]},"ID":"66653","name":"grand-condo-3-chambres-vue-panoramique-location-court-terme-8.jpg","path":"\/home\/lesversa\/public_html\/wp-content\/uploads\/2026\/03\/grand-condo-3-chambres-vue-panoramique-location-court-terme-8.jpg","url":"https:\/\/lesversants.com\/wp-content\/uploads\/2026\/03\/grand-condo-3-chambres-vue-panoramique-location-court-terme-8-150x150.jpg","full_url":"https:\/\/lesversants.com\/wp-content\/uploads\/2026\/03\/grand-condo-3-chambres-vue-panoramique-location-court-terme-8.jpg","title":"grand condo 3 chambres vue panoramique location court terme 8","caption":"","description":"","alt":"grand condo 3 chambres vue panoramique location court terme 8","srcset":"https:\/\/lesversants.com\/wp-content\/uploads\/2026\/03\/grand-condo-3-chambres-vue-panoramique-location-court-terme-8-150x150.jpg 150w, https:\/\/lesversants.com\/wp-content\/uploads\/2026\/03\/grand-condo-3-chambres-vue-panoramique-location-court-terme-8-120x120.jpg 120w, https:\/\/lesversants.com\/wp-content\/uploads\/2026\/03\/grand-condo-3-chambres-vue-panoramique-location-court-terme-8-210x210.jpg 210w"},{"width":150,"height":150,"file":"2026\/03\/grand-condo-3-chambres-vue-panoramique-location-court-terme-15.jpg","filesize":239201,"sizes":{"medium":{"file":"grand-condo-3-chambres-vue-panoramique-location-court-terme-15-300x200.jpg","width":300,"height":200,"mime-type":"image\/jpeg","filesize":10501,"url":"https:\/\/lesversants.com\/wp-content\/uploads\/2026\/03\/grand-condo-3-chambres-vue-panoramique-location-court-terme-15-300x200.jpg"},"large":{"file":"grand-condo-3-chambres-vue-panoramique-location-court-terme-15-1024x683.jpg","width":1024,"height":683,"mime-type":"image\/jpeg","filesize":78311,"url":"https:\/\/lesversants.com\/wp-content\/uploads\/2026\/03\/grand-condo-3-chambres-vue-panoramique-location-court-terme-15-1024x683.jpg"},"thumbnail":{"file":"grand-condo-3-chambres-vue-panoramique-location-court-terme-15-150x150.jpg","width":150,"height":150,"mime-type":"image\/jpeg","filesize":5356,"url":"https:\/\/lesversants.com\/wp-content\/uploads\/2026\/03\/grand-condo-3-chambres-vue-panoramique-location-court-terme-15-150x150.jpg"},"medium_large":{"file":"grand-condo-3-chambres-vue-panoramique-location-court-terme-15-768x512.jpg","width":768,"height":512,"mime-type":"image\/jpeg","filesize":47538,"url":"https:\/\/lesversants.com\/wp-content\/uploads\/2026\/03\/grand-condo-3-chambres-vue-panoramique-location-court-terme-15-768x512.jpg"},"tf-client-image-size":{"file":"grand-condo-3-chambres-vue-panoramique-location-court-terme-15-120x120.jpg","width":120,"height":120,"mime-type":"image\/jpeg","filesize":3740,"url":"https:\/\/lesversants.com\/wp-content\/uploads\/2026\/03\/grand-condo-3-chambres-vue-panoramique-location-court-terme-15-120x120.jpg"},"1536x1536":{"file":"grand-condo-3-chambres-vue-panoramique-location-court-terme-15-1536x1025.jpg","width":1536,"height":1025,"mime-type":"image\/jpeg","filesize":154077,"url":"https:\/\/lesversants.com\/wp-content\/uploads\/2026\/03\/grand-condo-3-chambres-vue-panoramique-location-court-terme-15-1536x1025.jpg"},"post-thumbnail":{"file":"grand-condo-3-chambres-vue-panoramique-location-court-terme-15-150x100.jpg","width":150,"height":100,"mime-type":"image\/jpeg","filesize":3769,"url":"https:\/\/lesversants.com\/wp-content\/uploads\/2026\/03\/grand-condo-3-chambres-vue-panoramique-location-court-terme-15-150x100.jpg"},"modern-property-child-slider":{"file":"grand-condo-3-chambres-vue-panoramique-location-court-terme-15-680x510.jpg","width":680,"height":510,"mime-type":"image\/jpeg","filesize":44176,"url":"https:\/\/lesversants.com\/wp-content\/uploads\/2026\/03\/grand-condo-3-chambres-vue-panoramique-location-court-terme-15-680x510.jpg"},"property-thumb-image":{"file":"grand-condo-3-chambres-vue-panoramique-location-court-terme-15-488x326.jpg","width":488,"height":326,"mime-type":"image\/jpeg","filesize":22667,"url":"https:\/\/lesversants.com\/wp-content\/uploads\/2026\/03\/grand-condo-3-chambres-vue-panoramique-location-court-terme-15-488x326.jpg"},"property-detail-video-image":{"file":"grand-condo-3-chambres-vue-panoramique-location-court-terme-15-818x417.jpg","width":818,"height":417,"mime-type":"image\/jpeg","filesize":42187,"url":"https:\/\/lesversants.com\/wp-content\/uploads\/2026\/03\/grand-condo-3-chambres-vue-panoramique-location-court-terme-15-818x417.jpg"},"agent-image":{"file":"grand-condo-3-chambres-vue-panoramique-location-court-terme-15-210x210.jpg","width":210,"height":210,"mime-type":"image\/jpeg","filesize":8845,"url":"https:\/\/lesversants.com\/wp-content\/uploads\/2026\/03\/grand-condo-3-chambres-vue-panoramique-location-court-terme-15-210x210.jpg"},"partners-logo":{"file":"grand-condo-3-chambres-vue-panoramique-location-court-terme-15-600x1281.jpg","width":600,"height":1281,"mime-type":"image\/jpeg","filesize":78209,"url":"https:\/\/lesversants.com\/wp-content\/uploads\/2026\/03\/grand-condo-3-chambres-vue-panoramique-location-court-terme-15-600x1281.jpg"},"post-featured-image":{"file":"grand-condo-3-chambres-vue-panoramique-location-court-terme-15-1240x720.jpg","width":1240,"height":720,"mime-type":"image\/jpeg","filesize":94566,"url":"https:\/\/lesversants.com\/wp-content\/uploads\/2026\/03\/grand-condo-3-chambres-vue-panoramique-location-court-terme-15-1240x720.jpg"},"cmplz_banner_image":{"file":"grand-condo-3-chambres-vue-panoramique-location-court-terme-15-350x100.jpg","width":350,"height":100,"mime-type":"image\/jpeg","filesize":6183,"url":"https:\/\/lesversants.com\/wp-content\/uploads\/2026\/03\/grand-condo-3-chambres-vue-panoramique-location-court-terme-15-350x100.jpg"}},"image_meta":{"aperture":"0","credit":"","camera":"","caption":"","created_timestamp":"0","copyright":"","focal_length":"0","iso":"0","shutter_speed":"0","title":"","orientation":"0","keywords":[]},"ID":"66587","name":"grand-condo-3-chambres-vue-panoramique-location-court-terme-15.jpg","path":"\/home\/lesversa\/public_html\/wp-content\/uploads\/2026\/03\/grand-condo-3-chambres-vue-panoramique-location-court-terme-15.jpg","url":"https:\/\/lesversants.com\/wp-content\/uploads\/2026\/03\/grand-condo-3-chambres-vue-panoramique-location-court-terme-15-150x150.jpg","full_url":"https:\/\/lesversants.com\/wp-content\/uploads\/2026\/03\/grand-condo-3-chambres-vue-panoramique-location-court-terme-15.jpg","title":"grand condo 3 chambres vue panoramique location court terme 15","caption":"","description":"","alt":"grand condo 3 chambres vue panoramique location court terme 15","srcset":"https:\/\/lesversants.com\/wp-content\/uploads\/2026\/03\/grand-condo-3-chambres-vue-panoramique-location-court-terme-15-150x150.jpg 150w, https:\/\/lesversants.com\/wp-content\/uploads\/2026\/03\/grand-condo-3-chambres-vue-panoramique-location-court-terme-15-120x120.jpg 120w, https:\/\/lesversants.com\/wp-content\/uploads\/2026\/03\/grand-condo-3-chambres-vue-panoramique-location-court-terme-15-210x210.jpg 210w"},{"width":150,"height":150,"file":"2026\/03\/grand-condo-3-chambres-vue-panoramique-location-court-terme-38.jpg","filesize":641941,"sizes":{"medium":{"file":"grand-condo-3-chambres-vue-panoramique-location-court-terme-38-300x200.jpg","width":300,"height":200,"mime-type":"image\/jpeg","filesize":18977,"url":"https:\/\/lesversants.com\/wp-content\/uploads\/2026\/03\/grand-condo-3-chambres-vue-panoramique-location-court-terme-38-300x200.jpg"},"large":{"file":"grand-condo-3-chambres-vue-panoramique-location-court-terme-38-1024x683.jpg","width":1024,"height":683,"mime-type":"image\/jpeg","filesize":198544,"url":"https:\/\/lesversants.com\/wp-content\/uploads\/2026\/03\/grand-condo-3-chambres-vue-panoramique-location-court-terme-38-1024x683.jpg"},"thumbnail":{"file":"grand-condo-3-chambres-vue-panoramique-location-court-terme-38-150x150.jpg","width":150,"height":150,"mime-type":"image\/jpeg","filesize":7473,"url":"https:\/\/lesversants.com\/wp-content\/uploads\/2026\/03\/grand-condo-3-chambres-vue-panoramique-location-court-terme-38-150x150.jpg"},"medium_large":{"file":"grand-condo-3-chambres-vue-panoramique-location-court-terme-38-768x512.jpg","width":768,"height":512,"mime-type":"image\/jpeg","filesize":116057,"url":"https:\/\/lesversants.com\/wp-content\/uploads\/2026\/03\/grand-condo-3-chambres-vue-panoramique-location-court-terme-38-768x512.jpg"},"tf-client-image-size":{"file":"grand-condo-3-chambres-vue-panoramique-location-court-terme-38-120x120.jpg","width":120,"height":120,"mime-type":"image\/jpeg","filesize":4868,"url":"https:\/\/lesversants.com\/wp-content\/uploads\/2026\/03\/grand-condo-3-chambres-vue-panoramique-location-court-terme-38-120x120.jpg"},"1536x1536":{"file":"grand-condo-3-chambres-vue-panoramique-location-court-terme-38-1536x1025.jpg","width":1536,"height":1025,"mime-type":"image\/jpeg","filesize":402143,"url":"https:\/\/lesversants.com\/wp-content\/uploads\/2026\/03\/grand-condo-3-chambres-vue-panoramique-location-court-terme-38-1536x1025.jpg"},"post-thumbnail":{"file":"grand-condo-3-chambres-vue-panoramique-location-court-terme-38-150x100.jpg","width":150,"height":100,"mime-type":"image\/jpeg","filesize":5429,"url":"https:\/\/lesversants.com\/wp-content\/uploads\/2026\/03\/grand-condo-3-chambres-vue-panoramique-location-court-terme-38-150x100.jpg"},"modern-property-child-slider":{"file":"grand-condo-3-chambres-vue-panoramique-location-court-terme-38-680x510.jpg","width":680,"height":510,"mime-type":"image\/jpeg","filesize":100334,"url":"https:\/\/lesversants.com\/wp-content\/uploads\/2026\/03\/grand-condo-3-chambres-vue-panoramique-location-court-terme-38-680x510.jpg"},"property-thumb-image":{"file":"grand-condo-3-chambres-vue-panoramique-location-court-terme-38-488x326.jpg","width":488,"height":326,"mime-type":"image\/jpeg","filesize":48607,"url":"https:\/\/lesversants.com\/wp-content\/uploads\/2026\/03\/grand-condo-3-chambres-vue-panoramique-location-court-terme-38-488x326.jpg"},"property-detail-video-image":{"file":"grand-condo-3-chambres-vue-panoramique-location-court-terme-38-818x417.jpg","width":818,"height":417,"mime-type":"image\/jpeg","filesize":108292,"url":"https:\/\/lesversants.com\/wp-content\/uploads\/2026\/03\/grand-condo-3-chambres-vue-panoramique-location-court-terme-38-818x417.jpg"},"agent-image":{"file":"grand-condo-3-chambres-vue-panoramique-location-court-terme-38-210x210.jpg","width":210,"height":210,"mime-type":"image\/jpeg","filesize":13927,"url":"https:\/\/lesversants.com\/wp-content\/uploads\/2026\/03\/grand-condo-3-chambres-vue-panoramique-location-court-terme-38-210x210.jpg"},"partners-logo":{"file":"grand-condo-3-chambres-vue-panoramique-location-court-terme-38-600x1281.jpg","width":600,"height":1281,"mime-type":"image\/jpeg","filesize":190317,"url":"https:\/\/lesversants.com\/wp-content\/uploads\/2026\/03\/grand-condo-3-chambres-vue-panoramique-location-court-terme-38-600x1281.jpg"},"post-featured-image":{"file":"grand-condo-3-chambres-vue-panoramique-location-court-terme-38-1240x720.jpg","width":1240,"height":720,"mime-type":"image\/jpeg","filesize":252392,"url":"https:\/\/lesversants.com\/wp-content\/uploads\/2026\/03\/grand-condo-3-chambres-vue-panoramique-location-court-terme-38-1240x720.jpg"},"cmplz_banner_image":{"file":"grand-condo-3-chambres-vue-panoramique-location-court-terme-38-350x100.jpg","width":350,"height":100,"mime-type":"image\/jpeg","filesize":13827,"url":"https:\/\/lesversants.com\/wp-content\/uploads\/2026\/03\/grand-condo-3-chambres-vue-panoramique-location-court-terme-38-350x100.jpg"}},"image_meta":{"aperture":"0","credit":"","camera":"","caption":"","created_timestamp":"0","copyright":"","focal_length":"0","iso":"0","shutter_speed":"0","title":"","orientation":"0","keywords":[]},"ID":"66633","name":"grand-condo-3-chambres-vue-panoramique-location-court-terme-38.jpg","path":"\/home\/lesversa\/public_html\/wp-content\/uploads\/2026\/03\/grand-condo-3-chambres-vue-panoramique-location-court-terme-38.jpg","url":"https:\/\/lesversants.com\/wp-content\/uploads\/2026\/03\/grand-condo-3-chambres-vue-panoramique-location-court-terme-38-150x150.jpg","full_url":"https:\/\/lesversants.com\/wp-content\/uploads\/2026\/03\/grand-condo-3-chambres-vue-panoramique-location-court-terme-38.jpg","title":"grand condo 3 chambres vue panoramique location court terme 38","caption":"","description":"","alt":"grand condo 3 chambres vue panoramique location court terme 38","srcset":"https:\/\/lesversants.com\/wp-content\/uploads\/2026\/03\/grand-condo-3-chambres-vue-panoramique-location-court-terme-38-150x150.jpg 150w, https:\/\/lesversants.com\/wp-content\/uploads\/2026\/03\/grand-condo-3-chambres-vue-panoramique-location-court-terme-38-120x120.jpg 120w, https:\/\/lesversants.com\/wp-content\/uploads\/2026\/03\/grand-condo-3-chambres-vue-panoramique-location-court-terme-38-210x210.jpg 210w"},{"width":150,"height":150,"file":"2026\/03\/grand-condo-3-chambres-vue-panoramique-location-court-terme-39.jpg","filesize":642832,"sizes":{"medium":{"file":"grand-condo-3-chambres-vue-panoramique-location-court-terme-39-300x200.jpg","width":300,"height":200,"mime-type":"image\/jpeg","filesize":20379,"url":"https:\/\/lesversants.com\/wp-content\/uploads\/2026\/03\/grand-condo-3-chambres-vue-panoramique-location-court-terme-39-300x200.jpg"},"large":{"file":"grand-condo-3-chambres-vue-panoramique-location-court-terme-39-1024x683.jpg","width":1024,"height":683,"mime-type":"image\/jpeg","filesize":199042,"url":"https:\/\/lesversants.com\/wp-content\/uploads\/2026\/03\/grand-condo-3-chambres-vue-panoramique-location-court-terme-39-1024x683.jpg"},"thumbnail":{"file":"grand-condo-3-chambres-vue-panoramique-location-court-terme-39-150x150.jpg","width":150,"height":150,"mime-type":"image\/jpeg","filesize":8406,"url":"https:\/\/lesversants.com\/wp-content\/uploads\/2026\/03\/grand-condo-3-chambres-vue-panoramique-location-court-terme-39-150x150.jpg"},"medium_large":{"file":"grand-condo-3-chambres-vue-panoramique-location-court-terme-39-768x512.jpg","width":768,"height":512,"mime-type":"image\/jpeg","filesize":117989,"url":"https:\/\/lesversants.com\/wp-content\/uploads\/2026\/03\/grand-condo-3-chambres-vue-panoramique-location-court-terme-39-768x512.jpg"},"tf-client-image-size":{"file":"grand-condo-3-chambres-vue-panoramique-location-court-terme-39-120x120.jpg","width":120,"height":120,"mime-type":"image\/jpeg","filesize":5505,"url":"https:\/\/lesversants.com\/wp-content\/uploads\/2026\/03\/grand-condo-3-chambres-vue-panoramique-location-court-terme-39-120x120.jpg"},"1536x1536":{"file":"grand-condo-3-chambres-vue-panoramique-location-court-terme-39-1536x1025.jpg","width":1536,"height":1025,"mime-type":"image\/jpeg","filesize":403946,"url":"https:\/\/lesversants.com\/wp-content\/uploads\/2026\/03\/grand-condo-3-chambres-vue-panoramique-location-court-terme-39-1536x1025.jpg"},"post-thumbnail":{"file":"grand-condo-3-chambres-vue-panoramique-location-court-terme-39-150x100.jpg","width":150,"height":100,"mime-type":"image\/jpeg","filesize":5876,"url":"https:\/\/lesversants.com\/wp-content\/uploads\/2026\/03\/grand-condo-3-chambres-vue-panoramique-location-court-terme-39-150x100.jpg"},"modern-property-child-slider":{"file":"grand-condo-3-chambres-vue-panoramique-location-court-terme-39-680x510.jpg","width":680,"height":510,"mime-type":"image\/jpeg","filesize":102203,"url":"https:\/\/lesversants.com\/wp-content\/uploads\/2026\/03\/grand-condo-3-chambres-vue-panoramique-location-court-terme-39-680x510.jpg"},"property-thumb-image":{"file":"grand-condo-3-chambres-vue-panoramique-location-court-terme-39-488x326.jpg","width":488,"height":326,"mime-type":"image\/jpeg","filesize":50979,"url":"https:\/\/lesversants.com\/wp-content\/uploads\/2026\/03\/grand-condo-3-chambres-vue-panoramique-location-court-terme-39-488x326.jpg"},"property-detail-video-image":{"file":"grand-condo-3-chambres-vue-panoramique-location-court-terme-39-818x417.jpg","width":818,"height":417,"mime-type":"image\/jpeg","filesize":107797,"url":"https:\/\/lesversants.com\/wp-content\/uploads\/2026\/03\/grand-condo-3-chambres-vue-panoramique-location-court-terme-39-818x417.jpg"},"agent-image":{"file":"grand-condo-3-chambres-vue-panoramique-location-court-terme-39-210x210.jpg","width":210,"height":210,"mime-type":"image\/jpeg","filesize":15144,"url":"https:\/\/lesversants.com\/wp-content\/uploads\/2026\/03\/grand-condo-3-chambres-vue-panoramique-location-court-terme-39-210x210.jpg"},"partners-logo":{"file":"grand-condo-3-chambres-vue-panoramique-location-court-terme-39-600x1281.jpg","width":600,"height":1281,"mime-type":"image\/jpeg","filesize":200488,"url":"https:\/\/lesversants.com\/wp-content\/uploads\/2026\/03\/grand-condo-3-chambres-vue-panoramique-location-court-terme-39-600x1281.jpg"},"post-featured-image":{"file":"grand-condo-3-chambres-vue-panoramique-location-court-terme-39-1240x720.jpg","width":1240,"height":720,"mime-type":"image\/jpeg","filesize":253486,"url":"https:\/\/lesversants.com\/wp-content\/uploads\/2026\/03\/grand-condo-3-chambres-vue-panoramique-location-court-terme-39-1240x720.jpg"},"cmplz_banner_image":{"file":"grand-condo-3-chambres-vue-panoramique-location-court-terme-39-350x100.jpg","width":350,"height":100,"mime-type":"image\/jpeg","filesize":13222,"url":"https:\/\/lesversants.com\/wp-content\/uploads\/2026\/03\/grand-condo-3-chambres-vue-panoramique-location-court-terme-39-350x100.jpg"}},"image_meta":{"aperture":"0","credit":"","camera":"","caption":"","created_timestamp":"0","copyright":"","focal_length":"0","iso":"0","shutter_speed":"0","title":"","orientation":"0","keywords":[]},"ID":"66635","name":"grand-condo-3-chambres-vue-panoramique-location-court-terme-39.jpg","path":"\/home\/lesversa\/public_html\/wp-content\/uploads\/2026\/03\/grand-condo-3-chambres-vue-panoramique-location-court-terme-39.jpg","url":"https:\/\/lesversants.com\/wp-content\/uploads\/2026\/03\/grand-condo-3-chambres-vue-panoramique-location-court-terme-39-150x150.jpg","full_url":"https:\/\/lesversants.com\/wp-content\/uploads\/2026\/03\/grand-condo-3-chambres-vue-panoramique-location-court-terme-39.jpg","title":"grand condo 3 chambres vue panoramique location court terme 39","caption":"","description":"","alt":"grand condo 3 chambres vue panoramique location court terme 39","srcset":"https:\/\/lesversants.com\/wp-content\/uploads\/2026\/03\/grand-condo-3-chambres-vue-panoramique-location-court-terme-39-150x150.jpg 150w, https:\/\/lesversants.com\/wp-content\/uploads\/2026\/03\/grand-condo-3-chambres-vue-panoramique-location-court-terme-39-120x120.jpg 120w, https:\/\/lesversants.com\/wp-content\/uploads\/2026\/03\/grand-condo-3-chambres-vue-panoramique-location-court-terme-39-210x210.jpg 210w"},{"width":150,"height":150,"file":"2026\/01\/Verbier-condo-aerial-shot-Mont-Tremblant.jpg","filesize":294950,"sizes":{"medium":{"file":"Verbier-condo-aerial-shot-Mont-Tremblant-300x206.jpg","width":300,"height":206,"mime-type":"image\/jpeg","filesize":17508,"url":"https:\/\/lesversants.com\/wp-content\/uploads\/2026\/01\/Verbier-condo-aerial-shot-Mont-Tremblant-300x206.jpg"},"large":{"file":"Verbier-condo-aerial-shot-Mont-Tremblant-1024x703.jpg","width":1024,"height":703,"mime-type":"image\/jpeg","filesize":168948,"url":"https:\/\/lesversants.com\/wp-content\/uploads\/2026\/01\/Verbier-condo-aerial-shot-Mont-Tremblant-1024x703.jpg"},"thumbnail":{"file":"Verbier-condo-aerial-shot-Mont-Tremblant-150x150.jpg","width":150,"height":150,"mime-type":"image\/jpeg","filesize":7171,"url":"https:\/\/lesversants.com\/wp-content\/uploads\/2026\/01\/Verbier-condo-aerial-shot-Mont-Tremblant-150x150.jpg"},"medium_large":{"file":"Verbier-condo-aerial-shot-Mont-Tremblant-768x527.jpg","width":768,"height":527,"mime-type":"image\/jpeg","filesize":102982,"url":"https:\/\/lesversants.com\/wp-content\/uploads\/2026\/01\/Verbier-condo-aerial-shot-Mont-Tremblant-768x527.jpg"},"tf-client-image-size":{"file":"Verbier-condo-aerial-shot-Mont-Tremblant-120x120.jpg","width":120,"height":120,"mime-type":"image\/jpeg","filesize":4771,"url":"https:\/\/lesversants.com\/wp-content\/uploads\/2026\/01\/Verbier-condo-aerial-shot-Mont-Tremblant-120x120.jpg"},"post-thumbnail":{"file":"Verbier-condo-aerial-shot-Mont-Tremblant-150x103.jpg","width":150,"height":103,"mime-type":"image\/jpeg","filesize":4953,"url":"https:\/\/lesversants.com\/wp-content\/uploads\/2026\/01\/Verbier-condo-aerial-shot-Mont-Tremblant-150x103.jpg"},"modern-property-child-slider":{"file":"Verbier-condo-aerial-shot-Mont-Tremblant-680x510.jpg","width":680,"height":510,"mime-type":"image\/jpeg","filesize":88825,"url":"https:\/\/lesversants.com\/wp-content\/uploads\/2026\/01\/Verbier-condo-aerial-shot-Mont-Tremblant-680x510.jpg"},"property-thumb-image":{"file":"Verbier-condo-aerial-shot-Mont-Tremblant-488x326.jpg","width":488,"height":326,"mime-type":"image\/jpeg","filesize":43491,"url":"https:\/\/lesversants.com\/wp-content\/uploads\/2026\/01\/Verbier-condo-aerial-shot-Mont-Tremblant-488x326.jpg"},"property-detail-video-image":{"file":"Verbier-condo-aerial-shot-Mont-Tremblant-818x417.jpg","width":818,"height":417,"mime-type":"image\/jpeg","filesize":86412,"url":"https:\/\/lesversants.com\/wp-content\/uploads\/2026\/01\/Verbier-condo-aerial-shot-Mont-Tremblant-818x417.jpg"},"agent-image":{"file":"Verbier-condo-aerial-shot-Mont-Tremblant-210x210.jpg","width":210,"height":210,"mime-type":"image\/jpeg","filesize":13217,"url":"https:\/\/lesversants.com\/wp-content\/uploads\/2026\/01\/Verbier-condo-aerial-shot-Mont-Tremblant-210x210.jpg"},"partners-logo":{"file":"Verbier-condo-aerial-shot-Mont-Tremblant-600x936.jpg","width":600,"height":936,"mime-type":"image\/jpeg","filesize":124187,"url":"https:\/\/lesversants.com\/wp-content\/uploads\/2026\/01\/Verbier-condo-aerial-shot-Mont-Tremblant-600x936.jpg"},"post-featured-image":{"file":"Verbier-condo-aerial-shot-Mont-Tremblant-1240x720.jpg","width":1240,"height":720,"mime-type":"image\/jpeg","filesize":193104,"url":"https:\/\/lesversants.com\/wp-content\/uploads\/2026\/01\/Verbier-condo-aerial-shot-Mont-Tremblant-1240x720.jpg"},"cmplz_banner_image":{"file":"Verbier-condo-aerial-shot-Mont-Tremblant-350x100.jpg","width":350,"height":100,"mime-type":"image\/jpeg","filesize":10763,"url":"https:\/\/lesversants.com\/wp-content\/uploads\/2026\/01\/Verbier-condo-aerial-shot-Mont-Tremblant-350x100.jpg"}},"image_meta":{"aperture":"0","credit":"","camera":"","caption":"","created_timestamp":"0","copyright":"","focal_length":"0","iso":"0","shutter_speed":"0","title":"","orientation":"0","keywords":[]},"ID":"65620","name":"Verbier-condo-aerial-shot-Mont-Tremblant.jpg","path":"\/home\/lesversa\/public_html\/wp-content\/uploads\/2026\/01\/Verbier-condo-aerial-shot-Mont-Tremblant.jpg","url":"https:\/\/lesversants.com\/wp-content\/uploads\/2026\/01\/Verbier-condo-aerial-shot-Mont-Tremblant-150x150.jpg","full_url":"https:\/\/lesversants.com\/wp-content\/uploads\/2026\/01\/Verbier-condo-aerial-shot-Mont-Tremblant.jpg","title":"Verbier condo aerial shot Mont Tremblant","caption":"","description":"","alt":"Verbier condo aerial shot Mont Tremblant","srcset":"https:\/\/lesversants.com\/wp-content\/uploads\/2026\/01\/Verbier-condo-aerial-shot-Mont-Tremblant-150x150.jpg 150w, https:\/\/lesversants.com\/wp-content\/uploads\/2026\/01\/Verbier-condo-aerial-shot-Mont-Tremblant-120x120.jpg 120w, https:\/\/lesversants.com\/wp-content\/uploads\/2026\/01\/Verbier-condo-aerial-shot-Mont-Tremblant-210x210.jpg 210w"},{"width":150,"height":150,"file":"2026\/01\/Verbier-condo-pavilion-exterior-Mont-Tremblant.jpg","filesize":516093,"sizes":{"medium":{"file":"Verbier-condo-pavilion-exterior-Mont-Tremblant-300x200.jpg","width":300,"height":200,"mime-type":"image\/jpeg","filesize":15609,"url":"https:\/\/lesversants.com\/wp-content\/uploads\/2026\/01\/Verbier-condo-pavilion-exterior-Mont-Tremblant-300x200.jpg"},"large":{"file":"Verbier-condo-pavilion-exterior-Mont-Tremblant-1024x683.jpg","width":1024,"height":683,"mime-type":"image\/jpeg","filesize":151060,"url":"https:\/\/lesversants.com\/wp-content\/uploads\/2026\/01\/Verbier-condo-pavilion-exterior-Mont-Tremblant-1024x683.jpg"},"thumbnail":{"file":"Verbier-condo-pavilion-exterior-Mont-Tremblant-150x150.jpg","width":150,"height":150,"mime-type":"image\/jpeg","filesize":6158,"url":"https:\/\/lesversants.com\/wp-content\/uploads\/2026\/01\/Verbier-condo-pavilion-exterior-Mont-Tremblant-150x150.jpg"},"medium_large":{"file":"Verbier-condo-pavilion-exterior-Mont-Tremblant-768x512.jpg","width":768,"height":512,"mime-type":"image\/jpeg","filesize":88214,"url":"https:\/\/lesversants.com\/wp-content\/uploads\/2026\/01\/Verbier-condo-pavilion-exterior-Mont-Tremblant-768x512.jpg"},"tf-client-image-size":{"file":"Verbier-condo-pavilion-exterior-Mont-Tremblant-120x120.jpg","width":120,"height":120,"mime-type":"image\/jpeg","filesize":4189,"url":"https:\/\/lesversants.com\/wp-content\/uploads\/2026\/01\/Verbier-condo-pavilion-exterior-Mont-Tremblant-120x120.jpg"},"1536x1536":{"file":"Verbier-condo-pavilion-exterior-Mont-Tremblant-1536x1025.jpg","width":1536,"height":1025,"mime-type":"image\/jpeg","filesize":311724,"url":"https:\/\/lesversants.com\/wp-content\/uploads\/2026\/01\/Verbier-condo-pavilion-exterior-Mont-Tremblant-1536x1025.jpg"},"post-thumbnail":{"file":"Verbier-condo-pavilion-exterior-Mont-Tremblant-150x100.jpg","width":150,"height":100,"mime-type":"image\/jpeg","filesize":4927,"url":"https:\/\/lesversants.com\/wp-content\/uploads\/2026\/01\/Verbier-condo-pavilion-exterior-Mont-Tremblant-150x100.jpg"},"modern-property-child-slider":{"file":"Verbier-condo-pavilion-exterior-Mont-Tremblant-680x510.jpg","width":680,"height":510,"mime-type":"image\/jpeg","filesize":75219,"url":"https:\/\/lesversants.com\/wp-content\/uploads\/2026\/01\/Verbier-condo-pavilion-exterior-Mont-Tremblant-680x510.jpg"},"property-thumb-image":{"file":"Verbier-condo-pavilion-exterior-Mont-Tremblant-488x326.jpg","width":488,"height":326,"mime-type":"image\/jpeg","filesize":38233,"url":"https:\/\/lesversants.com\/wp-content\/uploads\/2026\/01\/Verbier-condo-pavilion-exterior-Mont-Tremblant-488x326.jpg"},"property-detail-video-image":{"file":"Verbier-condo-pavilion-exterior-Mont-Tremblant-818x417.jpg","width":818,"height":417,"mime-type":"image\/jpeg","filesize":81851,"url":"https:\/\/lesversants.com\/wp-content\/uploads\/2026\/01\/Verbier-condo-pavilion-exterior-Mont-Tremblant-818x417.jpg"},"agent-image":{"file":"Verbier-condo-pavilion-exterior-Mont-Tremblant-210x210.jpg","width":210,"height":210,"mime-type":"image\/jpeg","filesize":11012,"url":"https:\/\/lesversants.com\/wp-content\/uploads\/2026\/01\/Verbier-condo-pavilion-exterior-Mont-Tremblant-210x210.jpg"},"partners-logo":{"file":"Verbier-condo-pavilion-exterior-Mont-Tremblant-600x1281.jpg","width":600,"height":1281,"mime-type":"image\/jpeg","filesize":125694,"url":"https:\/\/lesversants.com\/wp-content\/uploads\/2026\/01\/Verbier-condo-pavilion-exterior-Mont-Tremblant-600x1281.jpg"},"post-featured-image":{"file":"Verbier-condo-pavilion-exterior-Mont-Tremblant-1240x720.jpg","width":1240,"height":720,"mime-type":"image\/jpeg","filesize":190566,"url":"https:\/\/lesversants.com\/wp-content\/uploads\/2026\/01\/Verbier-condo-pavilion-exterior-Mont-Tremblant-1240x720.jpg"},"cmplz_banner_image":{"file":"Verbier-condo-pavilion-exterior-Mont-Tremblant-350x100.jpg","width":350,"height":100,"mime-type":"image\/jpeg","filesize":10967,"url":"https:\/\/lesversants.com\/wp-content\/uploads\/2026\/01\/Verbier-condo-pavilion-exterior-Mont-Tremblant-350x100.jpg"}},"image_meta":{"aperture":"0","credit":"","camera":"","caption":"","created_timestamp":"0","copyright":"","focal_length":"0","iso":"0","shutter_speed":"0","title":"","orientation":"0","keywords":[]},"ID":"65630","name":"Verbier-condo-pavilion-exterior-Mont-Tremblant.jpg","path":"\/home\/lesversa\/public_html\/wp-content\/uploads\/2026\/01\/Verbier-condo-pavilion-exterior-Mont-Tremblant.jpg","url":"https:\/\/lesversants.com\/wp-content\/uploads\/2026\/01\/Verbier-condo-pavilion-exterior-Mont-Tremblant-150x150.jpg","full_url":"https:\/\/lesversants.com\/wp-content\/uploads\/2026\/01\/Verbier-condo-pavilion-exterior-Mont-Tremblant.jpg","title":"Verbier condo pavilion exterior Mont Tremblant","caption":"","description":"","alt":"Verbier condo pavilion exterior Mont Tremblant","srcset":"https:\/\/lesversants.com\/wp-content\/uploads\/2026\/01\/Verbier-condo-pavilion-exterior-Mont-Tremblant-150x150.jpg 150w, https:\/\/lesversants.com\/wp-content\/uploads\/2026\/01\/Verbier-condo-pavilion-exterior-Mont-Tremblant-120x120.jpg 120w, https:\/\/lesversants.com\/wp-content\/uploads\/2026\/01\/Verbier-condo-pavilion-exterior-Mont-Tremblant-210x210.jpg 210w"},{"width":150,"height":150,"file":"2026\/01\/Verbier-condo-pavilion-lobby-Mont-Tremblant.jpg","filesize":306115,"sizes":{"medium":{"file":"Verbier-condo-pavilion-lobby-Mont-Tremblant-300x200.jpg","width":300,"height":200,"mime-type":"image\/jpeg","filesize":12870,"url":"https:\/\/lesversants.com\/wp-content\/uploads\/2026\/01\/Verbier-condo-pavilion-lobby-Mont-Tremblant-300x200.jpg"},"large":{"file":"Verbier-condo-pavilion-lobby-Mont-Tremblant-1024x683.jpg","width":1024,"height":683,"mime-type":"image\/jpeg","filesize":100279,"url":"https:\/\/lesversants.com\/wp-content\/uploads\/2026\/01\/Verbier-condo-pavilion-lobby-Mont-Tremblant-1024x683.jpg"},"thumbnail":{"file":"Verbier-condo-pavilion-lobby-Mont-Tremblant-150x150.jpg","width":150,"height":150,"mime-type":"image\/jpeg","filesize":6295,"url":"https:\/\/lesversants.com\/wp-content\/uploads\/2026\/01\/Verbier-condo-pavilion-lobby-Mont-Tremblant-150x150.jpg"},"medium_large":{"file":"Verbier-condo-pavilion-lobby-Mont-Tremblant-768x512.jpg","width":768,"height":512,"mime-type":"image\/jpeg","filesize":60777,"url":"https:\/\/lesversants.com\/wp-content\/uploads\/2026\/01\/Verbier-condo-pavilion-lobby-Mont-Tremblant-768x512.jpg"},"tf-client-image-size":{"file":"Verbier-condo-pavilion-lobby-Mont-Tremblant-120x120.jpg","width":120,"height":120,"mime-type":"image\/jpeg","filesize":4285,"url":"https:\/\/lesversants.com\/wp-content\/uploads\/2026\/01\/Verbier-condo-pavilion-lobby-Mont-Tremblant-120x120.jpg"},"1536x1536":{"file":"Verbier-condo-pavilion-lobby-Mont-Tremblant-1536x1025.jpg","width":1536,"height":1025,"mime-type":"image\/jpeg","filesize":196161,"url":"https:\/\/lesversants.com\/wp-content\/uploads\/2026\/01\/Verbier-condo-pavilion-lobby-Mont-Tremblant-1536x1025.jpg"},"post-thumbnail":{"file":"Verbier-condo-pavilion-lobby-Mont-Tremblant-150x100.jpg","width":150,"height":100,"mime-type":"image\/jpeg","filesize":4536,"url":"https:\/\/lesversants.com\/wp-content\/uploads\/2026\/01\/Verbier-condo-pavilion-lobby-Mont-Tremblant-150x100.jpg"},"modern-property-child-slider":{"file":"Verbier-condo-pavilion-lobby-Mont-Tremblant-680x510.jpg","width":680,"height":510,"mime-type":"image\/jpeg","filesize":55870,"url":"https:\/\/lesversants.com\/wp-content\/uploads\/2026\/01\/Verbier-condo-pavilion-lobby-Mont-Tremblant-680x510.jpg"},"property-thumb-image":{"file":"Verbier-condo-pavilion-lobby-Mont-Tremblant-488x326.jpg","width":488,"height":326,"mime-type":"image\/jpeg","filesize":28380,"url":"https:\/\/lesversants.com\/wp-content\/uploads\/2026\/01\/Verbier-condo-pavilion-lobby-Mont-Tremblant-488x326.jpg"},"property-detail-video-image":{"file":"Verbier-condo-pavilion-lobby-Mont-Tremblant-818x417.jpg","width":818,"height":417,"mime-type":"image\/jpeg","filesize":52768,"url":"https:\/\/lesversants.com\/wp-content\/uploads\/2026\/01\/Verbier-condo-pavilion-lobby-Mont-Tremblant-818x417.jpg"},"agent-image":{"file":"Verbier-condo-pavilion-lobby-Mont-Tremblant-210x210.jpg","width":210,"height":210,"mime-type":"image\/jpeg","filesize":10766,"url":"https:\/\/lesversants.com\/wp-content\/uploads\/2026\/01\/Verbier-condo-pavilion-lobby-Mont-Tremblant-210x210.jpg"},"partners-logo":{"file":"Verbier-condo-pavilion-lobby-Mont-Tremblant-600x1281.jpg","width":600,"height":1281,"mime-type":"image\/jpeg","filesize":123836,"url":"https:\/\/lesversants.com\/wp-content\/uploads\/2026\/01\/Verbier-condo-pavilion-lobby-Mont-Tremblant-600x1281.jpg"},"post-featured-image":{"file":"Verbier-condo-pavilion-lobby-Mont-Tremblant-1240x720.jpg","width":1240,"height":720,"mime-type":"image\/jpeg","filesize":116402,"url":"https:\/\/lesversants.com\/wp-content\/uploads\/2026\/01\/Verbier-condo-pavilion-lobby-Mont-Tremblant-1240x720.jpg"},"cmplz_banner_image":{"file":"Verbier-condo-pavilion-lobby-Mont-Tremblant-350x100.jpg","width":350,"height":100,"mime-type":"image\/jpeg","filesize":8355,"url":"https:\/\/lesversants.com\/wp-content\/uploads\/2026\/01\/Verbier-condo-pavilion-lobby-Mont-Tremblant-350x100.jpg"}},"image_meta":{"aperture":"0","credit":"","camera":"","caption":"","created_timestamp":"0","copyright":"","focal_length":"0","iso":"0","shutter_speed":"0","title":"","orientation":"0","keywords":[]},"ID":"65624","name":"Verbier-condo-pavilion-lobby-Mont-Tremblant.jpg","path":"\/home\/lesversa\/public_html\/wp-content\/uploads\/2026\/01\/Verbier-condo-pavilion-lobby-Mont-Tremblant.jpg","url":"https:\/\/lesversants.com\/wp-content\/uploads\/2026\/01\/Verbier-condo-pavilion-lobby-Mont-Tremblant-150x150.jpg","full_url":"https:\/\/lesversants.com\/wp-content\/uploads\/2026\/01\/Verbier-condo-pavilion-lobby-Mont-Tremblant.jpg","title":"Verbier condo pavilion lobby Mont Tremblant","caption":"","description":"","alt":"Verbier condo pavilion lobby Mont Tremblant","srcset":"https:\/\/lesversants.com\/wp-content\/uploads\/2026\/01\/Verbier-condo-pavilion-lobby-Mont-Tremblant-150x150.jpg 150w, https:\/\/lesversants.com\/wp-content\/uploads\/2026\/01\/Verbier-condo-pavilion-lobby-Mont-Tremblant-120x120.jpg 120w, https:\/\/lesversants.com\/wp-content\/uploads\/2026\/01\/Verbier-condo-pavilion-lobby-Mont-Tremblant-210x210.jpg 210w"},{"width":150,"height":150,"file":"2026\/01\/VERBIER-iStock-494762416_SMALL.jpg","filesize":277292,"sizes":{"medium":{"file":"VERBIER-iStock-494762416_SMALL-300x200.jpg","width":300,"height":200,"mime-type":"image\/jpeg","filesize":14845,"url":"https:\/\/lesversants.com\/wp-content\/uploads\/2026\/01\/VERBIER-iStock-494762416_SMALL-300x200.jpg"},"large":{"file":"VERBIER-iStock-494762416_SMALL-1024x684.jpg","width":1024,"height":684,"mime-type":"image\/jpeg","filesize":99584,"url":"https:\/\/lesversants.com\/wp-content\/uploads\/2026\/01\/VERBIER-iStock-494762416_SMALL-1024x684.jpg"},"thumbnail":{"file":"VERBIER-iStock-494762416_SMALL-150x150.jpg","width":150,"height":150,"mime-type":"image\/jpeg","filesize":6630,"url":"https:\/\/lesversants.com\/wp-content\/uploads\/2026\/01\/VERBIER-iStock-494762416_SMALL-150x150.jpg"},"medium_large":{"file":"VERBIER-iStock-494762416_SMALL-768x513.jpg","width":768,"height":513,"mime-type":"image\/jpeg","filesize":63951,"url":"https:\/\/lesversants.com\/wp-content\/uploads\/2026\/01\/VERBIER-iStock-494762416_SMALL-768x513.jpg"},"tf-client-image-size":{"file":"VERBIER-iStock-494762416_SMALL-120x120.jpg","width":120,"height":120,"mime-type":"image\/jpeg","filesize":4577,"url":"https:\/\/lesversants.com\/wp-content\/uploads\/2026\/01\/VERBIER-iStock-494762416_SMALL-120x120.jpg"},"1536x1536":{"file":"VERBIER-iStock-494762416_SMALL-1536x1026.jpg","width":1536,"height":1026,"mime-type":"image\/jpeg","filesize":186577,"url":"https:\/\/lesversants.com\/wp-content\/uploads\/2026\/01\/VERBIER-iStock-494762416_SMALL-1536x1026.jpg"},"post-thumbnail":{"file":"VERBIER-iStock-494762416_SMALL-150x100.jpg","width":150,"height":100,"mime-type":"image\/jpeg","filesize":5101,"url":"https:\/\/lesversants.com\/wp-content\/uploads\/2026\/01\/VERBIER-iStock-494762416_SMALL-150x100.jpg"},"modern-property-child-slider":{"file":"VERBIER-iStock-494762416_SMALL-680x510.jpg","width":680,"height":510,"mime-type":"image\/jpeg","filesize":56251,"url":"https:\/\/lesversants.com\/wp-content\/uploads\/2026\/01\/VERBIER-iStock-494762416_SMALL-680x510.jpg"},"property-thumb-image":{"file":"VERBIER-iStock-494762416_SMALL-488x326.jpg","width":488,"height":326,"mime-type":"image\/jpeg","filesize":31621,"url":"https:\/\/lesversants.com\/wp-content\/uploads\/2026\/01\/VERBIER-iStock-494762416_SMALL-488x326.jpg"},"property-detail-video-image":{"file":"VERBIER-iStock-494762416_SMALL-818x417.jpg","width":818,"height":417,"mime-type":"image\/jpeg","filesize":57693,"url":"https:\/\/lesversants.com\/wp-content\/uploads\/2026\/01\/VERBIER-iStock-494762416_SMALL-818x417.jpg"},"agent-image":{"file":"VERBIER-iStock-494762416_SMALL-210x210.jpg","width":210,"height":210,"mime-type":"image\/jpeg","filesize":11085,"url":"https:\/\/lesversants.com\/wp-content\/uploads\/2026\/01\/VERBIER-iStock-494762416_SMALL-210x210.jpg"},"partners-logo":{"file":"VERBIER-iStock-494762416_SMALL-600x1282.jpg","width":600,"height":1282,"mime-type":"image\/jpeg","filesize":76290,"url":"https:\/\/lesversants.com\/wp-content\/uploads\/2026\/01\/VERBIER-iStock-494762416_SMALL-600x1282.jpg"},"post-featured-image":{"file":"VERBIER-iStock-494762416_SMALL-1240x720.jpg","width":1240,"height":720,"mime-type":"image\/jpeg","filesize":120639,"url":"https:\/\/lesversants.com\/wp-content\/uploads\/2026\/01\/VERBIER-iStock-494762416_SMALL-1240x720.jpg"},"cmplz_banner_image":{"file":"VERBIER-iStock-494762416_SMALL-350x100.jpg","width":350,"height":100,"mime-type":"image\/jpeg","filesize":8633,"url":"https:\/\/lesversants.com\/wp-content\/uploads\/2026\/01\/VERBIER-iStock-494762416_SMALL-350x100.jpg"}},"image_meta":{"aperture":"0","credit":"","camera":"","caption":"","created_timestamp":"0","copyright":"","focal_length":"0","iso":"0","shutter_speed":"0","title":"","orientation":"0","keywords":[]},"ID":"65613","name":"VERBIER-iStock-494762416_SMALL.jpg","path":"\/home\/lesversa\/public_html\/wp-content\/uploads\/2026\/01\/VERBIER-iStock-494762416_SMALL.jpg","url":"https:\/\/lesversants.com\/wp-content\/uploads\/2026\/01\/VERBIER-iStock-494762416_SMALL-150x150.jpg","full_url":"https:\/\/lesversants.com\/wp-content\/uploads\/2026\/01\/VERBIER-iStock-494762416_SMALL.jpg","title":"VERBIER iStock 494762416 SMALL","caption":"","description":"","alt":"VERBIER iStock 494762416 SMALL","srcset":"https:\/\/lesversants.com\/wp-content\/uploads\/2026\/01\/VERBIER-iStock-494762416_SMALL-150x150.jpg 150w, https:\/\/lesversants.com\/wp-content\/uploads\/2026\/01\/VERBIER-iStock-494762416_SMALL-120x120.jpg 120w, https:\/\/lesversants.com\/wp-content\/uploads\/2026\/01\/VERBIER-iStock-494762416_SMALL-210x210.jpg 210w"},{"width":150,"height":150,"file":"2026\/01\/Verbier-condo-fitness-room-Mont-Tremblant.jpg","filesize":571101,"sizes":{"medium":{"file":"Verbier-condo-fitness-room-Mont-Tremblant-300x200.jpg","width":300,"height":200,"mime-type":"image\/jpeg","filesize":13947,"url":"https:\/\/lesversants.com\/wp-content\/uploads\/2026\/01\/Verbier-condo-fitness-room-Mont-Tremblant-300x200.jpg"},"large":{"file":"Verbier-condo-fitness-room-Mont-Tremblant-1024x683.jpg","width":1024,"height":683,"mime-type":"image\/jpeg","filesize":152007,"url":"https:\/\/lesversants.com\/wp-content\/uploads\/2026\/01\/Verbier-condo-fitness-room-Mont-Tremblant-1024x683.jpg"},"thumbnail":{"file":"Verbier-condo-fitness-room-Mont-Tremblant-150x150.jpg","width":150,"height":150,"mime-type":"image\/jpeg","filesize":6024,"url":"https:\/\/lesversants.com\/wp-content\/uploads\/2026\/01\/Verbier-condo-fitness-room-Mont-Tremblant-150x150.jpg"},"medium_large":{"file":"Verbier-condo-fitness-room-Mont-Tremblant-768x512.jpg","width":768,"height":512,"mime-type":"image\/jpeg","filesize":85561,"url":"https:\/\/lesversants.com\/wp-content\/uploads\/2026\/01\/Verbier-condo-fitness-room-Mont-Tremblant-768x512.jpg"},"tf-client-image-size":{"file":"Verbier-condo-fitness-room-Mont-Tremblant-120x120.jpg","width":120,"height":120,"mime-type":"image\/jpeg","filesize":4118,"url":"https:\/\/lesversants.com\/wp-content\/uploads\/2026\/01\/Verbier-condo-fitness-room-Mont-Tremblant-120x120.jpg"},"1536x1536":{"file":"Verbier-condo-fitness-room-Mont-Tremblant-1536x1025.jpg","width":1536,"height":1025,"mime-type":"image\/jpeg","filesize":330068,"url":"https:\/\/lesversants.com\/wp-content\/uploads\/2026\/01\/Verbier-condo-fitness-room-Mont-Tremblant-1536x1025.jpg"},"post-thumbnail":{"file":"Verbier-condo-fitness-room-Mont-Tremblant-150x100.jpg","width":150,"height":100,"mime-type":"image\/jpeg","filesize":4411,"url":"https:\/\/lesversants.com\/wp-content\/uploads\/2026\/01\/Verbier-condo-fitness-room-Mont-Tremblant-150x100.jpg"},"modern-property-child-slider":{"file":"Verbier-condo-fitness-room-Mont-Tremblant-680x510.jpg","width":680,"height":510,"mime-type":"image\/jpeg","filesize":75028,"url":"https:\/\/lesversants.com\/wp-content\/uploads\/2026\/01\/Verbier-condo-fitness-room-Mont-Tremblant-680x510.jpg"},"property-thumb-image":{"file":"Verbier-condo-fitness-room-Mont-Tremblant-488x326.jpg","width":488,"height":326,"mime-type":"image\/jpeg","filesize":35116,"url":"https:\/\/lesversants.com\/wp-content\/uploads\/2026\/01\/Verbier-condo-fitness-room-Mont-Tremblant-488x326.jpg"},"property-detail-video-image":{"file":"Verbier-condo-fitness-room-Mont-Tremblant-818x417.jpg","width":818,"height":417,"mime-type":"image\/jpeg","filesize":78455,"url":"https:\/\/lesversants.com\/wp-content\/uploads\/2026\/01\/Verbier-condo-fitness-room-Mont-Tremblant-818x417.jpg"},"agent-image":{"file":"Verbier-condo-fitness-room-Mont-Tremblant-210x210.jpg","width":210,"height":210,"mime-type":"image\/jpeg","filesize":10726,"url":"https:\/\/lesversants.com\/wp-content\/uploads\/2026\/01\/Verbier-condo-fitness-room-Mont-Tremblant-210x210.jpg"},"partners-logo":{"file":"Verbier-condo-fitness-room-Mont-Tremblant-600x1281.jpg","width":600,"height":1281,"mime-type":"image\/jpeg","filesize":167009,"url":"https:\/\/lesversants.com\/wp-content\/uploads\/2026\/01\/Verbier-condo-fitness-room-Mont-Tremblant-600x1281.jpg"},"post-featured-image":{"file":"Verbier-condo-fitness-room-Mont-Tremblant-1240x720.jpg","width":1240,"height":720,"mime-type":"image\/jpeg","filesize":194179,"url":"https:\/\/lesversants.com\/wp-content\/uploads\/2026\/01\/Verbier-condo-fitness-room-Mont-Tremblant-1240x720.jpg"},"cmplz_banner_image":{"file":"Verbier-condo-fitness-room-Mont-Tremblant-350x100.jpg","width":350,"height":100,"mime-type":"image\/jpeg","filesize":9863,"url":"https:\/\/lesversants.com\/wp-content\/uploads\/2026\/01\/Verbier-condo-fitness-room-Mont-Tremblant-350x100.jpg"}},"image_meta":{"aperture":"0","credit":"","camera":"","caption":"","created_timestamp":"0","copyright":"","focal_length":"0","iso":"0","shutter_speed":"0","title":"","orientation":"0","keywords":[]},"ID":"65626","name":"Verbier-condo-fitness-room-Mont-Tremblant.jpg","path":"\/home\/lesversa\/public_html\/wp-content\/uploads\/2026\/01\/Verbier-condo-fitness-room-Mont-Tremblant.jpg","url":"https:\/\/lesversants.com\/wp-content\/uploads\/2026\/01\/Verbier-condo-fitness-room-Mont-Tremblant-150x150.jpg","full_url":"https:\/\/lesversants.com\/wp-content\/uploads\/2026\/01\/Verbier-condo-fitness-room-Mont-Tremblant.jpg","title":"Verbier condo fitness room Mont Tremblant","caption":"","description":"","alt":"Verbier condo fitness room Mont Tremblant","srcset":"https:\/\/lesversants.com\/wp-content\/uploads\/2026\/01\/Verbier-condo-fitness-room-Mont-Tremblant-150x150.jpg 150w, https:\/\/lesversants.com\/wp-content\/uploads\/2026\/01\/Verbier-condo-fitness-room-Mont-Tremblant-120x120.jpg 120w, https:\/\/lesversants.com\/wp-content\/uploads\/2026\/01\/Verbier-condo-fitness-room-Mont-Tremblant-210x210.jpg 210w"},{"width":150,"height":150,"file":"2026\/01\/Verbier-condo-fire-pit-Mont-Tremblant.jpg","filesize":750606,"sizes":{"medium":{"file":"Verbier-condo-fire-pit-Mont-Tremblant-300x200.jpg","width":300,"height":200,"mime-type":"image\/jpeg","filesize":22303,"url":"https:\/\/lesversants.com\/wp-content\/uploads\/2026\/01\/Verbier-condo-fire-pit-Mont-Tremblant-300x200.jpg"},"large":{"file":"Verbier-condo-fire-pit-Mont-Tremblant-1024x683.jpg","width":1024,"height":683,"mime-type":"image\/jpeg","filesize":221425,"url":"https:\/\/lesversants.com\/wp-content\/uploads\/2026\/01\/Verbier-condo-fire-pit-Mont-Tremblant-1024x683.jpg"},"thumbnail":{"file":"Verbier-condo-fire-pit-Mont-Tremblant-150x150.jpg","width":150,"height":150,"mime-type":"image\/jpeg","filesize":9355,"url":"https:\/\/lesversants.com\/wp-content\/uploads\/2026\/01\/Verbier-condo-fire-pit-Mont-Tremblant-150x150.jpg"},"medium_large":{"file":"Verbier-condo-fire-pit-Mont-Tremblant-768x512.jpg","width":768,"height":512,"mime-type":"image\/jpeg","filesize":130809,"url":"https:\/\/lesversants.com\/wp-content\/uploads\/2026\/01\/Verbier-condo-fire-pit-Mont-Tremblant-768x512.jpg"},"tf-client-image-size":{"file":"Verbier-condo-fire-pit-Mont-Tremblant-120x120.jpg","width":120,"height":120,"mime-type":"image\/jpeg","filesize":6068,"url":"https:\/\/lesversants.com\/wp-content\/uploads\/2026\/01\/Verbier-condo-fire-pit-Mont-Tremblant-120x120.jpg"},"1536x1536":{"file":"Verbier-condo-fire-pit-Mont-Tremblant-1536x1025.jpg","width":1536,"height":1025,"mime-type":"image\/jpeg","filesize":453353,"url":"https:\/\/lesversants.com\/wp-content\/uploads\/2026\/01\/Verbier-condo-fire-pit-Mont-Tremblant-1536x1025.jpg"},"post-thumbnail":{"file":"Verbier-condo-fire-pit-Mont-Tremblant-150x100.jpg","width":150,"height":100,"mime-type":"image\/jpeg","filesize":6599,"url":"https:\/\/lesversants.com\/wp-content\/uploads\/2026\/01\/Verbier-condo-fire-pit-Mont-Tremblant-150x100.jpg"},"modern-property-child-slider":{"file":"Verbier-condo-fire-pit-Mont-Tremblant-680x510.jpg","width":680,"height":510,"mime-type":"image\/jpeg","filesize":115275,"url":"https:\/\/lesversants.com\/wp-content\/uploads\/2026\/01\/Verbier-condo-fire-pit-Mont-Tremblant-680x510.jpg"},"property-thumb-image":{"file":"Verbier-condo-fire-pit-Mont-Tremblant-488x326.jpg","width":488,"height":326,"mime-type":"image\/jpeg","filesize":55956,"url":"https:\/\/lesversants.com\/wp-content\/uploads\/2026\/01\/Verbier-condo-fire-pit-Mont-Tremblant-488x326.jpg"},"property-detail-video-image":{"file":"Verbier-condo-fire-pit-Mont-Tremblant-818x417.jpg","width":818,"height":417,"mime-type":"image\/jpeg","filesize":114905,"url":"https:\/\/lesversants.com\/wp-content\/uploads\/2026\/01\/Verbier-condo-fire-pit-Mont-Tremblant-818x417.jpg"},"agent-image":{"file":"Verbier-condo-fire-pit-Mont-Tremblant-210x210.jpg","width":210,"height":210,"mime-type":"image\/jpeg","filesize":16986,"url":"https:\/\/lesversants.com\/wp-content\/uploads\/2026\/01\/Verbier-condo-fire-pit-Mont-Tremblant-210x210.jpg"},"partners-logo":{"file":"Verbier-condo-fire-pit-Mont-Tremblant-600x1281.jpg","width":600,"height":1281,"mime-type":"image\/jpeg","filesize":245505,"url":"https:\/\/lesversants.com\/wp-content\/uploads\/2026\/01\/Verbier-condo-fire-pit-Mont-Tremblant-600x1281.jpg"},"post-featured-image":{"file":"Verbier-condo-fire-pit-Mont-Tremblant-1240x720.jpg","width":1240,"height":720,"mime-type":"image\/jpeg","filesize":273669,"url":"https:\/\/lesversants.com\/wp-content\/uploads\/2026\/01\/Verbier-condo-fire-pit-Mont-Tremblant-1240x720.jpg"},"cmplz_banner_image":{"file":"Verbier-condo-fire-pit-Mont-Tremblant-350x100.jpg","width":350,"height":100,"mime-type":"image\/jpeg","filesize":13933,"url":"https:\/\/lesversants.com\/wp-content\/uploads\/2026\/01\/Verbier-condo-fire-pit-Mont-Tremblant-350x100.jpg"}},"image_meta":{"aperture":"0","credit":"","camera":"","caption":"","created_timestamp":"0","copyright":"","focal_length":"0","iso":"0","shutter_speed":"0","title":"","orientation":"0","keywords":[]},"ID":"65622","name":"Verbier-condo-fire-pit-Mont-Tremblant.jpg","path":"\/home\/lesversa\/public_html\/wp-content\/uploads\/2026\/01\/Verbier-condo-fire-pit-Mont-Tremblant.jpg","url":"https:\/\/lesversants.com\/wp-content\/uploads\/2026\/01\/Verbier-condo-fire-pit-Mont-Tremblant-150x150.jpg","full_url":"https:\/\/lesversants.com\/wp-content\/uploads\/2026\/01\/Verbier-condo-fire-pit-Mont-Tremblant.jpg","title":"Verbier condo fire pit Mont Tremblant","caption":"","description":"","alt":"Verbier condo fire pit Mont Tremblant","srcset":"https:\/\/lesversants.com\/wp-content\/uploads\/2026\/01\/Verbier-condo-fire-pit-Mont-Tremblant-150x150.jpg 150w, https:\/\/lesversants.com\/wp-content\/uploads\/2026\/01\/Verbier-condo-fire-pit-Mont-Tremblant-120x120.jpg 120w, https:\/\/lesversants.com\/wp-content\/uploads\/2026\/01\/Verbier-condo-fire-pit-Mont-Tremblant-210x210.jpg 210w"},{"width":150,"height":150,"file":"2026\/03\/grand-condo-3-chambres-vue-panoramique-location-court-terme-2.jpg","filesize":482948,"sizes":{"medium":{"file":"grand-condo-3-chambres-vue-panoramique-location-court-terme-2-300x225.jpg","width":300,"height":225,"mime-type":"image\/jpeg","filesize":17649,"url":"https:\/\/lesversants.com\/wp-content\/uploads\/2026\/03\/grand-condo-3-chambres-vue-panoramique-location-court-terme-2-300x225.jpg"},"large":{"file":"grand-condo-3-chambres-vue-panoramique-location-court-terme-2-1024x768.jpg","width":1024,"height":768,"mime-type":"image\/jpeg","filesize":147112,"url":"https:\/\/lesversants.com\/wp-content\/uploads\/2026\/03\/grand-condo-3-chambres-vue-panoramique-location-court-terme-2-1024x768.jpg"},"thumbnail":{"file":"grand-condo-3-chambres-vue-panoramique-location-court-terme-2-150x150.jpg","width":150,"height":150,"mime-type":"image\/jpeg","filesize":6886,"url":"https:\/\/lesversants.com\/wp-content\/uploads\/2026\/03\/grand-condo-3-chambres-vue-panoramique-location-court-terme-2-150x150.jpg"},"medium_large":{"file":"grand-condo-3-chambres-vue-panoramique-location-court-terme-2-768x576.jpg","width":768,"height":576,"mime-type":"image\/jpeg","filesize":90040,"url":"https:\/\/lesversants.com\/wp-content\/uploads\/2026\/03\/grand-condo-3-chambres-vue-panoramique-location-court-terme-2-768x576.jpg"},"tf-client-image-size":{"file":"grand-condo-3-chambres-vue-panoramique-location-court-terme-2-120x120.jpg","width":120,"height":120,"mime-type":"image\/jpeg","filesize":4712,"url":"https:\/\/lesversants.com\/wp-content\/uploads\/2026\/03\/grand-condo-3-chambres-vue-panoramique-location-court-terme-2-120x120.jpg"},"1536x1536":{"file":"grand-condo-3-chambres-vue-panoramique-location-court-terme-2-1536x1152.jpg","width":1536,"height":1152,"mime-type":"image\/jpeg","filesize":295070,"url":"https:\/\/lesversants.com\/wp-content\/uploads\/2026\/03\/grand-condo-3-chambres-vue-panoramique-location-court-terme-2-1536x1152.jpg"},"post-thumbnail":{"file":"grand-condo-3-chambres-vue-panoramique-location-court-terme-2-150x113.jpg","width":150,"height":113,"mime-type":"image\/jpeg","filesize":5574,"url":"https:\/\/lesversants.com\/wp-content\/uploads\/2026\/03\/grand-condo-3-chambres-vue-panoramique-location-court-terme-2-150x113.jpg"},"modern-property-child-slider":{"file":"grand-condo-3-chambres-vue-panoramique-location-court-terme-2-680x510.jpg","width":680,"height":510,"mime-type":"image\/jpeg","filesize":72554,"url":"https:\/\/lesversants.com\/wp-content\/uploads\/2026\/03\/grand-condo-3-chambres-vue-panoramique-location-court-terme-2-680x510.jpg"},"property-thumb-image":{"file":"grand-condo-3-chambres-vue-panoramique-location-court-terme-2-488x326.jpg","width":488,"height":326,"mime-type":"image\/jpeg","filesize":37679,"url":"https:\/\/lesversants.com\/wp-content\/uploads\/2026\/03\/grand-condo-3-chambres-vue-panoramique-location-court-terme-2-488x326.jpg"},"property-detail-video-image":{"file":"grand-condo-3-chambres-vue-panoramique-location-court-terme-2-818x417.jpg","width":818,"height":417,"mime-type":"image\/jpeg","filesize":78982,"url":"https:\/\/lesversants.com\/wp-content\/uploads\/2026\/03\/grand-condo-3-chambres-vue-panoramique-location-court-terme-2-818x417.jpg"},"agent-image":{"file":"grand-condo-3-chambres-vue-panoramique-location-court-terme-2-210x210.jpg","width":210,"height":210,"mime-type":"image\/jpeg","filesize":12197,"url":"https:\/\/lesversants.com\/wp-content\/uploads\/2026\/03\/grand-condo-3-chambres-vue-panoramique-location-court-terme-2-210x210.jpg"},"partners-logo":{"file":"grand-condo-3-chambres-vue-panoramique-location-court-terme-2-600x1440.jpg","width":600,"height":1440,"mime-type":"image\/jpeg","filesize":150239,"url":"https:\/\/lesversants.com\/wp-content\/uploads\/2026\/03\/grand-condo-3-chambres-vue-panoramique-location-court-terme-2-600x1440.jpg"},"post-featured-image":{"file":"grand-condo-3-chambres-vue-panoramique-location-court-terme-2-1240x720.jpg","width":1240,"height":720,"mime-type":"image\/jpeg","filesize":175580,"url":"https:\/\/lesversants.com\/wp-content\/uploads\/2026\/03\/grand-condo-3-chambres-vue-panoramique-location-court-terme-2-1240x720.jpg"},"cmplz_banner_image":{"file":"grand-condo-3-chambres-vue-panoramique-location-court-terme-2-350x100.jpg","width":350,"height":100,"mime-type":"image\/jpeg","filesize":11760,"url":"https:\/\/lesversants.com\/wp-content\/uploads\/2026\/03\/grand-condo-3-chambres-vue-panoramique-location-court-terme-2-350x100.jpg"}},"image_meta":{"aperture":"0","credit":"","camera":"","caption":"","created_timestamp":"0","copyright":"","focal_length":"0","iso":"0","shutter_speed":"0","title":"","orientation":"0","keywords":[]},"ID":"66645","name":"grand-condo-3-chambres-vue-panoramique-location-court-terme-2.jpg","path":"\/home\/lesversa\/public_html\/wp-content\/uploads\/2026\/03\/grand-condo-3-chambres-vue-panoramique-location-court-terme-2.jpg","url":"https:\/\/lesversants.com\/wp-content\/uploads\/2026\/03\/grand-condo-3-chambres-vue-panoramique-location-court-terme-2-150x150.jpg","full_url":"https:\/\/lesversants.com\/wp-content\/uploads\/2026\/03\/grand-condo-3-chambres-vue-panoramique-location-court-terme-2.jpg","title":"grand condo 3 chambres vue panoramique location court terme 2","caption":"","description":"","alt":"grand condo 3 chambres vue panoramique location court terme 2","srcset":"https:\/\/lesversants.com\/wp-content\/uploads\/2026\/03\/grand-condo-3-chambres-vue-panoramique-location-court-terme-2-150x150.jpg 150w, https:\/\/lesversants.com\/wp-content\/uploads\/2026\/03\/grand-condo-3-chambres-vue-panoramique-location-court-terme-2-120x120.jpg 120w, https:\/\/lesversants.com\/wp-content\/uploads\/2026\/03\/grand-condo-3-chambres-vue-panoramique-location-court-terme-2-210x210.jpg 210w"},{"width":150,"height":150,"file":"2026\/03\/grand-condo-3-chambres-vue-panoramique-location-court-terme-6.jpg","filesize":172079,"sizes":{"medium":{"file":"grand-condo-3-chambres-vue-panoramique-location-court-terme-6-300x200.jpg","width":300,"height":200,"mime-type":"image\/jpeg","filesize":7106,"url":"https:\/\/lesversants.com\/wp-content\/uploads\/2026\/03\/grand-condo-3-chambres-vue-panoramique-location-court-terme-6-300x200.jpg"},"large":{"file":"grand-condo-3-chambres-vue-panoramique-location-court-terme-6-1024x682.jpg","width":1024,"height":682,"mime-type":"image\/jpeg","filesize":54803,"url":"https:\/\/lesversants.com\/wp-content\/uploads\/2026\/03\/grand-condo-3-chambres-vue-panoramique-location-court-terme-6-1024x682.jpg"},"thumbnail":{"file":"grand-condo-3-chambres-vue-panoramique-location-court-terme-6-150x150.jpg","width":150,"height":150,"mime-type":"image\/jpeg","filesize":4225,"url":"https:\/\/lesversants.com\/wp-content\/uploads\/2026\/03\/grand-condo-3-chambres-vue-panoramique-location-court-terme-6-150x150.jpg"},"medium_large":{"file":"grand-condo-3-chambres-vue-panoramique-location-court-terme-6-768x512.jpg","width":768,"height":512,"mime-type":"image\/jpeg","filesize":32682,"url":"https:\/\/lesversants.com\/wp-content\/uploads\/2026\/03\/grand-condo-3-chambres-vue-panoramique-location-court-terme-6-768x512.jpg"},"tf-client-image-size":{"file":"grand-condo-3-chambres-vue-panoramique-location-court-terme-6-120x120.jpg","width":120,"height":120,"mime-type":"image\/jpeg","filesize":3214,"url":"https:\/\/lesversants.com\/wp-content\/uploads\/2026\/03\/grand-condo-3-chambres-vue-panoramique-location-court-terme-6-120x120.jpg"},"1536x1536":{"file":"grand-condo-3-chambres-vue-panoramique-location-court-terme-6-1536x1023.jpg","width":1536,"height":1023,"mime-type":"image\/jpeg","filesize":109471,"url":"https:\/\/lesversants.com\/wp-content\/uploads\/2026\/03\/grand-condo-3-chambres-vue-panoramique-location-court-terme-6-1536x1023.jpg"},"post-thumbnail":{"file":"grand-condo-3-chambres-vue-panoramique-location-court-terme-6-150x100.jpg","width":150,"height":100,"mime-type":"image\/jpeg","filesize":2835,"url":"https:\/\/lesversants.com\/wp-content\/uploads\/2026\/03\/grand-condo-3-chambres-vue-panoramique-location-court-terme-6-150x100.jpg"},"modern-property-child-slider":{"file":"grand-condo-3-chambres-vue-panoramique-location-court-terme-6-680x510.jpg","width":680,"height":510,"mime-type":"image\/jpeg","filesize":32144,"url":"https:\/\/lesversants.com\/wp-content\/uploads\/2026\/03\/grand-condo-3-chambres-vue-panoramique-location-court-terme-6-680x510.jpg"},"property-thumb-image":{"file":"grand-condo-3-chambres-vue-panoramique-location-court-terme-6-488x326.jpg","width":488,"height":326,"mime-type":"image\/jpeg","filesize":15648,"url":"https:\/\/lesversants.com\/wp-content\/uploads\/2026\/03\/grand-condo-3-chambres-vue-panoramique-location-court-terme-6-488x326.jpg"},"property-detail-video-image":{"file":"grand-condo-3-chambres-vue-panoramique-location-court-terme-6-818x417.jpg","width":818,"height":417,"mime-type":"image\/jpeg","filesize":24630,"url":"https:\/\/lesversants.com\/wp-content\/uploads\/2026\/03\/grand-condo-3-chambres-vue-panoramique-location-court-terme-6-818x417.jpg"},"agent-image":{"file":"grand-condo-3-chambres-vue-panoramique-location-court-terme-6-210x210.jpg","width":210,"height":210,"mime-type":"image\/jpeg","filesize":7088,"url":"https:\/\/lesversants.com\/wp-content\/uploads\/2026\/03\/grand-condo-3-chambres-vue-panoramique-location-court-terme-6-210x210.jpg"},"partners-logo":{"file":"grand-condo-3-chambres-vue-panoramique-location-court-terme-6-600x1279.jpg","width":600,"height":1279,"mime-type":"image\/jpeg","filesize":98672,"url":"https:\/\/lesversants.com\/wp-content\/uploads\/2026\/03\/grand-condo-3-chambres-vue-panoramique-location-court-terme-6-600x1279.jpg"},"post-featured-image":{"file":"grand-condo-3-chambres-vue-panoramique-location-court-terme-6-1240x720.jpg","width":1240,"height":720,"mime-type":"image\/jpeg","filesize":60069,"url":"https:\/\/lesversants.com\/wp-content\/uploads\/2026\/03\/grand-condo-3-chambres-vue-panoramique-location-court-terme-6-1240x720.jpg"},"cmplz_banner_image":{"file":"grand-condo-3-chambres-vue-panoramique-location-court-terme-6-350x100.jpg","width":350,"height":100,"mime-type":"image\/jpeg","filesize":3345,"url":"https:\/\/lesversants.com\/wp-content\/uploads\/2026\/03\/grand-condo-3-chambres-vue-panoramique-location-court-terme-6-350x100.jpg"}},"image_meta":{"aperture":"0","credit":"","camera":"","caption":"","created_timestamp":"0","copyright":"","focal_length":"0","iso":"0","shutter_speed":"0","title":"","orientation":"0","keywords":[]},"ID":"66657","name":"grand-condo-3-chambres-vue-panoramique-location-court-terme-6.jpg","path":"\/home\/lesversa\/public_html\/wp-content\/uploads\/2026\/03\/grand-condo-3-chambres-vue-panoramique-location-court-terme-6.jpg","url":"https:\/\/lesversants.com\/wp-content\/uploads\/2026\/03\/grand-condo-3-chambres-vue-panoramique-location-court-terme-6-150x150.jpg","full_url":"https:\/\/lesversants.com\/wp-content\/uploads\/2026\/03\/grand-condo-3-chambres-vue-panoramique-location-court-terme-6.jpg","title":"grand condo 3 chambres vue panoramique location court terme 6","caption":"","description":"","alt":"grand condo 3 chambres vue panoramique location court terme 6","srcset":"https:\/\/lesversants.com\/wp-content\/uploads\/2026\/03\/grand-condo-3-chambres-vue-panoramique-location-court-terme-6-150x150.jpg 150w, https:\/\/lesversants.com\/wp-content\/uploads\/2026\/03\/grand-condo-3-chambres-vue-panoramique-location-court-terme-6-120x120.jpg 120w, https:\/\/lesversants.com\/wp-content\/uploads\/2026\/03\/grand-condo-3-chambres-vue-panoramique-location-court-terme-6-210x210.jpg 210w"},{"width":150,"height":150,"file":"2026\/03\/grand-condo-3-chambres-vue-panoramique-location-court-terme-7.jpg","filesize":176221,"sizes":{"medium":{"file":"grand-condo-3-chambres-vue-panoramique-location-court-terme-7-300x200.jpg","width":300,"height":200,"mime-type":"image\/jpeg","filesize":7115,"url":"https:\/\/lesversants.com\/wp-content\/uploads\/2026\/03\/grand-condo-3-chambres-vue-panoramique-location-court-terme-7-300x200.jpg"},"large":{"file":"grand-condo-3-chambres-vue-panoramique-location-court-terme-7-1024x684.jpg","width":1024,"height":684,"mime-type":"image\/jpeg","filesize":55881,"url":"https:\/\/lesversants.com\/wp-content\/uploads\/2026\/03\/grand-condo-3-chambres-vue-panoramique-location-court-terme-7-1024x684.jpg"},"thumbnail":{"file":"grand-condo-3-chambres-vue-panoramique-location-court-terme-7-150x150.jpg","width":150,"height":150,"mime-type":"image\/jpeg","filesize":4318,"url":"https:\/\/lesversants.com\/wp-content\/uploads\/2026\/03\/grand-condo-3-chambres-vue-panoramique-location-court-terme-7-150x150.jpg"},"medium_large":{"file":"grand-condo-3-chambres-vue-panoramique-location-court-terme-7-768x513.jpg","width":768,"height":513,"mime-type":"image\/jpeg","filesize":34315,"url":"https:\/\/lesversants.com\/wp-content\/uploads\/2026\/03\/grand-condo-3-chambres-vue-panoramique-location-court-terme-7-768x513.jpg"},"tf-client-image-size":{"file":"grand-condo-3-chambres-vue-panoramique-location-court-terme-7-120x120.jpg","width":120,"height":120,"mime-type":"image\/jpeg","filesize":3137,"url":"https:\/\/lesversants.com\/wp-content\/uploads\/2026\/03\/grand-condo-3-chambres-vue-panoramique-location-court-terme-7-120x120.jpg"},"1536x1536":{"file":"grand-condo-3-chambres-vue-panoramique-location-court-terme-7-1536x1026.jpg","width":1536,"height":1026,"mime-type":"image\/jpeg","filesize":112792,"url":"https:\/\/lesversants.com\/wp-content\/uploads\/2026\/03\/grand-condo-3-chambres-vue-panoramique-location-court-terme-7-1536x1026.jpg"},"post-thumbnail":{"file":"grand-condo-3-chambres-vue-panoramique-location-court-terme-7-150x100.jpg","width":150,"height":100,"mime-type":"image\/jpeg","filesize":2752,"url":"https:\/\/lesversants.com\/wp-content\/uploads\/2026\/03\/grand-condo-3-chambres-vue-panoramique-location-court-terme-7-150x100.jpg"},"modern-property-child-slider":{"file":"grand-condo-3-chambres-vue-panoramique-location-court-terme-7-680x510.jpg","width":680,"height":510,"mime-type":"image\/jpeg","filesize":32522,"url":"https:\/\/lesversants.com\/wp-content\/uploads\/2026\/03\/grand-condo-3-chambres-vue-panoramique-location-court-terme-7-680x510.jpg"},"property-thumb-image":{"file":"grand-condo-3-chambres-vue-panoramique-location-court-terme-7-488x326.jpg","width":488,"height":326,"mime-type":"image\/jpeg","filesize":15717,"url":"https:\/\/lesversants.com\/wp-content\/uploads\/2026\/03\/grand-condo-3-chambres-vue-panoramique-location-court-terme-7-488x326.jpg"},"property-detail-video-image":{"file":"grand-condo-3-chambres-vue-panoramique-location-court-terme-7-818x417.jpg","width":818,"height":417,"mime-type":"image\/jpeg","filesize":26248,"url":"https:\/\/lesversants.com\/wp-content\/uploads\/2026\/03\/grand-condo-3-chambres-vue-panoramique-location-court-terme-7-818x417.jpg"},"agent-image":{"file":"grand-condo-3-chambres-vue-panoramique-location-court-terme-7-210x210.jpg","width":210,"height":210,"mime-type":"image\/jpeg","filesize":7231,"url":"https:\/\/lesversants.com\/wp-content\/uploads\/2026\/03\/grand-condo-3-chambres-vue-panoramique-location-court-terme-7-210x210.jpg"},"partners-logo":{"file":"grand-condo-3-chambres-vue-panoramique-location-court-terme-7-600x1282.jpg","width":600,"height":1282,"mime-type":"image\/jpeg","filesize":103431,"url":"https:\/\/lesversants.com\/wp-content\/uploads\/2026\/03\/grand-condo-3-chambres-vue-panoramique-location-court-terme-7-600x1282.jpg"},"post-featured-image":{"file":"grand-condo-3-chambres-vue-panoramique-location-court-terme-7-1240x720.jpg","width":1240,"height":720,"mime-type":"image\/jpeg","filesize":62774,"url":"https:\/\/lesversants.com\/wp-content\/uploads\/2026\/03\/grand-condo-3-chambres-vue-panoramique-location-court-terme-7-1240x720.jpg"},"cmplz_banner_image":{"file":"grand-condo-3-chambres-vue-panoramique-location-court-terme-7-350x100.jpg","width":350,"height":100,"mime-type":"image\/jpeg","filesize":3592,"url":"https:\/\/lesversants.com\/wp-content\/uploads\/2026\/03\/grand-condo-3-chambres-vue-panoramique-location-court-terme-7-350x100.jpg"}},"image_meta":{"aperture":"0","credit":"","camera":"","caption":"","created_timestamp":"0","copyright":"","focal_length":"0","iso":"0","shutter_speed":"0","title":"","orientation":"0","keywords":[]},"ID":"66659","name":"grand-condo-3-chambres-vue-panoramique-location-court-terme-7.jpg","path":"\/home\/lesversa\/public_html\/wp-content\/uploads\/2026\/03\/grand-condo-3-chambres-vue-panoramique-location-court-terme-7.jpg","url":"https:\/\/lesversants.com\/wp-content\/uploads\/2026\/03\/grand-condo-3-chambres-vue-panoramique-location-court-terme-7-150x150.jpg","full_url":"https:\/\/lesversants.com\/wp-content\/uploads\/2026\/03\/grand-condo-3-chambres-vue-panoramique-location-court-terme-7.jpg","title":"grand condo 3 chambres vue panoramique location court terme 7","caption":"","description":"","alt":"grand condo 3 chambres vue panoramique location court terme 7","srcset":"https:\/\/lesversants.com\/wp-content\/uploads\/2026\/03\/grand-condo-3-chambres-vue-panoramique-location-court-terme-7-150x150.jpg 150w, https:\/\/lesversants.com\/wp-content\/uploads\/2026\/03\/grand-condo-3-chambres-vue-panoramique-location-court-terme-7-120x120.jpg 120w, https:\/\/lesversants.com\/wp-content\/uploads\/2026\/03\/grand-condo-3-chambres-vue-panoramique-location-court-terme-7-210x210.jpg 210w"},{"width":150,"height":150,"file":"2026\/03\/grand-condo-3-chambres-vue-panoramique-location-court-terme-24.jpg","filesize":180562,"sizes":{"medium":{"file":"grand-condo-3-chambres-vue-panoramique-location-court-terme-24-300x200.jpg","width":300,"height":200,"mime-type":"image\/jpeg","filesize":8672,"url":"https:\/\/lesversants.com\/wp-content\/uploads\/2026\/03\/grand-condo-3-chambres-vue-panoramique-location-court-terme-24-300x200.jpg"},"large":{"file":"grand-condo-3-chambres-vue-panoramique-location-court-terme-24-1024x684.jpg","width":1024,"height":684,"mime-type":"image\/jpeg","filesize":61574,"url":"https:\/\/lesversants.com\/wp-content\/uploads\/2026\/03\/grand-condo-3-chambres-vue-panoramique-location-court-terme-24-1024x684.jpg"},"thumbnail":{"file":"grand-condo-3-chambres-vue-panoramique-location-court-terme-24-150x150.jpg","width":150,"height":150,"mime-type":"image\/jpeg","filesize":4223,"url":"https:\/\/lesversants.com\/wp-content\/uploads\/2026\/03\/grand-condo-3-chambres-vue-panoramique-location-court-terme-24-150x150.jpg"},"medium_large":{"file":"grand-condo-3-chambres-vue-panoramique-location-court-terme-24-768x513.jpg","width":768,"height":513,"mime-type":"image\/jpeg","filesize":38771,"url":"https:\/\/lesversants.com\/wp-content\/uploads\/2026\/03\/grand-condo-3-chambres-vue-panoramique-location-court-terme-24-768x513.jpg"},"tf-client-image-size":{"file":"grand-condo-3-chambres-vue-panoramique-location-court-terme-24-120x120.jpg","width":120,"height":120,"mime-type":"image\/jpeg","filesize":2932,"url":"https:\/\/lesversants.com\/wp-content\/uploads\/2026\/03\/grand-condo-3-chambres-vue-panoramique-location-court-terme-24-120x120.jpg"},"1536x1536":{"file":"grand-condo-3-chambres-vue-panoramique-location-court-terme-24-1536x1026.jpg","width":1536,"height":1026,"mime-type":"image\/jpeg","filesize":118877,"url":"https:\/\/lesversants.com\/wp-content\/uploads\/2026\/03\/grand-condo-3-chambres-vue-panoramique-location-court-terme-24-1536x1026.jpg"},"post-thumbnail":{"file":"grand-condo-3-chambres-vue-panoramique-location-court-terme-24-150x100.jpg","width":150,"height":100,"mime-type":"image\/jpeg","filesize":3220,"url":"https:\/\/lesversants.com\/wp-content\/uploads\/2026\/03\/grand-condo-3-chambres-vue-panoramique-location-court-terme-24-150x100.jpg"},"modern-property-child-slider":{"file":"grand-condo-3-chambres-vue-panoramique-location-court-terme-24-680x510.jpg","width":680,"height":510,"mime-type":"image\/jpeg","filesize":33218,"url":"https:\/\/lesversants.com\/wp-content\/uploads\/2026\/03\/grand-condo-3-chambres-vue-panoramique-location-court-terme-24-680x510.jpg"},"property-thumb-image":{"file":"grand-condo-3-chambres-vue-panoramique-location-court-terme-24-488x326.jpg","width":488,"height":326,"mime-type":"image\/jpeg","filesize":18582,"url":"https:\/\/lesversants.com\/wp-content\/uploads\/2026\/03\/grand-condo-3-chambres-vue-panoramique-location-court-terme-24-488x326.jpg"},"property-detail-video-image":{"file":"grand-condo-3-chambres-vue-panoramique-location-court-terme-24-818x417.jpg","width":818,"height":417,"mime-type":"image\/jpeg","filesize":32949,"url":"https:\/\/lesversants.com\/wp-content\/uploads\/2026\/03\/grand-condo-3-chambres-vue-panoramique-location-court-terme-24-818x417.jpg"},"agent-image":{"file":"grand-condo-3-chambres-vue-panoramique-location-court-terme-24-210x210.jpg","width":210,"height":210,"mime-type":"image\/jpeg","filesize":6876,"url":"https:\/\/lesversants.com\/wp-content\/uploads\/2026\/03\/grand-condo-3-chambres-vue-panoramique-location-court-terme-24-210x210.jpg"},"partners-logo":{"file":"grand-condo-3-chambres-vue-panoramique-location-court-terme-24-600x1282.jpg","width":600,"height":1282,"mime-type":"image\/jpeg","filesize":46100,"url":"https:\/\/lesversants.com\/wp-content\/uploads\/2026\/03\/grand-condo-3-chambres-vue-panoramique-location-court-terme-24-600x1282.jpg"},"post-featured-image":{"file":"grand-condo-3-chambres-vue-panoramique-location-court-terme-24-1240x720.jpg","width":1240,"height":720,"mime-type":"image\/jpeg","filesize":72142,"url":"https:\/\/lesversants.com\/wp-content\/uploads\/2026\/03\/grand-condo-3-chambres-vue-panoramique-location-court-terme-24-1240x720.jpg"},"cmplz_banner_image":{"file":"grand-condo-3-chambres-vue-panoramique-location-court-terme-24-350x100.jpg","width":350,"height":100,"mime-type":"image\/jpeg","filesize":5461,"url":"https:\/\/lesversants.com\/wp-content\/uploads\/2026\/03\/grand-condo-3-chambres-vue-panoramique-location-court-terme-24-350x100.jpg"}},"image_meta":{"aperture":"0","credit":"","camera":"","caption":"","created_timestamp":"0","copyright":"","focal_length":"0","iso":"0","shutter_speed":"0","title":"","orientation":"0","keywords":[]},"ID":"66605","name":"grand-condo-3-chambres-vue-panoramique-location-court-terme-24.jpg","path":"\/home\/lesversa\/public_html\/wp-content\/uploads\/2026\/03\/grand-condo-3-chambres-vue-panoramique-location-court-terme-24.jpg","url":"https:\/\/lesversants.com\/wp-content\/uploads\/2026\/03\/grand-condo-3-chambres-vue-panoramique-location-court-terme-24-150x150.jpg","full_url":"https:\/\/lesversants.com\/wp-content\/uploads\/2026\/03\/grand-condo-3-chambres-vue-panoramique-location-court-terme-24.jpg","title":"grand condo 3 chambres vue panoramique location court terme 24","caption":"","description":"","alt":"grand condo 3 chambres vue panoramique location court terme 24","srcset":"https:\/\/lesversants.com\/wp-content\/uploads\/2026\/03\/grand-condo-3-chambres-vue-panoramique-location-court-terme-24-150x150.jpg 150w, https:\/\/lesversants.com\/wp-content\/uploads\/2026\/03\/grand-condo-3-chambres-vue-panoramique-location-court-terme-24-120x120.jpg 120w, https:\/\/lesversants.com\/wp-content\/uploads\/2026\/03\/grand-condo-3-chambres-vue-panoramique-location-court-terme-24-210x210.jpg 210w"},{"width":150,"height":150,"file":"2026\/03\/grand-condo-3-chambres-vue-panoramique-location-court-terme-28.jpg","filesize":138981,"sizes":{"medium":{"file":"grand-condo-3-chambres-vue-panoramique-location-court-terme-28-300x200.jpg","width":300,"height":200,"mime-type":"image\/jpeg","filesize":7671,"url":"https:\/\/lesversants.com\/wp-content\/uploads\/2026\/03\/grand-condo-3-chambres-vue-panoramique-location-court-terme-28-300x200.jpg"},"large":{"file":"grand-condo-3-chambres-vue-panoramique-location-court-terme-28-1024x683.jpg","width":1024,"height":683,"mime-type":"image\/jpeg","filesize":50371,"url":"https:\/\/lesversants.com\/wp-content\/uploads\/2026\/03\/grand-condo-3-chambres-vue-panoramique-location-court-terme-28-1024x683.jpg"},"thumbnail":{"file":"grand-condo-3-chambres-vue-panoramique-location-court-terme-28-150x150.jpg","width":150,"height":150,"mime-type":"image\/jpeg","filesize":3935,"url":"https:\/\/lesversants.com\/wp-content\/uploads\/2026\/03\/grand-condo-3-chambres-vue-panoramique-location-court-terme-28-150x150.jpg"},"medium_large":{"file":"grand-condo-3-chambres-vue-panoramique-location-court-terme-28-768x512.jpg","width":768,"height":512,"mime-type":"image\/jpeg","filesize":32029,"url":"https:\/\/lesversants.com\/wp-content\/uploads\/2026\/03\/grand-condo-3-chambres-vue-panoramique-location-court-terme-28-768x512.jpg"},"tf-client-image-size":{"file":"grand-condo-3-chambres-vue-panoramique-location-court-terme-28-120x120.jpg","width":120,"height":120,"mime-type":"image\/jpeg","filesize":2789,"url":"https:\/\/lesversants.com\/wp-content\/uploads\/2026\/03\/grand-condo-3-chambres-vue-panoramique-location-court-terme-28-120x120.jpg"},"1536x1536":{"file":"grand-condo-3-chambres-vue-panoramique-location-court-terme-28-1536x1024.jpg","width":1536,"height":1024,"mime-type":"image\/jpeg","filesize":94480,"url":"https:\/\/lesversants.com\/wp-content\/uploads\/2026\/03\/grand-condo-3-chambres-vue-panoramique-location-court-terme-28-1536x1024.jpg"},"post-thumbnail":{"file":"grand-condo-3-chambres-vue-panoramique-location-court-terme-28-150x100.jpg","width":150,"height":100,"mime-type":"image\/jpeg","filesize":2901,"url":"https:\/\/lesversants.com\/wp-content\/uploads\/2026\/03\/grand-condo-3-chambres-vue-panoramique-location-court-terme-28-150x100.jpg"},"modern-property-child-slider":{"file":"grand-condo-3-chambres-vue-panoramique-location-court-terme-28-680x510.jpg","width":680,"height":510,"mime-type":"image\/jpeg","filesize":28826,"url":"https:\/\/lesversants.com\/wp-content\/uploads\/2026\/03\/grand-condo-3-chambres-vue-panoramique-location-court-terme-28-680x510.jpg"},"property-thumb-image":{"file":"grand-condo-3-chambres-vue-panoramique-location-court-terme-28-488x326.jpg","width":488,"height":326,"mime-type":"image\/jpeg","filesize":16223,"url":"https:\/\/lesversants.com\/wp-content\/uploads\/2026\/03\/grand-condo-3-chambres-vue-panoramique-location-court-terme-28-488x326.jpg"},"property-detail-video-image":{"file":"grand-condo-3-chambres-vue-panoramique-location-court-terme-28-818x417.jpg","width":818,"height":417,"mime-type":"image\/jpeg","filesize":27073,"url":"https:\/\/lesversants.com\/wp-content\/uploads\/2026\/03\/grand-condo-3-chambres-vue-panoramique-location-court-terme-28-818x417.jpg"},"agent-image":{"file":"grand-condo-3-chambres-vue-panoramique-location-court-terme-28-210x210.jpg","width":210,"height":210,"mime-type":"image\/jpeg","filesize":6544,"url":"https:\/\/lesversants.com\/wp-content\/uploads\/2026\/03\/grand-condo-3-chambres-vue-panoramique-location-court-terme-28-210x210.jpg"},"partners-logo":{"file":"grand-condo-3-chambres-vue-panoramique-location-court-terme-28-600x1280.jpg","width":600,"height":1280,"mime-type":"image\/jpeg","filesize":72707,"url":"https:\/\/lesversants.com\/wp-content\/uploads\/2026\/03\/grand-condo-3-chambres-vue-panoramique-location-court-terme-28-600x1280.jpg"},"post-featured-image":{"file":"grand-condo-3-chambres-vue-panoramique-location-court-terme-28-1240x720.jpg","width":1240,"height":720,"mime-type":"image\/jpeg","filesize":58126,"url":"https:\/\/lesversants.com\/wp-content\/uploads\/2026\/03\/grand-condo-3-chambres-vue-panoramique-location-court-terme-28-1240x720.jpg"},"cmplz_banner_image":{"file":"grand-condo-3-chambres-vue-panoramique-location-court-terme-28-350x100.jpg","width":350,"height":100,"mime-type":"image\/jpeg","filesize":4305,"url":"https:\/\/lesversants.com\/wp-content\/uploads\/2026\/03\/grand-condo-3-chambres-vue-panoramique-location-court-terme-28-350x100.jpg"}},"image_meta":{"aperture":"0","credit":"","camera":"","caption":"","created_timestamp":"0","copyright":"","focal_length":"0","iso":"0","shutter_speed":"0","title":"","orientation":"0","keywords":[]},"ID":"66613","name":"grand-condo-3-chambres-vue-panoramique-location-court-terme-28.jpg","path":"\/home\/lesversa\/public_html\/wp-content\/uploads\/2026\/03\/grand-condo-3-chambres-vue-panoramique-location-court-terme-28.jpg","url":"https:\/\/lesversants.com\/wp-content\/uploads\/2026\/03\/grand-condo-3-chambres-vue-panoramique-location-court-terme-28-150x150.jpg","full_url":"https:\/\/lesversants.com\/wp-content\/uploads\/2026\/03\/grand-condo-3-chambres-vue-panoramique-location-court-terme-28.jpg","title":"grand condo 3 chambres vue panoramique location court terme 28","caption":"","description":"","alt":"grand condo 3 chambres vue panoramique location court terme 28","srcset":"https:\/\/lesversants.com\/wp-content\/uploads\/2026\/03\/grand-condo-3-chambres-vue-panoramique-location-court-terme-28-150x150.jpg 150w, https:\/\/lesversants.com\/wp-content\/uploads\/2026\/03\/grand-condo-3-chambres-vue-panoramique-location-court-terme-28-120x120.jpg 120w, https:\/\/lesversants.com\/wp-content\/uploads\/2026\/03\/grand-condo-3-chambres-vue-panoramique-location-court-terme-28-210x210.jpg 210w"}],"REAL_HOMES_change_gallery_slider_type":"0","REAL_HOMES_gallery_slider_type":"thumb-on-right","inspiry_floor_plans":[],"inspiry_video_group":[],"REAL_HOMES_360_virtual_tour":"","REAL_HOMES_tour_video_url":"","REAL_HOMES_tour_video_image":[],"REAL_HOMES_agent_display_option":"none","REAL_HOMES_agents":[],"REAL_HOMES_energy_class":"none","REAL_HOMES_energy_performance":"","REAL_HOMES_epc_current_rating":"","REAL_HOMES_epc_potential_rating":"","REAL_HOMES_sticky":"0","inspiry_property_label":"","inspiry_property_label_color":"","inspiry_property_tax":"0","inspiry_additional_fee":"0","REAL_HOMES_attachments":[],"inspiry_property_owner_name":"","inspiry_property_owner_contact":"","inspiry_property_owner_address":"","REAL_HOMES_property_private_note":"","inspiry_message_to_reviewer":"","REAL_HOMES_add_in_slider":"no","REAL_HOMES_slider_image":[],"REAL_HOMES_page_banner_image":[],"REAL_HOMES_hide_property_advance_search":"0","inspiry_near":""},"_links":{"self":[{"href":"https:\/\/lesversants.com\/fr\/wp-json\/wp\/v2\/property\/66665"}],"collection":[{"href":"https:\/\/lesversants.com\/fr\/wp-json\/wp\/v2\/property"}],"about":[{"href":"https:\/\/lesversants.com\/fr\/wp-json\/wp\/v2\/types\/property"}],"author":[{"embeddable":true,"href":"https:\/\/lesversants.com\/fr\/wp-json\/wp\/v2\/users\/16"}],"version-history":[{"count":8,"href":"https:\/\/lesversants.com\/fr\/wp-json\/wp\/v2\/property\/66665\/revisions"}],"predecessor-version":[{"id":68397,"href":"https:\/\/lesversants.com\/fr\/wp-json\/wp\/v2\/property\/66665\/revisions\/68397"}],"wp:featuredmedia":[{"embeddable":true,"href":"https:\/\/lesversants.com\/fr\/wp-json\/wp\/v2\/media\/66644"}],"wp:attachment":[{"href":"https:\/\/lesversants.com\/fr\/wp-json\/wp\/v2\/media?parent=66665"}],"wp:term":[{"taxonomy":"property-feature","embeddable":true,"href":"https:\/\/lesversants.com\/fr\/wp-json\/wp\/v2\/property-feature?post=66665"},{"taxonomy":"property-type","embeddable":true,"href":"https:\/\/lesversants.com\/fr\/wp-json\/wp\/v2\/property-type?post=66665"},{"taxonomy":"property-city","embeddable":true,"href":"https:\/\/lesversants.com\/fr\/wp-json\/wp\/v2\/property-location?post=66665"},{"taxonomy":"property-status","embeddable":true,"href":"https:\/\/lesversants.com\/fr\/wp-json\/wp\/v2\/property-status?post=66665"},{"taxonomy":"projects","embeddable":true,"href":"https:\/\/lesversants.com\/fr\/wp-json\/wp\/v2\/projects?post=66665"},{"taxonomy":"lifestyle","embeddable":true,"href":"https:\/\/lesversants.com\/fr\/wp-json\/wp\/v2\/lifestyle?post=66665"},{"taxonomy":"short_term_rental","embeddable":true,"href":"https:\/\/lesversants.com\/fr\/wp-json\/wp\/v2\/short_term_rental?post=66665"},{"taxonomy":"city","embeddable":true,"href":"https:\/\/lesversants.com\/fr\/wp-json\/wp\/v2\/city?post=66665"},{"taxonomy":"mont_tremblant_sector","embeddable":true,"href":"https:\/\/lesversants.com\/fr\/wp-json\/wp\/v2\/mont_tremblant_sector?post=66665"},{"taxonomy":"domaine","embeddable":true,"href":"https:\/\/lesversants.com\/fr\/wp-json\/wp\/v2\/domaine?post=66665"},{"taxonomy":"property_type","embeddable":true,"href":"https:\/\/lesversants.com\/fr\/wp-json\/wp\/v2\/property_type?post=66665"},{"taxonomy":"active_inactive","embeddable":true,"href":"https:\/\/lesversants.com\/fr\/wp-json\/wp\/v2\/active_inactive?post=66665"},{"taxonomy":"rental","embeddable":true,"href":"https:\/\/lesversants.com\/fr\/wp-json\/wp\/v2\/rental?post=66665"}],"curies":[{"name":"wp","href":"https:\/\/api.w.org\/{rel}","templated":true}]}}